{"id":1178,"date":"2013-08-17T16:32:56","date_gmt":"2013-08-17T19:32:56","guid":{"rendered":"http:\/\/sindicatodosbancarios.org.br\/?post_type=albuns&#038;p=1178"},"modified":"2017-10-26T16:56:52","modified_gmt":"2017-10-26T18:56:52","slug":"assembleia-geral-extraordinaria-aprovacao-de-diretoria","status":"publish","type":"albuns","link":"https:\/\/sindicatodosbancarios.org.br\/site2022\/albuns\/assembleia-geral-extraordinaria-aprovacao-de-diretoria\/","title":{"rendered":"AGE &#8211; Funda\u00e7\u00e3o do Sindicato e Elei\u00e7\u00e3o da 1\u00aa Diretoria"},"content":{"rendered":"<div data-carousel-extra='{\"blog_id\":1,\"permalink\":\"https:\\\/\\\/sindicatodosbancarios.org.br\\\/site2022\\\/albuns\\\/assembleia-geral-extraordinaria-aprovacao-de-diretoria\\\/\"}' id='gallery-1' class='gallery galleryid-1178 gallery-columns-3 gallery-size-medium'><figure class='gallery-item'>\n\t\t\t<div class='gallery-icon landscape'>\n\t\t\t\t<a href='https:\/\/sindicatodosbancarios.org.br\/site2022\/albuns\/assembleia-geral-extraordinaria-aprovacao-de-diretoria\/dsc00495\/'><img width=\"300\" height=\"300\" src=\"https:\/\/sindicatodosbancarios.org.br\/site2022\/wp-content\/uploads\/2017\/08\/DSC00495-300x300.jpg\" class=\"attachment-medium size-medium\" alt=\"\" loading=\"lazy\" srcset=\"https:\/\/sindicatodosbancarios.org.br\/site2022\/wp-content\/uploads\/2017\/08\/DSC00495-300x300.jpg 300w, https:\/\/sindicatodosbancarios.org.br\/site2022\/wp-content\/uploads\/2017\/08\/DSC00495-150x150.jpg 150w\" sizes=\"(max-width: 300px) 100vw, 300px\" data-attachment-id=\"1179\" data-permalink=\"https:\/\/sindicatodosbancarios.org.br\/site2022\/albuns\/assembleia-geral-extraordinaria-aprovacao-de-diretoria\/dsc00495\/\" data-orig-file=\"https:\/\/sindicatodosbancarios.org.br\/site2022\/wp-content\/uploads\/2017\/08\/DSC00495.jpg\" data-orig-size=\"4320,3240\" data-comments-opened=\"1\" data-image-meta=\"{&quot;aperture&quot;:&quot;2.7&quot;,&quot;credit&quot;:&quot;&quot;,&quot;camera&quot;:&quot;DSC-W530&quot;,&quot;caption&quot;:&quot;&quot;,&quot;created_timestamp&quot;:&quot;1374612378&quot;,&quot;copyright&quot;:&quot;&quot;,&quot;focal_length&quot;:&quot;4.7&quot;,&quot;iso&quot;:&quot;400&quot;,&quot;shutter_speed&quot;:&quot;0.033333333333333&quot;,&quot;title&quot;:&quot;&quot;,&quot;orientation&quot;:&quot;1&quot;}\" data-image-title=\"DSC00495\" data-image-description=\"\" data-image-caption=\"\" data-medium-file=\"https:\/\/sindicatodosbancarios.org.br\/site2022\/wp-content\/uploads\/2017\/08\/DSC00495-300x300.jpg\" data-large-file=\"https:\/\/sindicatodosbancarios.org.br\/site2022\/wp-content\/uploads\/2017\/08\/DSC00495-1024x768.jpg\" \/><\/a>\n\t\t\t<\/div><\/figure><figure class='gallery-item'>\n\t\t\t<div class='gallery-icon landscape'>\n\t\t\t\t<a href='https:\/\/sindicatodosbancarios.org.br\/site2022\/albuns\/assembleia-geral-extraordinaria-aprovacao-de-diretoria\/dsc00460\/'><img width=\"300\" height=\"300\" src=\"https:\/\/sindicatodosbancarios.org.br\/site2022\/wp-content\/uploads\/2017\/08\/DSC00460-300x300.jpg\" class=\"attachment-medium size-medium\" alt=\"\" loading=\"lazy\" srcset=\"https:\/\/sindicatodosbancarios.org.br\/site2022\/wp-content\/uploads\/2017\/08\/DSC00460-300x300.jpg 300w, https:\/\/sindicatodosbancarios.org.br\/site2022\/wp-content\/uploads\/2017\/08\/DSC00460-150x150.jpg 150w\" sizes=\"(max-width: 300px) 100vw, 300px\" data-attachment-id=\"1180\" data-permalink=\"https:\/\/sindicatodosbancarios.org.br\/site2022\/albuns\/assembleia-geral-extraordinaria-aprovacao-de-diretoria\/dsc00460\/\" data-orig-file=\"https:\/\/sindicatodosbancarios.org.br\/site2022\/wp-content\/uploads\/2017\/08\/DSC00460.jpg\" data-orig-size=\"4320,3240\" data-comments-opened=\"1\" data-image-meta=\"{&quot;aperture&quot;:&quot;4.5&quot;,&quot;credit&quot;:&quot;&quot;,&quot;camera&quot;:&quot;DSC-W530&quot;,&quot;caption&quot;:&quot;&quot;,&quot;created_timestamp&quot;:&quot;1374608198&quot;,&quot;copyright&quot;:&quot;&quot;,&quot;focal_length&quot;:&quot;13.14&quot;,&quot;iso&quot;:&quot;800&quot;,&quot;shutter_speed&quot;:&quot;0.016666666666667&quot;,&quot;title&quot;:&quot;&quot;,&quot;orientation&quot;:&quot;1&quot;}\" data-image-title=\"DSC00460\" data-image-description=\"\" data-image-caption=\"\" data-medium-file=\"https:\/\/sindicatodosbancarios.org.br\/site2022\/wp-content\/uploads\/2017\/08\/DSC00460-300x300.jpg\" data-large-file=\"https:\/\/sindicatodosbancarios.org.br\/site2022\/wp-content\/uploads\/2017\/08\/DSC00460-1024x768.jpg\" \/><\/a>\n\t\t\t<\/div><\/figure><figure class='gallery-item'>\n\t\t\t<div class='gallery-icon landscape'>\n\t\t\t\t<a href='https:\/\/sindicatodosbancarios.org.br\/site2022\/albuns\/assembleia-geral-extraordinaria-aprovacao-de-diretoria\/dsc00461\/'><img width=\"300\" height=\"300\" src=\"https:\/\/sindicatodosbancarios.org.br\/site2022\/wp-content\/uploads\/2017\/08\/DSC00461-300x300.jpg\" class=\"attachment-medium size-medium\" alt=\"\" loading=\"lazy\" srcset=\"https:\/\/sindicatodosbancarios.org.br\/site2022\/wp-content\/uploads\/2017\/08\/DSC00461-300x300.jpg 300w, https:\/\/sindicatodosbancarios.org.br\/site2022\/wp-content\/uploads\/2017\/08\/DSC00461-150x150.jpg 150w\" sizes=\"(max-width: 300px) 100vw, 300px\" data-attachment-id=\"1181\" data-permalink=\"https:\/\/sindicatodosbancarios.org.br\/site2022\/albuns\/assembleia-geral-extraordinaria-aprovacao-de-diretoria\/dsc00461\/\" data-orig-file=\"https:\/\/sindicatodosbancarios.org.br\/site2022\/wp-content\/uploads\/2017\/08\/DSC00461.jpg\" data-orig-size=\"4320,3240\" data-comments-opened=\"1\" data-image-meta=\"{&quot;aperture&quot;:&quot;2.7&quot;,&quot;credit&quot;:&quot;&quot;,&quot;camera&quot;:&quot;DSC-W530&quot;,&quot;caption&quot;:&quot;&quot;,&quot;created_timestamp&quot;:&quot;1374608287&quot;,&quot;copyright&quot;:&quot;&quot;,&quot;focal_length&quot;:&quot;4.7&quot;,&quot;iso&quot;:&quot;500&quot;,&quot;shutter_speed&quot;:&quot;0.033333333333333&quot;,&quot;title&quot;:&quot;&quot;,&quot;orientation&quot;:&quot;1&quot;}\" data-image-title=\"DSC00461\" data-image-description=\"\" data-image-caption=\"\" data-medium-file=\"https:\/\/sindicatodosbancarios.org.br\/site2022\/wp-content\/uploads\/2017\/08\/DSC00461-300x300.jpg\" data-large-file=\"https:\/\/sindicatodosbancarios.org.br\/site2022\/wp-content\/uploads\/2017\/08\/DSC00461-1024x768.jpg\" \/><\/a>\n\t\t\t<\/div><\/figure><figure class='gallery-item'>\n\t\t\t<div class='gallery-icon landscape'>\n\t\t\t\t<a href='https:\/\/sindicatodosbancarios.org.br\/site2022\/albuns\/assembleia-geral-extraordinaria-aprovacao-de-diretoria\/dsc00467\/'><img width=\"300\" height=\"300\" src=\"https:\/\/sindicatodosbancarios.org.br\/site2022\/wp-content\/uploads\/2017\/08\/DSC00467-300x300.jpg\" class=\"attachment-medium size-medium\" alt=\"\" loading=\"lazy\" srcset=\"https:\/\/sindicatodosbancarios.org.br\/site2022\/wp-content\/uploads\/2017\/08\/DSC00467-300x300.jpg 300w, https:\/\/sindicatodosbancarios.org.br\/site2022\/wp-content\/uploads\/2017\/08\/DSC00467-150x150.jpg 150w\" sizes=\"(max-width: 300px) 100vw, 300px\" data-attachment-id=\"1182\" data-permalink=\"https:\/\/sindicatodosbancarios.org.br\/site2022\/albuns\/assembleia-geral-extraordinaria-aprovacao-de-diretoria\/dsc00467\/\" data-orig-file=\"https:\/\/sindicatodosbancarios.org.br\/site2022\/wp-content\/uploads\/2017\/08\/DSC00467.jpg\" data-orig-size=\"4320,3240\" data-comments-opened=\"1\" data-image-meta=\"{&quot;aperture&quot;:&quot;2.7&quot;,&quot;credit&quot;:&quot;&quot;,&quot;camera&quot;:&quot;DSC-W530&quot;,&quot;caption&quot;:&quot;&quot;,&quot;created_timestamp&quot;:&quot;1374608537&quot;,&quot;copyright&quot;:&quot;&quot;,&quot;focal_length&quot;:&quot;4.7&quot;,&quot;iso&quot;:&quot;2000&quot;,&quot;shutter_speed&quot;:&quot;0.033333333333333&quot;,&quot;title&quot;:&quot;&quot;,&quot;orientation&quot;:&quot;1&quot;}\" data-image-title=\"DSC00467\" data-image-description=\"\" data-image-caption=\"\" data-medium-file=\"https:\/\/sindicatodosbancarios.org.br\/site2022\/wp-content\/uploads\/2017\/08\/DSC00467-300x300.jpg\" data-large-file=\"https:\/\/sindicatodosbancarios.org.br\/site2022\/wp-content\/uploads\/2017\/08\/DSC00467-1024x768.jpg\" \/><\/a>\n\t\t\t<\/div><\/figure><figure class='gallery-item'>\n\t\t\t<div class='gallery-icon landscape'>\n\t\t\t\t<a href='https:\/\/sindicatodosbancarios.org.br\/site2022\/albuns\/assembleia-geral-extraordinaria-aprovacao-de-diretoria\/dsc00469\/'><img width=\"300\" height=\"300\" src=\"https:\/\/sindicatodosbancarios.org.br\/site2022\/wp-content\/uploads\/2017\/08\/DSC00469-300x300.jpg\" class=\"attachment-medium size-medium\" alt=\"\" loading=\"lazy\" srcset=\"https:\/\/sindicatodosbancarios.org.br\/site2022\/wp-content\/uploads\/2017\/08\/DSC00469-300x300.jpg 300w, https:\/\/sindicatodosbancarios.org.br\/site2022\/wp-content\/uploads\/2017\/08\/DSC00469-150x150.jpg 150w\" sizes=\"(max-width: 300px) 100vw, 300px\" data-attachment-id=\"1183\" data-permalink=\"https:\/\/sindicatodosbancarios.org.br\/site2022\/albuns\/assembleia-geral-extraordinaria-aprovacao-de-diretoria\/dsc00469\/\" data-orig-file=\"https:\/\/sindicatodosbancarios.org.br\/site2022\/wp-content\/uploads\/2017\/08\/DSC00469.jpg\" data-orig-size=\"4320,3240\" data-comments-opened=\"1\" data-image-meta=\"{&quot;aperture&quot;:&quot;2.7&quot;,&quot;credit&quot;:&quot;&quot;,&quot;camera&quot;:&quot;DSC-W530&quot;,&quot;caption&quot;:&quot;&quot;,&quot;created_timestamp&quot;:&quot;1374608552&quot;,&quot;copyright&quot;:&quot;&quot;,&quot;focal_length&quot;:&quot;4.7&quot;,&quot;iso&quot;:&quot;1600&quot;,&quot;shutter_speed&quot;:&quot;0.033333333333333&quot;,&quot;title&quot;:&quot;&quot;,&quot;orientation&quot;:&quot;1&quot;}\" data-image-title=\"DSC00469\" data-image-description=\"\" data-image-caption=\"\" data-medium-file=\"https:\/\/sindicatodosbancarios.org.br\/site2022\/wp-content\/uploads\/2017\/08\/DSC00469-300x300.jpg\" data-large-file=\"https:\/\/sindicatodosbancarios.org.br\/site2022\/wp-content\/uploads\/2017\/08\/DSC00469-1024x768.jpg\" \/><\/a>\n\t\t\t<\/div><\/figure><figure class='gallery-item'>\n\t\t\t<div class='gallery-icon landscape'>\n\t\t\t\t<a href='https:\/\/sindicatodosbancarios.org.br\/site2022\/albuns\/assembleia-geral-extraordinaria-aprovacao-de-diretoria\/dsc00470\/'><img width=\"300\" height=\"300\" src=\"https:\/\/sindicatodosbancarios.org.br\/site2022\/wp-content\/uploads\/2017\/08\/DSC00470-300x300.jpg\" class=\"attachment-medium size-medium\" alt=\"\" loading=\"lazy\" srcset=\"https:\/\/sindicatodosbancarios.org.br\/site2022\/wp-content\/uploads\/2017\/08\/DSC00470-300x300.jpg 300w, https:\/\/sindicatodosbancarios.org.br\/site2022\/wp-content\/uploads\/2017\/08\/DSC00470-150x150.jpg 150w\" sizes=\"(max-width: 300px) 100vw, 300px\" data-attachment-id=\"1184\" data-permalink=\"https:\/\/sindicatodosbancarios.org.br\/site2022\/albuns\/assembleia-geral-extraordinaria-aprovacao-de-diretoria\/dsc00470\/\" data-orig-file=\"https:\/\/sindicatodosbancarios.org.br\/site2022\/wp-content\/uploads\/2017\/08\/DSC00470.jpg\" data-orig-size=\"4320,3240\" data-comments-opened=\"1\" data-image-meta=\"{&quot;aperture&quot;:&quot;2.7&quot;,&quot;credit&quot;:&quot;&quot;,&quot;camera&quot;:&quot;DSC-W530&quot;,&quot;caption&quot;:&quot;&quot;,&quot;created_timestamp&quot;:&quot;1374608574&quot;,&quot;copyright&quot;:&quot;&quot;,&quot;focal_length&quot;:&quot;4.7&quot;,&quot;iso&quot;:&quot;1600&quot;,&quot;shutter_speed&quot;:&quot;0.025&quot;,&quot;title&quot;:&quot;&quot;,&quot;orientation&quot;:&quot;1&quot;}\" data-image-title=\"DSC00470\" data-image-description=\"\" data-image-caption=\"\" data-medium-file=\"https:\/\/sindicatodosbancarios.org.br\/site2022\/wp-content\/uploads\/2017\/08\/DSC00470-300x300.jpg\" data-large-file=\"https:\/\/sindicatodosbancarios.org.br\/site2022\/wp-content\/uploads\/2017\/08\/DSC00470-1024x768.jpg\" \/><\/a>\n\t\t\t<\/div><\/figure><figure class='gallery-item'>\n\t\t\t<div class='gallery-icon landscape'>\n\t\t\t\t<a href='https:\/\/sindicatodosbancarios.org.br\/site2022\/albuns\/assembleia-geral-extraordinaria-aprovacao-de-diretoria\/dsc00476\/'><img width=\"300\" height=\"300\" src=\"https:\/\/sindicatodosbancarios.org.br\/site2022\/wp-content\/uploads\/2017\/08\/DSC00476-300x300.jpg\" class=\"attachment-medium size-medium\" alt=\"\" loading=\"lazy\" srcset=\"https:\/\/sindicatodosbancarios.org.br\/site2022\/wp-content\/uploads\/2017\/08\/DSC00476-300x300.jpg 300w, https:\/\/sindicatodosbancarios.org.br\/site2022\/wp-content\/uploads\/2017\/08\/DSC00476-150x150.jpg 150w\" sizes=\"(max-width: 300px) 100vw, 300px\" data-attachment-id=\"1185\" data-permalink=\"https:\/\/sindicatodosbancarios.org.br\/site2022\/albuns\/assembleia-geral-extraordinaria-aprovacao-de-diretoria\/dsc00476\/\" data-orig-file=\"https:\/\/sindicatodosbancarios.org.br\/site2022\/wp-content\/uploads\/2017\/08\/DSC00476.jpg\" data-orig-size=\"4320,3240\" data-comments-opened=\"1\" data-image-meta=\"{&quot;aperture&quot;:&quot;2.7&quot;,&quot;credit&quot;:&quot;&quot;,&quot;camera&quot;:&quot;DSC-W530&quot;,&quot;caption&quot;:&quot;&quot;,&quot;created_timestamp&quot;:&quot;1374608625&quot;,&quot;copyright&quot;:&quot;&quot;,&quot;focal_length&quot;:&quot;4.7&quot;,&quot;iso&quot;:&quot;1600&quot;,&quot;shutter_speed&quot;:&quot;0.02&quot;,&quot;title&quot;:&quot;&quot;,&quot;orientation&quot;:&quot;1&quot;}\" data-image-title=\"DSC00476\" data-image-description=\"\" data-image-caption=\"\" data-medium-file=\"https:\/\/sindicatodosbancarios.org.br\/site2022\/wp-content\/uploads\/2017\/08\/DSC00476-300x300.jpg\" data-large-file=\"https:\/\/sindicatodosbancarios.org.br\/site2022\/wp-content\/uploads\/2017\/08\/DSC00476-1024x768.jpg\" \/><\/a>\n\t\t\t<\/div><\/figure><figure class='gallery-item'>\n\t\t\t<div class='gallery-icon landscape'>\n\t\t\t\t<a href='https:\/\/sindicatodosbancarios.org.br\/site2022\/albuns\/assembleia-geral-extraordinaria-aprovacao-de-diretoria\/dsc00481\/'><img width=\"300\" height=\"300\" src=\"https:\/\/sindicatodosbancarios.org.br\/site2022\/wp-content\/uploads\/2017\/08\/DSC00481-300x300.jpg\" class=\"attachment-medium size-medium\" alt=\"\" loading=\"lazy\" srcset=\"https:\/\/sindicatodosbancarios.org.br\/site2022\/wp-content\/uploads\/2017\/08\/DSC00481-300x300.jpg 300w, https:\/\/sindicatodosbancarios.org.br\/site2022\/wp-content\/uploads\/2017\/08\/DSC00481-150x150.jpg 150w\" sizes=\"(max-width: 300px) 100vw, 300px\" data-attachment-id=\"1186\" data-permalink=\"https:\/\/sindicatodosbancarios.org.br\/site2022\/albuns\/assembleia-geral-extraordinaria-aprovacao-de-diretoria\/dsc00481\/\" data-orig-file=\"https:\/\/sindicatodosbancarios.org.br\/site2022\/wp-content\/uploads\/2017\/08\/DSC00481.jpg\" data-orig-size=\"4320,3240\" data-comments-opened=\"1\" data-image-meta=\"{&quot;aperture&quot;:&quot;2.7&quot;,&quot;credit&quot;:&quot;&quot;,&quot;camera&quot;:&quot;DSC-W530&quot;,&quot;caption&quot;:&quot;&quot;,&quot;created_timestamp&quot;:&quot;1374609076&quot;,&quot;copyright&quot;:&quot;&quot;,&quot;focal_length&quot;:&quot;4.7&quot;,&quot;iso&quot;:&quot;500&quot;,&quot;shutter_speed&quot;:&quot;0.033333333333333&quot;,&quot;title&quot;:&quot;&quot;,&quot;orientation&quot;:&quot;1&quot;}\" data-image-title=\"DSC00481\" data-image-description=\"\" data-image-caption=\"\" data-medium-file=\"https:\/\/sindicatodosbancarios.org.br\/site2022\/wp-content\/uploads\/2017\/08\/DSC00481-300x300.jpg\" data-large-file=\"https:\/\/sindicatodosbancarios.org.br\/site2022\/wp-content\/uploads\/2017\/08\/DSC00481-1024x768.jpg\" \/><\/a>\n\t\t\t<\/div><\/figure><figure class='gallery-item'>\n\t\t\t<div class='gallery-icon landscape'>\n\t\t\t\t<a href='https:\/\/sindicatodosbancarios.org.br\/site2022\/albuns\/assembleia-geral-extraordinaria-aprovacao-de-diretoria\/dsc00484\/'><img width=\"300\" height=\"300\" src=\"https:\/\/sindicatodosbancarios.org.br\/site2022\/wp-content\/uploads\/2017\/08\/DSC00484-300x300.jpg\" class=\"attachment-medium size-medium\" alt=\"\" loading=\"lazy\" srcset=\"https:\/\/sindicatodosbancarios.org.br\/site2022\/wp-content\/uploads\/2017\/08\/DSC00484-300x300.jpg 300w, https:\/\/sindicatodosbancarios.org.br\/site2022\/wp-content\/uploads\/2017\/08\/DSC00484-150x150.jpg 150w\" sizes=\"(max-width: 300px) 100vw, 300px\" data-attachment-id=\"1187\" data-permalink=\"https:\/\/sindicatodosbancarios.org.br\/site2022\/albuns\/assembleia-geral-extraordinaria-aprovacao-de-diretoria\/dsc00484\/\" data-orig-file=\"https:\/\/sindicatodosbancarios.org.br\/site2022\/wp-content\/uploads\/2017\/08\/DSC00484.jpg\" data-orig-size=\"4320,3240\" data-comments-opened=\"1\" data-image-meta=\"{&quot;aperture&quot;:&quot;2.7&quot;,&quot;credit&quot;:&quot;&quot;,&quot;camera&quot;:&quot;DSC-W530&quot;,&quot;caption&quot;:&quot;&quot;,&quot;created_timestamp&quot;:&quot;1374609231&quot;,&quot;copyright&quot;:&quot;&quot;,&quot;focal_length&quot;:&quot;4.7&quot;,&quot;iso&quot;:&quot;1600&quot;,&quot;shutter_speed&quot;:&quot;0.025&quot;,&quot;title&quot;:&quot;&quot;,&quot;orientation&quot;:&quot;1&quot;}\" data-image-title=\"DSC00484\" data-image-description=\"\" data-image-caption=\"\" data-medium-file=\"https:\/\/sindicatodosbancarios.org.br\/site2022\/wp-content\/uploads\/2017\/08\/DSC00484-300x300.jpg\" data-large-file=\"https:\/\/sindicatodosbancarios.org.br\/site2022\/wp-content\/uploads\/2017\/08\/DSC00484-1024x768.jpg\" \/><\/a>\n\t\t\t<\/div><\/figure><figure class='gallery-item'>\n\t\t\t<div class='gallery-icon landscape'>\n\t\t\t\t<a href='https:\/\/sindicatodosbancarios.org.br\/site2022\/albuns\/assembleia-geral-extraordinaria-aprovacao-de-diretoria\/dsc00485\/'><img width=\"300\" height=\"300\" src=\"https:\/\/sindicatodosbancarios.org.br\/site2022\/wp-content\/uploads\/2017\/08\/DSC00485-300x300.jpg\" class=\"attachment-medium size-medium\" alt=\"\" loading=\"lazy\" srcset=\"https:\/\/sindicatodosbancarios.org.br\/site2022\/wp-content\/uploads\/2017\/08\/DSC00485-300x300.jpg 300w, https:\/\/sindicatodosbancarios.org.br\/site2022\/wp-content\/uploads\/2017\/08\/DSC00485-150x150.jpg 150w\" sizes=\"(max-width: 300px) 100vw, 300px\" data-attachment-id=\"1188\" data-permalink=\"https:\/\/sindicatodosbancarios.org.br\/site2022\/albuns\/assembleia-geral-extraordinaria-aprovacao-de-diretoria\/dsc00485\/\" data-orig-file=\"https:\/\/sindicatodosbancarios.org.br\/site2022\/wp-content\/uploads\/2017\/08\/DSC00485.jpg\" data-orig-size=\"4320,3240\" data-comments-opened=\"1\" data-image-meta=\"{&quot;aperture&quot;:&quot;2.7&quot;,&quot;credit&quot;:&quot;&quot;,&quot;camera&quot;:&quot;DSC-W530&quot;,&quot;caption&quot;:&quot;&quot;,&quot;created_timestamp&quot;:&quot;1374609252&quot;,&quot;copyright&quot;:&quot;&quot;,&quot;focal_length&quot;:&quot;4.7&quot;,&quot;iso&quot;:&quot;1600&quot;,&quot;shutter_speed&quot;:&quot;0.02&quot;,&quot;title&quot;:&quot;&quot;,&quot;orientation&quot;:&quot;1&quot;}\" data-image-title=\"DSC00485\" data-image-description=\"\" data-image-caption=\"\" data-medium-file=\"https:\/\/sindicatodosbancarios.org.br\/site2022\/wp-content\/uploads\/2017\/08\/DSC00485-300x300.jpg\" data-large-file=\"https:\/\/sindicatodosbancarios.org.br\/site2022\/wp-content\/uploads\/2017\/08\/DSC00485-1024x768.jpg\" \/><\/a>\n\t\t\t<\/div><\/figure><figure class='gallery-item'>\n\t\t\t<div class='gallery-icon landscape'>\n\t\t\t\t<a href='https:\/\/sindicatodosbancarios.org.br\/site2022\/albuns\/assembleia-geral-extraordinaria-aprovacao-de-diretoria\/dsc00491\/'><img width=\"300\" height=\"300\" src=\"https:\/\/sindicatodosbancarios.org.br\/site2022\/wp-content\/uploads\/2017\/08\/DSC00491-300x300.jpg\" class=\"attachment-medium size-medium\" alt=\"\" loading=\"lazy\" srcset=\"https:\/\/sindicatodosbancarios.org.br\/site2022\/wp-content\/uploads\/2017\/08\/DSC00491-300x300.jpg 300w, https:\/\/sindicatodosbancarios.org.br\/site2022\/wp-content\/uploads\/2017\/08\/DSC00491-150x150.jpg 150w\" sizes=\"(max-width: 300px) 100vw, 300px\" data-attachment-id=\"1189\" data-permalink=\"https:\/\/sindicatodosbancarios.org.br\/site2022\/albuns\/assembleia-geral-extraordinaria-aprovacao-de-diretoria\/dsc00491\/\" data-orig-file=\"https:\/\/sindicatodosbancarios.org.br\/site2022\/wp-content\/uploads\/2017\/08\/DSC00491.jpg\" data-orig-size=\"4320,3240\" data-comments-opened=\"1\" data-image-meta=\"{&quot;aperture&quot;:&quot;2.7&quot;,&quot;credit&quot;:&quot;&quot;,&quot;camera&quot;:&quot;DSC-W530&quot;,&quot;caption&quot;:&quot;&quot;,&quot;created_timestamp&quot;:&quot;1374610037&quot;,&quot;copyright&quot;:&quot;&quot;,&quot;focal_length&quot;:&quot;4.7&quot;,&quot;iso&quot;:&quot;1600&quot;,&quot;shutter_speed&quot;:&quot;0.02&quot;,&quot;title&quot;:&quot;&quot;,&quot;orientation&quot;:&quot;1&quot;}\" data-image-title=\"DSC00491\" data-image-description=\"\" data-image-caption=\"\" data-medium-file=\"https:\/\/sindicatodosbancarios.org.br\/site2022\/wp-content\/uploads\/2017\/08\/DSC00491-300x300.jpg\" data-large-file=\"https:\/\/sindicatodosbancarios.org.br\/site2022\/wp-content\/uploads\/2017\/08\/DSC00491-1024x768.jpg\" \/><\/a>\n\t\t\t<\/div><\/figure>\n\t\t<\/div>\n\n","protected":false},"author":2,"featured_media":1179,"template":"","acf":[],"yoast_head":"<!-- This site is optimized with the Yoast SEO plugin v19.14 - https:\/\/yoast.com\/wordpress\/plugins\/seo\/ -->\n<title>AGE - Funda\u00e7\u00e3o do Sindicato e Elei\u00e7\u00e3o da 1\u00aa Diretoria - Sindicato dos Banc\u00e1rios de S\u00e3o Bento do Sul e Regi\u00e3o<\/title>\n<meta name=\"robots\" content=\"index, follow, max-snippet:-1, max-image-preview:large, max-video-preview:-1\" \/>\n<link rel=\"canonical\" href=\"https:\/\/sindicatodosbancarios.org.br\/site2022\/albuns\/assembleia-geral-extraordinaria-aprovacao-de-diretoria\/\" \/>\n<meta property=\"og:locale\" content=\"pt_BR\" \/>\n<meta property=\"og:type\" content=\"article\" \/>\n<meta property=\"og:title\" content=\"AGE - Funda\u00e7\u00e3o do Sindicato e Elei\u00e7\u00e3o da 1\u00aa Diretoria - Sindicato dos Banc\u00e1rios de S\u00e3o Bento do Sul e Regi\u00e3o\" \/>\n<meta property=\"og:url\" content=\"https:\/\/sindicatodosbancarios.org.br\/site2022\/albuns\/assembleia-geral-extraordinaria-aprovacao-de-diretoria\/\" \/>\n<meta property=\"og:site_name\" content=\"Sindicato dos Banc\u00e1rios de S\u00e3o Bento do Sul e Regi\u00e3o\" \/>\n<meta property=\"article:modified_time\" content=\"2017-10-26T18:56:52+00:00\" \/>\n<meta property=\"og:image\" content=\"https:\/\/sindicatodosbancarios.org.br\/site2022\/wp-content\/uploads\/2017\/08\/DSC00495-1024x768.jpg\" \/>\n\t<meta property=\"og:image:width\" content=\"1024\" \/>\n\t<meta property=\"og:image:height\" content=\"768\" \/>\n\t<meta property=\"og:image:type\" content=\"image\/jpeg\" \/>\n<meta name=\"twitter:card\" content=\"summary_large_image\" \/>\n<script type=\"application\/ld+json\" class=\"yoast-schema-graph\">{\"@context\":\"https:\/\/schema.org\",\"@graph\":[{\"@type\":\"WebPage\",\"@id\":\"https:\/\/sindicatodosbancarios.org.br\/site2022\/albuns\/assembleia-geral-extraordinaria-aprovacao-de-diretoria\/\",\"url\":\"https:\/\/sindicatodosbancarios.org.br\/site2022\/albuns\/assembleia-geral-extraordinaria-aprovacao-de-diretoria\/\",\"name\":\"AGE - Funda\u00e7\u00e3o do Sindicato e Elei\u00e7\u00e3o da 1\u00aa Diretoria - Sindicato dos Banc\u00e1rios de S\u00e3o Bento do Sul e Regi\u00e3o\",\"isPartOf\":{\"@id\":\"https:\/\/sindicatodosbancarios.org.br\/site2022\/#website\"},\"datePublished\":\"2013-08-17T19:32:56+00:00\",\"dateModified\":\"2017-10-26T18:56:52+00:00\",\"breadcrumb\":{\"@id\":\"https:\/\/sindicatodosbancarios.org.br\/site2022\/albuns\/assembleia-geral-extraordinaria-aprovacao-de-diretoria\/#breadcrumb\"},\"inLanguage\":\"pt-BR\",\"potentialAction\":[{\"@type\":\"ReadAction\",\"target\":[\"https:\/\/sindicatodosbancarios.org.br\/site2022\/albuns\/assembleia-geral-extraordinaria-aprovacao-de-diretoria\/\"]}]},{\"@type\":\"BreadcrumbList\",\"@id\":\"https:\/\/sindicatodosbancarios.org.br\/site2022\/albuns\/assembleia-geral-extraordinaria-aprovacao-de-diretoria\/#breadcrumb\",\"itemListElement\":[{\"@type\":\"ListItem\",\"position\":1,\"name\":\"In\u00edcio\",\"item\":\"https:\/\/sindicatodosbancarios.org.br\/site2022\/\"},{\"@type\":\"ListItem\",\"position\":2,\"name\":\"\u00c1lbuns\",\"item\":\"https:\/\/sindicatodosbancarios.org.br\/site2022\/albuns\/\"},{\"@type\":\"ListItem\",\"position\":3,\"name\":\"AGE &#8211; Funda\u00e7\u00e3o do Sindicato e Elei\u00e7\u00e3o da 1\u00aa Diretoria\"}]},{\"@type\":\"WebSite\",\"@id\":\"https:\/\/sindicatodosbancarios.org.br\/site2022\/#website\",\"url\":\"https:\/\/sindicatodosbancarios.org.br\/site2022\/\",\"name\":\"Sindicato dos Banc\u00e1rios de S\u00e3o Bento do Sul e Regi\u00e3o\",\"description\":\"Website institucional do Sindicato dos Banc\u00e1rios de S\u00e3o Bento do Sul e Regi\u00e3o\",\"publisher\":{\"@id\":\"https:\/\/sindicatodosbancarios.org.br\/site2022\/#organization\"},\"potentialAction\":[{\"@type\":\"SearchAction\",\"target\":{\"@type\":\"EntryPoint\",\"urlTemplate\":\"https:\/\/sindicatodosbancarios.org.br\/site2022\/?s={search_term_string}\"},\"query-input\":\"required name=search_term_string\"}],\"inLanguage\":\"pt-BR\"},{\"@type\":\"Organization\",\"@id\":\"https:\/\/sindicatodosbancarios.org.br\/site2022\/#organization\",\"name\":\"Sindicato dos Banc\u00e1rios de S\u00e3o Bento do Sul e Regi\u00e3o\",\"url\":\"https:\/\/sindicatodosbancarios.org.br\/site2022\/\",\"logo\":{\"@type\":\"ImageObject\",\"inLanguage\":\"pt-BR\",\"@id\":\"https:\/\/sindicatodosbancarios.org.br\/site2022\/#\/schema\/logo\/image\/\",\"url\":\"https:\/\/sindicatodosbancarios.org.br\/site2022\/wp-content\/uploads\/2017\/06\/cropped-logo-2.png\",\"contentUrl\":\"https:\/\/sindicatodosbancarios.org.br\/site2022\/wp-content\/uploads\/2017\/06\/cropped-logo-2.png\",\"width\":292,\"height\":292,\"caption\":\"Sindicato dos Banc\u00e1rios de S\u00e3o Bento do Sul e Regi\u00e3o\"},\"image\":{\"@id\":\"https:\/\/sindicatodosbancarios.org.br\/site2022\/#\/schema\/logo\/image\/\"}}]}<\/script>\n<!-- \/ Yoast SEO plugin. -->","yoast_head_json":{"title":"AGE - Funda\u00e7\u00e3o do Sindicato e Elei\u00e7\u00e3o da 1\u00aa Diretoria - Sindicato dos Banc\u00e1rios de S\u00e3o Bento do Sul e Regi\u00e3o","robots":{"index":"index","follow":"follow","max-snippet":"max-snippet:-1","max-image-preview":"max-image-preview:large","max-video-preview":"max-video-preview:-1"},"canonical":"https:\/\/sindicatodosbancarios.org.br\/site2022\/albuns\/assembleia-geral-extraordinaria-aprovacao-de-diretoria\/","og_locale":"pt_BR","og_type":"article","og_title":"AGE - Funda\u00e7\u00e3o do Sindicato e Elei\u00e7\u00e3o da 1\u00aa Diretoria - Sindicato dos Banc\u00e1rios de S\u00e3o Bento do Sul e Regi\u00e3o","og_url":"https:\/\/sindicatodosbancarios.org.br\/site2022\/albuns\/assembleia-geral-extraordinaria-aprovacao-de-diretoria\/","og_site_name":"Sindicato dos Banc\u00e1rios de S\u00e3o Bento do Sul e Regi\u00e3o","article_modified_time":"2017-10-26T18:56:52+00:00","og_image":[{"width":1024,"height":768,"url":"https:\/\/sindicatodosbancarios.org.br\/site2022\/wp-content\/uploads\/2017\/08\/DSC00495-1024x768.jpg","type":"image\/jpeg"}],"twitter_card":"summary_large_image","schema":{"@context":"https:\/\/schema.org","@graph":[{"@type":"WebPage","@id":"https:\/\/sindicatodosbancarios.org.br\/site2022\/albuns\/assembleia-geral-extraordinaria-aprovacao-de-diretoria\/","url":"https:\/\/sindicatodosbancarios.org.br\/site2022\/albuns\/assembleia-geral-extraordinaria-aprovacao-de-diretoria\/","name":"AGE - Funda\u00e7\u00e3o do Sindicato e Elei\u00e7\u00e3o da 1\u00aa Diretoria - Sindicato dos Banc\u00e1rios de S\u00e3o Bento do Sul e Regi\u00e3o","isPartOf":{"@id":"https:\/\/sindicatodosbancarios.org.br\/site2022\/#website"},"datePublished":"2013-08-17T19:32:56+00:00","dateModified":"2017-10-26T18:56:52+00:00","breadcrumb":{"@id":"https:\/\/sindicatodosbancarios.org.br\/site2022\/albuns\/assembleia-geral-extraordinaria-aprovacao-de-diretoria\/#breadcrumb"},"inLanguage":"pt-BR","potentialAction":[{"@type":"ReadAction","target":["https:\/\/sindicatodosbancarios.org.br\/site2022\/albuns\/assembleia-geral-extraordinaria-aprovacao-de-diretoria\/"]}]},{"@type":"BreadcrumbList","@id":"https:\/\/sindicatodosbancarios.org.br\/site2022\/albuns\/assembleia-geral-extraordinaria-aprovacao-de-diretoria\/#breadcrumb","itemListElement":[{"@type":"ListItem","position":1,"name":"In\u00edcio","item":"https:\/\/sindicatodosbancarios.org.br\/site2022\/"},{"@type":"ListItem","position":2,"name":"\u00c1lbuns","item":"https:\/\/sindicatodosbancarios.org.br\/site2022\/albuns\/"},{"@type":"ListItem","position":3,"name":"AGE &#8211; Funda\u00e7\u00e3o do Sindicato e Elei\u00e7\u00e3o da 1\u00aa Diretoria"}]},{"@type":"WebSite","@id":"https:\/\/sindicatodosbancarios.org.br\/site2022\/#website","url":"https:\/\/sindicatodosbancarios.org.br\/site2022\/","name":"Sindicato dos Banc\u00e1rios de S\u00e3o Bento do Sul e Regi\u00e3o","description":"Website institucional do Sindicato dos Banc\u00e1rios de S\u00e3o Bento do Sul e Regi\u00e3o","publisher":{"@id":"https:\/\/sindicatodosbancarios.org.br\/site2022\/#organization"},"potentialAction":[{"@type":"SearchAction","target":{"@type":"EntryPoint","urlTemplate":"https:\/\/sindicatodosbancarios.org.br\/site2022\/?s={search_term_string}"},"query-input":"required name=search_term_string"}],"inLanguage":"pt-BR"},{"@type":"Organization","@id":"https:\/\/sindicatodosbancarios.org.br\/site2022\/#organization","name":"Sindicato dos Banc\u00e1rios de S\u00e3o Bento do Sul e Regi\u00e3o","url":"https:\/\/sindicatodosbancarios.org.br\/site2022\/","logo":{"@type":"ImageObject","inLanguage":"pt-BR","@id":"https:\/\/sindicatodosbancarios.org.br\/site2022\/#\/schema\/logo\/image\/","url":"https:\/\/sindicatodosbancarios.org.br\/site2022\/wp-content\/uploads\/2017\/06\/cropped-logo-2.png","contentUrl":"https:\/\/sindicatodosbancarios.org.br\/site2022\/wp-content\/uploads\/2017\/06\/cropped-logo-2.png","width":292,"height":292,"caption":"Sindicato dos Banc\u00e1rios de S\u00e3o Bento do Sul e Regi\u00e3o"},"image":{"@id":"https:\/\/sindicatodosbancarios.org.br\/site2022\/#\/schema\/logo\/image\/"}}]}},"jetpack_sharing_enabled":true,"_links":{"self":[{"href":"https:\/\/sindicatodosbancarios.org.br\/site2022\/wp-json\/wp\/v2\/albuns\/1178"}],"collection":[{"href":"https:\/\/sindicatodosbancarios.org.br\/site2022\/wp-json\/wp\/v2\/albuns"}],"about":[{"href":"https:\/\/sindicatodosbancarios.org.br\/site2022\/wp-json\/wp\/v2\/types\/albuns"}],"author":[{"embeddable":true,"href":"https:\/\/sindicatodosbancarios.org.br\/site2022\/wp-json\/wp\/v2\/users\/2"}],"version-history":[{"count":3,"href":"https:\/\/sindicatodosbancarios.org.br\/site2022\/wp-json\/wp\/v2\/albuns\/1178\/revisions"}],"predecessor-version":[{"id":1201,"href":"https:\/\/sindicatodosbancarios.org.br\/site2022\/wp-json\/wp\/v2\/albuns\/1178\/revisions\/1201"}],"wp:featuredmedia":[{"embeddable":true,"href":"https:\/\/sindicatodosbancarios.org.br\/site2022\/wp-json\/wp\/v2\/media\/1179"}],"wp:attachment":[{"href":"https:\/\/sindicatodosbancarios.org.br\/site2022\/wp-json\/wp\/v2\/media?parent=1178"}],"curies":[{"name":"wp","href":"https:\/\/api.w.org\/{rel}","templated":true}]}}