{"id":2005,"date":"2017-12-14T17:02:52","date_gmt":"2017-12-14T19:02:52","guid":{"rendered":"http:\/\/sindicatodosbancarios.org.br\/?post_type=albuns&#038;p=2005"},"modified":"2017-12-21T16:07:24","modified_gmt":"2017-12-21T18:07:24","slug":"inauguracao-arbanc-e-festa-dos-bancarios-2017","status":"publish","type":"albuns","link":"https:\/\/sindicatodosbancarios.org.br\/site2022\/albuns\/inauguracao-arbanc-e-festa-dos-bancarios-2017\/","title":{"rendered":"INAUGURA\u00c7\u00c3O ARBANC E FESTA DOS BANC\u00c1RIOS 2017"},"content":{"rendered":"<div data-carousel-extra='{\"blog_id\":1,\"permalink\":\"https:\\\/\\\/sindicatodosbancarios.org.br\\\/site2022\\\/albuns\\\/inauguracao-arbanc-e-festa-dos-bancarios-2017\\\/\"}' id='gallery-1' class='gallery galleryid-2005 gallery-columns-3 gallery-size-medium'><figure class='gallery-item'>\n\t\t\t<div class='gallery-icon landscape'>\n\t\t\t\t<a href='https:\/\/sindicatodosbancarios.org.br\/site2022\/albuns\/inauguracao-arbanc-e-festa-dos-bancarios-2017\/1424-large\/'><img width=\"300\" height=\"300\" src=\"https:\/\/sindicatodosbancarios.org.br\/site2022\/wp-content\/uploads\/2017\/12\/1424-Large-300x300.jpg\" class=\"attachment-medium size-medium\" alt=\"\" loading=\"lazy\" srcset=\"https:\/\/sindicatodosbancarios.org.br\/site2022\/wp-content\/uploads\/2017\/12\/1424-Large-300x300.jpg 300w, https:\/\/sindicatodosbancarios.org.br\/site2022\/wp-content\/uploads\/2017\/12\/1424-Large-150x150.jpg 150w\" sizes=\"(max-width: 300px) 100vw, 300px\" data-attachment-id=\"2327\" data-permalink=\"https:\/\/sindicatodosbancarios.org.br\/site2022\/albuns\/inauguracao-arbanc-e-festa-dos-bancarios-2017\/1424-large\/\" data-orig-file=\"https:\/\/sindicatodosbancarios.org.br\/site2022\/wp-content\/uploads\/2017\/12\/1424-Large.jpg\" data-orig-size=\"1631,1080\" data-comments-opened=\"1\" data-image-meta=\"{&quot;aperture&quot;:&quot;6.3&quot;,&quot;credit&quot;:&quot;&quot;,&quot;camera&quot;:&quot;NIKON D7000&quot;,&quot;caption&quot;:&quot;&quot;,&quot;created_timestamp&quot;:&quot;1512913140&quot;,&quot;copyright&quot;:&quot;&quot;,&quot;focal_length&quot;:&quot;26&quot;,&quot;iso&quot;:&quot;200&quot;,&quot;shutter_speed&quot;:&quot;0.00625&quot;,&quot;title&quot;:&quot;&quot;,&quot;orientation&quot;:&quot;1&quot;}\" data-image-title=\"(1424) (Large)\" data-image-description=\"\" data-image-caption=\"\" data-medium-file=\"https:\/\/sindicatodosbancarios.org.br\/site2022\/wp-content\/uploads\/2017\/12\/1424-Large-300x300.jpg\" data-large-file=\"https:\/\/sindicatodosbancarios.org.br\/site2022\/wp-content\/uploads\/2017\/12\/1424-Large-1024x678.jpg\" \/><\/a>\n\t\t\t<\/div><\/figure><figure class='gallery-item'>\n\t\t\t<div class='gallery-icon landscape'>\n\t\t\t\t<a href='https:\/\/sindicatodosbancarios.org.br\/site2022\/albuns\/inauguracao-arbanc-e-festa-dos-bancarios-2017\/1400-large\/'><img width=\"300\" height=\"300\" src=\"https:\/\/sindicatodosbancarios.org.br\/site2022\/wp-content\/uploads\/2017\/12\/1400-Large-300x300.jpg\" class=\"attachment-medium size-medium\" alt=\"\" loading=\"lazy\" srcset=\"https:\/\/sindicatodosbancarios.org.br\/site2022\/wp-content\/uploads\/2017\/12\/1400-Large-300x300.jpg 300w, https:\/\/sindicatodosbancarios.org.br\/site2022\/wp-content\/uploads\/2017\/12\/1400-Large-150x150.jpg 150w\" sizes=\"(max-width: 300px) 100vw, 300px\" data-attachment-id=\"2316\" data-permalink=\"https:\/\/sindicatodosbancarios.org.br\/site2022\/albuns\/inauguracao-arbanc-e-festa-dos-bancarios-2017\/1400-large\/\" data-orig-file=\"https:\/\/sindicatodosbancarios.org.br\/site2022\/wp-content\/uploads\/2017\/12\/1400-Large.jpg\" data-orig-size=\"1631,1080\" data-comments-opened=\"1\" data-image-meta=\"{&quot;aperture&quot;:&quot;4.8&quot;,&quot;credit&quot;:&quot;&quot;,&quot;camera&quot;:&quot;NIKON D7000&quot;,&quot;caption&quot;:&quot;&quot;,&quot;created_timestamp&quot;:&quot;1512908150&quot;,&quot;copyright&quot;:&quot;&quot;,&quot;focal_length&quot;:&quot;56&quot;,&quot;iso&quot;:&quot;125&quot;,&quot;shutter_speed&quot;:&quot;0.004&quot;,&quot;title&quot;:&quot;&quot;,&quot;orientation&quot;:&quot;1&quot;}\" data-image-title=\"(1400) (Large)\" data-image-description=\"\" data-image-caption=\"\" data-medium-file=\"https:\/\/sindicatodosbancarios.org.br\/site2022\/wp-content\/uploads\/2017\/12\/1400-Large-300x300.jpg\" data-large-file=\"https:\/\/sindicatodosbancarios.org.br\/site2022\/wp-content\/uploads\/2017\/12\/1400-Large-1024x678.jpg\" \/><\/a>\n\t\t\t<\/div><\/figure><figure class='gallery-item'>\n\t\t\t<div class='gallery-icon landscape'>\n\t\t\t\t<a href='https:\/\/sindicatodosbancarios.org.br\/site2022\/albuns\/inauguracao-arbanc-e-festa-dos-bancarios-2017\/1399-large\/'><img width=\"300\" height=\"300\" src=\"https:\/\/sindicatodosbancarios.org.br\/site2022\/wp-content\/uploads\/2017\/12\/1399-Large-300x300.jpg\" class=\"attachment-medium size-medium\" alt=\"\" loading=\"lazy\" srcset=\"https:\/\/sindicatodosbancarios.org.br\/site2022\/wp-content\/uploads\/2017\/12\/1399-Large-300x300.jpg 300w, https:\/\/sindicatodosbancarios.org.br\/site2022\/wp-content\/uploads\/2017\/12\/1399-Large-150x150.jpg 150w\" sizes=\"(max-width: 300px) 100vw, 300px\" data-attachment-id=\"2315\" data-permalink=\"https:\/\/sindicatodosbancarios.org.br\/site2022\/albuns\/inauguracao-arbanc-e-festa-dos-bancarios-2017\/1399-large\/\" data-orig-file=\"https:\/\/sindicatodosbancarios.org.br\/site2022\/wp-content\/uploads\/2017\/12\/1399-Large.jpg\" data-orig-size=\"1631,1080\" data-comments-opened=\"1\" data-image-meta=\"{&quot;aperture&quot;:&quot;7.1&quot;,&quot;credit&quot;:&quot;&quot;,&quot;camera&quot;:&quot;NIKON D7000&quot;,&quot;caption&quot;:&quot;&quot;,&quot;created_timestamp&quot;:&quot;1512908149&quot;,&quot;copyright&quot;:&quot;&quot;,&quot;focal_length&quot;:&quot;56&quot;,&quot;iso&quot;:&quot;200&quot;,&quot;shutter_speed&quot;:&quot;0.005&quot;,&quot;title&quot;:&quot;&quot;,&quot;orientation&quot;:&quot;1&quot;}\" data-image-title=\"(1399) (Large)\" data-image-description=\"\" data-image-caption=\"\" data-medium-file=\"https:\/\/sindicatodosbancarios.org.br\/site2022\/wp-content\/uploads\/2017\/12\/1399-Large-300x300.jpg\" data-large-file=\"https:\/\/sindicatodosbancarios.org.br\/site2022\/wp-content\/uploads\/2017\/12\/1399-Large-1024x678.jpg\" \/><\/a>\n\t\t\t<\/div><\/figure><figure class='gallery-item'>\n\t\t\t<div class='gallery-icon landscape'>\n\t\t\t\t<a href='https:\/\/sindicatodosbancarios.org.br\/site2022\/albuns\/inauguracao-arbanc-e-festa-dos-bancarios-2017\/1398-large\/'><img width=\"300\" height=\"300\" src=\"https:\/\/sindicatodosbancarios.org.br\/site2022\/wp-content\/uploads\/2017\/12\/1398-Large-300x300.jpg\" class=\"attachment-medium size-medium\" alt=\"\" loading=\"lazy\" srcset=\"https:\/\/sindicatodosbancarios.org.br\/site2022\/wp-content\/uploads\/2017\/12\/1398-Large-300x300.jpg 300w, https:\/\/sindicatodosbancarios.org.br\/site2022\/wp-content\/uploads\/2017\/12\/1398-Large-150x150.jpg 150w\" sizes=\"(max-width: 300px) 100vw, 300px\" data-attachment-id=\"2314\" data-permalink=\"https:\/\/sindicatodosbancarios.org.br\/site2022\/albuns\/inauguracao-arbanc-e-festa-dos-bancarios-2017\/1398-large\/\" data-orig-file=\"https:\/\/sindicatodosbancarios.org.br\/site2022\/wp-content\/uploads\/2017\/12\/1398-Large.jpg\" data-orig-size=\"1631,1080\" data-comments-opened=\"1\" data-image-meta=\"{&quot;aperture&quot;:&quot;4&quot;,&quot;credit&quot;:&quot;&quot;,&quot;camera&quot;:&quot;NIKON D7000&quot;,&quot;caption&quot;:&quot;&quot;,&quot;created_timestamp&quot;:&quot;1512908135&quot;,&quot;copyright&quot;:&quot;&quot;,&quot;focal_length&quot;:&quot;27&quot;,&quot;iso&quot;:&quot;100&quot;,&quot;shutter_speed&quot;:&quot;0.004&quot;,&quot;title&quot;:&quot;&quot;,&quot;orientation&quot;:&quot;1&quot;}\" data-image-title=\"(1398) (Large)\" data-image-description=\"\" data-image-caption=\"\" data-medium-file=\"https:\/\/sindicatodosbancarios.org.br\/site2022\/wp-content\/uploads\/2017\/12\/1398-Large-300x300.jpg\" data-large-file=\"https:\/\/sindicatodosbancarios.org.br\/site2022\/wp-content\/uploads\/2017\/12\/1398-Large-1024x678.jpg\" \/><\/a>\n\t\t\t<\/div><\/figure><figure class='gallery-item'>\n\t\t\t<div class='gallery-icon landscape'>\n\t\t\t\t<a href='https:\/\/sindicatodosbancarios.org.br\/site2022\/albuns\/inauguracao-arbanc-e-festa-dos-bancarios-2017\/1397-large\/'><img width=\"300\" height=\"300\" src=\"https:\/\/sindicatodosbancarios.org.br\/site2022\/wp-content\/uploads\/2017\/12\/1397-Large-300x300.jpg\" class=\"attachment-medium size-medium\" alt=\"\" loading=\"lazy\" srcset=\"https:\/\/sindicatodosbancarios.org.br\/site2022\/wp-content\/uploads\/2017\/12\/1397-Large-300x300.jpg 300w, https:\/\/sindicatodosbancarios.org.br\/site2022\/wp-content\/uploads\/2017\/12\/1397-Large-150x150.jpg 150w\" sizes=\"(max-width: 300px) 100vw, 300px\" data-attachment-id=\"2313\" data-permalink=\"https:\/\/sindicatodosbancarios.org.br\/site2022\/albuns\/inauguracao-arbanc-e-festa-dos-bancarios-2017\/1397-large\/\" data-orig-file=\"https:\/\/sindicatodosbancarios.org.br\/site2022\/wp-content\/uploads\/2017\/12\/1397-Large.jpg\" data-orig-size=\"1631,1080\" data-comments-opened=\"1\" data-image-meta=\"{&quot;aperture&quot;:&quot;5&quot;,&quot;credit&quot;:&quot;&quot;,&quot;camera&quot;:&quot;NIKON D7000&quot;,&quot;caption&quot;:&quot;&quot;,&quot;created_timestamp&quot;:&quot;1512908098&quot;,&quot;copyright&quot;:&quot;&quot;,&quot;focal_length&quot;:&quot;60&quot;,&quot;iso&quot;:&quot;200&quot;,&quot;shutter_speed&quot;:&quot;0.004&quot;,&quot;title&quot;:&quot;&quot;,&quot;orientation&quot;:&quot;1&quot;}\" data-image-title=\"(1397) (Large)\" data-image-description=\"\" data-image-caption=\"\" data-medium-file=\"https:\/\/sindicatodosbancarios.org.br\/site2022\/wp-content\/uploads\/2017\/12\/1397-Large-300x300.jpg\" data-large-file=\"https:\/\/sindicatodosbancarios.org.br\/site2022\/wp-content\/uploads\/2017\/12\/1397-Large-1024x678.jpg\" \/><\/a>\n\t\t\t<\/div><\/figure><figure class='gallery-item'>\n\t\t\t<div class='gallery-icon landscape'>\n\t\t\t\t<a href='https:\/\/sindicatodosbancarios.org.br\/site2022\/albuns\/inauguracao-arbanc-e-festa-dos-bancarios-2017\/1395-large\/'><img width=\"300\" height=\"300\" src=\"https:\/\/sindicatodosbancarios.org.br\/site2022\/wp-content\/uploads\/2017\/12\/1395-Large-300x300.jpg\" class=\"attachment-medium size-medium\" alt=\"\" loading=\"lazy\" srcset=\"https:\/\/sindicatodosbancarios.org.br\/site2022\/wp-content\/uploads\/2017\/12\/1395-Large-300x300.jpg 300w, https:\/\/sindicatodosbancarios.org.br\/site2022\/wp-content\/uploads\/2017\/12\/1395-Large-150x150.jpg 150w\" sizes=\"(max-width: 300px) 100vw, 300px\" data-attachment-id=\"2312\" data-permalink=\"https:\/\/sindicatodosbancarios.org.br\/site2022\/albuns\/inauguracao-arbanc-e-festa-dos-bancarios-2017\/1395-large\/\" data-orig-file=\"https:\/\/sindicatodosbancarios.org.br\/site2022\/wp-content\/uploads\/2017\/12\/1395-Large.jpg\" data-orig-size=\"1631,1080\" data-comments-opened=\"1\" data-image-meta=\"{&quot;aperture&quot;:&quot;5.6&quot;,&quot;credit&quot;:&quot;&quot;,&quot;camera&quot;:&quot;NIKON D7000&quot;,&quot;caption&quot;:&quot;&quot;,&quot;created_timestamp&quot;:&quot;1512908084&quot;,&quot;copyright&quot;:&quot;&quot;,&quot;focal_length&quot;:&quot;56&quot;,&quot;iso&quot;:&quot;200&quot;,&quot;shutter_speed&quot;:&quot;0.008&quot;,&quot;title&quot;:&quot;&quot;,&quot;orientation&quot;:&quot;1&quot;}\" data-image-title=\"(1395) (Large)\" data-image-description=\"\" data-image-caption=\"\" data-medium-file=\"https:\/\/sindicatodosbancarios.org.br\/site2022\/wp-content\/uploads\/2017\/12\/1395-Large-300x300.jpg\" data-large-file=\"https:\/\/sindicatodosbancarios.org.br\/site2022\/wp-content\/uploads\/2017\/12\/1395-Large-1024x678.jpg\" \/><\/a>\n\t\t\t<\/div><\/figure><figure class='gallery-item'>\n\t\t\t<div class='gallery-icon landscape'>\n\t\t\t\t<a href='https:\/\/sindicatodosbancarios.org.br\/site2022\/albuns\/inauguracao-arbanc-e-festa-dos-bancarios-2017\/1394-large\/'><img width=\"300\" height=\"300\" src=\"https:\/\/sindicatodosbancarios.org.br\/site2022\/wp-content\/uploads\/2017\/12\/1394-Large-300x300.jpg\" class=\"attachment-medium size-medium\" alt=\"\" loading=\"lazy\" srcset=\"https:\/\/sindicatodosbancarios.org.br\/site2022\/wp-content\/uploads\/2017\/12\/1394-Large-300x300.jpg 300w, https:\/\/sindicatodosbancarios.org.br\/site2022\/wp-content\/uploads\/2017\/12\/1394-Large-150x150.jpg 150w\" sizes=\"(max-width: 300px) 100vw, 300px\" data-attachment-id=\"2311\" data-permalink=\"https:\/\/sindicatodosbancarios.org.br\/site2022\/albuns\/inauguracao-arbanc-e-festa-dos-bancarios-2017\/1394-large\/\" data-orig-file=\"https:\/\/sindicatodosbancarios.org.br\/site2022\/wp-content\/uploads\/2017\/12\/1394-Large.jpg\" data-orig-size=\"1631,1080\" data-comments-opened=\"1\" data-image-meta=\"{&quot;aperture&quot;:&quot;4&quot;,&quot;credit&quot;:&quot;&quot;,&quot;camera&quot;:&quot;NIKON D7000&quot;,&quot;caption&quot;:&quot;&quot;,&quot;created_timestamp&quot;:&quot;1512908063&quot;,&quot;copyright&quot;:&quot;&quot;,&quot;focal_length&quot;:&quot;18&quot;,&quot;iso&quot;:&quot;160&quot;,&quot;shutter_speed&quot;:&quot;0.004&quot;,&quot;title&quot;:&quot;&quot;,&quot;orientation&quot;:&quot;1&quot;}\" data-image-title=\"(1394) (Large)\" data-image-description=\"\" data-image-caption=\"\" data-medium-file=\"https:\/\/sindicatodosbancarios.org.br\/site2022\/wp-content\/uploads\/2017\/12\/1394-Large-300x300.jpg\" data-large-file=\"https:\/\/sindicatodosbancarios.org.br\/site2022\/wp-content\/uploads\/2017\/12\/1394-Large-1024x678.jpg\" \/><\/a>\n\t\t\t<\/div><\/figure><figure class='gallery-item'>\n\t\t\t<div class='gallery-icon landscape'>\n\t\t\t\t<a href='https:\/\/sindicatodosbancarios.org.br\/site2022\/albuns\/inauguracao-arbanc-e-festa-dos-bancarios-2017\/1393-large\/'><img width=\"300\" height=\"300\" src=\"https:\/\/sindicatodosbancarios.org.br\/site2022\/wp-content\/uploads\/2017\/12\/1393-Large-300x300.jpg\" class=\"attachment-medium size-medium\" alt=\"\" loading=\"lazy\" srcset=\"https:\/\/sindicatodosbancarios.org.br\/site2022\/wp-content\/uploads\/2017\/12\/1393-Large-300x300.jpg 300w, https:\/\/sindicatodosbancarios.org.br\/site2022\/wp-content\/uploads\/2017\/12\/1393-Large-150x150.jpg 150w\" sizes=\"(max-width: 300px) 100vw, 300px\" data-attachment-id=\"2310\" data-permalink=\"https:\/\/sindicatodosbancarios.org.br\/site2022\/albuns\/inauguracao-arbanc-e-festa-dos-bancarios-2017\/1393-large\/\" data-orig-file=\"https:\/\/sindicatodosbancarios.org.br\/site2022\/wp-content\/uploads\/2017\/12\/1393-Large.jpg\" data-orig-size=\"1631,1080\" data-comments-opened=\"1\" data-image-meta=\"{&quot;aperture&quot;:&quot;6.3&quot;,&quot;credit&quot;:&quot;&quot;,&quot;camera&quot;:&quot;NIKON D7000&quot;,&quot;caption&quot;:&quot;&quot;,&quot;created_timestamp&quot;:&quot;1512908036&quot;,&quot;copyright&quot;:&quot;&quot;,&quot;focal_length&quot;:&quot;40&quot;,&quot;iso&quot;:&quot;200&quot;,&quot;shutter_speed&quot;:&quot;0.00625&quot;,&quot;title&quot;:&quot;&quot;,&quot;orientation&quot;:&quot;1&quot;}\" data-image-title=\"(1393) (Large)\" data-image-description=\"\" data-image-caption=\"\" data-medium-file=\"https:\/\/sindicatodosbancarios.org.br\/site2022\/wp-content\/uploads\/2017\/12\/1393-Large-300x300.jpg\" data-large-file=\"https:\/\/sindicatodosbancarios.org.br\/site2022\/wp-content\/uploads\/2017\/12\/1393-Large-1024x678.jpg\" \/><\/a>\n\t\t\t<\/div><\/figure><figure class='gallery-item'>\n\t\t\t<div class='gallery-icon landscape'>\n\t\t\t\t<a href='https:\/\/sindicatodosbancarios.org.br\/site2022\/albuns\/inauguracao-arbanc-e-festa-dos-bancarios-2017\/1392-large\/'><img width=\"300\" height=\"300\" src=\"https:\/\/sindicatodosbancarios.org.br\/site2022\/wp-content\/uploads\/2017\/12\/1392-Large-300x300.jpg\" class=\"attachment-medium size-medium\" alt=\"\" loading=\"lazy\" srcset=\"https:\/\/sindicatodosbancarios.org.br\/site2022\/wp-content\/uploads\/2017\/12\/1392-Large-300x300.jpg 300w, https:\/\/sindicatodosbancarios.org.br\/site2022\/wp-content\/uploads\/2017\/12\/1392-Large-150x150.jpg 150w\" sizes=\"(max-width: 300px) 100vw, 300px\" data-attachment-id=\"2309\" data-permalink=\"https:\/\/sindicatodosbancarios.org.br\/site2022\/albuns\/inauguracao-arbanc-e-festa-dos-bancarios-2017\/1392-large\/\" data-orig-file=\"https:\/\/sindicatodosbancarios.org.br\/site2022\/wp-content\/uploads\/2017\/12\/1392-Large.jpg\" data-orig-size=\"1631,1080\" data-comments-opened=\"1\" data-image-meta=\"{&quot;aperture&quot;:&quot;4.5&quot;,&quot;credit&quot;:&quot;&quot;,&quot;camera&quot;:&quot;NIKON D7000&quot;,&quot;caption&quot;:&quot;&quot;,&quot;created_timestamp&quot;:&quot;1512908028&quot;,&quot;copyright&quot;:&quot;&quot;,&quot;focal_length&quot;:&quot;27&quot;,&quot;iso&quot;:&quot;100&quot;,&quot;shutter_speed&quot;:&quot;0.004&quot;,&quot;title&quot;:&quot;&quot;,&quot;orientation&quot;:&quot;1&quot;}\" data-image-title=\"(1392) (Large)\" data-image-description=\"\" data-image-caption=\"\" data-medium-file=\"https:\/\/sindicatodosbancarios.org.br\/site2022\/wp-content\/uploads\/2017\/12\/1392-Large-300x300.jpg\" data-large-file=\"https:\/\/sindicatodosbancarios.org.br\/site2022\/wp-content\/uploads\/2017\/12\/1392-Large-1024x678.jpg\" \/><\/a>\n\t\t\t<\/div><\/figure><figure class='gallery-item'>\n\t\t\t<div class='gallery-icon landscape'>\n\t\t\t\t<a href='https:\/\/sindicatodosbancarios.org.br\/site2022\/albuns\/inauguracao-arbanc-e-festa-dos-bancarios-2017\/1390-large\/'><img width=\"300\" height=\"300\" src=\"https:\/\/sindicatodosbancarios.org.br\/site2022\/wp-content\/uploads\/2017\/12\/1390-Large-300x300.jpg\" class=\"attachment-medium size-medium\" alt=\"\" loading=\"lazy\" srcset=\"https:\/\/sindicatodosbancarios.org.br\/site2022\/wp-content\/uploads\/2017\/12\/1390-Large-300x300.jpg 300w, https:\/\/sindicatodosbancarios.org.br\/site2022\/wp-content\/uploads\/2017\/12\/1390-Large-150x150.jpg 150w\" sizes=\"(max-width: 300px) 100vw, 300px\" data-attachment-id=\"2308\" data-permalink=\"https:\/\/sindicatodosbancarios.org.br\/site2022\/albuns\/inauguracao-arbanc-e-festa-dos-bancarios-2017\/1390-large\/\" data-orig-file=\"https:\/\/sindicatodosbancarios.org.br\/site2022\/wp-content\/uploads\/2017\/12\/1390-Large.jpg\" data-orig-size=\"1631,1080\" data-comments-opened=\"1\" data-image-meta=\"{&quot;aperture&quot;:&quot;6.3&quot;,&quot;credit&quot;:&quot;&quot;,&quot;camera&quot;:&quot;NIKON D7000&quot;,&quot;caption&quot;:&quot;&quot;,&quot;created_timestamp&quot;:&quot;1512907993&quot;,&quot;copyright&quot;:&quot;&quot;,&quot;focal_length&quot;:&quot;18&quot;,&quot;iso&quot;:&quot;200&quot;,&quot;shutter_speed&quot;:&quot;0.00625&quot;,&quot;title&quot;:&quot;&quot;,&quot;orientation&quot;:&quot;1&quot;}\" data-image-title=\"(1390) (Large)\" data-image-description=\"\" data-image-caption=\"\" data-medium-file=\"https:\/\/sindicatodosbancarios.org.br\/site2022\/wp-content\/uploads\/2017\/12\/1390-Large-300x300.jpg\" data-large-file=\"https:\/\/sindicatodosbancarios.org.br\/site2022\/wp-content\/uploads\/2017\/12\/1390-Large-1024x678.jpg\" \/><\/a>\n\t\t\t<\/div><\/figure><figure class='gallery-item'>\n\t\t\t<div class='gallery-icon landscape'>\n\t\t\t\t<a href='https:\/\/sindicatodosbancarios.org.br\/site2022\/albuns\/inauguracao-arbanc-e-festa-dos-bancarios-2017\/1388-large\/'><img width=\"300\" height=\"300\" src=\"https:\/\/sindicatodosbancarios.org.br\/site2022\/wp-content\/uploads\/2017\/12\/1388-Large-300x300.jpg\" class=\"attachment-medium size-medium\" alt=\"\" loading=\"lazy\" srcset=\"https:\/\/sindicatodosbancarios.org.br\/site2022\/wp-content\/uploads\/2017\/12\/1388-Large-300x300.jpg 300w, https:\/\/sindicatodosbancarios.org.br\/site2022\/wp-content\/uploads\/2017\/12\/1388-Large-150x150.jpg 150w\" sizes=\"(max-width: 300px) 100vw, 300px\" data-attachment-id=\"2306\" data-permalink=\"https:\/\/sindicatodosbancarios.org.br\/site2022\/albuns\/inauguracao-arbanc-e-festa-dos-bancarios-2017\/1388-large\/\" data-orig-file=\"https:\/\/sindicatodosbancarios.org.br\/site2022\/wp-content\/uploads\/2017\/12\/1388-Large.jpg\" data-orig-size=\"1631,1080\" data-comments-opened=\"1\" data-image-meta=\"{&quot;aperture&quot;:&quot;7.1&quot;,&quot;credit&quot;:&quot;&quot;,&quot;camera&quot;:&quot;NIKON D7000&quot;,&quot;caption&quot;:&quot;&quot;,&quot;created_timestamp&quot;:&quot;1512907964&quot;,&quot;copyright&quot;:&quot;&quot;,&quot;focal_length&quot;:&quot;48&quot;,&quot;iso&quot;:&quot;200&quot;,&quot;shutter_speed&quot;:&quot;0.005&quot;,&quot;title&quot;:&quot;&quot;,&quot;orientation&quot;:&quot;1&quot;}\" data-image-title=\"(1388) (Large)\" data-image-description=\"\" data-image-caption=\"\" data-medium-file=\"https:\/\/sindicatodosbancarios.org.br\/site2022\/wp-content\/uploads\/2017\/12\/1388-Large-300x300.jpg\" data-large-file=\"https:\/\/sindicatodosbancarios.org.br\/site2022\/wp-content\/uploads\/2017\/12\/1388-Large-1024x678.jpg\" \/><\/a>\n\t\t\t<\/div><\/figure><figure class='gallery-item'>\n\t\t\t<div class='gallery-icon landscape'>\n\t\t\t\t<a href='https:\/\/sindicatodosbancarios.org.br\/site2022\/albuns\/inauguracao-arbanc-e-festa-dos-bancarios-2017\/1387-large\/'><img width=\"300\" height=\"300\" src=\"https:\/\/sindicatodosbancarios.org.br\/site2022\/wp-content\/uploads\/2017\/12\/1387-Large-300x300.jpg\" class=\"attachment-medium size-medium\" alt=\"\" loading=\"lazy\" srcset=\"https:\/\/sindicatodosbancarios.org.br\/site2022\/wp-content\/uploads\/2017\/12\/1387-Large-300x300.jpg 300w, https:\/\/sindicatodosbancarios.org.br\/site2022\/wp-content\/uploads\/2017\/12\/1387-Large-150x150.jpg 150w\" sizes=\"(max-width: 300px) 100vw, 300px\" data-attachment-id=\"2305\" data-permalink=\"https:\/\/sindicatodosbancarios.org.br\/site2022\/albuns\/inauguracao-arbanc-e-festa-dos-bancarios-2017\/1387-large\/\" data-orig-file=\"https:\/\/sindicatodosbancarios.org.br\/site2022\/wp-content\/uploads\/2017\/12\/1387-Large.jpg\" data-orig-size=\"1631,1080\" data-comments-opened=\"1\" data-image-meta=\"{&quot;aperture&quot;:&quot;7.1&quot;,&quot;credit&quot;:&quot;&quot;,&quot;camera&quot;:&quot;NIKON D7000&quot;,&quot;caption&quot;:&quot;&quot;,&quot;created_timestamp&quot;:&quot;1512907953&quot;,&quot;copyright&quot;:&quot;&quot;,&quot;focal_length&quot;:&quot;95&quot;,&quot;iso&quot;:&quot;200&quot;,&quot;shutter_speed&quot;:&quot;0.005&quot;,&quot;title&quot;:&quot;&quot;,&quot;orientation&quot;:&quot;1&quot;}\" data-image-title=\"(1387) (Large)\" data-image-description=\"\" data-image-caption=\"\" data-medium-file=\"https:\/\/sindicatodosbancarios.org.br\/site2022\/wp-content\/uploads\/2017\/12\/1387-Large-300x300.jpg\" data-large-file=\"https:\/\/sindicatodosbancarios.org.br\/site2022\/wp-content\/uploads\/2017\/12\/1387-Large-1024x678.jpg\" \/><\/a>\n\t\t\t<\/div><\/figure><figure class='gallery-item'>\n\t\t\t<div class='gallery-icon landscape'>\n\t\t\t\t<a href='https:\/\/sindicatodosbancarios.org.br\/site2022\/albuns\/inauguracao-arbanc-e-festa-dos-bancarios-2017\/1385-large\/'><img width=\"300\" height=\"300\" src=\"https:\/\/sindicatodosbancarios.org.br\/site2022\/wp-content\/uploads\/2017\/12\/1385-Large-300x300.jpg\" class=\"attachment-medium size-medium\" alt=\"\" loading=\"lazy\" srcset=\"https:\/\/sindicatodosbancarios.org.br\/site2022\/wp-content\/uploads\/2017\/12\/1385-Large-300x300.jpg 300w, https:\/\/sindicatodosbancarios.org.br\/site2022\/wp-content\/uploads\/2017\/12\/1385-Large-150x150.jpg 150w\" sizes=\"(max-width: 300px) 100vw, 300px\" data-attachment-id=\"2303\" data-permalink=\"https:\/\/sindicatodosbancarios.org.br\/site2022\/albuns\/inauguracao-arbanc-e-festa-dos-bancarios-2017\/1385-large\/\" data-orig-file=\"https:\/\/sindicatodosbancarios.org.br\/site2022\/wp-content\/uploads\/2017\/12\/1385-Large.jpg\" data-orig-size=\"1631,1080\" data-comments-opened=\"1\" data-image-meta=\"{&quot;aperture&quot;:&quot;6.3&quot;,&quot;credit&quot;:&quot;&quot;,&quot;camera&quot;:&quot;NIKON D7000&quot;,&quot;caption&quot;:&quot;&quot;,&quot;created_timestamp&quot;:&quot;1512907946&quot;,&quot;copyright&quot;:&quot;&quot;,&quot;focal_length&quot;:&quot;62&quot;,&quot;iso&quot;:&quot;100&quot;,&quot;shutter_speed&quot;:&quot;0.004&quot;,&quot;title&quot;:&quot;&quot;,&quot;orientation&quot;:&quot;1&quot;}\" data-image-title=\"(1385) (Large)\" data-image-description=\"\" data-image-caption=\"\" data-medium-file=\"https:\/\/sindicatodosbancarios.org.br\/site2022\/wp-content\/uploads\/2017\/12\/1385-Large-300x300.jpg\" data-large-file=\"https:\/\/sindicatodosbancarios.org.br\/site2022\/wp-content\/uploads\/2017\/12\/1385-Large-1024x678.jpg\" \/><\/a>\n\t\t\t<\/div><\/figure><figure class='gallery-item'>\n\t\t\t<div class='gallery-icon landscape'>\n\t\t\t\t<a href='https:\/\/sindicatodosbancarios.org.br\/site2022\/albuns\/inauguracao-arbanc-e-festa-dos-bancarios-2017\/1384-large\/'><img width=\"300\" height=\"300\" src=\"https:\/\/sindicatodosbancarios.org.br\/site2022\/wp-content\/uploads\/2017\/12\/1384-Large-300x300.jpg\" class=\"attachment-medium size-medium\" alt=\"\" loading=\"lazy\" srcset=\"https:\/\/sindicatodosbancarios.org.br\/site2022\/wp-content\/uploads\/2017\/12\/1384-Large-300x300.jpg 300w, https:\/\/sindicatodosbancarios.org.br\/site2022\/wp-content\/uploads\/2017\/12\/1384-Large-150x150.jpg 150w\" sizes=\"(max-width: 300px) 100vw, 300px\" data-attachment-id=\"2302\" data-permalink=\"https:\/\/sindicatodosbancarios.org.br\/site2022\/albuns\/inauguracao-arbanc-e-festa-dos-bancarios-2017\/1384-large\/\" data-orig-file=\"https:\/\/sindicatodosbancarios.org.br\/site2022\/wp-content\/uploads\/2017\/12\/1384-Large.jpg\" data-orig-size=\"1631,1080\" data-comments-opened=\"1\" data-image-meta=\"{&quot;aperture&quot;:&quot;9&quot;,&quot;credit&quot;:&quot;&quot;,&quot;camera&quot;:&quot;NIKON D7000&quot;,&quot;caption&quot;:&quot;&quot;,&quot;created_timestamp&quot;:&quot;1512907937&quot;,&quot;copyright&quot;:&quot;&quot;,&quot;focal_length&quot;:&quot;60&quot;,&quot;iso&quot;:&quot;100&quot;,&quot;shutter_speed&quot;:&quot;0.004&quot;,&quot;title&quot;:&quot;&quot;,&quot;orientation&quot;:&quot;1&quot;}\" data-image-title=\"(1384) (Large)\" data-image-description=\"\" data-image-caption=\"\" data-medium-file=\"https:\/\/sindicatodosbancarios.org.br\/site2022\/wp-content\/uploads\/2017\/12\/1384-Large-300x300.jpg\" data-large-file=\"https:\/\/sindicatodosbancarios.org.br\/site2022\/wp-content\/uploads\/2017\/12\/1384-Large-1024x678.jpg\" \/><\/a>\n\t\t\t<\/div><\/figure><figure class='gallery-item'>\n\t\t\t<div class='gallery-icon landscape'>\n\t\t\t\t<a href='https:\/\/sindicatodosbancarios.org.br\/site2022\/albuns\/inauguracao-arbanc-e-festa-dos-bancarios-2017\/1383-large\/'><img width=\"300\" height=\"300\" src=\"https:\/\/sindicatodosbancarios.org.br\/site2022\/wp-content\/uploads\/2017\/12\/1383-Large-300x300.jpg\" class=\"attachment-medium size-medium\" alt=\"\" loading=\"lazy\" srcset=\"https:\/\/sindicatodosbancarios.org.br\/site2022\/wp-content\/uploads\/2017\/12\/1383-Large-300x300.jpg 300w, https:\/\/sindicatodosbancarios.org.br\/site2022\/wp-content\/uploads\/2017\/12\/1383-Large-150x150.jpg 150w\" sizes=\"(max-width: 300px) 100vw, 300px\" data-attachment-id=\"2301\" data-permalink=\"https:\/\/sindicatodosbancarios.org.br\/site2022\/albuns\/inauguracao-arbanc-e-festa-dos-bancarios-2017\/1383-large\/\" data-orig-file=\"https:\/\/sindicatodosbancarios.org.br\/site2022\/wp-content\/uploads\/2017\/12\/1383-Large.jpg\" data-orig-size=\"1631,1080\" data-comments-opened=\"1\" data-image-meta=\"{&quot;aperture&quot;:&quot;8&quot;,&quot;credit&quot;:&quot;&quot;,&quot;camera&quot;:&quot;NIKON D7000&quot;,&quot;caption&quot;:&quot;&quot;,&quot;created_timestamp&quot;:&quot;1512907922&quot;,&quot;copyright&quot;:&quot;&quot;,&quot;focal_length&quot;:&quot;56&quot;,&quot;iso&quot;:&quot;100&quot;,&quot;shutter_speed&quot;:&quot;0.004&quot;,&quot;title&quot;:&quot;&quot;,&quot;orientation&quot;:&quot;1&quot;}\" data-image-title=\"(1383) (Large)\" data-image-description=\"\" data-image-caption=\"\" data-medium-file=\"https:\/\/sindicatodosbancarios.org.br\/site2022\/wp-content\/uploads\/2017\/12\/1383-Large-300x300.jpg\" data-large-file=\"https:\/\/sindicatodosbancarios.org.br\/site2022\/wp-content\/uploads\/2017\/12\/1383-Large-1024x678.jpg\" \/><\/a>\n\t\t\t<\/div><\/figure><figure class='gallery-item'>\n\t\t\t<div class='gallery-icon landscape'>\n\t\t\t\t<a href='https:\/\/sindicatodosbancarios.org.br\/site2022\/albuns\/inauguracao-arbanc-e-festa-dos-bancarios-2017\/1380-large\/'><img width=\"300\" height=\"300\" src=\"https:\/\/sindicatodosbancarios.org.br\/site2022\/wp-content\/uploads\/2017\/12\/1380-Large-300x300.jpg\" class=\"attachment-medium size-medium\" alt=\"\" loading=\"lazy\" srcset=\"https:\/\/sindicatodosbancarios.org.br\/site2022\/wp-content\/uploads\/2017\/12\/1380-Large-300x300.jpg 300w, https:\/\/sindicatodosbancarios.org.br\/site2022\/wp-content\/uploads\/2017\/12\/1380-Large-150x150.jpg 150w\" sizes=\"(max-width: 300px) 100vw, 300px\" data-attachment-id=\"2299\" data-permalink=\"https:\/\/sindicatodosbancarios.org.br\/site2022\/albuns\/inauguracao-arbanc-e-festa-dos-bancarios-2017\/1380-large\/\" data-orig-file=\"https:\/\/sindicatodosbancarios.org.br\/site2022\/wp-content\/uploads\/2017\/12\/1380-Large.jpg\" data-orig-size=\"1631,1080\" data-comments-opened=\"1\" data-image-meta=\"{&quot;aperture&quot;:&quot;8&quot;,&quot;credit&quot;:&quot;&quot;,&quot;camera&quot;:&quot;NIKON D7000&quot;,&quot;caption&quot;:&quot;&quot;,&quot;created_timestamp&quot;:&quot;1512907915&quot;,&quot;copyright&quot;:&quot;&quot;,&quot;focal_length&quot;:&quot;38&quot;,&quot;iso&quot;:&quot;100&quot;,&quot;shutter_speed&quot;:&quot;0.004&quot;,&quot;title&quot;:&quot;&quot;,&quot;orientation&quot;:&quot;1&quot;}\" data-image-title=\"(1380) (Large)\" data-image-description=\"\" data-image-caption=\"\" data-medium-file=\"https:\/\/sindicatodosbancarios.org.br\/site2022\/wp-content\/uploads\/2017\/12\/1380-Large-300x300.jpg\" data-large-file=\"https:\/\/sindicatodosbancarios.org.br\/site2022\/wp-content\/uploads\/2017\/12\/1380-Large-1024x678.jpg\" \/><\/a>\n\t\t\t<\/div><\/figure><figure class='gallery-item'>\n\t\t\t<div class='gallery-icon landscape'>\n\t\t\t\t<a href='https:\/\/sindicatodosbancarios.org.br\/site2022\/albuns\/inauguracao-arbanc-e-festa-dos-bancarios-2017\/1370-large\/'><img width=\"300\" height=\"300\" src=\"https:\/\/sindicatodosbancarios.org.br\/site2022\/wp-content\/uploads\/2017\/12\/1370-Large-300x300.jpg\" class=\"attachment-medium size-medium\" alt=\"\" loading=\"lazy\" srcset=\"https:\/\/sindicatodosbancarios.org.br\/site2022\/wp-content\/uploads\/2017\/12\/1370-Large-300x300.jpg 300w, https:\/\/sindicatodosbancarios.org.br\/site2022\/wp-content\/uploads\/2017\/12\/1370-Large-150x150.jpg 150w\" sizes=\"(max-width: 300px) 100vw, 300px\" data-attachment-id=\"2292\" data-permalink=\"https:\/\/sindicatodosbancarios.org.br\/site2022\/albuns\/inauguracao-arbanc-e-festa-dos-bancarios-2017\/1370-large\/\" data-orig-file=\"https:\/\/sindicatodosbancarios.org.br\/site2022\/wp-content\/uploads\/2017\/12\/1370-Large.jpg\" data-orig-size=\"1631,1080\" data-comments-opened=\"1\" data-image-meta=\"{&quot;aperture&quot;:&quot;9&quot;,&quot;credit&quot;:&quot;&quot;,&quot;camera&quot;:&quot;NIKON D7000&quot;,&quot;caption&quot;:&quot;&quot;,&quot;created_timestamp&quot;:&quot;1512907814&quot;,&quot;copyright&quot;:&quot;&quot;,&quot;focal_length&quot;:&quot;45&quot;,&quot;iso&quot;:&quot;100&quot;,&quot;shutter_speed&quot;:&quot;0.004&quot;,&quot;title&quot;:&quot;&quot;,&quot;orientation&quot;:&quot;1&quot;}\" data-image-title=\"(1370) (Large)\" data-image-description=\"\" data-image-caption=\"\" data-medium-file=\"https:\/\/sindicatodosbancarios.org.br\/site2022\/wp-content\/uploads\/2017\/12\/1370-Large-300x300.jpg\" data-large-file=\"https:\/\/sindicatodosbancarios.org.br\/site2022\/wp-content\/uploads\/2017\/12\/1370-Large-1024x678.jpg\" \/><\/a>\n\t\t\t<\/div><\/figure><figure class='gallery-item'>\n\t\t\t<div class='gallery-icon landscape'>\n\t\t\t\t<a href='https:\/\/sindicatodosbancarios.org.br\/site2022\/albuns\/inauguracao-arbanc-e-festa-dos-bancarios-2017\/1369-large\/'><img width=\"300\" height=\"300\" src=\"https:\/\/sindicatodosbancarios.org.br\/site2022\/wp-content\/uploads\/2017\/12\/1369-Large-300x300.jpg\" class=\"attachment-medium size-medium\" alt=\"\" loading=\"lazy\" srcset=\"https:\/\/sindicatodosbancarios.org.br\/site2022\/wp-content\/uploads\/2017\/12\/1369-Large-300x300.jpg 300w, https:\/\/sindicatodosbancarios.org.br\/site2022\/wp-content\/uploads\/2017\/12\/1369-Large-150x150.jpg 150w\" sizes=\"(max-width: 300px) 100vw, 300px\" data-attachment-id=\"2291\" data-permalink=\"https:\/\/sindicatodosbancarios.org.br\/site2022\/albuns\/inauguracao-arbanc-e-festa-dos-bancarios-2017\/1369-large\/\" data-orig-file=\"https:\/\/sindicatodosbancarios.org.br\/site2022\/wp-content\/uploads\/2017\/12\/1369-Large.jpg\" data-orig-size=\"1631,1080\" data-comments-opened=\"1\" data-image-meta=\"{&quot;aperture&quot;:&quot;5&quot;,&quot;credit&quot;:&quot;&quot;,&quot;camera&quot;:&quot;NIKON D7000&quot;,&quot;caption&quot;:&quot;&quot;,&quot;created_timestamp&quot;:&quot;1512907806&quot;,&quot;copyright&quot;:&quot;&quot;,&quot;focal_length&quot;:&quot;18&quot;,&quot;iso&quot;:&quot;100&quot;,&quot;shutter_speed&quot;:&quot;0.004&quot;,&quot;title&quot;:&quot;&quot;,&quot;orientation&quot;:&quot;1&quot;}\" data-image-title=\"(1369) (Large)\" data-image-description=\"\" data-image-caption=\"\" data-medium-file=\"https:\/\/sindicatodosbancarios.org.br\/site2022\/wp-content\/uploads\/2017\/12\/1369-Large-300x300.jpg\" data-large-file=\"https:\/\/sindicatodosbancarios.org.br\/site2022\/wp-content\/uploads\/2017\/12\/1369-Large-1024x678.jpg\" \/><\/a>\n\t\t\t<\/div><\/figure><figure class='gallery-item'>\n\t\t\t<div class='gallery-icon landscape'>\n\t\t\t\t<a href='https:\/\/sindicatodosbancarios.org.br\/site2022\/albuns\/inauguracao-arbanc-e-festa-dos-bancarios-2017\/1367-large\/'><img width=\"300\" height=\"300\" src=\"https:\/\/sindicatodosbancarios.org.br\/site2022\/wp-content\/uploads\/2017\/12\/1367-Large-300x300.jpg\" class=\"attachment-medium size-medium\" alt=\"\" loading=\"lazy\" srcset=\"https:\/\/sindicatodosbancarios.org.br\/site2022\/wp-content\/uploads\/2017\/12\/1367-Large-300x300.jpg 300w, https:\/\/sindicatodosbancarios.org.br\/site2022\/wp-content\/uploads\/2017\/12\/1367-Large-150x150.jpg 150w\" sizes=\"(max-width: 300px) 100vw, 300px\" data-attachment-id=\"2290\" data-permalink=\"https:\/\/sindicatodosbancarios.org.br\/site2022\/albuns\/inauguracao-arbanc-e-festa-dos-bancarios-2017\/1367-large\/\" data-orig-file=\"https:\/\/sindicatodosbancarios.org.br\/site2022\/wp-content\/uploads\/2017\/12\/1367-Large.jpg\" data-orig-size=\"1631,1080\" data-comments-opened=\"1\" data-image-meta=\"{&quot;aperture&quot;:&quot;5.6&quot;,&quot;credit&quot;:&quot;&quot;,&quot;camera&quot;:&quot;NIKON D7000&quot;,&quot;caption&quot;:&quot;&quot;,&quot;created_timestamp&quot;:&quot;1512907773&quot;,&quot;copyright&quot;:&quot;&quot;,&quot;focal_length&quot;:&quot;22&quot;,&quot;iso&quot;:&quot;320&quot;,&quot;shutter_speed&quot;:&quot;0.008&quot;,&quot;title&quot;:&quot;&quot;,&quot;orientation&quot;:&quot;1&quot;}\" data-image-title=\"(1367) (Large)\" data-image-description=\"\" data-image-caption=\"\" data-medium-file=\"https:\/\/sindicatodosbancarios.org.br\/site2022\/wp-content\/uploads\/2017\/12\/1367-Large-300x300.jpg\" data-large-file=\"https:\/\/sindicatodosbancarios.org.br\/site2022\/wp-content\/uploads\/2017\/12\/1367-Large-1024x678.jpg\" \/><\/a>\n\t\t\t<\/div><\/figure><figure class='gallery-item'>\n\t\t\t<div class='gallery-icon landscape'>\n\t\t\t\t<a href='https:\/\/sindicatodosbancarios.org.br\/site2022\/albuns\/inauguracao-arbanc-e-festa-dos-bancarios-2017\/1358-large\/'><img width=\"300\" height=\"300\" src=\"https:\/\/sindicatodosbancarios.org.br\/site2022\/wp-content\/uploads\/2017\/12\/1358-Large-300x300.jpg\" class=\"attachment-medium size-medium\" alt=\"\" loading=\"lazy\" srcset=\"https:\/\/sindicatodosbancarios.org.br\/site2022\/wp-content\/uploads\/2017\/12\/1358-Large-300x300.jpg 300w, https:\/\/sindicatodosbancarios.org.br\/site2022\/wp-content\/uploads\/2017\/12\/1358-Large-150x150.jpg 150w\" sizes=\"(max-width: 300px) 100vw, 300px\" data-attachment-id=\"2286\" data-permalink=\"https:\/\/sindicatodosbancarios.org.br\/site2022\/albuns\/inauguracao-arbanc-e-festa-dos-bancarios-2017\/1358-large\/\" data-orig-file=\"https:\/\/sindicatodosbancarios.org.br\/site2022\/wp-content\/uploads\/2017\/12\/1358-Large.jpg\" data-orig-size=\"1631,1080\" data-comments-opened=\"1\" data-image-meta=\"{&quot;aperture&quot;:&quot;5.6&quot;,&quot;credit&quot;:&quot;&quot;,&quot;camera&quot;:&quot;NIKON D7000&quot;,&quot;caption&quot;:&quot;&quot;,&quot;created_timestamp&quot;:&quot;1512907721&quot;,&quot;copyright&quot;:&quot;&quot;,&quot;focal_length&quot;:&quot;34&quot;,&quot;iso&quot;:&quot;200&quot;,&quot;shutter_speed&quot;:&quot;0.008&quot;,&quot;title&quot;:&quot;&quot;,&quot;orientation&quot;:&quot;1&quot;}\" data-image-title=\"(1358) (Large)\" data-image-description=\"\" data-image-caption=\"\" data-medium-file=\"https:\/\/sindicatodosbancarios.org.br\/site2022\/wp-content\/uploads\/2017\/12\/1358-Large-300x300.jpg\" data-large-file=\"https:\/\/sindicatodosbancarios.org.br\/site2022\/wp-content\/uploads\/2017\/12\/1358-Large-1024x678.jpg\" \/><\/a>\n\t\t\t<\/div><\/figure><figure class='gallery-item'>\n\t\t\t<div class='gallery-icon landscape'>\n\t\t\t\t<a href='https:\/\/sindicatodosbancarios.org.br\/site2022\/albuns\/inauguracao-arbanc-e-festa-dos-bancarios-2017\/1356-large\/'><img width=\"300\" height=\"300\" src=\"https:\/\/sindicatodosbancarios.org.br\/site2022\/wp-content\/uploads\/2017\/12\/1356-Large-300x300.jpg\" class=\"attachment-medium size-medium\" alt=\"\" loading=\"lazy\" srcset=\"https:\/\/sindicatodosbancarios.org.br\/site2022\/wp-content\/uploads\/2017\/12\/1356-Large-300x300.jpg 300w, https:\/\/sindicatodosbancarios.org.br\/site2022\/wp-content\/uploads\/2017\/12\/1356-Large-150x150.jpg 150w\" sizes=\"(max-width: 300px) 100vw, 300px\" data-attachment-id=\"2284\" data-permalink=\"https:\/\/sindicatodosbancarios.org.br\/site2022\/albuns\/inauguracao-arbanc-e-festa-dos-bancarios-2017\/1356-large\/\" data-orig-file=\"https:\/\/sindicatodosbancarios.org.br\/site2022\/wp-content\/uploads\/2017\/12\/1356-Large.jpg\" data-orig-size=\"1631,1080\" data-comments-opened=\"1\" data-image-meta=\"{&quot;aperture&quot;:&quot;4&quot;,&quot;credit&quot;:&quot;&quot;,&quot;camera&quot;:&quot;NIKON D7000&quot;,&quot;caption&quot;:&quot;&quot;,&quot;created_timestamp&quot;:&quot;1512907687&quot;,&quot;copyright&quot;:&quot;&quot;,&quot;focal_length&quot;:&quot;18&quot;,&quot;iso&quot;:&quot;180&quot;,&quot;shutter_speed&quot;:&quot;0.004&quot;,&quot;title&quot;:&quot;&quot;,&quot;orientation&quot;:&quot;1&quot;}\" data-image-title=\"(1356) (Large)\" data-image-description=\"\" data-image-caption=\"\" data-medium-file=\"https:\/\/sindicatodosbancarios.org.br\/site2022\/wp-content\/uploads\/2017\/12\/1356-Large-300x300.jpg\" data-large-file=\"https:\/\/sindicatodosbancarios.org.br\/site2022\/wp-content\/uploads\/2017\/12\/1356-Large-1024x678.jpg\" \/><\/a>\n\t\t\t<\/div><\/figure><figure class='gallery-item'>\n\t\t\t<div class='gallery-icon landscape'>\n\t\t\t\t<a href='https:\/\/sindicatodosbancarios.org.br\/site2022\/albuns\/inauguracao-arbanc-e-festa-dos-bancarios-2017\/1355-large\/'><img width=\"300\" height=\"300\" src=\"https:\/\/sindicatodosbancarios.org.br\/site2022\/wp-content\/uploads\/2017\/12\/1355-Large-300x300.jpg\" class=\"attachment-medium size-medium\" alt=\"\" loading=\"lazy\" srcset=\"https:\/\/sindicatodosbancarios.org.br\/site2022\/wp-content\/uploads\/2017\/12\/1355-Large-300x300.jpg 300w, https:\/\/sindicatodosbancarios.org.br\/site2022\/wp-content\/uploads\/2017\/12\/1355-Large-150x150.jpg 150w\" sizes=\"(max-width: 300px) 100vw, 300px\" data-attachment-id=\"2283\" data-permalink=\"https:\/\/sindicatodosbancarios.org.br\/site2022\/albuns\/inauguracao-arbanc-e-festa-dos-bancarios-2017\/1355-large\/\" data-orig-file=\"https:\/\/sindicatodosbancarios.org.br\/site2022\/wp-content\/uploads\/2017\/12\/1355-Large.jpg\" data-orig-size=\"1631,1080\" data-comments-opened=\"1\" data-image-meta=\"{&quot;aperture&quot;:&quot;4&quot;,&quot;credit&quot;:&quot;&quot;,&quot;camera&quot;:&quot;NIKON D7000&quot;,&quot;caption&quot;:&quot;&quot;,&quot;created_timestamp&quot;:&quot;1512907653&quot;,&quot;copyright&quot;:&quot;&quot;,&quot;focal_length&quot;:&quot;23&quot;,&quot;iso&quot;:&quot;100&quot;,&quot;shutter_speed&quot;:&quot;0.004&quot;,&quot;title&quot;:&quot;&quot;,&quot;orientation&quot;:&quot;1&quot;}\" data-image-title=\"(1355) (Large)\" data-image-description=\"\" data-image-caption=\"\" data-medium-file=\"https:\/\/sindicatodosbancarios.org.br\/site2022\/wp-content\/uploads\/2017\/12\/1355-Large-300x300.jpg\" data-large-file=\"https:\/\/sindicatodosbancarios.org.br\/site2022\/wp-content\/uploads\/2017\/12\/1355-Large-1024x678.jpg\" \/><\/a>\n\t\t\t<\/div><\/figure><figure class='gallery-item'>\n\t\t\t<div class='gallery-icon landscape'>\n\t\t\t\t<a href='https:\/\/sindicatodosbancarios.org.br\/site2022\/albuns\/inauguracao-arbanc-e-festa-dos-bancarios-2017\/1352-large\/'><img width=\"300\" height=\"300\" src=\"https:\/\/sindicatodosbancarios.org.br\/site2022\/wp-content\/uploads\/2017\/12\/1352-Large-300x300.jpg\" class=\"attachment-medium size-medium\" alt=\"\" loading=\"lazy\" srcset=\"https:\/\/sindicatodosbancarios.org.br\/site2022\/wp-content\/uploads\/2017\/12\/1352-Large-300x300.jpg 300w, https:\/\/sindicatodosbancarios.org.br\/site2022\/wp-content\/uploads\/2017\/12\/1352-Large-150x150.jpg 150w\" sizes=\"(max-width: 300px) 100vw, 300px\" data-attachment-id=\"2281\" data-permalink=\"https:\/\/sindicatodosbancarios.org.br\/site2022\/albuns\/inauguracao-arbanc-e-festa-dos-bancarios-2017\/1352-large\/\" data-orig-file=\"https:\/\/sindicatodosbancarios.org.br\/site2022\/wp-content\/uploads\/2017\/12\/1352-Large.jpg\" data-orig-size=\"1631,1080\" data-comments-opened=\"1\" data-image-meta=\"{&quot;aperture&quot;:&quot;4&quot;,&quot;credit&quot;:&quot;&quot;,&quot;camera&quot;:&quot;NIKON D7000&quot;,&quot;caption&quot;:&quot;&quot;,&quot;created_timestamp&quot;:&quot;1512907621&quot;,&quot;copyright&quot;:&quot;&quot;,&quot;focal_length&quot;:&quot;30&quot;,&quot;iso&quot;:&quot;160&quot;,&quot;shutter_speed&quot;:&quot;0.004&quot;,&quot;title&quot;:&quot;&quot;,&quot;orientation&quot;:&quot;1&quot;}\" data-image-title=\"(1352) (Large)\" data-image-description=\"\" data-image-caption=\"\" data-medium-file=\"https:\/\/sindicatodosbancarios.org.br\/site2022\/wp-content\/uploads\/2017\/12\/1352-Large-300x300.jpg\" data-large-file=\"https:\/\/sindicatodosbancarios.org.br\/site2022\/wp-content\/uploads\/2017\/12\/1352-Large-1024x678.jpg\" \/><\/a>\n\t\t\t<\/div><\/figure><figure class='gallery-item'>\n\t\t\t<div class='gallery-icon landscape'>\n\t\t\t\t<a href='https:\/\/sindicatodosbancarios.org.br\/site2022\/albuns\/inauguracao-arbanc-e-festa-dos-bancarios-2017\/1350-large\/'><img width=\"300\" height=\"300\" src=\"https:\/\/sindicatodosbancarios.org.br\/site2022\/wp-content\/uploads\/2017\/12\/1350-Large-300x300.jpg\" class=\"attachment-medium size-medium\" alt=\"\" loading=\"lazy\" srcset=\"https:\/\/sindicatodosbancarios.org.br\/site2022\/wp-content\/uploads\/2017\/12\/1350-Large-300x300.jpg 300w, https:\/\/sindicatodosbancarios.org.br\/site2022\/wp-content\/uploads\/2017\/12\/1350-Large-150x150.jpg 150w\" sizes=\"(max-width: 300px) 100vw, 300px\" data-attachment-id=\"2280\" data-permalink=\"https:\/\/sindicatodosbancarios.org.br\/site2022\/albuns\/inauguracao-arbanc-e-festa-dos-bancarios-2017\/1350-large\/\" data-orig-file=\"https:\/\/sindicatodosbancarios.org.br\/site2022\/wp-content\/uploads\/2017\/12\/1350-Large.jpg\" data-orig-size=\"1631,1080\" data-comments-opened=\"1\" data-image-meta=\"{&quot;aperture&quot;:&quot;4&quot;,&quot;credit&quot;:&quot;&quot;,&quot;camera&quot;:&quot;NIKON D7000&quot;,&quot;caption&quot;:&quot;&quot;,&quot;created_timestamp&quot;:&quot;1512907603&quot;,&quot;copyright&quot;:&quot;&quot;,&quot;focal_length&quot;:&quot;32&quot;,&quot;iso&quot;:&quot;200&quot;,&quot;shutter_speed&quot;:&quot;0.008&quot;,&quot;title&quot;:&quot;&quot;,&quot;orientation&quot;:&quot;1&quot;}\" data-image-title=\"(1350) (Large)\" data-image-description=\"\" data-image-caption=\"\" data-medium-file=\"https:\/\/sindicatodosbancarios.org.br\/site2022\/wp-content\/uploads\/2017\/12\/1350-Large-300x300.jpg\" data-large-file=\"https:\/\/sindicatodosbancarios.org.br\/site2022\/wp-content\/uploads\/2017\/12\/1350-Large-1024x678.jpg\" \/><\/a>\n\t\t\t<\/div><\/figure><figure class='gallery-item'>\n\t\t\t<div class='gallery-icon landscape'>\n\t\t\t\t<a href='https:\/\/sindicatodosbancarios.org.br\/site2022\/albuns\/inauguracao-arbanc-e-festa-dos-bancarios-2017\/1347-large\/'><img width=\"300\" height=\"300\" src=\"https:\/\/sindicatodosbancarios.org.br\/site2022\/wp-content\/uploads\/2017\/12\/1347-Large-300x300.jpg\" class=\"attachment-medium size-medium\" alt=\"\" loading=\"lazy\" srcset=\"https:\/\/sindicatodosbancarios.org.br\/site2022\/wp-content\/uploads\/2017\/12\/1347-Large-300x300.jpg 300w, https:\/\/sindicatodosbancarios.org.br\/site2022\/wp-content\/uploads\/2017\/12\/1347-Large-150x150.jpg 150w\" sizes=\"(max-width: 300px) 100vw, 300px\" data-attachment-id=\"2278\" data-permalink=\"https:\/\/sindicatodosbancarios.org.br\/site2022\/albuns\/inauguracao-arbanc-e-festa-dos-bancarios-2017\/1347-large\/\" data-orig-file=\"https:\/\/sindicatodosbancarios.org.br\/site2022\/wp-content\/uploads\/2017\/12\/1347-Large.jpg\" data-orig-size=\"1631,1080\" data-comments-opened=\"1\" data-image-meta=\"{&quot;aperture&quot;:&quot;4&quot;,&quot;credit&quot;:&quot;&quot;,&quot;camera&quot;:&quot;NIKON D7000&quot;,&quot;caption&quot;:&quot;&quot;,&quot;created_timestamp&quot;:&quot;1512907551&quot;,&quot;copyright&quot;:&quot;&quot;,&quot;focal_length&quot;:&quot;18&quot;,&quot;iso&quot;:&quot;100&quot;,&quot;shutter_speed&quot;:&quot;0.004&quot;,&quot;title&quot;:&quot;&quot;,&quot;orientation&quot;:&quot;1&quot;}\" data-image-title=\"(1347) (Large)\" data-image-description=\"\" data-image-caption=\"\" data-medium-file=\"https:\/\/sindicatodosbancarios.org.br\/site2022\/wp-content\/uploads\/2017\/12\/1347-Large-300x300.jpg\" data-large-file=\"https:\/\/sindicatodosbancarios.org.br\/site2022\/wp-content\/uploads\/2017\/12\/1347-Large-1024x678.jpg\" \/><\/a>\n\t\t\t<\/div><\/figure><figure class='gallery-item'>\n\t\t\t<div class='gallery-icon landscape'>\n\t\t\t\t<a href='https:\/\/sindicatodosbancarios.org.br\/site2022\/albuns\/inauguracao-arbanc-e-festa-dos-bancarios-2017\/1346-large\/'><img width=\"300\" height=\"300\" src=\"https:\/\/sindicatodosbancarios.org.br\/site2022\/wp-content\/uploads\/2017\/12\/1346-Large-300x300.jpg\" class=\"attachment-medium size-medium\" alt=\"\" loading=\"lazy\" srcset=\"https:\/\/sindicatodosbancarios.org.br\/site2022\/wp-content\/uploads\/2017\/12\/1346-Large-300x300.jpg 300w, https:\/\/sindicatodosbancarios.org.br\/site2022\/wp-content\/uploads\/2017\/12\/1346-Large-150x150.jpg 150w\" sizes=\"(max-width: 300px) 100vw, 300px\" data-attachment-id=\"2277\" data-permalink=\"https:\/\/sindicatodosbancarios.org.br\/site2022\/albuns\/inauguracao-arbanc-e-festa-dos-bancarios-2017\/1346-large\/\" data-orig-file=\"https:\/\/sindicatodosbancarios.org.br\/site2022\/wp-content\/uploads\/2017\/12\/1346-Large.jpg\" data-orig-size=\"1642,1080\" data-comments-opened=\"1\" data-image-meta=\"{&quot;aperture&quot;:&quot;4.2&quot;,&quot;credit&quot;:&quot;&quot;,&quot;camera&quot;:&quot;NIKON D7000&quot;,&quot;caption&quot;:&quot;&quot;,&quot;created_timestamp&quot;:&quot;1512907522&quot;,&quot;copyright&quot;:&quot;&quot;,&quot;focal_length&quot;:&quot;38&quot;,&quot;iso&quot;:&quot;100&quot;,&quot;shutter_speed&quot;:&quot;0.004&quot;,&quot;title&quot;:&quot;&quot;,&quot;orientation&quot;:&quot;1&quot;}\" data-image-title=\"(1346) (Large)\" data-image-description=\"\" data-image-caption=\"\" data-medium-file=\"https:\/\/sindicatodosbancarios.org.br\/site2022\/wp-content\/uploads\/2017\/12\/1346-Large-300x300.jpg\" data-large-file=\"https:\/\/sindicatodosbancarios.org.br\/site2022\/wp-content\/uploads\/2017\/12\/1346-Large-1024x674.jpg\" \/><\/a>\n\t\t\t<\/div><\/figure><figure class='gallery-item'>\n\t\t\t<div class='gallery-icon landscape'>\n\t\t\t\t<a href='https:\/\/sindicatodosbancarios.org.br\/site2022\/albuns\/inauguracao-arbanc-e-festa-dos-bancarios-2017\/1345-large\/'><img width=\"300\" height=\"300\" src=\"https:\/\/sindicatodosbancarios.org.br\/site2022\/wp-content\/uploads\/2017\/12\/1345-Large-300x300.jpg\" class=\"attachment-medium size-medium\" alt=\"\" loading=\"lazy\" srcset=\"https:\/\/sindicatodosbancarios.org.br\/site2022\/wp-content\/uploads\/2017\/12\/1345-Large-300x300.jpg 300w, https:\/\/sindicatodosbancarios.org.br\/site2022\/wp-content\/uploads\/2017\/12\/1345-Large-150x150.jpg 150w\" sizes=\"(max-width: 300px) 100vw, 300px\" data-attachment-id=\"2276\" data-permalink=\"https:\/\/sindicatodosbancarios.org.br\/site2022\/albuns\/inauguracao-arbanc-e-festa-dos-bancarios-2017\/1345-large\/\" data-orig-file=\"https:\/\/sindicatodosbancarios.org.br\/site2022\/wp-content\/uploads\/2017\/12\/1345-Large.jpg\" data-orig-size=\"1631,1080\" data-comments-opened=\"1\" data-image-meta=\"{&quot;aperture&quot;:&quot;4.5&quot;,&quot;credit&quot;:&quot;&quot;,&quot;camera&quot;:&quot;NIKON D7000&quot;,&quot;caption&quot;:&quot;&quot;,&quot;created_timestamp&quot;:&quot;1512907517&quot;,&quot;copyright&quot;:&quot;&quot;,&quot;focal_length&quot;:&quot;48&quot;,&quot;iso&quot;:&quot;400&quot;,&quot;shutter_speed&quot;:&quot;0.016666666666667&quot;,&quot;title&quot;:&quot;&quot;,&quot;orientation&quot;:&quot;1&quot;}\" data-image-title=\"(1345) (Large)\" data-image-description=\"\" data-image-caption=\"\" data-medium-file=\"https:\/\/sindicatodosbancarios.org.br\/site2022\/wp-content\/uploads\/2017\/12\/1345-Large-300x300.jpg\" data-large-file=\"https:\/\/sindicatodosbancarios.org.br\/site2022\/wp-content\/uploads\/2017\/12\/1345-Large-1024x678.jpg\" \/><\/a>\n\t\t\t<\/div><\/figure><figure class='gallery-item'>\n\t\t\t<div class='gallery-icon landscape'>\n\t\t\t\t<a href='https:\/\/sindicatodosbancarios.org.br\/site2022\/albuns\/inauguracao-arbanc-e-festa-dos-bancarios-2017\/1344-large\/'><img width=\"300\" height=\"300\" src=\"https:\/\/sindicatodosbancarios.org.br\/site2022\/wp-content\/uploads\/2017\/12\/1344-Large-300x300.jpg\" class=\"attachment-medium size-medium\" alt=\"\" loading=\"lazy\" srcset=\"https:\/\/sindicatodosbancarios.org.br\/site2022\/wp-content\/uploads\/2017\/12\/1344-Large-300x300.jpg 300w, https:\/\/sindicatodosbancarios.org.br\/site2022\/wp-content\/uploads\/2017\/12\/1344-Large-150x150.jpg 150w\" sizes=\"(max-width: 300px) 100vw, 300px\" data-attachment-id=\"2275\" data-permalink=\"https:\/\/sindicatodosbancarios.org.br\/site2022\/albuns\/inauguracao-arbanc-e-festa-dos-bancarios-2017\/1344-large\/\" data-orig-file=\"https:\/\/sindicatodosbancarios.org.br\/site2022\/wp-content\/uploads\/2017\/12\/1344-Large.jpg\" data-orig-size=\"1631,1080\" data-comments-opened=\"1\" data-image-meta=\"{&quot;aperture&quot;:&quot;3.5&quot;,&quot;credit&quot;:&quot;&quot;,&quot;camera&quot;:&quot;NIKON D7000&quot;,&quot;caption&quot;:&quot;&quot;,&quot;created_timestamp&quot;:&quot;1512907500&quot;,&quot;copyright&quot;:&quot;&quot;,&quot;focal_length&quot;:&quot;18&quot;,&quot;iso&quot;:&quot;200&quot;,&quot;shutter_speed&quot;:&quot;0.00625&quot;,&quot;title&quot;:&quot;&quot;,&quot;orientation&quot;:&quot;1&quot;}\" data-image-title=\"(1344) (Large)\" data-image-description=\"\" data-image-caption=\"\" data-medium-file=\"https:\/\/sindicatodosbancarios.org.br\/site2022\/wp-content\/uploads\/2017\/12\/1344-Large-300x300.jpg\" data-large-file=\"https:\/\/sindicatodosbancarios.org.br\/site2022\/wp-content\/uploads\/2017\/12\/1344-Large-1024x678.jpg\" \/><\/a>\n\t\t\t<\/div><\/figure><figure class='gallery-item'>\n\t\t\t<div class='gallery-icon landscape'>\n\t\t\t\t<a href='https:\/\/sindicatodosbancarios.org.br\/site2022\/albuns\/inauguracao-arbanc-e-festa-dos-bancarios-2017\/1342-large\/'><img width=\"300\" height=\"300\" src=\"https:\/\/sindicatodosbancarios.org.br\/site2022\/wp-content\/uploads\/2017\/12\/1342-Large-300x300.jpg\" class=\"attachment-medium size-medium\" alt=\"\" loading=\"lazy\" srcset=\"https:\/\/sindicatodosbancarios.org.br\/site2022\/wp-content\/uploads\/2017\/12\/1342-Large-300x300.jpg 300w, https:\/\/sindicatodosbancarios.org.br\/site2022\/wp-content\/uploads\/2017\/12\/1342-Large-150x150.jpg 150w\" sizes=\"(max-width: 300px) 100vw, 300px\" data-attachment-id=\"2273\" data-permalink=\"https:\/\/sindicatodosbancarios.org.br\/site2022\/albuns\/inauguracao-arbanc-e-festa-dos-bancarios-2017\/1342-large\/\" data-orig-file=\"https:\/\/sindicatodosbancarios.org.br\/site2022\/wp-content\/uploads\/2017\/12\/1342-Large.jpg\" data-orig-size=\"1631,1080\" data-comments-opened=\"1\" data-image-meta=\"{&quot;aperture&quot;:&quot;5.3&quot;,&quot;credit&quot;:&quot;&quot;,&quot;camera&quot;:&quot;NIKON D7000&quot;,&quot;caption&quot;:&quot;&quot;,&quot;created_timestamp&quot;:&quot;1512907487&quot;,&quot;copyright&quot;:&quot;&quot;,&quot;focal_length&quot;:&quot;85&quot;,&quot;iso&quot;:&quot;400&quot;,&quot;shutter_speed&quot;:&quot;0.0125&quot;,&quot;title&quot;:&quot;&quot;,&quot;orientation&quot;:&quot;1&quot;}\" data-image-title=\"(1342) (Large)\" data-image-description=\"\" data-image-caption=\"\" data-medium-file=\"https:\/\/sindicatodosbancarios.org.br\/site2022\/wp-content\/uploads\/2017\/12\/1342-Large-300x300.jpg\" data-large-file=\"https:\/\/sindicatodosbancarios.org.br\/site2022\/wp-content\/uploads\/2017\/12\/1342-Large-1024x678.jpg\" \/><\/a>\n\t\t\t<\/div><\/figure><figure class='gallery-item'>\n\t\t\t<div class='gallery-icon landscape'>\n\t\t\t\t<a href='https:\/\/sindicatodosbancarios.org.br\/site2022\/albuns\/inauguracao-arbanc-e-festa-dos-bancarios-2017\/1336-large\/'><img width=\"300\" height=\"300\" src=\"https:\/\/sindicatodosbancarios.org.br\/site2022\/wp-content\/uploads\/2017\/12\/1336-Large-300x300.jpg\" class=\"attachment-medium size-medium\" alt=\"\" loading=\"lazy\" srcset=\"https:\/\/sindicatodosbancarios.org.br\/site2022\/wp-content\/uploads\/2017\/12\/1336-Large-300x300.jpg 300w, https:\/\/sindicatodosbancarios.org.br\/site2022\/wp-content\/uploads\/2017\/12\/1336-Large-150x150.jpg 150w\" sizes=\"(max-width: 300px) 100vw, 300px\" data-attachment-id=\"2267\" data-permalink=\"https:\/\/sindicatodosbancarios.org.br\/site2022\/albuns\/inauguracao-arbanc-e-festa-dos-bancarios-2017\/1336-large\/\" data-orig-file=\"https:\/\/sindicatodosbancarios.org.br\/site2022\/wp-content\/uploads\/2017\/12\/1336-Large.jpg\" data-orig-size=\"1631,1080\" data-comments-opened=\"1\" data-image-meta=\"{&quot;aperture&quot;:&quot;5&quot;,&quot;credit&quot;:&quot;&quot;,&quot;camera&quot;:&quot;NIKON D7000&quot;,&quot;caption&quot;:&quot;&quot;,&quot;created_timestamp&quot;:&quot;1512907360&quot;,&quot;copyright&quot;:&quot;&quot;,&quot;focal_length&quot;:&quot;18&quot;,&quot;iso&quot;:&quot;800&quot;,&quot;shutter_speed&quot;:&quot;0.01&quot;,&quot;title&quot;:&quot;&quot;,&quot;orientation&quot;:&quot;1&quot;}\" data-image-title=\"(1336) (Large)\" data-image-description=\"\" data-image-caption=\"\" data-medium-file=\"https:\/\/sindicatodosbancarios.org.br\/site2022\/wp-content\/uploads\/2017\/12\/1336-Large-300x300.jpg\" data-large-file=\"https:\/\/sindicatodosbancarios.org.br\/site2022\/wp-content\/uploads\/2017\/12\/1336-Large-1024x678.jpg\" \/><\/a>\n\t\t\t<\/div><\/figure><figure class='gallery-item'>\n\t\t\t<div class='gallery-icon landscape'>\n\t\t\t\t<a href='https:\/\/sindicatodosbancarios.org.br\/site2022\/albuns\/inauguracao-arbanc-e-festa-dos-bancarios-2017\/1339-large\/'><img width=\"300\" height=\"300\" src=\"https:\/\/sindicatodosbancarios.org.br\/site2022\/wp-content\/uploads\/2017\/12\/1339-Large-300x300.jpg\" class=\"attachment-medium size-medium\" alt=\"\" loading=\"lazy\" srcset=\"https:\/\/sindicatodosbancarios.org.br\/site2022\/wp-content\/uploads\/2017\/12\/1339-Large-300x300.jpg 300w, https:\/\/sindicatodosbancarios.org.br\/site2022\/wp-content\/uploads\/2017\/12\/1339-Large-150x150.jpg 150w\" sizes=\"(max-width: 300px) 100vw, 300px\" data-attachment-id=\"2270\" data-permalink=\"https:\/\/sindicatodosbancarios.org.br\/site2022\/albuns\/inauguracao-arbanc-e-festa-dos-bancarios-2017\/1339-large\/\" data-orig-file=\"https:\/\/sindicatodosbancarios.org.br\/site2022\/wp-content\/uploads\/2017\/12\/1339-Large.jpg\" data-orig-size=\"1631,1080\" data-comments-opened=\"1\" data-image-meta=\"{&quot;aperture&quot;:&quot;5&quot;,&quot;credit&quot;:&quot;&quot;,&quot;camera&quot;:&quot;NIKON D7000&quot;,&quot;caption&quot;:&quot;&quot;,&quot;created_timestamp&quot;:&quot;1512907369&quot;,&quot;copyright&quot;:&quot;&quot;,&quot;focal_length&quot;:&quot;18&quot;,&quot;iso&quot;:&quot;800&quot;,&quot;shutter_speed&quot;:&quot;0.01&quot;,&quot;title&quot;:&quot;&quot;,&quot;orientation&quot;:&quot;1&quot;}\" data-image-title=\"(1339) (Large)\" data-image-description=\"\" data-image-caption=\"\" data-medium-file=\"https:\/\/sindicatodosbancarios.org.br\/site2022\/wp-content\/uploads\/2017\/12\/1339-Large-300x300.jpg\" data-large-file=\"https:\/\/sindicatodosbancarios.org.br\/site2022\/wp-content\/uploads\/2017\/12\/1339-Large-1024x678.jpg\" \/><\/a>\n\t\t\t<\/div><\/figure><figure class='gallery-item'>\n\t\t\t<div class='gallery-icon landscape'>\n\t\t\t\t<a href='https:\/\/sindicatodosbancarios.org.br\/site2022\/albuns\/inauguracao-arbanc-e-festa-dos-bancarios-2017\/1338-large\/'><img width=\"300\" height=\"300\" src=\"https:\/\/sindicatodosbancarios.org.br\/site2022\/wp-content\/uploads\/2017\/12\/1338-Large-300x300.jpg\" class=\"attachment-medium size-medium\" alt=\"\" loading=\"lazy\" srcset=\"https:\/\/sindicatodosbancarios.org.br\/site2022\/wp-content\/uploads\/2017\/12\/1338-Large-300x300.jpg 300w, https:\/\/sindicatodosbancarios.org.br\/site2022\/wp-content\/uploads\/2017\/12\/1338-Large-150x150.jpg 150w\" sizes=\"(max-width: 300px) 100vw, 300px\" data-attachment-id=\"2269\" data-permalink=\"https:\/\/sindicatodosbancarios.org.br\/site2022\/albuns\/inauguracao-arbanc-e-festa-dos-bancarios-2017\/1338-large\/\" data-orig-file=\"https:\/\/sindicatodosbancarios.org.br\/site2022\/wp-content\/uploads\/2017\/12\/1338-Large.jpg\" data-orig-size=\"1631,1080\" data-comments-opened=\"1\" data-image-meta=\"{&quot;aperture&quot;:&quot;5&quot;,&quot;credit&quot;:&quot;&quot;,&quot;camera&quot;:&quot;NIKON D7000&quot;,&quot;caption&quot;:&quot;&quot;,&quot;created_timestamp&quot;:&quot;1512907367&quot;,&quot;copyright&quot;:&quot;&quot;,&quot;focal_length&quot;:&quot;18&quot;,&quot;iso&quot;:&quot;800&quot;,&quot;shutter_speed&quot;:&quot;0.01&quot;,&quot;title&quot;:&quot;&quot;,&quot;orientation&quot;:&quot;1&quot;}\" data-image-title=\"(1338) (Large)\" data-image-description=\"\" data-image-caption=\"\" data-medium-file=\"https:\/\/sindicatodosbancarios.org.br\/site2022\/wp-content\/uploads\/2017\/12\/1338-Large-300x300.jpg\" data-large-file=\"https:\/\/sindicatodosbancarios.org.br\/site2022\/wp-content\/uploads\/2017\/12\/1338-Large-1024x678.jpg\" \/><\/a>\n\t\t\t<\/div><\/figure><figure class='gallery-item'>\n\t\t\t<div class='gallery-icon landscape'>\n\t\t\t\t<a href='https:\/\/sindicatodosbancarios.org.br\/site2022\/albuns\/inauguracao-arbanc-e-festa-dos-bancarios-2017\/1328-large\/'><img width=\"300\" height=\"300\" src=\"https:\/\/sindicatodosbancarios.org.br\/site2022\/wp-content\/uploads\/2017\/12\/1328-Large-300x300.jpg\" class=\"attachment-medium size-medium\" alt=\"\" loading=\"lazy\" srcset=\"https:\/\/sindicatodosbancarios.org.br\/site2022\/wp-content\/uploads\/2017\/12\/1328-Large-300x300.jpg 300w, https:\/\/sindicatodosbancarios.org.br\/site2022\/wp-content\/uploads\/2017\/12\/1328-Large-150x150.jpg 150w\" sizes=\"(max-width: 300px) 100vw, 300px\" data-attachment-id=\"2263\" data-permalink=\"https:\/\/sindicatodosbancarios.org.br\/site2022\/albuns\/inauguracao-arbanc-e-festa-dos-bancarios-2017\/1328-large\/\" data-orig-file=\"https:\/\/sindicatodosbancarios.org.br\/site2022\/wp-content\/uploads\/2017\/12\/1328-Large.jpg\" data-orig-size=\"1631,1080\" data-comments-opened=\"1\" data-image-meta=\"{&quot;aperture&quot;:&quot;10&quot;,&quot;credit&quot;:&quot;&quot;,&quot;camera&quot;:&quot;NIKON D7000&quot;,&quot;caption&quot;:&quot;&quot;,&quot;created_timestamp&quot;:&quot;1512907284&quot;,&quot;copyright&quot;:&quot;&quot;,&quot;focal_length&quot;:&quot;24&quot;,&quot;iso&quot;:&quot;800&quot;,&quot;shutter_speed&quot;:&quot;0.008&quot;,&quot;title&quot;:&quot;&quot;,&quot;orientation&quot;:&quot;1&quot;}\" data-image-title=\"(1328) (Large)\" data-image-description=\"\" data-image-caption=\"\" data-medium-file=\"https:\/\/sindicatodosbancarios.org.br\/site2022\/wp-content\/uploads\/2017\/12\/1328-Large-300x300.jpg\" data-large-file=\"https:\/\/sindicatodosbancarios.org.br\/site2022\/wp-content\/uploads\/2017\/12\/1328-Large-1024x678.jpg\" \/><\/a>\n\t\t\t<\/div><\/figure><figure class='gallery-item'>\n\t\t\t<div class='gallery-icon landscape'>\n\t\t\t\t<a href='https:\/\/sindicatodosbancarios.org.br\/site2022\/albuns\/inauguracao-arbanc-e-festa-dos-bancarios-2017\/1333-large\/'><img width=\"300\" height=\"300\" src=\"https:\/\/sindicatodosbancarios.org.br\/site2022\/wp-content\/uploads\/2017\/12\/1333-Large-300x300.jpg\" class=\"attachment-medium size-medium\" alt=\"\" loading=\"lazy\" srcset=\"https:\/\/sindicatodosbancarios.org.br\/site2022\/wp-content\/uploads\/2017\/12\/1333-Large-300x300.jpg 300w, https:\/\/sindicatodosbancarios.org.br\/site2022\/wp-content\/uploads\/2017\/12\/1333-Large-150x150.jpg 150w\" sizes=\"(max-width: 300px) 100vw, 300px\" data-attachment-id=\"2264\" data-permalink=\"https:\/\/sindicatodosbancarios.org.br\/site2022\/albuns\/inauguracao-arbanc-e-festa-dos-bancarios-2017\/1333-large\/\" data-orig-file=\"https:\/\/sindicatodosbancarios.org.br\/site2022\/wp-content\/uploads\/2017\/12\/1333-Large.jpg\" data-orig-size=\"1631,1080\" data-comments-opened=\"1\" data-image-meta=\"{&quot;aperture&quot;:&quot;7.1&quot;,&quot;credit&quot;:&quot;&quot;,&quot;camera&quot;:&quot;NIKON D7000&quot;,&quot;caption&quot;:&quot;&quot;,&quot;created_timestamp&quot;:&quot;1512907348&quot;,&quot;copyright&quot;:&quot;&quot;,&quot;focal_length&quot;:&quot;20&quot;,&quot;iso&quot;:&quot;800&quot;,&quot;shutter_speed&quot;:&quot;0.008&quot;,&quot;title&quot;:&quot;&quot;,&quot;orientation&quot;:&quot;1&quot;}\" data-image-title=\"(1333) (Large)\" data-image-description=\"\" data-image-caption=\"\" data-medium-file=\"https:\/\/sindicatodosbancarios.org.br\/site2022\/wp-content\/uploads\/2017\/12\/1333-Large-300x300.jpg\" data-large-file=\"https:\/\/sindicatodosbancarios.org.br\/site2022\/wp-content\/uploads\/2017\/12\/1333-Large-1024x678.jpg\" \/><\/a>\n\t\t\t<\/div><\/figure><figure class='gallery-item'>\n\t\t\t<div class='gallery-icon landscape'>\n\t\t\t\t<a href='https:\/\/sindicatodosbancarios.org.br\/site2022\/albuns\/inauguracao-arbanc-e-festa-dos-bancarios-2017\/1313-large\/'><img width=\"300\" height=\"300\" src=\"https:\/\/sindicatodosbancarios.org.br\/site2022\/wp-content\/uploads\/2017\/12\/1313-Large-300x300.jpg\" class=\"attachment-medium size-medium\" alt=\"\" loading=\"lazy\" srcset=\"https:\/\/sindicatodosbancarios.org.br\/site2022\/wp-content\/uploads\/2017\/12\/1313-Large-300x300.jpg 300w, https:\/\/sindicatodosbancarios.org.br\/site2022\/wp-content\/uploads\/2017\/12\/1313-Large-150x150.jpg 150w\" sizes=\"(max-width: 300px) 100vw, 300px\" data-attachment-id=\"2260\" data-permalink=\"https:\/\/sindicatodosbancarios.org.br\/site2022\/albuns\/inauguracao-arbanc-e-festa-dos-bancarios-2017\/1313-large\/\" data-orig-file=\"https:\/\/sindicatodosbancarios.org.br\/site2022\/wp-content\/uploads\/2017\/12\/1313-Large.jpg\" data-orig-size=\"1631,1080\" data-comments-opened=\"1\" data-image-meta=\"{&quot;aperture&quot;:&quot;9&quot;,&quot;credit&quot;:&quot;&quot;,&quot;camera&quot;:&quot;NIKON D7000&quot;,&quot;caption&quot;:&quot;&quot;,&quot;created_timestamp&quot;:&quot;1512907189&quot;,&quot;copyright&quot;:&quot;&quot;,&quot;focal_length&quot;:&quot;95&quot;,&quot;iso&quot;:&quot;800&quot;,&quot;shutter_speed&quot;:&quot;0.008&quot;,&quot;title&quot;:&quot;&quot;,&quot;orientation&quot;:&quot;1&quot;}\" data-image-title=\"(1313) (Large)\" data-image-description=\"\" data-image-caption=\"\" data-medium-file=\"https:\/\/sindicatodosbancarios.org.br\/site2022\/wp-content\/uploads\/2017\/12\/1313-Large-300x300.jpg\" data-large-file=\"https:\/\/sindicatodosbancarios.org.br\/site2022\/wp-content\/uploads\/2017\/12\/1313-Large-1024x678.jpg\" \/><\/a>\n\t\t\t<\/div><\/figure><figure class='gallery-item'>\n\t\t\t<div class='gallery-icon landscape'>\n\t\t\t\t<a href='https:\/\/sindicatodosbancarios.org.br\/site2022\/albuns\/inauguracao-arbanc-e-festa-dos-bancarios-2017\/1308-large\/'><img width=\"300\" height=\"300\" src=\"https:\/\/sindicatodosbancarios.org.br\/site2022\/wp-content\/uploads\/2017\/12\/1308-Large-300x300.jpg\" class=\"attachment-medium size-medium\" alt=\"\" loading=\"lazy\" srcset=\"https:\/\/sindicatodosbancarios.org.br\/site2022\/wp-content\/uploads\/2017\/12\/1308-Large-300x300.jpg 300w, https:\/\/sindicatodosbancarios.org.br\/site2022\/wp-content\/uploads\/2017\/12\/1308-Large-150x150.jpg 150w\" sizes=\"(max-width: 300px) 100vw, 300px\" data-attachment-id=\"2259\" data-permalink=\"https:\/\/sindicatodosbancarios.org.br\/site2022\/albuns\/inauguracao-arbanc-e-festa-dos-bancarios-2017\/1308-large\/\" data-orig-file=\"https:\/\/sindicatodosbancarios.org.br\/site2022\/wp-content\/uploads\/2017\/12\/1308-Large.jpg\" data-orig-size=\"1631,1080\" data-comments-opened=\"1\" data-image-meta=\"{&quot;aperture&quot;:&quot;9&quot;,&quot;credit&quot;:&quot;&quot;,&quot;camera&quot;:&quot;NIKON D7000&quot;,&quot;caption&quot;:&quot;&quot;,&quot;created_timestamp&quot;:&quot;1512907184&quot;,&quot;copyright&quot;:&quot;&quot;,&quot;focal_length&quot;:&quot;75&quot;,&quot;iso&quot;:&quot;800&quot;,&quot;shutter_speed&quot;:&quot;0.008&quot;,&quot;title&quot;:&quot;&quot;,&quot;orientation&quot;:&quot;1&quot;}\" data-image-title=\"(1308) (Large)\" data-image-description=\"\" data-image-caption=\"\" data-medium-file=\"https:\/\/sindicatodosbancarios.org.br\/site2022\/wp-content\/uploads\/2017\/12\/1308-Large-300x300.jpg\" data-large-file=\"https:\/\/sindicatodosbancarios.org.br\/site2022\/wp-content\/uploads\/2017\/12\/1308-Large-1024x678.jpg\" \/><\/a>\n\t\t\t<\/div><\/figure><figure class='gallery-item'>\n\t\t\t<div class='gallery-icon landscape'>\n\t\t\t\t<a href='https:\/\/sindicatodosbancarios.org.br\/site2022\/albuns\/inauguracao-arbanc-e-festa-dos-bancarios-2017\/1307-large\/'><img width=\"300\" height=\"300\" src=\"https:\/\/sindicatodosbancarios.org.br\/site2022\/wp-content\/uploads\/2017\/12\/1307-Large-300x300.jpg\" class=\"attachment-medium size-medium\" alt=\"\" loading=\"lazy\" srcset=\"https:\/\/sindicatodosbancarios.org.br\/site2022\/wp-content\/uploads\/2017\/12\/1307-Large-300x300.jpg 300w, https:\/\/sindicatodosbancarios.org.br\/site2022\/wp-content\/uploads\/2017\/12\/1307-Large-150x150.jpg 150w\" sizes=\"(max-width: 300px) 100vw, 300px\" data-attachment-id=\"2258\" data-permalink=\"https:\/\/sindicatodosbancarios.org.br\/site2022\/albuns\/inauguracao-arbanc-e-festa-dos-bancarios-2017\/1307-large\/\" data-orig-file=\"https:\/\/sindicatodosbancarios.org.br\/site2022\/wp-content\/uploads\/2017\/12\/1307-Large.jpg\" data-orig-size=\"1631,1080\" data-comments-opened=\"1\" data-image-meta=\"{&quot;aperture&quot;:&quot;9&quot;,&quot;credit&quot;:&quot;&quot;,&quot;camera&quot;:&quot;NIKON D7000&quot;,&quot;caption&quot;:&quot;&quot;,&quot;created_timestamp&quot;:&quot;1512907181&quot;,&quot;copyright&quot;:&quot;&quot;,&quot;focal_length&quot;:&quot;26&quot;,&quot;iso&quot;:&quot;800&quot;,&quot;shutter_speed&quot;:&quot;0.008&quot;,&quot;title&quot;:&quot;&quot;,&quot;orientation&quot;:&quot;1&quot;}\" data-image-title=\"(1307) (Large)\" data-image-description=\"\" data-image-caption=\"\" data-medium-file=\"https:\/\/sindicatodosbancarios.org.br\/site2022\/wp-content\/uploads\/2017\/12\/1307-Large-300x300.jpg\" data-large-file=\"https:\/\/sindicatodosbancarios.org.br\/site2022\/wp-content\/uploads\/2017\/12\/1307-Large-1024x678.jpg\" \/><\/a>\n\t\t\t<\/div><\/figure><figure class='gallery-item'>\n\t\t\t<div class='gallery-icon landscape'>\n\t\t\t\t<a href='https:\/\/sindicatodosbancarios.org.br\/site2022\/albuns\/inauguracao-arbanc-e-festa-dos-bancarios-2017\/1301-large\/'><img width=\"300\" height=\"300\" src=\"https:\/\/sindicatodosbancarios.org.br\/site2022\/wp-content\/uploads\/2017\/12\/1301-Large-300x300.jpg\" class=\"attachment-medium size-medium\" alt=\"\" loading=\"lazy\" srcset=\"https:\/\/sindicatodosbancarios.org.br\/site2022\/wp-content\/uploads\/2017\/12\/1301-Large-300x300.jpg 300w, https:\/\/sindicatodosbancarios.org.br\/site2022\/wp-content\/uploads\/2017\/12\/1301-Large-150x150.jpg 150w\" sizes=\"(max-width: 300px) 100vw, 300px\" data-attachment-id=\"2256\" data-permalink=\"https:\/\/sindicatodosbancarios.org.br\/site2022\/albuns\/inauguracao-arbanc-e-festa-dos-bancarios-2017\/1301-large\/\" data-orig-file=\"https:\/\/sindicatodosbancarios.org.br\/site2022\/wp-content\/uploads\/2017\/12\/1301-Large.jpg\" data-orig-size=\"1631,1080\" data-comments-opened=\"1\" data-image-meta=\"{&quot;aperture&quot;:&quot;10&quot;,&quot;credit&quot;:&quot;&quot;,&quot;camera&quot;:&quot;NIKON D7000&quot;,&quot;caption&quot;:&quot;&quot;,&quot;created_timestamp&quot;:&quot;1512907168&quot;,&quot;copyright&quot;:&quot;&quot;,&quot;focal_length&quot;:&quot;90&quot;,&quot;iso&quot;:&quot;800&quot;,&quot;shutter_speed&quot;:&quot;0.008&quot;,&quot;title&quot;:&quot;&quot;,&quot;orientation&quot;:&quot;1&quot;}\" data-image-title=\"(1301) (Large)\" data-image-description=\"\" data-image-caption=\"\" data-medium-file=\"https:\/\/sindicatodosbancarios.org.br\/site2022\/wp-content\/uploads\/2017\/12\/1301-Large-300x300.jpg\" data-large-file=\"https:\/\/sindicatodosbancarios.org.br\/site2022\/wp-content\/uploads\/2017\/12\/1301-Large-1024x678.jpg\" \/><\/a>\n\t\t\t<\/div><\/figure><figure class='gallery-item'>\n\t\t\t<div class='gallery-icon landscape'>\n\t\t\t\t<a href='https:\/\/sindicatodosbancarios.org.br\/site2022\/albuns\/inauguracao-arbanc-e-festa-dos-bancarios-2017\/1292-large\/'><img width=\"300\" height=\"300\" src=\"https:\/\/sindicatodosbancarios.org.br\/site2022\/wp-content\/uploads\/2017\/12\/1292-Large-300x300.jpg\" class=\"attachment-medium size-medium\" alt=\"\" loading=\"lazy\" srcset=\"https:\/\/sindicatodosbancarios.org.br\/site2022\/wp-content\/uploads\/2017\/12\/1292-Large-300x300.jpg 300w, https:\/\/sindicatodosbancarios.org.br\/site2022\/wp-content\/uploads\/2017\/12\/1292-Large-150x150.jpg 150w\" sizes=\"(max-width: 300px) 100vw, 300px\" data-attachment-id=\"2255\" data-permalink=\"https:\/\/sindicatodosbancarios.org.br\/site2022\/albuns\/inauguracao-arbanc-e-festa-dos-bancarios-2017\/1292-large\/\" data-orig-file=\"https:\/\/sindicatodosbancarios.org.br\/site2022\/wp-content\/uploads\/2017\/12\/1292-Large.jpg\" data-orig-size=\"1631,1080\" data-comments-opened=\"1\" data-image-meta=\"{&quot;aperture&quot;:&quot;10&quot;,&quot;credit&quot;:&quot;&quot;,&quot;camera&quot;:&quot;NIKON D7000&quot;,&quot;caption&quot;:&quot;&quot;,&quot;created_timestamp&quot;:&quot;1512907162&quot;,&quot;copyright&quot;:&quot;&quot;,&quot;focal_length&quot;:&quot;30&quot;,&quot;iso&quot;:&quot;800&quot;,&quot;shutter_speed&quot;:&quot;0.008&quot;,&quot;title&quot;:&quot;&quot;,&quot;orientation&quot;:&quot;1&quot;}\" data-image-title=\"(1292) (Large)\" data-image-description=\"\" data-image-caption=\"\" data-medium-file=\"https:\/\/sindicatodosbancarios.org.br\/site2022\/wp-content\/uploads\/2017\/12\/1292-Large-300x300.jpg\" data-large-file=\"https:\/\/sindicatodosbancarios.org.br\/site2022\/wp-content\/uploads\/2017\/12\/1292-Large-1024x678.jpg\" \/><\/a>\n\t\t\t<\/div><\/figure><figure class='gallery-item'>\n\t\t\t<div class='gallery-icon landscape'>\n\t\t\t\t<a href='https:\/\/sindicatodosbancarios.org.br\/site2022\/albuns\/inauguracao-arbanc-e-festa-dos-bancarios-2017\/1282-large\/'><img width=\"300\" height=\"300\" src=\"https:\/\/sindicatodosbancarios.org.br\/site2022\/wp-content\/uploads\/2017\/12\/1282-Large-300x300.jpg\" class=\"attachment-medium size-medium\" alt=\"\" loading=\"lazy\" srcset=\"https:\/\/sindicatodosbancarios.org.br\/site2022\/wp-content\/uploads\/2017\/12\/1282-Large-300x300.jpg 300w, https:\/\/sindicatodosbancarios.org.br\/site2022\/wp-content\/uploads\/2017\/12\/1282-Large-150x150.jpg 150w\" sizes=\"(max-width: 300px) 100vw, 300px\" data-attachment-id=\"2254\" data-permalink=\"https:\/\/sindicatodosbancarios.org.br\/site2022\/albuns\/inauguracao-arbanc-e-festa-dos-bancarios-2017\/1282-large\/\" data-orig-file=\"https:\/\/sindicatodosbancarios.org.br\/site2022\/wp-content\/uploads\/2017\/12\/1282-Large.jpg\" data-orig-size=\"1631,1080\" data-comments-opened=\"1\" data-image-meta=\"{&quot;aperture&quot;:&quot;10&quot;,&quot;credit&quot;:&quot;&quot;,&quot;camera&quot;:&quot;NIKON D7000&quot;,&quot;caption&quot;:&quot;&quot;,&quot;created_timestamp&quot;:&quot;1512907126&quot;,&quot;copyright&quot;:&quot;&quot;,&quot;focal_length&quot;:&quot;56&quot;,&quot;iso&quot;:&quot;800&quot;,&quot;shutter_speed&quot;:&quot;0.008&quot;,&quot;title&quot;:&quot;&quot;,&quot;orientation&quot;:&quot;1&quot;}\" data-image-title=\"(1282) (Large)\" data-image-description=\"\" data-image-caption=\"\" data-medium-file=\"https:\/\/sindicatodosbancarios.org.br\/site2022\/wp-content\/uploads\/2017\/12\/1282-Large-300x300.jpg\" data-large-file=\"https:\/\/sindicatodosbancarios.org.br\/site2022\/wp-content\/uploads\/2017\/12\/1282-Large-1024x678.jpg\" \/><\/a>\n\t\t\t<\/div><\/figure><figure class='gallery-item'>\n\t\t\t<div class='gallery-icon landscape'>\n\t\t\t\t<a href='https:\/\/sindicatodosbancarios.org.br\/site2022\/albuns\/inauguracao-arbanc-e-festa-dos-bancarios-2017\/1280-large\/'><img width=\"300\" height=\"300\" src=\"https:\/\/sindicatodosbancarios.org.br\/site2022\/wp-content\/uploads\/2017\/12\/1280-Large-300x300.jpg\" class=\"attachment-medium size-medium\" alt=\"\" loading=\"lazy\" srcset=\"https:\/\/sindicatodosbancarios.org.br\/site2022\/wp-content\/uploads\/2017\/12\/1280-Large-300x300.jpg 300w, https:\/\/sindicatodosbancarios.org.br\/site2022\/wp-content\/uploads\/2017\/12\/1280-Large-150x150.jpg 150w\" sizes=\"(max-width: 300px) 100vw, 300px\" data-attachment-id=\"2253\" data-permalink=\"https:\/\/sindicatodosbancarios.org.br\/site2022\/albuns\/inauguracao-arbanc-e-festa-dos-bancarios-2017\/1280-large\/\" data-orig-file=\"https:\/\/sindicatodosbancarios.org.br\/site2022\/wp-content\/uploads\/2017\/12\/1280-Large.jpg\" data-orig-size=\"1631,1080\" data-comments-opened=\"1\" data-image-meta=\"{&quot;aperture&quot;:&quot;10&quot;,&quot;credit&quot;:&quot;&quot;,&quot;camera&quot;:&quot;NIKON D7000&quot;,&quot;caption&quot;:&quot;&quot;,&quot;created_timestamp&quot;:&quot;1512907121&quot;,&quot;copyright&quot;:&quot;&quot;,&quot;focal_length&quot;:&quot;34&quot;,&quot;iso&quot;:&quot;800&quot;,&quot;shutter_speed&quot;:&quot;0.008&quot;,&quot;title&quot;:&quot;&quot;,&quot;orientation&quot;:&quot;1&quot;}\" data-image-title=\"(1280) (Large)\" data-image-description=\"\" data-image-caption=\"\" data-medium-file=\"https:\/\/sindicatodosbancarios.org.br\/site2022\/wp-content\/uploads\/2017\/12\/1280-Large-300x300.jpg\" data-large-file=\"https:\/\/sindicatodosbancarios.org.br\/site2022\/wp-content\/uploads\/2017\/12\/1280-Large-1024x678.jpg\" \/><\/a>\n\t\t\t<\/div><\/figure><figure class='gallery-item'>\n\t\t\t<div class='gallery-icon landscape'>\n\t\t\t\t<a href='https:\/\/sindicatodosbancarios.org.br\/site2022\/albuns\/inauguracao-arbanc-e-festa-dos-bancarios-2017\/1277-large\/'><img width=\"300\" height=\"300\" src=\"https:\/\/sindicatodosbancarios.org.br\/site2022\/wp-content\/uploads\/2017\/12\/1277-Large-300x300.jpg\" class=\"attachment-medium size-medium\" alt=\"\" loading=\"lazy\" srcset=\"https:\/\/sindicatodosbancarios.org.br\/site2022\/wp-content\/uploads\/2017\/12\/1277-Large-300x300.jpg 300w, https:\/\/sindicatodosbancarios.org.br\/site2022\/wp-content\/uploads\/2017\/12\/1277-Large-150x150.jpg 150w\" sizes=\"(max-width: 300px) 100vw, 300px\" data-attachment-id=\"2251\" data-permalink=\"https:\/\/sindicatodosbancarios.org.br\/site2022\/albuns\/inauguracao-arbanc-e-festa-dos-bancarios-2017\/1277-large\/\" data-orig-file=\"https:\/\/sindicatodosbancarios.org.br\/site2022\/wp-content\/uploads\/2017\/12\/1277-Large.jpg\" data-orig-size=\"1631,1080\" data-comments-opened=\"1\" data-image-meta=\"{&quot;aperture&quot;:&quot;10&quot;,&quot;credit&quot;:&quot;&quot;,&quot;camera&quot;:&quot;NIKON D7000&quot;,&quot;caption&quot;:&quot;&quot;,&quot;created_timestamp&quot;:&quot;1512907112&quot;,&quot;copyright&quot;:&quot;&quot;,&quot;focal_length&quot;:&quot;22&quot;,&quot;iso&quot;:&quot;800&quot;,&quot;shutter_speed&quot;:&quot;0.008&quot;,&quot;title&quot;:&quot;&quot;,&quot;orientation&quot;:&quot;1&quot;}\" data-image-title=\"(1277) (Large)\" data-image-description=\"\" data-image-caption=\"\" data-medium-file=\"https:\/\/sindicatodosbancarios.org.br\/site2022\/wp-content\/uploads\/2017\/12\/1277-Large-300x300.jpg\" data-large-file=\"https:\/\/sindicatodosbancarios.org.br\/site2022\/wp-content\/uploads\/2017\/12\/1277-Large-1024x678.jpg\" \/><\/a>\n\t\t\t<\/div><\/figure><figure class='gallery-item'>\n\t\t\t<div class='gallery-icon landscape'>\n\t\t\t\t<a href='https:\/\/sindicatodosbancarios.org.br\/site2022\/albuns\/inauguracao-arbanc-e-festa-dos-bancarios-2017\/1270-large\/'><img width=\"300\" height=\"300\" src=\"https:\/\/sindicatodosbancarios.org.br\/site2022\/wp-content\/uploads\/2017\/12\/1270-Large-300x300.jpg\" class=\"attachment-medium size-medium\" alt=\"\" loading=\"lazy\" srcset=\"https:\/\/sindicatodosbancarios.org.br\/site2022\/wp-content\/uploads\/2017\/12\/1270-Large-300x300.jpg 300w, https:\/\/sindicatodosbancarios.org.br\/site2022\/wp-content\/uploads\/2017\/12\/1270-Large-150x150.jpg 150w\" sizes=\"(max-width: 300px) 100vw, 300px\" data-attachment-id=\"2249\" data-permalink=\"https:\/\/sindicatodosbancarios.org.br\/site2022\/albuns\/inauguracao-arbanc-e-festa-dos-bancarios-2017\/1270-large\/\" data-orig-file=\"https:\/\/sindicatodosbancarios.org.br\/site2022\/wp-content\/uploads\/2017\/12\/1270-Large.jpg\" data-orig-size=\"1631,1080\" data-comments-opened=\"1\" data-image-meta=\"{&quot;aperture&quot;:&quot;13&quot;,&quot;credit&quot;:&quot;&quot;,&quot;camera&quot;:&quot;NIKON D7000&quot;,&quot;caption&quot;:&quot;&quot;,&quot;created_timestamp&quot;:&quot;1512907030&quot;,&quot;copyright&quot;:&quot;&quot;,&quot;focal_length&quot;:&quot;140&quot;,&quot;iso&quot;:&quot;100&quot;,&quot;shutter_speed&quot;:&quot;0.004&quot;,&quot;title&quot;:&quot;&quot;,&quot;orientation&quot;:&quot;1&quot;}\" data-image-title=\"(1270) (Large)\" data-image-description=\"\" data-image-caption=\"\" data-medium-file=\"https:\/\/sindicatodosbancarios.org.br\/site2022\/wp-content\/uploads\/2017\/12\/1270-Large-300x300.jpg\" data-large-file=\"https:\/\/sindicatodosbancarios.org.br\/site2022\/wp-content\/uploads\/2017\/12\/1270-Large-1024x678.jpg\" \/><\/a>\n\t\t\t<\/div><\/figure><figure class='gallery-item'>\n\t\t\t<div class='gallery-icon landscape'>\n\t\t\t\t<a href='https:\/\/sindicatodosbancarios.org.br\/site2022\/albuns\/inauguracao-arbanc-e-festa-dos-bancarios-2017\/1267-large\/'><img width=\"300\" height=\"300\" src=\"https:\/\/sindicatodosbancarios.org.br\/site2022\/wp-content\/uploads\/2017\/12\/1267-Large-300x300.jpg\" class=\"attachment-medium size-medium\" alt=\"\" loading=\"lazy\" srcset=\"https:\/\/sindicatodosbancarios.org.br\/site2022\/wp-content\/uploads\/2017\/12\/1267-Large-300x300.jpg 300w, https:\/\/sindicatodosbancarios.org.br\/site2022\/wp-content\/uploads\/2017\/12\/1267-Large-150x150.jpg 150w\" sizes=\"(max-width: 300px) 100vw, 300px\" data-attachment-id=\"2248\" data-permalink=\"https:\/\/sindicatodosbancarios.org.br\/site2022\/albuns\/inauguracao-arbanc-e-festa-dos-bancarios-2017\/1267-large\/\" data-orig-file=\"https:\/\/sindicatodosbancarios.org.br\/site2022\/wp-content\/uploads\/2017\/12\/1267-Large.jpg\" data-orig-size=\"1631,1080\" data-comments-opened=\"1\" data-image-meta=\"{&quot;aperture&quot;:&quot;4.5&quot;,&quot;credit&quot;:&quot;&quot;,&quot;camera&quot;:&quot;NIKON D7000&quot;,&quot;caption&quot;:&quot;&quot;,&quot;created_timestamp&quot;:&quot;1512907019&quot;,&quot;copyright&quot;:&quot;&quot;,&quot;focal_length&quot;:&quot;35&quot;,&quot;iso&quot;:&quot;100&quot;,&quot;shutter_speed&quot;:&quot;0.004&quot;,&quot;title&quot;:&quot;&quot;,&quot;orientation&quot;:&quot;1&quot;}\" data-image-title=\"(1267) (Large)\" data-image-description=\"\" data-image-caption=\"\" data-medium-file=\"https:\/\/sindicatodosbancarios.org.br\/site2022\/wp-content\/uploads\/2017\/12\/1267-Large-300x300.jpg\" data-large-file=\"https:\/\/sindicatodosbancarios.org.br\/site2022\/wp-content\/uploads\/2017\/12\/1267-Large-1024x678.jpg\" \/><\/a>\n\t\t\t<\/div><\/figure><figure class='gallery-item'>\n\t\t\t<div class='gallery-icon landscape'>\n\t\t\t\t<a href='https:\/\/sindicatodosbancarios.org.br\/site2022\/albuns\/inauguracao-arbanc-e-festa-dos-bancarios-2017\/1264-large\/'><img width=\"300\" height=\"300\" src=\"https:\/\/sindicatodosbancarios.org.br\/site2022\/wp-content\/uploads\/2017\/12\/1264-Large-300x300.jpg\" class=\"attachment-medium size-medium\" alt=\"\" loading=\"lazy\" srcset=\"https:\/\/sindicatodosbancarios.org.br\/site2022\/wp-content\/uploads\/2017\/12\/1264-Large-300x300.jpg 300w, https:\/\/sindicatodosbancarios.org.br\/site2022\/wp-content\/uploads\/2017\/12\/1264-Large-150x150.jpg 150w\" sizes=\"(max-width: 300px) 100vw, 300px\" data-attachment-id=\"2247\" data-permalink=\"https:\/\/sindicatodosbancarios.org.br\/site2022\/albuns\/inauguracao-arbanc-e-festa-dos-bancarios-2017\/1264-large\/\" data-orig-file=\"https:\/\/sindicatodosbancarios.org.br\/site2022\/wp-content\/uploads\/2017\/12\/1264-Large.jpg\" data-orig-size=\"1631,1080\" data-comments-opened=\"1\" data-image-meta=\"{&quot;aperture&quot;:&quot;4&quot;,&quot;credit&quot;:&quot;&quot;,&quot;camera&quot;:&quot;NIKON D7000&quot;,&quot;caption&quot;:&quot;&quot;,&quot;created_timestamp&quot;:&quot;1512907010&quot;,&quot;copyright&quot;:&quot;&quot;,&quot;focal_length&quot;:&quot;18&quot;,&quot;iso&quot;:&quot;100&quot;,&quot;shutter_speed&quot;:&quot;0.004&quot;,&quot;title&quot;:&quot;&quot;,&quot;orientation&quot;:&quot;1&quot;}\" data-image-title=\"(1264) (Large)\" data-image-description=\"\" data-image-caption=\"\" data-medium-file=\"https:\/\/sindicatodosbancarios.org.br\/site2022\/wp-content\/uploads\/2017\/12\/1264-Large-300x300.jpg\" data-large-file=\"https:\/\/sindicatodosbancarios.org.br\/site2022\/wp-content\/uploads\/2017\/12\/1264-Large-1024x678.jpg\" \/><\/a>\n\t\t\t<\/div><\/figure><figure class='gallery-item'>\n\t\t\t<div class='gallery-icon landscape'>\n\t\t\t\t<a href='https:\/\/sindicatodosbancarios.org.br\/site2022\/albuns\/inauguracao-arbanc-e-festa-dos-bancarios-2017\/1258-large\/'><img width=\"300\" height=\"300\" src=\"https:\/\/sindicatodosbancarios.org.br\/site2022\/wp-content\/uploads\/2017\/12\/1258-Large-300x300.jpg\" class=\"attachment-medium size-medium\" alt=\"\" loading=\"lazy\" srcset=\"https:\/\/sindicatodosbancarios.org.br\/site2022\/wp-content\/uploads\/2017\/12\/1258-Large-300x300.jpg 300w, https:\/\/sindicatodosbancarios.org.br\/site2022\/wp-content\/uploads\/2017\/12\/1258-Large-150x150.jpg 150w\" sizes=\"(max-width: 300px) 100vw, 300px\" data-attachment-id=\"2244\" data-permalink=\"https:\/\/sindicatodosbancarios.org.br\/site2022\/albuns\/inauguracao-arbanc-e-festa-dos-bancarios-2017\/1258-large\/\" data-orig-file=\"https:\/\/sindicatodosbancarios.org.br\/site2022\/wp-content\/uploads\/2017\/12\/1258-Large.jpg\" data-orig-size=\"1631,1080\" data-comments-opened=\"1\" data-image-meta=\"{&quot;aperture&quot;:&quot;18&quot;,&quot;credit&quot;:&quot;&quot;,&quot;camera&quot;:&quot;NIKON D7000&quot;,&quot;caption&quot;:&quot;&quot;,&quot;created_timestamp&quot;:&quot;1512906988&quot;,&quot;copyright&quot;:&quot;&quot;,&quot;focal_length&quot;:&quot;20&quot;,&quot;iso&quot;:&quot;800&quot;,&quot;shutter_speed&quot;:&quot;0.00625&quot;,&quot;title&quot;:&quot;&quot;,&quot;orientation&quot;:&quot;1&quot;}\" data-image-title=\"(1258) (Large)\" data-image-description=\"\" data-image-caption=\"\" data-medium-file=\"https:\/\/sindicatodosbancarios.org.br\/site2022\/wp-content\/uploads\/2017\/12\/1258-Large-300x300.jpg\" data-large-file=\"https:\/\/sindicatodosbancarios.org.br\/site2022\/wp-content\/uploads\/2017\/12\/1258-Large-1024x678.jpg\" \/><\/a>\n\t\t\t<\/div><\/figure><figure class='gallery-item'>\n\t\t\t<div class='gallery-icon landscape'>\n\t\t\t\t<a href='https:\/\/sindicatodosbancarios.org.br\/site2022\/albuns\/inauguracao-arbanc-e-festa-dos-bancarios-2017\/1262-large\/'><img width=\"300\" height=\"300\" src=\"https:\/\/sindicatodosbancarios.org.br\/site2022\/wp-content\/uploads\/2017\/12\/1262-Large-300x300.jpg\" class=\"attachment-medium size-medium\" alt=\"\" loading=\"lazy\" srcset=\"https:\/\/sindicatodosbancarios.org.br\/site2022\/wp-content\/uploads\/2017\/12\/1262-Large-300x300.jpg 300w, https:\/\/sindicatodosbancarios.org.br\/site2022\/wp-content\/uploads\/2017\/12\/1262-Large-150x150.jpg 150w\" sizes=\"(max-width: 300px) 100vw, 300px\" data-attachment-id=\"2245\" data-permalink=\"https:\/\/sindicatodosbancarios.org.br\/site2022\/albuns\/inauguracao-arbanc-e-festa-dos-bancarios-2017\/1262-large\/\" data-orig-file=\"https:\/\/sindicatodosbancarios.org.br\/site2022\/wp-content\/uploads\/2017\/12\/1262-Large.jpg\" data-orig-size=\"1631,1080\" data-comments-opened=\"1\" data-image-meta=\"{&quot;aperture&quot;:&quot;5&quot;,&quot;credit&quot;:&quot;&quot;,&quot;camera&quot;:&quot;NIKON D7000&quot;,&quot;caption&quot;:&quot;&quot;,&quot;created_timestamp&quot;:&quot;1512907003&quot;,&quot;copyright&quot;:&quot;&quot;,&quot;focal_length&quot;:&quot;18&quot;,&quot;iso&quot;:&quot;100&quot;,&quot;shutter_speed&quot;:&quot;0.004&quot;,&quot;title&quot;:&quot;&quot;,&quot;orientation&quot;:&quot;1&quot;}\" data-image-title=\"(1262) (Large)\" data-image-description=\"\" data-image-caption=\"\" data-medium-file=\"https:\/\/sindicatodosbancarios.org.br\/site2022\/wp-content\/uploads\/2017\/12\/1262-Large-300x300.jpg\" data-large-file=\"https:\/\/sindicatodosbancarios.org.br\/site2022\/wp-content\/uploads\/2017\/12\/1262-Large-1024x678.jpg\" \/><\/a>\n\t\t\t<\/div><\/figure><figure class='gallery-item'>\n\t\t\t<div class='gallery-icon landscape'>\n\t\t\t\t<a href='https:\/\/sindicatodosbancarios.org.br\/site2022\/albuns\/inauguracao-arbanc-e-festa-dos-bancarios-2017\/1257-large\/'><img width=\"300\" height=\"300\" src=\"https:\/\/sindicatodosbancarios.org.br\/site2022\/wp-content\/uploads\/2017\/12\/1257-Large-300x300.jpg\" class=\"attachment-medium size-medium\" alt=\"\" loading=\"lazy\" srcset=\"https:\/\/sindicatodosbancarios.org.br\/site2022\/wp-content\/uploads\/2017\/12\/1257-Large-300x300.jpg 300w, https:\/\/sindicatodosbancarios.org.br\/site2022\/wp-content\/uploads\/2017\/12\/1257-Large-150x150.jpg 150w\" sizes=\"(max-width: 300px) 100vw, 300px\" data-attachment-id=\"2243\" data-permalink=\"https:\/\/sindicatodosbancarios.org.br\/site2022\/albuns\/inauguracao-arbanc-e-festa-dos-bancarios-2017\/1257-large\/\" data-orig-file=\"https:\/\/sindicatodosbancarios.org.br\/site2022\/wp-content\/uploads\/2017\/12\/1257-Large.jpg\" data-orig-size=\"1631,1080\" data-comments-opened=\"1\" data-image-meta=\"{&quot;aperture&quot;:&quot;18&quot;,&quot;credit&quot;:&quot;&quot;,&quot;camera&quot;:&quot;NIKON D7000&quot;,&quot;caption&quot;:&quot;&quot;,&quot;created_timestamp&quot;:&quot;1512906986&quot;,&quot;copyright&quot;:&quot;&quot;,&quot;focal_length&quot;:&quot;26&quot;,&quot;iso&quot;:&quot;800&quot;,&quot;shutter_speed&quot;:&quot;0.00625&quot;,&quot;title&quot;:&quot;&quot;,&quot;orientation&quot;:&quot;1&quot;}\" data-image-title=\"(1257) (Large)\" data-image-description=\"\" data-image-caption=\"\" data-medium-file=\"https:\/\/sindicatodosbancarios.org.br\/site2022\/wp-content\/uploads\/2017\/12\/1257-Large-300x300.jpg\" data-large-file=\"https:\/\/sindicatodosbancarios.org.br\/site2022\/wp-content\/uploads\/2017\/12\/1257-Large-1024x678.jpg\" \/><\/a>\n\t\t\t<\/div><\/figure><figure class='gallery-item'>\n\t\t\t<div class='gallery-icon landscape'>\n\t\t\t\t<a href='https:\/\/sindicatodosbancarios.org.br\/site2022\/albuns\/inauguracao-arbanc-e-festa-dos-bancarios-2017\/1256-large\/'><img width=\"300\" height=\"300\" src=\"https:\/\/sindicatodosbancarios.org.br\/site2022\/wp-content\/uploads\/2017\/12\/1256-Large-300x300.jpg\" class=\"attachment-medium size-medium\" alt=\"\" loading=\"lazy\" srcset=\"https:\/\/sindicatodosbancarios.org.br\/site2022\/wp-content\/uploads\/2017\/12\/1256-Large-300x300.jpg 300w, https:\/\/sindicatodosbancarios.org.br\/site2022\/wp-content\/uploads\/2017\/12\/1256-Large-150x150.jpg 150w\" sizes=\"(max-width: 300px) 100vw, 300px\" data-attachment-id=\"2242\" data-permalink=\"https:\/\/sindicatodosbancarios.org.br\/site2022\/albuns\/inauguracao-arbanc-e-festa-dos-bancarios-2017\/1256-large\/\" data-orig-file=\"https:\/\/sindicatodosbancarios.org.br\/site2022\/wp-content\/uploads\/2017\/12\/1256-Large.jpg\" data-orig-size=\"1631,1080\" data-comments-opened=\"1\" data-image-meta=\"{&quot;aperture&quot;:&quot;16&quot;,&quot;credit&quot;:&quot;&quot;,&quot;camera&quot;:&quot;NIKON D7000&quot;,&quot;caption&quot;:&quot;&quot;,&quot;created_timestamp&quot;:&quot;1512906963&quot;,&quot;copyright&quot;:&quot;&quot;,&quot;focal_length&quot;:&quot;34&quot;,&quot;iso&quot;:&quot;800&quot;,&quot;shutter_speed&quot;:&quot;0.00625&quot;,&quot;title&quot;:&quot;&quot;,&quot;orientation&quot;:&quot;1&quot;}\" data-image-title=\"(1256) (Large)\" data-image-description=\"\" data-image-caption=\"\" data-medium-file=\"https:\/\/sindicatodosbancarios.org.br\/site2022\/wp-content\/uploads\/2017\/12\/1256-Large-300x300.jpg\" data-large-file=\"https:\/\/sindicatodosbancarios.org.br\/site2022\/wp-content\/uploads\/2017\/12\/1256-Large-1024x678.jpg\" \/><\/a>\n\t\t\t<\/div><\/figure><figure class='gallery-item'>\n\t\t\t<div class='gallery-icon landscape'>\n\t\t\t\t<a href='https:\/\/sindicatodosbancarios.org.br\/site2022\/albuns\/inauguracao-arbanc-e-festa-dos-bancarios-2017\/1255-large\/'><img width=\"300\" height=\"300\" src=\"https:\/\/sindicatodosbancarios.org.br\/site2022\/wp-content\/uploads\/2017\/12\/1255-Large-300x300.jpg\" class=\"attachment-medium size-medium\" alt=\"\" loading=\"lazy\" srcset=\"https:\/\/sindicatodosbancarios.org.br\/site2022\/wp-content\/uploads\/2017\/12\/1255-Large-300x300.jpg 300w, https:\/\/sindicatodosbancarios.org.br\/site2022\/wp-content\/uploads\/2017\/12\/1255-Large-150x150.jpg 150w\" sizes=\"(max-width: 300px) 100vw, 300px\" data-attachment-id=\"2241\" data-permalink=\"https:\/\/sindicatodosbancarios.org.br\/site2022\/albuns\/inauguracao-arbanc-e-festa-dos-bancarios-2017\/1255-large\/\" data-orig-file=\"https:\/\/sindicatodosbancarios.org.br\/site2022\/wp-content\/uploads\/2017\/12\/1255-Large.jpg\" data-orig-size=\"1631,1080\" data-comments-opened=\"1\" data-image-meta=\"{&quot;aperture&quot;:&quot;6.3&quot;,&quot;credit&quot;:&quot;&quot;,&quot;camera&quot;:&quot;NIKON D7000&quot;,&quot;caption&quot;:&quot;&quot;,&quot;created_timestamp&quot;:&quot;1512906951&quot;,&quot;copyright&quot;:&quot;&quot;,&quot;focal_length&quot;:&quot;40&quot;,&quot;iso&quot;:&quot;800&quot;,&quot;shutter_speed&quot;:&quot;0.00625&quot;,&quot;title&quot;:&quot;&quot;,&quot;orientation&quot;:&quot;1&quot;}\" data-image-title=\"(1255) (Large)\" data-image-description=\"\" data-image-caption=\"\" data-medium-file=\"https:\/\/sindicatodosbancarios.org.br\/site2022\/wp-content\/uploads\/2017\/12\/1255-Large-300x300.jpg\" data-large-file=\"https:\/\/sindicatodosbancarios.org.br\/site2022\/wp-content\/uploads\/2017\/12\/1255-Large-1024x678.jpg\" \/><\/a>\n\t\t\t<\/div><\/figure><figure class='gallery-item'>\n\t\t\t<div class='gallery-icon landscape'>\n\t\t\t\t<a href='https:\/\/sindicatodosbancarios.org.br\/site2022\/albuns\/inauguracao-arbanc-e-festa-dos-bancarios-2017\/1254-large\/'><img width=\"300\" height=\"300\" src=\"https:\/\/sindicatodosbancarios.org.br\/site2022\/wp-content\/uploads\/2017\/12\/1254-Large-300x300.jpg\" class=\"attachment-medium size-medium\" alt=\"\" loading=\"lazy\" srcset=\"https:\/\/sindicatodosbancarios.org.br\/site2022\/wp-content\/uploads\/2017\/12\/1254-Large-300x300.jpg 300w, https:\/\/sindicatodosbancarios.org.br\/site2022\/wp-content\/uploads\/2017\/12\/1254-Large-150x150.jpg 150w\" sizes=\"(max-width: 300px) 100vw, 300px\" data-attachment-id=\"2240\" data-permalink=\"https:\/\/sindicatodosbancarios.org.br\/site2022\/albuns\/inauguracao-arbanc-e-festa-dos-bancarios-2017\/1254-large\/\" data-orig-file=\"https:\/\/sindicatodosbancarios.org.br\/site2022\/wp-content\/uploads\/2017\/12\/1254-Large.jpg\" data-orig-size=\"1631,1080\" data-comments-opened=\"1\" data-image-meta=\"{&quot;aperture&quot;:&quot;5.6&quot;,&quot;credit&quot;:&quot;&quot;,&quot;camera&quot;:&quot;NIKON D7000&quot;,&quot;caption&quot;:&quot;&quot;,&quot;created_timestamp&quot;:&quot;1512906934&quot;,&quot;copyright&quot;:&quot;&quot;,&quot;focal_length&quot;:&quot;75&quot;,&quot;iso&quot;:&quot;800&quot;,&quot;shutter_speed&quot;:&quot;0.00625&quot;,&quot;title&quot;:&quot;&quot;,&quot;orientation&quot;:&quot;1&quot;}\" data-image-title=\"(1254) (Large)\" data-image-description=\"\" data-image-caption=\"\" data-medium-file=\"https:\/\/sindicatodosbancarios.org.br\/site2022\/wp-content\/uploads\/2017\/12\/1254-Large-300x300.jpg\" data-large-file=\"https:\/\/sindicatodosbancarios.org.br\/site2022\/wp-content\/uploads\/2017\/12\/1254-Large-1024x678.jpg\" \/><\/a>\n\t\t\t<\/div><\/figure><figure class='gallery-item'>\n\t\t\t<div class='gallery-icon landscape'>\n\t\t\t\t<a href='https:\/\/sindicatodosbancarios.org.br\/site2022\/albuns\/inauguracao-arbanc-e-festa-dos-bancarios-2017\/1252-large\/'><img width=\"300\" height=\"300\" src=\"https:\/\/sindicatodosbancarios.org.br\/site2022\/wp-content\/uploads\/2017\/12\/1252-Large-300x300.jpg\" class=\"attachment-medium size-medium\" alt=\"\" loading=\"lazy\" srcset=\"https:\/\/sindicatodosbancarios.org.br\/site2022\/wp-content\/uploads\/2017\/12\/1252-Large-300x300.jpg 300w, https:\/\/sindicatodosbancarios.org.br\/site2022\/wp-content\/uploads\/2017\/12\/1252-Large-150x150.jpg 150w\" sizes=\"(max-width: 300px) 100vw, 300px\" data-attachment-id=\"2239\" data-permalink=\"https:\/\/sindicatodosbancarios.org.br\/site2022\/albuns\/inauguracao-arbanc-e-festa-dos-bancarios-2017\/1252-large\/\" data-orig-file=\"https:\/\/sindicatodosbancarios.org.br\/site2022\/wp-content\/uploads\/2017\/12\/1252-Large.jpg\" data-orig-size=\"1631,1080\" data-comments-opened=\"1\" data-image-meta=\"{&quot;aperture&quot;:&quot;8&quot;,&quot;credit&quot;:&quot;&quot;,&quot;camera&quot;:&quot;NIKON D7000&quot;,&quot;caption&quot;:&quot;&quot;,&quot;created_timestamp&quot;:&quot;1512906915&quot;,&quot;copyright&quot;:&quot;&quot;,&quot;focal_length&quot;:&quot;20&quot;,&quot;iso&quot;:&quot;800&quot;,&quot;shutter_speed&quot;:&quot;0.00625&quot;,&quot;title&quot;:&quot;&quot;,&quot;orientation&quot;:&quot;1&quot;}\" data-image-title=\"(1252) (Large)\" data-image-description=\"\" data-image-caption=\"\" data-medium-file=\"https:\/\/sindicatodosbancarios.org.br\/site2022\/wp-content\/uploads\/2017\/12\/1252-Large-300x300.jpg\" data-large-file=\"https:\/\/sindicatodosbancarios.org.br\/site2022\/wp-content\/uploads\/2017\/12\/1252-Large-1024x678.jpg\" \/><\/a>\n\t\t\t<\/div><\/figure><figure class='gallery-item'>\n\t\t\t<div class='gallery-icon landscape'>\n\t\t\t\t<a href='https:\/\/sindicatodosbancarios.org.br\/site2022\/albuns\/inauguracao-arbanc-e-festa-dos-bancarios-2017\/1251-large\/'><img width=\"300\" height=\"300\" src=\"https:\/\/sindicatodosbancarios.org.br\/site2022\/wp-content\/uploads\/2017\/12\/1251-Large-300x300.jpg\" class=\"attachment-medium size-medium\" alt=\"\" loading=\"lazy\" srcset=\"https:\/\/sindicatodosbancarios.org.br\/site2022\/wp-content\/uploads\/2017\/12\/1251-Large-300x300.jpg 300w, https:\/\/sindicatodosbancarios.org.br\/site2022\/wp-content\/uploads\/2017\/12\/1251-Large-150x150.jpg 150w\" sizes=\"(max-width: 300px) 100vw, 300px\" data-attachment-id=\"2238\" data-permalink=\"https:\/\/sindicatodosbancarios.org.br\/site2022\/albuns\/inauguracao-arbanc-e-festa-dos-bancarios-2017\/1251-large\/\" data-orig-file=\"https:\/\/sindicatodosbancarios.org.br\/site2022\/wp-content\/uploads\/2017\/12\/1251-Large.jpg\" data-orig-size=\"1631,1080\" data-comments-opened=\"1\" data-image-meta=\"{&quot;aperture&quot;:&quot;8&quot;,&quot;credit&quot;:&quot;&quot;,&quot;camera&quot;:&quot;NIKON D7000&quot;,&quot;caption&quot;:&quot;&quot;,&quot;created_timestamp&quot;:&quot;1512906909&quot;,&quot;copyright&quot;:&quot;&quot;,&quot;focal_length&quot;:&quot;34&quot;,&quot;iso&quot;:&quot;800&quot;,&quot;shutter_speed&quot;:&quot;0.00625&quot;,&quot;title&quot;:&quot;&quot;,&quot;orientation&quot;:&quot;1&quot;}\" data-image-title=\"(1251) (Large)\" data-image-description=\"\" data-image-caption=\"\" data-medium-file=\"https:\/\/sindicatodosbancarios.org.br\/site2022\/wp-content\/uploads\/2017\/12\/1251-Large-300x300.jpg\" data-large-file=\"https:\/\/sindicatodosbancarios.org.br\/site2022\/wp-content\/uploads\/2017\/12\/1251-Large-1024x678.jpg\" \/><\/a>\n\t\t\t<\/div><\/figure><figure class='gallery-item'>\n\t\t\t<div class='gallery-icon landscape'>\n\t\t\t\t<a href='https:\/\/sindicatodosbancarios.org.br\/site2022\/albuns\/inauguracao-arbanc-e-festa-dos-bancarios-2017\/1250-large\/'><img width=\"300\" height=\"300\" src=\"https:\/\/sindicatodosbancarios.org.br\/site2022\/wp-content\/uploads\/2017\/12\/1250-Large-300x300.jpg\" class=\"attachment-medium size-medium\" alt=\"\" loading=\"lazy\" srcset=\"https:\/\/sindicatodosbancarios.org.br\/site2022\/wp-content\/uploads\/2017\/12\/1250-Large-300x300.jpg 300w, https:\/\/sindicatodosbancarios.org.br\/site2022\/wp-content\/uploads\/2017\/12\/1250-Large-150x150.jpg 150w\" sizes=\"(max-width: 300px) 100vw, 300px\" data-attachment-id=\"2237\" data-permalink=\"https:\/\/sindicatodosbancarios.org.br\/site2022\/albuns\/inauguracao-arbanc-e-festa-dos-bancarios-2017\/1250-large\/\" data-orig-file=\"https:\/\/sindicatodosbancarios.org.br\/site2022\/wp-content\/uploads\/2017\/12\/1250-Large.jpg\" data-orig-size=\"1631,1080\" data-comments-opened=\"1\" data-image-meta=\"{&quot;aperture&quot;:&quot;8&quot;,&quot;credit&quot;:&quot;&quot;,&quot;camera&quot;:&quot;NIKON D7000&quot;,&quot;caption&quot;:&quot;&quot;,&quot;created_timestamp&quot;:&quot;1512906875&quot;,&quot;copyright&quot;:&quot;&quot;,&quot;focal_length&quot;:&quot;52&quot;,&quot;iso&quot;:&quot;800&quot;,&quot;shutter_speed&quot;:&quot;0.00625&quot;,&quot;title&quot;:&quot;&quot;,&quot;orientation&quot;:&quot;1&quot;}\" data-image-title=\"(1250) (Large)\" data-image-description=\"\" data-image-caption=\"\" data-medium-file=\"https:\/\/sindicatodosbancarios.org.br\/site2022\/wp-content\/uploads\/2017\/12\/1250-Large-300x300.jpg\" data-large-file=\"https:\/\/sindicatodosbancarios.org.br\/site2022\/wp-content\/uploads\/2017\/12\/1250-Large-1024x678.jpg\" \/><\/a>\n\t\t\t<\/div><\/figure><figure class='gallery-item'>\n\t\t\t<div class='gallery-icon landscape'>\n\t\t\t\t<a href='https:\/\/sindicatodosbancarios.org.br\/site2022\/albuns\/inauguracao-arbanc-e-festa-dos-bancarios-2017\/1243-large\/'><img width=\"300\" height=\"300\" src=\"https:\/\/sindicatodosbancarios.org.br\/site2022\/wp-content\/uploads\/2017\/12\/1243-Large-300x300.jpg\" class=\"attachment-medium size-medium\" alt=\"\" loading=\"lazy\" srcset=\"https:\/\/sindicatodosbancarios.org.br\/site2022\/wp-content\/uploads\/2017\/12\/1243-Large-300x300.jpg 300w, https:\/\/sindicatodosbancarios.org.br\/site2022\/wp-content\/uploads\/2017\/12\/1243-Large-150x150.jpg 150w\" sizes=\"(max-width: 300px) 100vw, 300px\" data-attachment-id=\"2235\" data-permalink=\"https:\/\/sindicatodosbancarios.org.br\/site2022\/albuns\/inauguracao-arbanc-e-festa-dos-bancarios-2017\/1243-large\/\" data-orig-file=\"https:\/\/sindicatodosbancarios.org.br\/site2022\/wp-content\/uploads\/2017\/12\/1243-Large.jpg\" data-orig-size=\"1631,1080\" data-comments-opened=\"1\" data-image-meta=\"{&quot;aperture&quot;:&quot;7.1&quot;,&quot;credit&quot;:&quot;&quot;,&quot;camera&quot;:&quot;NIKON D7000&quot;,&quot;caption&quot;:&quot;&quot;,&quot;created_timestamp&quot;:&quot;1512906822&quot;,&quot;copyright&quot;:&quot;&quot;,&quot;focal_length&quot;:&quot;112&quot;,&quot;iso&quot;:&quot;800&quot;,&quot;shutter_speed&quot;:&quot;0.00625&quot;,&quot;title&quot;:&quot;&quot;,&quot;orientation&quot;:&quot;1&quot;}\" data-image-title=\"(1243) (Large)\" data-image-description=\"\" data-image-caption=\"\" data-medium-file=\"https:\/\/sindicatodosbancarios.org.br\/site2022\/wp-content\/uploads\/2017\/12\/1243-Large-300x300.jpg\" data-large-file=\"https:\/\/sindicatodosbancarios.org.br\/site2022\/wp-content\/uploads\/2017\/12\/1243-Large-1024x678.jpg\" \/><\/a>\n\t\t\t<\/div><\/figure><figure class='gallery-item'>\n\t\t\t<div class='gallery-icon landscape'>\n\t\t\t\t<a href='https:\/\/sindicatodosbancarios.org.br\/site2022\/albuns\/inauguracao-arbanc-e-festa-dos-bancarios-2017\/1242-large\/'><img width=\"300\" height=\"300\" src=\"https:\/\/sindicatodosbancarios.org.br\/site2022\/wp-content\/uploads\/2017\/12\/1242-Large-300x300.jpg\" class=\"attachment-medium size-medium\" alt=\"\" loading=\"lazy\" srcset=\"https:\/\/sindicatodosbancarios.org.br\/site2022\/wp-content\/uploads\/2017\/12\/1242-Large-300x300.jpg 300w, https:\/\/sindicatodosbancarios.org.br\/site2022\/wp-content\/uploads\/2017\/12\/1242-Large-150x150.jpg 150w\" sizes=\"(max-width: 300px) 100vw, 300px\" data-attachment-id=\"2234\" data-permalink=\"https:\/\/sindicatodosbancarios.org.br\/site2022\/albuns\/inauguracao-arbanc-e-festa-dos-bancarios-2017\/1242-large\/\" data-orig-file=\"https:\/\/sindicatodosbancarios.org.br\/site2022\/wp-content\/uploads\/2017\/12\/1242-Large.jpg\" data-orig-size=\"1631,1080\" data-comments-opened=\"1\" data-image-meta=\"{&quot;aperture&quot;:&quot;7.1&quot;,&quot;credit&quot;:&quot;&quot;,&quot;camera&quot;:&quot;NIKON D7000&quot;,&quot;caption&quot;:&quot;&quot;,&quot;created_timestamp&quot;:&quot;1512906813&quot;,&quot;copyright&quot;:&quot;&quot;,&quot;focal_length&quot;:&quot;90&quot;,&quot;iso&quot;:&quot;800&quot;,&quot;shutter_speed&quot;:&quot;0.00625&quot;,&quot;title&quot;:&quot;&quot;,&quot;orientation&quot;:&quot;1&quot;}\" data-image-title=\"(1242) (Large)\" data-image-description=\"\" data-image-caption=\"\" data-medium-file=\"https:\/\/sindicatodosbancarios.org.br\/site2022\/wp-content\/uploads\/2017\/12\/1242-Large-300x300.jpg\" data-large-file=\"https:\/\/sindicatodosbancarios.org.br\/site2022\/wp-content\/uploads\/2017\/12\/1242-Large-1024x678.jpg\" \/><\/a>\n\t\t\t<\/div><\/figure><figure class='gallery-item'>\n\t\t\t<div class='gallery-icon landscape'>\n\t\t\t\t<a href='https:\/\/sindicatodosbancarios.org.br\/site2022\/albuns\/inauguracao-arbanc-e-festa-dos-bancarios-2017\/1232-large\/'><img width=\"300\" height=\"300\" src=\"https:\/\/sindicatodosbancarios.org.br\/site2022\/wp-content\/uploads\/2017\/12\/1232-Large-300x300.jpg\" class=\"attachment-medium size-medium\" alt=\"\" loading=\"lazy\" srcset=\"https:\/\/sindicatodosbancarios.org.br\/site2022\/wp-content\/uploads\/2017\/12\/1232-Large-300x300.jpg 300w, https:\/\/sindicatodosbancarios.org.br\/site2022\/wp-content\/uploads\/2017\/12\/1232-Large-150x150.jpg 150w\" sizes=\"(max-width: 300px) 100vw, 300px\" data-attachment-id=\"2230\" data-permalink=\"https:\/\/sindicatodosbancarios.org.br\/site2022\/albuns\/inauguracao-arbanc-e-festa-dos-bancarios-2017\/1232-large\/\" data-orig-file=\"https:\/\/sindicatodosbancarios.org.br\/site2022\/wp-content\/uploads\/2017\/12\/1232-Large.jpg\" data-orig-size=\"1631,1080\" data-comments-opened=\"1\" data-image-meta=\"{&quot;aperture&quot;:&quot;5.6&quot;,&quot;credit&quot;:&quot;&quot;,&quot;camera&quot;:&quot;NIKON D7000&quot;,&quot;caption&quot;:&quot;&quot;,&quot;created_timestamp&quot;:&quot;1512906742&quot;,&quot;copyright&quot;:&quot;&quot;,&quot;focal_length&quot;:&quot;122&quot;,&quot;iso&quot;:&quot;250&quot;,&quot;shutter_speed&quot;:&quot;0.008&quot;,&quot;title&quot;:&quot;&quot;,&quot;orientation&quot;:&quot;1&quot;}\" data-image-title=\"(1232) (Large)\" data-image-description=\"\" data-image-caption=\"\" data-medium-file=\"https:\/\/sindicatodosbancarios.org.br\/site2022\/wp-content\/uploads\/2017\/12\/1232-Large-300x300.jpg\" data-large-file=\"https:\/\/sindicatodosbancarios.org.br\/site2022\/wp-content\/uploads\/2017\/12\/1232-Large-1024x678.jpg\" \/><\/a>\n\t\t\t<\/div><\/figure><figure class='gallery-item'>\n\t\t\t<div class='gallery-icon landscape'>\n\t\t\t\t<a href='https:\/\/sindicatodosbancarios.org.br\/site2022\/albuns\/inauguracao-arbanc-e-festa-dos-bancarios-2017\/1233-large\/'><img width=\"300\" height=\"300\" src=\"https:\/\/sindicatodosbancarios.org.br\/site2022\/wp-content\/uploads\/2017\/12\/1233-Large-300x300.jpg\" class=\"attachment-medium size-medium\" alt=\"\" loading=\"lazy\" srcset=\"https:\/\/sindicatodosbancarios.org.br\/site2022\/wp-content\/uploads\/2017\/12\/1233-Large-300x300.jpg 300w, https:\/\/sindicatodosbancarios.org.br\/site2022\/wp-content\/uploads\/2017\/12\/1233-Large-150x150.jpg 150w\" sizes=\"(max-width: 300px) 100vw, 300px\" data-attachment-id=\"2231\" data-permalink=\"https:\/\/sindicatodosbancarios.org.br\/site2022\/albuns\/inauguracao-arbanc-e-festa-dos-bancarios-2017\/1233-large\/\" data-orig-file=\"https:\/\/sindicatodosbancarios.org.br\/site2022\/wp-content\/uploads\/2017\/12\/1233-Large.jpg\" data-orig-size=\"1631,1080\" data-comments-opened=\"1\" data-image-meta=\"{&quot;aperture&quot;:&quot;4&quot;,&quot;credit&quot;:&quot;&quot;,&quot;camera&quot;:&quot;NIKON D7000&quot;,&quot;caption&quot;:&quot;&quot;,&quot;created_timestamp&quot;:&quot;1512906749&quot;,&quot;copyright&quot;:&quot;&quot;,&quot;focal_length&quot;:&quot;32&quot;,&quot;iso&quot;:&quot;125&quot;,&quot;shutter_speed&quot;:&quot;0.004&quot;,&quot;title&quot;:&quot;&quot;,&quot;orientation&quot;:&quot;1&quot;}\" data-image-title=\"(1233) (Large)\" data-image-description=\"\" data-image-caption=\"\" data-medium-file=\"https:\/\/sindicatodosbancarios.org.br\/site2022\/wp-content\/uploads\/2017\/12\/1233-Large-300x300.jpg\" data-large-file=\"https:\/\/sindicatodosbancarios.org.br\/site2022\/wp-content\/uploads\/2017\/12\/1233-Large-1024x678.jpg\" \/><\/a>\n\t\t\t<\/div><\/figure><figure class='gallery-item'>\n\t\t\t<div class='gallery-icon landscape'>\n\t\t\t\t<a href='https:\/\/sindicatodosbancarios.org.br\/site2022\/albuns\/inauguracao-arbanc-e-festa-dos-bancarios-2017\/1231-large\/'><img width=\"300\" height=\"300\" src=\"https:\/\/sindicatodosbancarios.org.br\/site2022\/wp-content\/uploads\/2017\/12\/1231-Large-300x300.jpg\" class=\"attachment-medium size-medium\" alt=\"\" loading=\"lazy\" srcset=\"https:\/\/sindicatodosbancarios.org.br\/site2022\/wp-content\/uploads\/2017\/12\/1231-Large-300x300.jpg 300w, https:\/\/sindicatodosbancarios.org.br\/site2022\/wp-content\/uploads\/2017\/12\/1231-Large-150x150.jpg 150w\" sizes=\"(max-width: 300px) 100vw, 300px\" data-attachment-id=\"2229\" data-permalink=\"https:\/\/sindicatodosbancarios.org.br\/site2022\/albuns\/inauguracao-arbanc-e-festa-dos-bancarios-2017\/1231-large\/\" data-orig-file=\"https:\/\/sindicatodosbancarios.org.br\/site2022\/wp-content\/uploads\/2017\/12\/1231-Large.jpg\" data-orig-size=\"1631,1080\" data-comments-opened=\"1\" data-image-meta=\"{&quot;aperture&quot;:&quot;5.6&quot;,&quot;credit&quot;:&quot;&quot;,&quot;camera&quot;:&quot;NIKON D7000&quot;,&quot;caption&quot;:&quot;&quot;,&quot;created_timestamp&quot;:&quot;1512906739&quot;,&quot;copyright&quot;:&quot;&quot;,&quot;focal_length&quot;:&quot;122&quot;,&quot;iso&quot;:&quot;220&quot;,&quot;shutter_speed&quot;:&quot;0.008&quot;,&quot;title&quot;:&quot;&quot;,&quot;orientation&quot;:&quot;1&quot;}\" data-image-title=\"(1231) (Large)\" data-image-description=\"\" data-image-caption=\"\" data-medium-file=\"https:\/\/sindicatodosbancarios.org.br\/site2022\/wp-content\/uploads\/2017\/12\/1231-Large-300x300.jpg\" data-large-file=\"https:\/\/sindicatodosbancarios.org.br\/site2022\/wp-content\/uploads\/2017\/12\/1231-Large-1024x678.jpg\" \/><\/a>\n\t\t\t<\/div><\/figure><figure class='gallery-item'>\n\t\t\t<div class='gallery-icon landscape'>\n\t\t\t\t<a href='https:\/\/sindicatodosbancarios.org.br\/site2022\/albuns\/inauguracao-arbanc-e-festa-dos-bancarios-2017\/1224-large\/'><img width=\"300\" height=\"300\" src=\"https:\/\/sindicatodosbancarios.org.br\/site2022\/wp-content\/uploads\/2017\/12\/1224-Large-300x300.jpg\" class=\"attachment-medium size-medium\" alt=\"\" loading=\"lazy\" srcset=\"https:\/\/sindicatodosbancarios.org.br\/site2022\/wp-content\/uploads\/2017\/12\/1224-Large-300x300.jpg 300w, https:\/\/sindicatodosbancarios.org.br\/site2022\/wp-content\/uploads\/2017\/12\/1224-Large-150x150.jpg 150w\" sizes=\"(max-width: 300px) 100vw, 300px\" data-attachment-id=\"2226\" data-permalink=\"https:\/\/sindicatodosbancarios.org.br\/site2022\/albuns\/inauguracao-arbanc-e-festa-dos-bancarios-2017\/1224-large\/\" data-orig-file=\"https:\/\/sindicatodosbancarios.org.br\/site2022\/wp-content\/uploads\/2017\/12\/1224-Large.jpg\" data-orig-size=\"1631,1080\" data-comments-opened=\"1\" data-image-meta=\"{&quot;aperture&quot;:&quot;4.2&quot;,&quot;credit&quot;:&quot;&quot;,&quot;camera&quot;:&quot;NIKON D7000&quot;,&quot;caption&quot;:&quot;&quot;,&quot;created_timestamp&quot;:&quot;1512906585&quot;,&quot;copyright&quot;:&quot;&quot;,&quot;focal_length&quot;:&quot;38&quot;,&quot;iso&quot;:&quot;125&quot;,&quot;shutter_speed&quot;:&quot;0.004&quot;,&quot;title&quot;:&quot;&quot;,&quot;orientation&quot;:&quot;1&quot;}\" data-image-title=\"(1224) (Large)\" data-image-description=\"\" data-image-caption=\"\" data-medium-file=\"https:\/\/sindicatodosbancarios.org.br\/site2022\/wp-content\/uploads\/2017\/12\/1224-Large-300x300.jpg\" data-large-file=\"https:\/\/sindicatodosbancarios.org.br\/site2022\/wp-content\/uploads\/2017\/12\/1224-Large-1024x678.jpg\" \/><\/a>\n\t\t\t<\/div><\/figure><figure class='gallery-item'>\n\t\t\t<div class='gallery-icon landscape'>\n\t\t\t\t<a href='https:\/\/sindicatodosbancarios.org.br\/site2022\/albuns\/inauguracao-arbanc-e-festa-dos-bancarios-2017\/1222-large\/'><img width=\"300\" height=\"300\" src=\"https:\/\/sindicatodosbancarios.org.br\/site2022\/wp-content\/uploads\/2017\/12\/1222-Large-300x300.jpg\" class=\"attachment-medium size-medium\" alt=\"\" loading=\"lazy\" srcset=\"https:\/\/sindicatodosbancarios.org.br\/site2022\/wp-content\/uploads\/2017\/12\/1222-Large-300x300.jpg 300w, https:\/\/sindicatodosbancarios.org.br\/site2022\/wp-content\/uploads\/2017\/12\/1222-Large-150x150.jpg 150w\" sizes=\"(max-width: 300px) 100vw, 300px\" data-attachment-id=\"2225\" data-permalink=\"https:\/\/sindicatodosbancarios.org.br\/site2022\/albuns\/inauguracao-arbanc-e-festa-dos-bancarios-2017\/1222-large\/\" data-orig-file=\"https:\/\/sindicatodosbancarios.org.br\/site2022\/wp-content\/uploads\/2017\/12\/1222-Large.jpg\" data-orig-size=\"1631,1080\" data-comments-opened=\"1\" data-image-meta=\"{&quot;aperture&quot;:&quot;5&quot;,&quot;credit&quot;:&quot;&quot;,&quot;camera&quot;:&quot;NIKON D7000&quot;,&quot;caption&quot;:&quot;&quot;,&quot;created_timestamp&quot;:&quot;1512906576&quot;,&quot;copyright&quot;:&quot;&quot;,&quot;focal_length&quot;:&quot;18&quot;,&quot;iso&quot;:&quot;100&quot;,&quot;shutter_speed&quot;:&quot;0.004&quot;,&quot;title&quot;:&quot;&quot;,&quot;orientation&quot;:&quot;1&quot;}\" data-image-title=\"(1222) (Large)\" data-image-description=\"\" data-image-caption=\"\" data-medium-file=\"https:\/\/sindicatodosbancarios.org.br\/site2022\/wp-content\/uploads\/2017\/12\/1222-Large-300x300.jpg\" data-large-file=\"https:\/\/sindicatodosbancarios.org.br\/site2022\/wp-content\/uploads\/2017\/12\/1222-Large-1024x678.jpg\" \/><\/a>\n\t\t\t<\/div><\/figure><figure class='gallery-item'>\n\t\t\t<div class='gallery-icon landscape'>\n\t\t\t\t<a href='https:\/\/sindicatodosbancarios.org.br\/site2022\/albuns\/inauguracao-arbanc-e-festa-dos-bancarios-2017\/1219-large\/'><img width=\"300\" height=\"300\" src=\"https:\/\/sindicatodosbancarios.org.br\/site2022\/wp-content\/uploads\/2017\/12\/1219-Large-300x300.jpg\" class=\"attachment-medium size-medium\" alt=\"\" loading=\"lazy\" srcset=\"https:\/\/sindicatodosbancarios.org.br\/site2022\/wp-content\/uploads\/2017\/12\/1219-Large-300x300.jpg 300w, https:\/\/sindicatodosbancarios.org.br\/site2022\/wp-content\/uploads\/2017\/12\/1219-Large-150x150.jpg 150w\" sizes=\"(max-width: 300px) 100vw, 300px\" data-attachment-id=\"2224\" data-permalink=\"https:\/\/sindicatodosbancarios.org.br\/site2022\/albuns\/inauguracao-arbanc-e-festa-dos-bancarios-2017\/1219-large\/\" data-orig-file=\"https:\/\/sindicatodosbancarios.org.br\/site2022\/wp-content\/uploads\/2017\/12\/1219-Large.jpg\" data-orig-size=\"1631,1080\" data-comments-opened=\"1\" data-image-meta=\"{&quot;aperture&quot;:&quot;6.3&quot;,&quot;credit&quot;:&quot;&quot;,&quot;camera&quot;:&quot;NIKON D7000&quot;,&quot;caption&quot;:&quot;&quot;,&quot;created_timestamp&quot;:&quot;1512906541&quot;,&quot;copyright&quot;:&quot;&quot;,&quot;focal_length&quot;:&quot;105&quot;,&quot;iso&quot;:&quot;200&quot;,&quot;shutter_speed&quot;:&quot;0.00625&quot;,&quot;title&quot;:&quot;&quot;,&quot;orientation&quot;:&quot;1&quot;}\" data-image-title=\"(1219) (Large)\" data-image-description=\"\" data-image-caption=\"\" data-medium-file=\"https:\/\/sindicatodosbancarios.org.br\/site2022\/wp-content\/uploads\/2017\/12\/1219-Large-300x300.jpg\" data-large-file=\"https:\/\/sindicatodosbancarios.org.br\/site2022\/wp-content\/uploads\/2017\/12\/1219-Large-1024x678.jpg\" \/><\/a>\n\t\t\t<\/div><\/figure><figure class='gallery-item'>\n\t\t\t<div class='gallery-icon landscape'>\n\t\t\t\t<a href='https:\/\/sindicatodosbancarios.org.br\/site2022\/albuns\/inauguracao-arbanc-e-festa-dos-bancarios-2017\/1218-large\/'><img width=\"300\" height=\"300\" src=\"https:\/\/sindicatodosbancarios.org.br\/site2022\/wp-content\/uploads\/2017\/12\/1218-Large-300x300.jpg\" class=\"attachment-medium size-medium\" alt=\"\" loading=\"lazy\" srcset=\"https:\/\/sindicatodosbancarios.org.br\/site2022\/wp-content\/uploads\/2017\/12\/1218-Large-300x300.jpg 300w, https:\/\/sindicatodosbancarios.org.br\/site2022\/wp-content\/uploads\/2017\/12\/1218-Large-150x150.jpg 150w\" sizes=\"(max-width: 300px) 100vw, 300px\" data-attachment-id=\"2223\" data-permalink=\"https:\/\/sindicatodosbancarios.org.br\/site2022\/albuns\/inauguracao-arbanc-e-festa-dos-bancarios-2017\/1218-large\/\" data-orig-file=\"https:\/\/sindicatodosbancarios.org.br\/site2022\/wp-content\/uploads\/2017\/12\/1218-Large.jpg\" data-orig-size=\"1631,1080\" data-comments-opened=\"1\" data-image-meta=\"{&quot;aperture&quot;:&quot;5.6&quot;,&quot;credit&quot;:&quot;&quot;,&quot;camera&quot;:&quot;NIKON D7000&quot;,&quot;caption&quot;:&quot;&quot;,&quot;created_timestamp&quot;:&quot;1512906528&quot;,&quot;copyright&quot;:&quot;&quot;,&quot;focal_length&quot;:&quot;140&quot;,&quot;iso&quot;:&quot;200&quot;,&quot;shutter_speed&quot;:&quot;0.005&quot;,&quot;title&quot;:&quot;&quot;,&quot;orientation&quot;:&quot;1&quot;}\" data-image-title=\"(1218) (Large)\" data-image-description=\"\" data-image-caption=\"\" data-medium-file=\"https:\/\/sindicatodosbancarios.org.br\/site2022\/wp-content\/uploads\/2017\/12\/1218-Large-300x300.jpg\" data-large-file=\"https:\/\/sindicatodosbancarios.org.br\/site2022\/wp-content\/uploads\/2017\/12\/1218-Large-1024x678.jpg\" \/><\/a>\n\t\t\t<\/div><\/figure><figure class='gallery-item'>\n\t\t\t<div class='gallery-icon landscape'>\n\t\t\t\t<a href='https:\/\/sindicatodosbancarios.org.br\/site2022\/albuns\/inauguracao-arbanc-e-festa-dos-bancarios-2017\/1210-large\/'><img width=\"300\" height=\"300\" src=\"https:\/\/sindicatodosbancarios.org.br\/site2022\/wp-content\/uploads\/2017\/12\/1210-Large-300x300.jpg\" class=\"attachment-medium size-medium\" alt=\"\" loading=\"lazy\" srcset=\"https:\/\/sindicatodosbancarios.org.br\/site2022\/wp-content\/uploads\/2017\/12\/1210-Large-300x300.jpg 300w, https:\/\/sindicatodosbancarios.org.br\/site2022\/wp-content\/uploads\/2017\/12\/1210-Large-150x150.jpg 150w\" sizes=\"(max-width: 300px) 100vw, 300px\" data-attachment-id=\"2216\" data-permalink=\"https:\/\/sindicatodosbancarios.org.br\/site2022\/albuns\/inauguracao-arbanc-e-festa-dos-bancarios-2017\/1210-large\/\" data-orig-file=\"https:\/\/sindicatodosbancarios.org.br\/site2022\/wp-content\/uploads\/2017\/12\/1210-Large.jpg\" data-orig-size=\"1631,1080\" data-comments-opened=\"1\" data-image-meta=\"{&quot;aperture&quot;:&quot;5.3&quot;,&quot;credit&quot;:&quot;&quot;,&quot;camera&quot;:&quot;NIKON D7000&quot;,&quot;caption&quot;:&quot;&quot;,&quot;created_timestamp&quot;:&quot;1512906476&quot;,&quot;copyright&quot;:&quot;&quot;,&quot;focal_length&quot;:&quot;80&quot;,&quot;iso&quot;:&quot;200&quot;,&quot;shutter_speed&quot;:&quot;0.00625&quot;,&quot;title&quot;:&quot;&quot;,&quot;orientation&quot;:&quot;1&quot;}\" data-image-title=\"(1210) (Large)\" data-image-description=\"\" data-image-caption=\"\" data-medium-file=\"https:\/\/sindicatodosbancarios.org.br\/site2022\/wp-content\/uploads\/2017\/12\/1210-Large-300x300.jpg\" data-large-file=\"https:\/\/sindicatodosbancarios.org.br\/site2022\/wp-content\/uploads\/2017\/12\/1210-Large-1024x678.jpg\" \/><\/a>\n\t\t\t<\/div><\/figure><figure class='gallery-item'>\n\t\t\t<div class='gallery-icon landscape'>\n\t\t\t\t<a href='https:\/\/sindicatodosbancarios.org.br\/site2022\/albuns\/inauguracao-arbanc-e-festa-dos-bancarios-2017\/1211-large\/'><img width=\"300\" height=\"300\" src=\"https:\/\/sindicatodosbancarios.org.br\/site2022\/wp-content\/uploads\/2017\/12\/1211-Large-300x300.jpg\" class=\"attachment-medium size-medium\" alt=\"\" loading=\"lazy\" srcset=\"https:\/\/sindicatodosbancarios.org.br\/site2022\/wp-content\/uploads\/2017\/12\/1211-Large-300x300.jpg 300w, https:\/\/sindicatodosbancarios.org.br\/site2022\/wp-content\/uploads\/2017\/12\/1211-Large-150x150.jpg 150w\" sizes=\"(max-width: 300px) 100vw, 300px\" data-attachment-id=\"2217\" data-permalink=\"https:\/\/sindicatodosbancarios.org.br\/site2022\/albuns\/inauguracao-arbanc-e-festa-dos-bancarios-2017\/1211-large\/\" data-orig-file=\"https:\/\/sindicatodosbancarios.org.br\/site2022\/wp-content\/uploads\/2017\/12\/1211-Large.jpg\" data-orig-size=\"1631,1080\" data-comments-opened=\"1\" data-image-meta=\"{&quot;aperture&quot;:&quot;6.3&quot;,&quot;credit&quot;:&quot;&quot;,&quot;camera&quot;:&quot;NIKON D7000&quot;,&quot;caption&quot;:&quot;&quot;,&quot;created_timestamp&quot;:&quot;1512906480&quot;,&quot;copyright&quot;:&quot;&quot;,&quot;focal_length&quot;:&quot;80&quot;,&quot;iso&quot;:&quot;200&quot;,&quot;shutter_speed&quot;:&quot;0.00625&quot;,&quot;title&quot;:&quot;&quot;,&quot;orientation&quot;:&quot;1&quot;}\" data-image-title=\"(1211) (Large)\" data-image-description=\"\" data-image-caption=\"\" data-medium-file=\"https:\/\/sindicatodosbancarios.org.br\/site2022\/wp-content\/uploads\/2017\/12\/1211-Large-300x300.jpg\" data-large-file=\"https:\/\/sindicatodosbancarios.org.br\/site2022\/wp-content\/uploads\/2017\/12\/1211-Large-1024x678.jpg\" \/><\/a>\n\t\t\t<\/div><\/figure><figure class='gallery-item'>\n\t\t\t<div class='gallery-icon landscape'>\n\t\t\t\t<a href='https:\/\/sindicatodosbancarios.org.br\/site2022\/albuns\/inauguracao-arbanc-e-festa-dos-bancarios-2017\/1212-large\/'><img width=\"300\" height=\"300\" src=\"https:\/\/sindicatodosbancarios.org.br\/site2022\/wp-content\/uploads\/2017\/12\/1212-Large-300x300.jpg\" class=\"attachment-medium size-medium\" alt=\"\" loading=\"lazy\" srcset=\"https:\/\/sindicatodosbancarios.org.br\/site2022\/wp-content\/uploads\/2017\/12\/1212-Large-300x300.jpg 300w, https:\/\/sindicatodosbancarios.org.br\/site2022\/wp-content\/uploads\/2017\/12\/1212-Large-150x150.jpg 150w\" sizes=\"(max-width: 300px) 100vw, 300px\" data-attachment-id=\"2218\" data-permalink=\"https:\/\/sindicatodosbancarios.org.br\/site2022\/albuns\/inauguracao-arbanc-e-festa-dos-bancarios-2017\/1212-large\/\" data-orig-file=\"https:\/\/sindicatodosbancarios.org.br\/site2022\/wp-content\/uploads\/2017\/12\/1212-Large.jpg\" data-orig-size=\"1631,1080\" data-comments-opened=\"1\" data-image-meta=\"{&quot;aperture&quot;:&quot;4&quot;,&quot;credit&quot;:&quot;&quot;,&quot;camera&quot;:&quot;NIKON D7000&quot;,&quot;caption&quot;:&quot;&quot;,&quot;created_timestamp&quot;:&quot;1512906493&quot;,&quot;copyright&quot;:&quot;&quot;,&quot;focal_length&quot;:&quot;18&quot;,&quot;iso&quot;:&quot;125&quot;,&quot;shutter_speed&quot;:&quot;0.004&quot;,&quot;title&quot;:&quot;&quot;,&quot;orientation&quot;:&quot;1&quot;}\" data-image-title=\"(1212) (Large)\" data-image-description=\"\" data-image-caption=\"\" data-medium-file=\"https:\/\/sindicatodosbancarios.org.br\/site2022\/wp-content\/uploads\/2017\/12\/1212-Large-300x300.jpg\" data-large-file=\"https:\/\/sindicatodosbancarios.org.br\/site2022\/wp-content\/uploads\/2017\/12\/1212-Large-1024x678.jpg\" \/><\/a>\n\t\t\t<\/div><\/figure><figure class='gallery-item'>\n\t\t\t<div class='gallery-icon landscape'>\n\t\t\t\t<a href='https:\/\/sindicatodosbancarios.org.br\/site2022\/albuns\/inauguracao-arbanc-e-festa-dos-bancarios-2017\/1213-large\/'><img width=\"300\" height=\"300\" src=\"https:\/\/sindicatodosbancarios.org.br\/site2022\/wp-content\/uploads\/2017\/12\/1213-Large-300x300.jpg\" class=\"attachment-medium size-medium\" alt=\"\" loading=\"lazy\" srcset=\"https:\/\/sindicatodosbancarios.org.br\/site2022\/wp-content\/uploads\/2017\/12\/1213-Large-300x300.jpg 300w, https:\/\/sindicatodosbancarios.org.br\/site2022\/wp-content\/uploads\/2017\/12\/1213-Large-150x150.jpg 150w\" sizes=\"(max-width: 300px) 100vw, 300px\" data-attachment-id=\"2219\" data-permalink=\"https:\/\/sindicatodosbancarios.org.br\/site2022\/albuns\/inauguracao-arbanc-e-festa-dos-bancarios-2017\/1213-large\/\" data-orig-file=\"https:\/\/sindicatodosbancarios.org.br\/site2022\/wp-content\/uploads\/2017\/12\/1213-Large.jpg\" data-orig-size=\"1631,1080\" data-comments-opened=\"1\" data-image-meta=\"{&quot;aperture&quot;:&quot;5.6&quot;,&quot;credit&quot;:&quot;&quot;,&quot;camera&quot;:&quot;NIKON D7000&quot;,&quot;caption&quot;:&quot;&quot;,&quot;created_timestamp&quot;:&quot;1512906498&quot;,&quot;copyright&quot;:&quot;&quot;,&quot;focal_length&quot;:&quot;50&quot;,&quot;iso&quot;:&quot;200&quot;,&quot;shutter_speed&quot;:&quot;0.008&quot;,&quot;title&quot;:&quot;&quot;,&quot;orientation&quot;:&quot;1&quot;}\" data-image-title=\"(1213) (Large)\" data-image-description=\"\" data-image-caption=\"\" data-medium-file=\"https:\/\/sindicatodosbancarios.org.br\/site2022\/wp-content\/uploads\/2017\/12\/1213-Large-300x300.jpg\" data-large-file=\"https:\/\/sindicatodosbancarios.org.br\/site2022\/wp-content\/uploads\/2017\/12\/1213-Large-1024x678.jpg\" \/><\/a>\n\t\t\t<\/div><\/figure><figure class='gallery-item'>\n\t\t\t<div class='gallery-icon landscape'>\n\t\t\t\t<a href='https:\/\/sindicatodosbancarios.org.br\/site2022\/albuns\/inauguracao-arbanc-e-festa-dos-bancarios-2017\/1209-large\/'><img width=\"300\" height=\"300\" src=\"https:\/\/sindicatodosbancarios.org.br\/site2022\/wp-content\/uploads\/2017\/12\/1209-Large-300x300.jpg\" class=\"attachment-medium size-medium\" alt=\"\" loading=\"lazy\" srcset=\"https:\/\/sindicatodosbancarios.org.br\/site2022\/wp-content\/uploads\/2017\/12\/1209-Large-300x300.jpg 300w, https:\/\/sindicatodosbancarios.org.br\/site2022\/wp-content\/uploads\/2017\/12\/1209-Large-150x150.jpg 150w\" sizes=\"(max-width: 300px) 100vw, 300px\" data-attachment-id=\"2215\" data-permalink=\"https:\/\/sindicatodosbancarios.org.br\/site2022\/albuns\/inauguracao-arbanc-e-festa-dos-bancarios-2017\/1209-large\/\" data-orig-file=\"https:\/\/sindicatodosbancarios.org.br\/site2022\/wp-content\/uploads\/2017\/12\/1209-Large.jpg\" data-orig-size=\"1631,1080\" data-comments-opened=\"1\" data-image-meta=\"{&quot;aperture&quot;:&quot;5.3&quot;,&quot;credit&quot;:&quot;&quot;,&quot;camera&quot;:&quot;NIKON D7000&quot;,&quot;caption&quot;:&quot;&quot;,&quot;created_timestamp&quot;:&quot;1512906471&quot;,&quot;copyright&quot;:&quot;&quot;,&quot;focal_length&quot;:&quot;70&quot;,&quot;iso&quot;:&quot;100&quot;,&quot;shutter_speed&quot;:&quot;0.004&quot;,&quot;title&quot;:&quot;&quot;,&quot;orientation&quot;:&quot;1&quot;}\" data-image-title=\"(1209) (Large)\" data-image-description=\"\" data-image-caption=\"\" data-medium-file=\"https:\/\/sindicatodosbancarios.org.br\/site2022\/wp-content\/uploads\/2017\/12\/1209-Large-300x300.jpg\" data-large-file=\"https:\/\/sindicatodosbancarios.org.br\/site2022\/wp-content\/uploads\/2017\/12\/1209-Large-1024x678.jpg\" \/><\/a>\n\t\t\t<\/div><\/figure><figure class='gallery-item'>\n\t\t\t<div class='gallery-icon landscape'>\n\t\t\t\t<a href='https:\/\/sindicatodosbancarios.org.br\/site2022\/albuns\/inauguracao-arbanc-e-festa-dos-bancarios-2017\/1207-large\/'><img width=\"300\" height=\"300\" src=\"https:\/\/sindicatodosbancarios.org.br\/site2022\/wp-content\/uploads\/2017\/12\/1207-Large-300x300.jpg\" class=\"attachment-medium size-medium\" alt=\"\" loading=\"lazy\" srcset=\"https:\/\/sindicatodosbancarios.org.br\/site2022\/wp-content\/uploads\/2017\/12\/1207-Large-300x300.jpg 300w, https:\/\/sindicatodosbancarios.org.br\/site2022\/wp-content\/uploads\/2017\/12\/1207-Large-150x150.jpg 150w\" sizes=\"(max-width: 300px) 100vw, 300px\" data-attachment-id=\"2214\" data-permalink=\"https:\/\/sindicatodosbancarios.org.br\/site2022\/albuns\/inauguracao-arbanc-e-festa-dos-bancarios-2017\/1207-large\/\" data-orig-file=\"https:\/\/sindicatodosbancarios.org.br\/site2022\/wp-content\/uploads\/2017\/12\/1207-Large.jpg\" data-orig-size=\"1631,1080\" data-comments-opened=\"1\" data-image-meta=\"{&quot;aperture&quot;:&quot;5.6&quot;,&quot;credit&quot;:&quot;&quot;,&quot;camera&quot;:&quot;NIKON D7000&quot;,&quot;caption&quot;:&quot;&quot;,&quot;created_timestamp&quot;:&quot;1512906450&quot;,&quot;copyright&quot;:&quot;&quot;,&quot;focal_length&quot;:&quot;70&quot;,&quot;iso&quot;:&quot;200&quot;,&quot;shutter_speed&quot;:&quot;0.008&quot;,&quot;title&quot;:&quot;&quot;,&quot;orientation&quot;:&quot;1&quot;}\" data-image-title=\"(1207) (Large)\" data-image-description=\"\" data-image-caption=\"\" data-medium-file=\"https:\/\/sindicatodosbancarios.org.br\/site2022\/wp-content\/uploads\/2017\/12\/1207-Large-300x300.jpg\" data-large-file=\"https:\/\/sindicatodosbancarios.org.br\/site2022\/wp-content\/uploads\/2017\/12\/1207-Large-1024x678.jpg\" \/><\/a>\n\t\t\t<\/div><\/figure><figure class='gallery-item'>\n\t\t\t<div class='gallery-icon landscape'>\n\t\t\t\t<a href='https:\/\/sindicatodosbancarios.org.br\/site2022\/albuns\/inauguracao-arbanc-e-festa-dos-bancarios-2017\/1205-large\/'><img width=\"300\" height=\"300\" src=\"https:\/\/sindicatodosbancarios.org.br\/site2022\/wp-content\/uploads\/2017\/12\/1205-Large-300x300.jpg\" class=\"attachment-medium size-medium\" alt=\"\" loading=\"lazy\" srcset=\"https:\/\/sindicatodosbancarios.org.br\/site2022\/wp-content\/uploads\/2017\/12\/1205-Large-300x300.jpg 300w, https:\/\/sindicatodosbancarios.org.br\/site2022\/wp-content\/uploads\/2017\/12\/1205-Large-150x150.jpg 150w\" sizes=\"(max-width: 300px) 100vw, 300px\" data-attachment-id=\"2213\" data-permalink=\"https:\/\/sindicatodosbancarios.org.br\/site2022\/albuns\/inauguracao-arbanc-e-festa-dos-bancarios-2017\/1205-large\/\" data-orig-file=\"https:\/\/sindicatodosbancarios.org.br\/site2022\/wp-content\/uploads\/2017\/12\/1205-Large.jpg\" data-orig-size=\"1631,1080\" data-comments-opened=\"1\" data-image-meta=\"{&quot;aperture&quot;:&quot;5.6&quot;,&quot;credit&quot;:&quot;&quot;,&quot;camera&quot;:&quot;NIKON D7000&quot;,&quot;caption&quot;:&quot;&quot;,&quot;created_timestamp&quot;:&quot;1512906433&quot;,&quot;copyright&quot;:&quot;&quot;,&quot;focal_length&quot;:&quot;140&quot;,&quot;iso&quot;:&quot;400&quot;,&quot;shutter_speed&quot;:&quot;0.002&quot;,&quot;title&quot;:&quot;&quot;,&quot;orientation&quot;:&quot;1&quot;}\" data-image-title=\"(1205) (Large)\" data-image-description=\"\" data-image-caption=\"\" data-medium-file=\"https:\/\/sindicatodosbancarios.org.br\/site2022\/wp-content\/uploads\/2017\/12\/1205-Large-300x300.jpg\" data-large-file=\"https:\/\/sindicatodosbancarios.org.br\/site2022\/wp-content\/uploads\/2017\/12\/1205-Large-1024x678.jpg\" \/><\/a>\n\t\t\t<\/div><\/figure><figure class='gallery-item'>\n\t\t\t<div class='gallery-icon landscape'>\n\t\t\t\t<a href='https:\/\/sindicatodosbancarios.org.br\/site2022\/albuns\/inauguracao-arbanc-e-festa-dos-bancarios-2017\/1204-large\/'><img width=\"300\" height=\"300\" src=\"https:\/\/sindicatodosbancarios.org.br\/site2022\/wp-content\/uploads\/2017\/12\/1204-Large-300x300.jpg\" class=\"attachment-medium size-medium\" alt=\"\" loading=\"lazy\" srcset=\"https:\/\/sindicatodosbancarios.org.br\/site2022\/wp-content\/uploads\/2017\/12\/1204-Large-300x300.jpg 300w, https:\/\/sindicatodosbancarios.org.br\/site2022\/wp-content\/uploads\/2017\/12\/1204-Large-150x150.jpg 150w\" sizes=\"(max-width: 300px) 100vw, 300px\" data-attachment-id=\"2212\" data-permalink=\"https:\/\/sindicatodosbancarios.org.br\/site2022\/albuns\/inauguracao-arbanc-e-festa-dos-bancarios-2017\/1204-large\/\" data-orig-file=\"https:\/\/sindicatodosbancarios.org.br\/site2022\/wp-content\/uploads\/2017\/12\/1204-Large.jpg\" data-orig-size=\"1631,1080\" data-comments-opened=\"1\" data-image-meta=\"{&quot;aperture&quot;:&quot;5.6&quot;,&quot;credit&quot;:&quot;&quot;,&quot;camera&quot;:&quot;NIKON D7000&quot;,&quot;caption&quot;:&quot;&quot;,&quot;created_timestamp&quot;:&quot;1512906430&quot;,&quot;copyright&quot;:&quot;&quot;,&quot;focal_length&quot;:&quot;140&quot;,&quot;iso&quot;:&quot;200&quot;,&quot;shutter_speed&quot;:&quot;0.005&quot;,&quot;title&quot;:&quot;&quot;,&quot;orientation&quot;:&quot;1&quot;}\" data-image-title=\"(1204) (Large)\" data-image-description=\"\" data-image-caption=\"\" data-medium-file=\"https:\/\/sindicatodosbancarios.org.br\/site2022\/wp-content\/uploads\/2017\/12\/1204-Large-300x300.jpg\" data-large-file=\"https:\/\/sindicatodosbancarios.org.br\/site2022\/wp-content\/uploads\/2017\/12\/1204-Large-1024x678.jpg\" \/><\/a>\n\t\t\t<\/div><\/figure><figure class='gallery-item'>\n\t\t\t<div class='gallery-icon landscape'>\n\t\t\t\t<a href='https:\/\/sindicatodosbancarios.org.br\/site2022\/albuns\/inauguracao-arbanc-e-festa-dos-bancarios-2017\/1203-large\/'><img width=\"300\" height=\"300\" src=\"https:\/\/sindicatodosbancarios.org.br\/site2022\/wp-content\/uploads\/2017\/12\/1203-Large-300x300.jpg\" class=\"attachment-medium size-medium\" alt=\"\" loading=\"lazy\" srcset=\"https:\/\/sindicatodosbancarios.org.br\/site2022\/wp-content\/uploads\/2017\/12\/1203-Large-300x300.jpg 300w, https:\/\/sindicatodosbancarios.org.br\/site2022\/wp-content\/uploads\/2017\/12\/1203-Large-150x150.jpg 150w\" sizes=\"(max-width: 300px) 100vw, 300px\" data-attachment-id=\"2211\" data-permalink=\"https:\/\/sindicatodosbancarios.org.br\/site2022\/albuns\/inauguracao-arbanc-e-festa-dos-bancarios-2017\/1203-large\/\" data-orig-file=\"https:\/\/sindicatodosbancarios.org.br\/site2022\/wp-content\/uploads\/2017\/12\/1203-Large.jpg\" data-orig-size=\"1631,1080\" data-comments-opened=\"1\" data-image-meta=\"{&quot;aperture&quot;:&quot;5.6&quot;,&quot;credit&quot;:&quot;&quot;,&quot;camera&quot;:&quot;NIKON D7000&quot;,&quot;caption&quot;:&quot;&quot;,&quot;created_timestamp&quot;:&quot;1512906426&quot;,&quot;copyright&quot;:&quot;&quot;,&quot;focal_length&quot;:&quot;140&quot;,&quot;iso&quot;:&quot;500&quot;,&quot;shutter_speed&quot;:&quot;0.004&quot;,&quot;title&quot;:&quot;&quot;,&quot;orientation&quot;:&quot;1&quot;}\" data-image-title=\"(1203) (Large)\" data-image-description=\"\" data-image-caption=\"\" data-medium-file=\"https:\/\/sindicatodosbancarios.org.br\/site2022\/wp-content\/uploads\/2017\/12\/1203-Large-300x300.jpg\" data-large-file=\"https:\/\/sindicatodosbancarios.org.br\/site2022\/wp-content\/uploads\/2017\/12\/1203-Large-1024x678.jpg\" \/><\/a>\n\t\t\t<\/div><\/figure><figure class='gallery-item'>\n\t\t\t<div class='gallery-icon landscape'>\n\t\t\t\t<a href='https:\/\/sindicatodosbancarios.org.br\/site2022\/albuns\/inauguracao-arbanc-e-festa-dos-bancarios-2017\/1202-large\/'><img width=\"300\" height=\"300\" src=\"https:\/\/sindicatodosbancarios.org.br\/site2022\/wp-content\/uploads\/2017\/12\/1202-Large-300x300.jpg\" class=\"attachment-medium size-medium\" alt=\"\" loading=\"lazy\" srcset=\"https:\/\/sindicatodosbancarios.org.br\/site2022\/wp-content\/uploads\/2017\/12\/1202-Large-300x300.jpg 300w, https:\/\/sindicatodosbancarios.org.br\/site2022\/wp-content\/uploads\/2017\/12\/1202-Large-150x150.jpg 150w\" sizes=\"(max-width: 300px) 100vw, 300px\" data-attachment-id=\"2210\" data-permalink=\"https:\/\/sindicatodosbancarios.org.br\/site2022\/albuns\/inauguracao-arbanc-e-festa-dos-bancarios-2017\/1202-large\/\" data-orig-file=\"https:\/\/sindicatodosbancarios.org.br\/site2022\/wp-content\/uploads\/2017\/12\/1202-Large.jpg\" data-orig-size=\"1631,1080\" data-comments-opened=\"1\" data-image-meta=\"{&quot;aperture&quot;:&quot;5.6&quot;,&quot;credit&quot;:&quot;&quot;,&quot;camera&quot;:&quot;NIKON D7000&quot;,&quot;caption&quot;:&quot;&quot;,&quot;created_timestamp&quot;:&quot;1512906420&quot;,&quot;copyright&quot;:&quot;&quot;,&quot;focal_length&quot;:&quot;140&quot;,&quot;iso&quot;:&quot;200&quot;,&quot;shutter_speed&quot;:&quot;0.005&quot;,&quot;title&quot;:&quot;&quot;,&quot;orientation&quot;:&quot;1&quot;}\" data-image-title=\"(1202) (Large)\" data-image-description=\"\" data-image-caption=\"\" data-medium-file=\"https:\/\/sindicatodosbancarios.org.br\/site2022\/wp-content\/uploads\/2017\/12\/1202-Large-300x300.jpg\" data-large-file=\"https:\/\/sindicatodosbancarios.org.br\/site2022\/wp-content\/uploads\/2017\/12\/1202-Large-1024x678.jpg\" \/><\/a>\n\t\t\t<\/div><\/figure><figure class='gallery-item'>\n\t\t\t<div class='gallery-icon landscape'>\n\t\t\t\t<a href='https:\/\/sindicatodosbancarios.org.br\/site2022\/albuns\/inauguracao-arbanc-e-festa-dos-bancarios-2017\/1201-large\/'><img width=\"300\" height=\"300\" src=\"https:\/\/sindicatodosbancarios.org.br\/site2022\/wp-content\/uploads\/2017\/12\/1201-Large-300x300.jpg\" class=\"attachment-medium size-medium\" alt=\"\" loading=\"lazy\" srcset=\"https:\/\/sindicatodosbancarios.org.br\/site2022\/wp-content\/uploads\/2017\/12\/1201-Large-300x300.jpg 300w, https:\/\/sindicatodosbancarios.org.br\/site2022\/wp-content\/uploads\/2017\/12\/1201-Large-150x150.jpg 150w\" sizes=\"(max-width: 300px) 100vw, 300px\" data-attachment-id=\"2209\" data-permalink=\"https:\/\/sindicatodosbancarios.org.br\/site2022\/albuns\/inauguracao-arbanc-e-festa-dos-bancarios-2017\/1201-large\/\" data-orig-file=\"https:\/\/sindicatodosbancarios.org.br\/site2022\/wp-content\/uploads\/2017\/12\/1201-Large.jpg\" data-orig-size=\"1631,1080\" data-comments-opened=\"1\" data-image-meta=\"{&quot;aperture&quot;:&quot;4&quot;,&quot;credit&quot;:&quot;&quot;,&quot;camera&quot;:&quot;NIKON D7000&quot;,&quot;caption&quot;:&quot;&quot;,&quot;created_timestamp&quot;:&quot;1512906412&quot;,&quot;copyright&quot;:&quot;&quot;,&quot;focal_length&quot;:&quot;24&quot;,&quot;iso&quot;:&quot;100&quot;,&quot;shutter_speed&quot;:&quot;0.004&quot;,&quot;title&quot;:&quot;&quot;,&quot;orientation&quot;:&quot;1&quot;}\" data-image-title=\"(1201) (Large)\" data-image-description=\"\" data-image-caption=\"\" data-medium-file=\"https:\/\/sindicatodosbancarios.org.br\/site2022\/wp-content\/uploads\/2017\/12\/1201-Large-300x300.jpg\" data-large-file=\"https:\/\/sindicatodosbancarios.org.br\/site2022\/wp-content\/uploads\/2017\/12\/1201-Large-1024x678.jpg\" \/><\/a>\n\t\t\t<\/div><\/figure><figure class='gallery-item'>\n\t\t\t<div class='gallery-icon landscape'>\n\t\t\t\t<a href='https:\/\/sindicatodosbancarios.org.br\/site2022\/albuns\/inauguracao-arbanc-e-festa-dos-bancarios-2017\/1200-large\/'><img width=\"300\" height=\"300\" src=\"https:\/\/sindicatodosbancarios.org.br\/site2022\/wp-content\/uploads\/2017\/12\/1200-Large-300x300.jpg\" class=\"attachment-medium size-medium\" alt=\"\" loading=\"lazy\" srcset=\"https:\/\/sindicatodosbancarios.org.br\/site2022\/wp-content\/uploads\/2017\/12\/1200-Large-300x300.jpg 300w, https:\/\/sindicatodosbancarios.org.br\/site2022\/wp-content\/uploads\/2017\/12\/1200-Large-150x150.jpg 150w\" sizes=\"(max-width: 300px) 100vw, 300px\" data-attachment-id=\"2208\" data-permalink=\"https:\/\/sindicatodosbancarios.org.br\/site2022\/albuns\/inauguracao-arbanc-e-festa-dos-bancarios-2017\/1200-large\/\" data-orig-file=\"https:\/\/sindicatodosbancarios.org.br\/site2022\/wp-content\/uploads\/2017\/12\/1200-Large.jpg\" data-orig-size=\"1631,1080\" data-comments-opened=\"1\" data-image-meta=\"{&quot;aperture&quot;:&quot;4.8&quot;,&quot;credit&quot;:&quot;&quot;,&quot;camera&quot;:&quot;NIKON D7000&quot;,&quot;caption&quot;:&quot;&quot;,&quot;created_timestamp&quot;:&quot;1512906408&quot;,&quot;copyright&quot;:&quot;&quot;,&quot;focal_length&quot;:&quot;50&quot;,&quot;iso&quot;:&quot;200&quot;,&quot;shutter_speed&quot;:&quot;0.005&quot;,&quot;title&quot;:&quot;&quot;,&quot;orientation&quot;:&quot;1&quot;}\" data-image-title=\"(1200) (Large)\" data-image-description=\"\" data-image-caption=\"\" data-medium-file=\"https:\/\/sindicatodosbancarios.org.br\/site2022\/wp-content\/uploads\/2017\/12\/1200-Large-300x300.jpg\" data-large-file=\"https:\/\/sindicatodosbancarios.org.br\/site2022\/wp-content\/uploads\/2017\/12\/1200-Large-1024x678.jpg\" \/><\/a>\n\t\t\t<\/div><\/figure><figure class='gallery-item'>\n\t\t\t<div class='gallery-icon landscape'>\n\t\t\t\t<a href='https:\/\/sindicatodosbancarios.org.br\/site2022\/albuns\/inauguracao-arbanc-e-festa-dos-bancarios-2017\/1199-large\/'><img width=\"300\" height=\"300\" src=\"https:\/\/sindicatodosbancarios.org.br\/site2022\/wp-content\/uploads\/2017\/12\/1199-Large-300x300.jpg\" class=\"attachment-medium size-medium\" alt=\"\" loading=\"lazy\" srcset=\"https:\/\/sindicatodosbancarios.org.br\/site2022\/wp-content\/uploads\/2017\/12\/1199-Large-300x300.jpg 300w, https:\/\/sindicatodosbancarios.org.br\/site2022\/wp-content\/uploads\/2017\/12\/1199-Large-150x150.jpg 150w\" sizes=\"(max-width: 300px) 100vw, 300px\" data-attachment-id=\"2207\" data-permalink=\"https:\/\/sindicatodosbancarios.org.br\/site2022\/albuns\/inauguracao-arbanc-e-festa-dos-bancarios-2017\/1199-large\/\" data-orig-file=\"https:\/\/sindicatodosbancarios.org.br\/site2022\/wp-content\/uploads\/2017\/12\/1199-Large.jpg\" data-orig-size=\"1631,1080\" data-comments-opened=\"1\" data-image-meta=\"{&quot;aperture&quot;:&quot;5.6&quot;,&quot;credit&quot;:&quot;&quot;,&quot;camera&quot;:&quot;NIKON D7000&quot;,&quot;caption&quot;:&quot;&quot;,&quot;created_timestamp&quot;:&quot;1512906396&quot;,&quot;copyright&quot;:&quot;&quot;,&quot;focal_length&quot;:&quot;100&quot;,&quot;iso&quot;:&quot;320&quot;,&quot;shutter_speed&quot;:&quot;0.008&quot;,&quot;title&quot;:&quot;&quot;,&quot;orientation&quot;:&quot;1&quot;}\" data-image-title=\"(1199) (Large)\" data-image-description=\"\" data-image-caption=\"\" data-medium-file=\"https:\/\/sindicatodosbancarios.org.br\/site2022\/wp-content\/uploads\/2017\/12\/1199-Large-300x300.jpg\" data-large-file=\"https:\/\/sindicatodosbancarios.org.br\/site2022\/wp-content\/uploads\/2017\/12\/1199-Large-1024x678.jpg\" \/><\/a>\n\t\t\t<\/div><\/figure><figure class='gallery-item'>\n\t\t\t<div class='gallery-icon landscape'>\n\t\t\t\t<a href='https:\/\/sindicatodosbancarios.org.br\/site2022\/albuns\/inauguracao-arbanc-e-festa-dos-bancarios-2017\/1197-large\/'><img width=\"300\" height=\"300\" src=\"https:\/\/sindicatodosbancarios.org.br\/site2022\/wp-content\/uploads\/2017\/12\/1197-Large-300x300.jpg\" class=\"attachment-medium size-medium\" alt=\"\" loading=\"lazy\" srcset=\"https:\/\/sindicatodosbancarios.org.br\/site2022\/wp-content\/uploads\/2017\/12\/1197-Large-300x300.jpg 300w, https:\/\/sindicatodosbancarios.org.br\/site2022\/wp-content\/uploads\/2017\/12\/1197-Large-150x150.jpg 150w\" sizes=\"(max-width: 300px) 100vw, 300px\" data-attachment-id=\"2206\" data-permalink=\"https:\/\/sindicatodosbancarios.org.br\/site2022\/albuns\/inauguracao-arbanc-e-festa-dos-bancarios-2017\/1197-large\/\" data-orig-file=\"https:\/\/sindicatodosbancarios.org.br\/site2022\/wp-content\/uploads\/2017\/12\/1197-Large.jpg\" data-orig-size=\"1631,1080\" data-comments-opened=\"1\" data-image-meta=\"{&quot;aperture&quot;:&quot;5.6&quot;,&quot;credit&quot;:&quot;&quot;,&quot;camera&quot;:&quot;NIKON D7000&quot;,&quot;caption&quot;:&quot;&quot;,&quot;created_timestamp&quot;:&quot;1512906392&quot;,&quot;copyright&quot;:&quot;&quot;,&quot;focal_length&quot;:&quot;140&quot;,&quot;iso&quot;:&quot;200&quot;,&quot;shutter_speed&quot;:&quot;0.00625&quot;,&quot;title&quot;:&quot;&quot;,&quot;orientation&quot;:&quot;1&quot;}\" data-image-title=\"(1197) (Large)\" data-image-description=\"\" data-image-caption=\"\" data-medium-file=\"https:\/\/sindicatodosbancarios.org.br\/site2022\/wp-content\/uploads\/2017\/12\/1197-Large-300x300.jpg\" data-large-file=\"https:\/\/sindicatodosbancarios.org.br\/site2022\/wp-content\/uploads\/2017\/12\/1197-Large-1024x678.jpg\" \/><\/a>\n\t\t\t<\/div><\/figure><figure class='gallery-item'>\n\t\t\t<div class='gallery-icon landscape'>\n\t\t\t\t<a href='https:\/\/sindicatodosbancarios.org.br\/site2022\/albuns\/inauguracao-arbanc-e-festa-dos-bancarios-2017\/1196-large\/'><img width=\"300\" height=\"300\" src=\"https:\/\/sindicatodosbancarios.org.br\/site2022\/wp-content\/uploads\/2017\/12\/1196-Large-300x300.jpg\" class=\"attachment-medium size-medium\" alt=\"\" loading=\"lazy\" srcset=\"https:\/\/sindicatodosbancarios.org.br\/site2022\/wp-content\/uploads\/2017\/12\/1196-Large-300x300.jpg 300w, https:\/\/sindicatodosbancarios.org.br\/site2022\/wp-content\/uploads\/2017\/12\/1196-Large-150x150.jpg 150w\" sizes=\"(max-width: 300px) 100vw, 300px\" data-attachment-id=\"2205\" data-permalink=\"https:\/\/sindicatodosbancarios.org.br\/site2022\/albuns\/inauguracao-arbanc-e-festa-dos-bancarios-2017\/1196-large\/\" data-orig-file=\"https:\/\/sindicatodosbancarios.org.br\/site2022\/wp-content\/uploads\/2017\/12\/1196-Large.jpg\" data-orig-size=\"1631,1080\" data-comments-opened=\"1\" data-image-meta=\"{&quot;aperture&quot;:&quot;4.5&quot;,&quot;credit&quot;:&quot;&quot;,&quot;camera&quot;:&quot;NIKON D7000&quot;,&quot;caption&quot;:&quot;&quot;,&quot;created_timestamp&quot;:&quot;1512906389&quot;,&quot;copyright&quot;:&quot;&quot;,&quot;focal_length&quot;:&quot;40&quot;,&quot;iso&quot;:&quot;160&quot;,&quot;shutter_speed&quot;:&quot;0.004&quot;,&quot;title&quot;:&quot;&quot;,&quot;orientation&quot;:&quot;1&quot;}\" data-image-title=\"(1196) (Large)\" data-image-description=\"\" data-image-caption=\"\" data-medium-file=\"https:\/\/sindicatodosbancarios.org.br\/site2022\/wp-content\/uploads\/2017\/12\/1196-Large-300x300.jpg\" data-large-file=\"https:\/\/sindicatodosbancarios.org.br\/site2022\/wp-content\/uploads\/2017\/12\/1196-Large-1024x678.jpg\" \/><\/a>\n\t\t\t<\/div><\/figure><figure class='gallery-item'>\n\t\t\t<div class='gallery-icon landscape'>\n\t\t\t\t<a href='https:\/\/sindicatodosbancarios.org.br\/site2022\/albuns\/inauguracao-arbanc-e-festa-dos-bancarios-2017\/1194-large\/'><img width=\"300\" height=\"300\" src=\"https:\/\/sindicatodosbancarios.org.br\/site2022\/wp-content\/uploads\/2017\/12\/1194-Large-300x300.jpg\" class=\"attachment-medium size-medium\" alt=\"\" loading=\"lazy\" srcset=\"https:\/\/sindicatodosbancarios.org.br\/site2022\/wp-content\/uploads\/2017\/12\/1194-Large-300x300.jpg 300w, https:\/\/sindicatodosbancarios.org.br\/site2022\/wp-content\/uploads\/2017\/12\/1194-Large-150x150.jpg 150w\" sizes=\"(max-width: 300px) 100vw, 300px\" data-attachment-id=\"2203\" data-permalink=\"https:\/\/sindicatodosbancarios.org.br\/site2022\/albuns\/inauguracao-arbanc-e-festa-dos-bancarios-2017\/1194-large\/\" data-orig-file=\"https:\/\/sindicatodosbancarios.org.br\/site2022\/wp-content\/uploads\/2017\/12\/1194-Large.jpg\" data-orig-size=\"1631,1080\" data-comments-opened=\"1\" data-image-meta=\"{&quot;aperture&quot;:&quot;5.6&quot;,&quot;credit&quot;:&quot;&quot;,&quot;camera&quot;:&quot;NIKON D7000&quot;,&quot;caption&quot;:&quot;&quot;,&quot;created_timestamp&quot;:&quot;1512906372&quot;,&quot;copyright&quot;:&quot;&quot;,&quot;focal_length&quot;:&quot;90&quot;,&quot;iso&quot;:&quot;220&quot;,&quot;shutter_speed&quot;:&quot;0.008&quot;,&quot;title&quot;:&quot;&quot;,&quot;orientation&quot;:&quot;1&quot;}\" data-image-title=\"(1194) (Large)\" data-image-description=\"\" data-image-caption=\"\" data-medium-file=\"https:\/\/sindicatodosbancarios.org.br\/site2022\/wp-content\/uploads\/2017\/12\/1194-Large-300x300.jpg\" data-large-file=\"https:\/\/sindicatodosbancarios.org.br\/site2022\/wp-content\/uploads\/2017\/12\/1194-Large-1024x678.jpg\" \/><\/a>\n\t\t\t<\/div><\/figure><figure class='gallery-item'>\n\t\t\t<div class='gallery-icon landscape'>\n\t\t\t\t<a href='https:\/\/sindicatodosbancarios.org.br\/site2022\/albuns\/inauguracao-arbanc-e-festa-dos-bancarios-2017\/1193-large\/'><img width=\"300\" height=\"300\" src=\"https:\/\/sindicatodosbancarios.org.br\/site2022\/wp-content\/uploads\/2017\/12\/1193-Large-300x300.jpg\" class=\"attachment-medium size-medium\" alt=\"\" loading=\"lazy\" srcset=\"https:\/\/sindicatodosbancarios.org.br\/site2022\/wp-content\/uploads\/2017\/12\/1193-Large-300x300.jpg 300w, https:\/\/sindicatodosbancarios.org.br\/site2022\/wp-content\/uploads\/2017\/12\/1193-Large-150x150.jpg 150w\" sizes=\"(max-width: 300px) 100vw, 300px\" data-attachment-id=\"2202\" data-permalink=\"https:\/\/sindicatodosbancarios.org.br\/site2022\/albuns\/inauguracao-arbanc-e-festa-dos-bancarios-2017\/1193-large\/\" data-orig-file=\"https:\/\/sindicatodosbancarios.org.br\/site2022\/wp-content\/uploads\/2017\/12\/1193-Large.jpg\" data-orig-size=\"1631,1080\" data-comments-opened=\"1\" data-image-meta=\"{&quot;aperture&quot;:&quot;5&quot;,&quot;credit&quot;:&quot;&quot;,&quot;camera&quot;:&quot;NIKON D7000&quot;,&quot;caption&quot;:&quot;&quot;,&quot;created_timestamp&quot;:&quot;1512906335&quot;,&quot;copyright&quot;:&quot;&quot;,&quot;focal_length&quot;:&quot;60&quot;,&quot;iso&quot;:&quot;200&quot;,&quot;shutter_speed&quot;:&quot;0.004&quot;,&quot;title&quot;:&quot;&quot;,&quot;orientation&quot;:&quot;1&quot;}\" data-image-title=\"(1193) (Large)\" data-image-description=\"\" data-image-caption=\"\" data-medium-file=\"https:\/\/sindicatodosbancarios.org.br\/site2022\/wp-content\/uploads\/2017\/12\/1193-Large-300x300.jpg\" data-large-file=\"https:\/\/sindicatodosbancarios.org.br\/site2022\/wp-content\/uploads\/2017\/12\/1193-Large-1024x678.jpg\" \/><\/a>\n\t\t\t<\/div><\/figure><figure class='gallery-item'>\n\t\t\t<div class='gallery-icon landscape'>\n\t\t\t\t<a href='https:\/\/sindicatodosbancarios.org.br\/site2022\/albuns\/inauguracao-arbanc-e-festa-dos-bancarios-2017\/1189-large\/'><img width=\"300\" height=\"300\" src=\"https:\/\/sindicatodosbancarios.org.br\/site2022\/wp-content\/uploads\/2017\/12\/1189-Large-300x300.jpg\" class=\"attachment-medium size-medium\" alt=\"\" loading=\"lazy\" srcset=\"https:\/\/sindicatodosbancarios.org.br\/site2022\/wp-content\/uploads\/2017\/12\/1189-Large-300x300.jpg 300w, https:\/\/sindicatodosbancarios.org.br\/site2022\/wp-content\/uploads\/2017\/12\/1189-Large-150x150.jpg 150w\" sizes=\"(max-width: 300px) 100vw, 300px\" data-attachment-id=\"2200\" data-permalink=\"https:\/\/sindicatodosbancarios.org.br\/site2022\/albuns\/inauguracao-arbanc-e-festa-dos-bancarios-2017\/1189-large\/\" data-orig-file=\"https:\/\/sindicatodosbancarios.org.br\/site2022\/wp-content\/uploads\/2017\/12\/1189-Large.jpg\" data-orig-size=\"1631,1080\" data-comments-opened=\"1\" data-image-meta=\"{&quot;aperture&quot;:&quot;5.6&quot;,&quot;credit&quot;:&quot;&quot;,&quot;camera&quot;:&quot;NIKON D7000&quot;,&quot;caption&quot;:&quot;&quot;,&quot;created_timestamp&quot;:&quot;1512906298&quot;,&quot;copyright&quot;:&quot;&quot;,&quot;focal_length&quot;:&quot;70&quot;,&quot;iso&quot;:&quot;280&quot;,&quot;shutter_speed&quot;:&quot;0.008&quot;,&quot;title&quot;:&quot;&quot;,&quot;orientation&quot;:&quot;1&quot;}\" data-image-title=\"(1189) (Large)\" data-image-description=\"\" data-image-caption=\"\" data-medium-file=\"https:\/\/sindicatodosbancarios.org.br\/site2022\/wp-content\/uploads\/2017\/12\/1189-Large-300x300.jpg\" data-large-file=\"https:\/\/sindicatodosbancarios.org.br\/site2022\/wp-content\/uploads\/2017\/12\/1189-Large-1024x678.jpg\" \/><\/a>\n\t\t\t<\/div><\/figure><figure class='gallery-item'>\n\t\t\t<div class='gallery-icon landscape'>\n\t\t\t\t<a href='https:\/\/sindicatodosbancarios.org.br\/site2022\/albuns\/inauguracao-arbanc-e-festa-dos-bancarios-2017\/1187-large\/'><img width=\"300\" height=\"300\" src=\"https:\/\/sindicatodosbancarios.org.br\/site2022\/wp-content\/uploads\/2017\/12\/1187-Large-300x300.jpg\" class=\"attachment-medium size-medium\" alt=\"\" loading=\"lazy\" srcset=\"https:\/\/sindicatodosbancarios.org.br\/site2022\/wp-content\/uploads\/2017\/12\/1187-Large-300x300.jpg 300w, https:\/\/sindicatodosbancarios.org.br\/site2022\/wp-content\/uploads\/2017\/12\/1187-Large-150x150.jpg 150w\" sizes=\"(max-width: 300px) 100vw, 300px\" data-attachment-id=\"2198\" data-permalink=\"https:\/\/sindicatodosbancarios.org.br\/site2022\/albuns\/inauguracao-arbanc-e-festa-dos-bancarios-2017\/1187-large\/\" data-orig-file=\"https:\/\/sindicatodosbancarios.org.br\/site2022\/wp-content\/uploads\/2017\/12\/1187-Large.jpg\" data-orig-size=\"1631,1080\" data-comments-opened=\"1\" data-image-meta=\"{&quot;aperture&quot;:&quot;5.6&quot;,&quot;credit&quot;:&quot;&quot;,&quot;camera&quot;:&quot;NIKON D7000&quot;,&quot;caption&quot;:&quot;&quot;,&quot;created_timestamp&quot;:&quot;1512906291&quot;,&quot;copyright&quot;:&quot;&quot;,&quot;focal_length&quot;:&quot;70&quot;,&quot;iso&quot;:&quot;250&quot;,&quot;shutter_speed&quot;:&quot;0.008&quot;,&quot;title&quot;:&quot;&quot;,&quot;orientation&quot;:&quot;1&quot;}\" data-image-title=\"(1187) (Large)\" data-image-description=\"\" data-image-caption=\"\" data-medium-file=\"https:\/\/sindicatodosbancarios.org.br\/site2022\/wp-content\/uploads\/2017\/12\/1187-Large-300x300.jpg\" data-large-file=\"https:\/\/sindicatodosbancarios.org.br\/site2022\/wp-content\/uploads\/2017\/12\/1187-Large-1024x678.jpg\" \/><\/a>\n\t\t\t<\/div><\/figure><figure class='gallery-item'>\n\t\t\t<div class='gallery-icon landscape'>\n\t\t\t\t<a href='https:\/\/sindicatodosbancarios.org.br\/site2022\/albuns\/inauguracao-arbanc-e-festa-dos-bancarios-2017\/1186-large\/'><img width=\"300\" height=\"300\" src=\"https:\/\/sindicatodosbancarios.org.br\/site2022\/wp-content\/uploads\/2017\/12\/1186-Large-300x300.jpg\" class=\"attachment-medium size-medium\" alt=\"\" loading=\"lazy\" srcset=\"https:\/\/sindicatodosbancarios.org.br\/site2022\/wp-content\/uploads\/2017\/12\/1186-Large-300x300.jpg 300w, https:\/\/sindicatodosbancarios.org.br\/site2022\/wp-content\/uploads\/2017\/12\/1186-Large-150x150.jpg 150w\" sizes=\"(max-width: 300px) 100vw, 300px\" data-attachment-id=\"2197\" data-permalink=\"https:\/\/sindicatodosbancarios.org.br\/site2022\/albuns\/inauguracao-arbanc-e-festa-dos-bancarios-2017\/1186-large\/\" data-orig-file=\"https:\/\/sindicatodosbancarios.org.br\/site2022\/wp-content\/uploads\/2017\/12\/1186-Large.jpg\" data-orig-size=\"1631,1080\" data-comments-opened=\"1\" data-image-meta=\"{&quot;aperture&quot;:&quot;5.6&quot;,&quot;credit&quot;:&quot;&quot;,&quot;camera&quot;:&quot;NIKON D7000&quot;,&quot;caption&quot;:&quot;&quot;,&quot;created_timestamp&quot;:&quot;1512906285&quot;,&quot;copyright&quot;:&quot;&quot;,&quot;focal_length&quot;:&quot;140&quot;,&quot;iso&quot;:&quot;220&quot;,&quot;shutter_speed&quot;:&quot;0.008&quot;,&quot;title&quot;:&quot;&quot;,&quot;orientation&quot;:&quot;1&quot;}\" data-image-title=\"(1186) (Large)\" data-image-description=\"\" data-image-caption=\"\" data-medium-file=\"https:\/\/sindicatodosbancarios.org.br\/site2022\/wp-content\/uploads\/2017\/12\/1186-Large-300x300.jpg\" data-large-file=\"https:\/\/sindicatodosbancarios.org.br\/site2022\/wp-content\/uploads\/2017\/12\/1186-Large-1024x678.jpg\" \/><\/a>\n\t\t\t<\/div><\/figure><figure class='gallery-item'>\n\t\t\t<div class='gallery-icon landscape'>\n\t\t\t\t<a href='https:\/\/sindicatodosbancarios.org.br\/site2022\/albuns\/inauguracao-arbanc-e-festa-dos-bancarios-2017\/1185-large\/'><img width=\"300\" height=\"300\" src=\"https:\/\/sindicatodosbancarios.org.br\/site2022\/wp-content\/uploads\/2017\/12\/1185-Large-300x300.jpg\" class=\"attachment-medium size-medium\" alt=\"\" loading=\"lazy\" srcset=\"https:\/\/sindicatodosbancarios.org.br\/site2022\/wp-content\/uploads\/2017\/12\/1185-Large-300x300.jpg 300w, https:\/\/sindicatodosbancarios.org.br\/site2022\/wp-content\/uploads\/2017\/12\/1185-Large-150x150.jpg 150w\" sizes=\"(max-width: 300px) 100vw, 300px\" data-attachment-id=\"2196\" data-permalink=\"https:\/\/sindicatodosbancarios.org.br\/site2022\/albuns\/inauguracao-arbanc-e-festa-dos-bancarios-2017\/1185-large\/\" data-orig-file=\"https:\/\/sindicatodosbancarios.org.br\/site2022\/wp-content\/uploads\/2017\/12\/1185-Large.jpg\" data-orig-size=\"1631,1080\" data-comments-opened=\"1\" data-image-meta=\"{&quot;aperture&quot;:&quot;5.6&quot;,&quot;credit&quot;:&quot;&quot;,&quot;camera&quot;:&quot;NIKON D7000&quot;,&quot;caption&quot;:&quot;&quot;,&quot;created_timestamp&quot;:&quot;1512906271&quot;,&quot;copyright&quot;:&quot;&quot;,&quot;focal_length&quot;:&quot;140&quot;,&quot;iso&quot;:&quot;560&quot;,&quot;shutter_speed&quot;:&quot;0.004&quot;,&quot;title&quot;:&quot;&quot;,&quot;orientation&quot;:&quot;1&quot;}\" data-image-title=\"(1185) (Large)\" data-image-description=\"\" data-image-caption=\"\" data-medium-file=\"https:\/\/sindicatodosbancarios.org.br\/site2022\/wp-content\/uploads\/2017\/12\/1185-Large-300x300.jpg\" data-large-file=\"https:\/\/sindicatodosbancarios.org.br\/site2022\/wp-content\/uploads\/2017\/12\/1185-Large-1024x678.jpg\" \/><\/a>\n\t\t\t<\/div><\/figure><figure class='gallery-item'>\n\t\t\t<div class='gallery-icon landscape'>\n\t\t\t\t<a href='https:\/\/sindicatodosbancarios.org.br\/site2022\/albuns\/inauguracao-arbanc-e-festa-dos-bancarios-2017\/1184-large\/'><img width=\"300\" height=\"300\" src=\"https:\/\/sindicatodosbancarios.org.br\/site2022\/wp-content\/uploads\/2017\/12\/1184-Large-300x300.jpg\" class=\"attachment-medium size-medium\" alt=\"\" loading=\"lazy\" srcset=\"https:\/\/sindicatodosbancarios.org.br\/site2022\/wp-content\/uploads\/2017\/12\/1184-Large-300x300.jpg 300w, https:\/\/sindicatodosbancarios.org.br\/site2022\/wp-content\/uploads\/2017\/12\/1184-Large-150x150.jpg 150w\" sizes=\"(max-width: 300px) 100vw, 300px\" data-attachment-id=\"2195\" data-permalink=\"https:\/\/sindicatodosbancarios.org.br\/site2022\/albuns\/inauguracao-arbanc-e-festa-dos-bancarios-2017\/1184-large\/\" data-orig-file=\"https:\/\/sindicatodosbancarios.org.br\/site2022\/wp-content\/uploads\/2017\/12\/1184-Large.jpg\" data-orig-size=\"1631,1080\" data-comments-opened=\"1\" data-image-meta=\"{&quot;aperture&quot;:&quot;5.6&quot;,&quot;credit&quot;:&quot;&quot;,&quot;camera&quot;:&quot;NIKON D7000&quot;,&quot;caption&quot;:&quot;&quot;,&quot;created_timestamp&quot;:&quot;1512906253&quot;,&quot;copyright&quot;:&quot;&quot;,&quot;focal_length&quot;:&quot;140&quot;,&quot;iso&quot;:&quot;320&quot;,&quot;shutter_speed&quot;:&quot;0.008&quot;,&quot;title&quot;:&quot;&quot;,&quot;orientation&quot;:&quot;1&quot;}\" data-image-title=\"(1184) (Large)\" data-image-description=\"\" data-image-caption=\"\" data-medium-file=\"https:\/\/sindicatodosbancarios.org.br\/site2022\/wp-content\/uploads\/2017\/12\/1184-Large-300x300.jpg\" data-large-file=\"https:\/\/sindicatodosbancarios.org.br\/site2022\/wp-content\/uploads\/2017\/12\/1184-Large-1024x678.jpg\" \/><\/a>\n\t\t\t<\/div><\/figure><figure class='gallery-item'>\n\t\t\t<div class='gallery-icon landscape'>\n\t\t\t\t<a href='https:\/\/sindicatodosbancarios.org.br\/site2022\/albuns\/inauguracao-arbanc-e-festa-dos-bancarios-2017\/1183-large\/'><img width=\"300\" height=\"300\" src=\"https:\/\/sindicatodosbancarios.org.br\/site2022\/wp-content\/uploads\/2017\/12\/1183-Large-300x300.jpg\" class=\"attachment-medium size-medium\" alt=\"\" loading=\"lazy\" srcset=\"https:\/\/sindicatodosbancarios.org.br\/site2022\/wp-content\/uploads\/2017\/12\/1183-Large-300x300.jpg 300w, https:\/\/sindicatodosbancarios.org.br\/site2022\/wp-content\/uploads\/2017\/12\/1183-Large-150x150.jpg 150w\" sizes=\"(max-width: 300px) 100vw, 300px\" data-attachment-id=\"2194\" data-permalink=\"https:\/\/sindicatodosbancarios.org.br\/site2022\/albuns\/inauguracao-arbanc-e-festa-dos-bancarios-2017\/1183-large\/\" data-orig-file=\"https:\/\/sindicatodosbancarios.org.br\/site2022\/wp-content\/uploads\/2017\/12\/1183-Large.jpg\" data-orig-size=\"1631,1080\" data-comments-opened=\"1\" data-image-meta=\"{&quot;aperture&quot;:&quot;5&quot;,&quot;credit&quot;:&quot;&quot;,&quot;camera&quot;:&quot;NIKON D7000&quot;,&quot;caption&quot;:&quot;&quot;,&quot;created_timestamp&quot;:&quot;1512906248&quot;,&quot;copyright&quot;:&quot;&quot;,&quot;focal_length&quot;:&quot;70&quot;,&quot;iso&quot;:&quot;360&quot;,&quot;shutter_speed&quot;:&quot;0.008&quot;,&quot;title&quot;:&quot;&quot;,&quot;orientation&quot;:&quot;1&quot;}\" data-image-title=\"(1183) (Large)\" data-image-description=\"\" data-image-caption=\"\" data-medium-file=\"https:\/\/sindicatodosbancarios.org.br\/site2022\/wp-content\/uploads\/2017\/12\/1183-Large-300x300.jpg\" data-large-file=\"https:\/\/sindicatodosbancarios.org.br\/site2022\/wp-content\/uploads\/2017\/12\/1183-Large-1024x678.jpg\" \/><\/a>\n\t\t\t<\/div><\/figure><figure class='gallery-item'>\n\t\t\t<div class='gallery-icon landscape'>\n\t\t\t\t<a href='https:\/\/sindicatodosbancarios.org.br\/site2022\/albuns\/inauguracao-arbanc-e-festa-dos-bancarios-2017\/1178-large\/'><img width=\"300\" height=\"300\" src=\"https:\/\/sindicatodosbancarios.org.br\/site2022\/wp-content\/uploads\/2017\/12\/1178-Large-300x300.jpg\" class=\"attachment-medium size-medium\" alt=\"\" loading=\"lazy\" srcset=\"https:\/\/sindicatodosbancarios.org.br\/site2022\/wp-content\/uploads\/2017\/12\/1178-Large-300x300.jpg 300w, https:\/\/sindicatodosbancarios.org.br\/site2022\/wp-content\/uploads\/2017\/12\/1178-Large-150x150.jpg 150w\" sizes=\"(max-width: 300px) 100vw, 300px\" data-attachment-id=\"2189\" data-permalink=\"https:\/\/sindicatodosbancarios.org.br\/site2022\/albuns\/inauguracao-arbanc-e-festa-dos-bancarios-2017\/1178-large\/\" data-orig-file=\"https:\/\/sindicatodosbancarios.org.br\/site2022\/wp-content\/uploads\/2017\/12\/1178-Large.jpg\" data-orig-size=\"1631,1080\" data-comments-opened=\"1\" data-image-meta=\"{&quot;aperture&quot;:&quot;11&quot;,&quot;credit&quot;:&quot;&quot;,&quot;camera&quot;:&quot;NIKON D7000&quot;,&quot;caption&quot;:&quot;&quot;,&quot;created_timestamp&quot;:&quot;1512906168&quot;,&quot;copyright&quot;:&quot;&quot;,&quot;focal_length&quot;:&quot;140&quot;,&quot;iso&quot;:&quot;100&quot;,&quot;shutter_speed&quot;:&quot;0.004&quot;,&quot;title&quot;:&quot;&quot;,&quot;orientation&quot;:&quot;1&quot;}\" data-image-title=\"(1178) (Large)\" data-image-description=\"\" data-image-caption=\"\" data-medium-file=\"https:\/\/sindicatodosbancarios.org.br\/site2022\/wp-content\/uploads\/2017\/12\/1178-Large-300x300.jpg\" data-large-file=\"https:\/\/sindicatodosbancarios.org.br\/site2022\/wp-content\/uploads\/2017\/12\/1178-Large-1024x678.jpg\" \/><\/a>\n\t\t\t<\/div><\/figure><figure class='gallery-item'>\n\t\t\t<div class='gallery-icon landscape'>\n\t\t\t\t<a href='https:\/\/sindicatodosbancarios.org.br\/site2022\/albuns\/inauguracao-arbanc-e-festa-dos-bancarios-2017\/1170-large\/'><img width=\"300\" height=\"300\" src=\"https:\/\/sindicatodosbancarios.org.br\/site2022\/wp-content\/uploads\/2017\/12\/1170-Large-300x300.jpg\" class=\"attachment-medium size-medium\" alt=\"\" loading=\"lazy\" srcset=\"https:\/\/sindicatodosbancarios.org.br\/site2022\/wp-content\/uploads\/2017\/12\/1170-Large-300x300.jpg 300w, https:\/\/sindicatodosbancarios.org.br\/site2022\/wp-content\/uploads\/2017\/12\/1170-Large-150x150.jpg 150w\" sizes=\"(max-width: 300px) 100vw, 300px\" data-attachment-id=\"2185\" data-permalink=\"https:\/\/sindicatodosbancarios.org.br\/site2022\/albuns\/inauguracao-arbanc-e-festa-dos-bancarios-2017\/1170-large\/\" data-orig-file=\"https:\/\/sindicatodosbancarios.org.br\/site2022\/wp-content\/uploads\/2017\/12\/1170-Large.jpg\" data-orig-size=\"1631,1080\" data-comments-opened=\"1\" data-image-meta=\"{&quot;aperture&quot;:&quot;5.6&quot;,&quot;credit&quot;:&quot;&quot;,&quot;camera&quot;:&quot;NIKON D7000&quot;,&quot;caption&quot;:&quot;&quot;,&quot;created_timestamp&quot;:&quot;1512906100&quot;,&quot;copyright&quot;:&quot;&quot;,&quot;focal_length&quot;:&quot;140&quot;,&quot;iso&quot;:&quot;560&quot;,&quot;shutter_speed&quot;:&quot;0.004&quot;,&quot;title&quot;:&quot;&quot;,&quot;orientation&quot;:&quot;1&quot;}\" data-image-title=\"(1170) (Large)\" data-image-description=\"\" data-image-caption=\"\" data-medium-file=\"https:\/\/sindicatodosbancarios.org.br\/site2022\/wp-content\/uploads\/2017\/12\/1170-Large-300x300.jpg\" data-large-file=\"https:\/\/sindicatodosbancarios.org.br\/site2022\/wp-content\/uploads\/2017\/12\/1170-Large-1024x678.jpg\" \/><\/a>\n\t\t\t<\/div><\/figure><figure class='gallery-item'>\n\t\t\t<div class='gallery-icon landscape'>\n\t\t\t\t<a href='https:\/\/sindicatodosbancarios.org.br\/site2022\/albuns\/inauguracao-arbanc-e-festa-dos-bancarios-2017\/1168-large\/'><img width=\"300\" height=\"300\" src=\"https:\/\/sindicatodosbancarios.org.br\/site2022\/wp-content\/uploads\/2017\/12\/1168-Large-300x300.jpg\" class=\"attachment-medium size-medium\" alt=\"\" loading=\"lazy\" srcset=\"https:\/\/sindicatodosbancarios.org.br\/site2022\/wp-content\/uploads\/2017\/12\/1168-Large-300x300.jpg 300w, https:\/\/sindicatodosbancarios.org.br\/site2022\/wp-content\/uploads\/2017\/12\/1168-Large-150x150.jpg 150w\" sizes=\"(max-width: 300px) 100vw, 300px\" data-attachment-id=\"2184\" data-permalink=\"https:\/\/sindicatodosbancarios.org.br\/site2022\/albuns\/inauguracao-arbanc-e-festa-dos-bancarios-2017\/1168-large\/\" data-orig-file=\"https:\/\/sindicatodosbancarios.org.br\/site2022\/wp-content\/uploads\/2017\/12\/1168-Large.jpg\" data-orig-size=\"1631,1080\" data-comments-opened=\"1\" data-image-meta=\"{&quot;aperture&quot;:&quot;6.3&quot;,&quot;credit&quot;:&quot;&quot;,&quot;camera&quot;:&quot;NIKON D7000&quot;,&quot;caption&quot;:&quot;&quot;,&quot;created_timestamp&quot;:&quot;1512906001&quot;,&quot;copyright&quot;:&quot;&quot;,&quot;focal_length&quot;:&quot;90&quot;,&quot;iso&quot;:&quot;200&quot;,&quot;shutter_speed&quot;:&quot;0.00625&quot;,&quot;title&quot;:&quot;&quot;,&quot;orientation&quot;:&quot;1&quot;}\" data-image-title=\"(1168) (Large)\" data-image-description=\"\" data-image-caption=\"\" data-medium-file=\"https:\/\/sindicatodosbancarios.org.br\/site2022\/wp-content\/uploads\/2017\/12\/1168-Large-300x300.jpg\" data-large-file=\"https:\/\/sindicatodosbancarios.org.br\/site2022\/wp-content\/uploads\/2017\/12\/1168-Large-1024x678.jpg\" \/><\/a>\n\t\t\t<\/div><\/figure><figure class='gallery-item'>\n\t\t\t<div class='gallery-icon landscape'>\n\t\t\t\t<a href='https:\/\/sindicatodosbancarios.org.br\/site2022\/albuns\/inauguracao-arbanc-e-festa-dos-bancarios-2017\/1166-large\/'><img width=\"300\" height=\"300\" src=\"https:\/\/sindicatodosbancarios.org.br\/site2022\/wp-content\/uploads\/2017\/12\/1166-Large-300x300.jpg\" class=\"attachment-medium size-medium\" alt=\"\" loading=\"lazy\" srcset=\"https:\/\/sindicatodosbancarios.org.br\/site2022\/wp-content\/uploads\/2017\/12\/1166-Large-300x300.jpg 300w, https:\/\/sindicatodosbancarios.org.br\/site2022\/wp-content\/uploads\/2017\/12\/1166-Large-150x150.jpg 150w\" sizes=\"(max-width: 300px) 100vw, 300px\" data-attachment-id=\"2183\" data-permalink=\"https:\/\/sindicatodosbancarios.org.br\/site2022\/albuns\/inauguracao-arbanc-e-festa-dos-bancarios-2017\/1166-large\/\" data-orig-file=\"https:\/\/sindicatodosbancarios.org.br\/site2022\/wp-content\/uploads\/2017\/12\/1166-Large.jpg\" data-orig-size=\"1631,1080\" data-comments-opened=\"1\" data-image-meta=\"{&quot;aperture&quot;:&quot;5.6&quot;,&quot;credit&quot;:&quot;&quot;,&quot;camera&quot;:&quot;NIKON D7000&quot;,&quot;caption&quot;:&quot;&quot;,&quot;created_timestamp&quot;:&quot;1512905939&quot;,&quot;copyright&quot;:&quot;&quot;,&quot;focal_length&quot;:&quot;140&quot;,&quot;iso&quot;:&quot;400&quot;,&quot;shutter_speed&quot;:&quot;0.0025&quot;,&quot;title&quot;:&quot;&quot;,&quot;orientation&quot;:&quot;1&quot;}\" data-image-title=\"(1166) (Large)\" data-image-description=\"\" data-image-caption=\"\" data-medium-file=\"https:\/\/sindicatodosbancarios.org.br\/site2022\/wp-content\/uploads\/2017\/12\/1166-Large-300x300.jpg\" data-large-file=\"https:\/\/sindicatodosbancarios.org.br\/site2022\/wp-content\/uploads\/2017\/12\/1166-Large-1024x678.jpg\" \/><\/a>\n\t\t\t<\/div><\/figure><figure class='gallery-item'>\n\t\t\t<div class='gallery-icon landscape'>\n\t\t\t\t<a href='https:\/\/sindicatodosbancarios.org.br\/site2022\/albuns\/inauguracao-arbanc-e-festa-dos-bancarios-2017\/1158-large\/'><img width=\"300\" height=\"300\" src=\"https:\/\/sindicatodosbancarios.org.br\/site2022\/wp-content\/uploads\/2017\/12\/1158-Large-300x300.jpg\" class=\"attachment-medium size-medium\" alt=\"\" loading=\"lazy\" srcset=\"https:\/\/sindicatodosbancarios.org.br\/site2022\/wp-content\/uploads\/2017\/12\/1158-Large-300x300.jpg 300w, https:\/\/sindicatodosbancarios.org.br\/site2022\/wp-content\/uploads\/2017\/12\/1158-Large-150x150.jpg 150w\" sizes=\"(max-width: 300px) 100vw, 300px\" data-attachment-id=\"2177\" data-permalink=\"https:\/\/sindicatodosbancarios.org.br\/site2022\/albuns\/inauguracao-arbanc-e-festa-dos-bancarios-2017\/1158-large\/\" data-orig-file=\"https:\/\/sindicatodosbancarios.org.br\/site2022\/wp-content\/uploads\/2017\/12\/1158-Large.jpg\" data-orig-size=\"1631,1080\" data-comments-opened=\"1\" data-image-meta=\"{&quot;aperture&quot;:&quot;5.6&quot;,&quot;credit&quot;:&quot;&quot;,&quot;camera&quot;:&quot;NIKON D7000&quot;,&quot;caption&quot;:&quot;&quot;,&quot;created_timestamp&quot;:&quot;1512905815&quot;,&quot;copyright&quot;:&quot;&quot;,&quot;focal_length&quot;:&quot;105&quot;,&quot;iso&quot;:&quot;250&quot;,&quot;shutter_speed&quot;:&quot;0.008&quot;,&quot;title&quot;:&quot;&quot;,&quot;orientation&quot;:&quot;1&quot;}\" data-image-title=\"(1158) (Large)\" data-image-description=\"\" data-image-caption=\"\" data-medium-file=\"https:\/\/sindicatodosbancarios.org.br\/site2022\/wp-content\/uploads\/2017\/12\/1158-Large-300x300.jpg\" data-large-file=\"https:\/\/sindicatodosbancarios.org.br\/site2022\/wp-content\/uploads\/2017\/12\/1158-Large-1024x678.jpg\" \/><\/a>\n\t\t\t<\/div><\/figure><figure class='gallery-item'>\n\t\t\t<div class='gallery-icon landscape'>\n\t\t\t\t<a href='https:\/\/sindicatodosbancarios.org.br\/site2022\/albuns\/inauguracao-arbanc-e-festa-dos-bancarios-2017\/1153-large\/'><img width=\"300\" height=\"300\" src=\"https:\/\/sindicatodosbancarios.org.br\/site2022\/wp-content\/uploads\/2017\/12\/1153-Large-300x300.jpg\" class=\"attachment-medium size-medium\" alt=\"\" loading=\"lazy\" srcset=\"https:\/\/sindicatodosbancarios.org.br\/site2022\/wp-content\/uploads\/2017\/12\/1153-Large-300x300.jpg 300w, https:\/\/sindicatodosbancarios.org.br\/site2022\/wp-content\/uploads\/2017\/12\/1153-Large-150x150.jpg 150w\" sizes=\"(max-width: 300px) 100vw, 300px\" data-attachment-id=\"2172\" data-permalink=\"https:\/\/sindicatodosbancarios.org.br\/site2022\/albuns\/inauguracao-arbanc-e-festa-dos-bancarios-2017\/1153-large\/\" data-orig-file=\"https:\/\/sindicatodosbancarios.org.br\/site2022\/wp-content\/uploads\/2017\/12\/1153-Large.jpg\" data-orig-size=\"1317,864\" data-comments-opened=\"1\" data-image-meta=\"{&quot;aperture&quot;:&quot;5.3&quot;,&quot;credit&quot;:&quot;&quot;,&quot;camera&quot;:&quot;NIKON D7000&quot;,&quot;caption&quot;:&quot;&quot;,&quot;created_timestamp&quot;:&quot;1512905768&quot;,&quot;copyright&quot;:&quot;&quot;,&quot;focal_length&quot;:&quot;85&quot;,&quot;iso&quot;:&quot;125&quot;,&quot;shutter_speed&quot;:&quot;0.004&quot;,&quot;title&quot;:&quot;&quot;,&quot;orientation&quot;:&quot;1&quot;}\" data-image-title=\"(1153) (Large)\" data-image-description=\"\" data-image-caption=\"\" data-medium-file=\"https:\/\/sindicatodosbancarios.org.br\/site2022\/wp-content\/uploads\/2017\/12\/1153-Large-300x300.jpg\" data-large-file=\"https:\/\/sindicatodosbancarios.org.br\/site2022\/wp-content\/uploads\/2017\/12\/1153-Large-1024x672.jpg\" \/><\/a>\n\t\t\t<\/div><\/figure><figure class='gallery-item'>\n\t\t\t<div class='gallery-icon landscape'>\n\t\t\t\t<a href='https:\/\/sindicatodosbancarios.org.br\/site2022\/albuns\/inauguracao-arbanc-e-festa-dos-bancarios-2017\/1154-large\/'><img width=\"300\" height=\"300\" src=\"https:\/\/sindicatodosbancarios.org.br\/site2022\/wp-content\/uploads\/2017\/12\/1154-Large-300x300.jpg\" class=\"attachment-medium size-medium\" alt=\"\" loading=\"lazy\" srcset=\"https:\/\/sindicatodosbancarios.org.br\/site2022\/wp-content\/uploads\/2017\/12\/1154-Large-300x300.jpg 300w, https:\/\/sindicatodosbancarios.org.br\/site2022\/wp-content\/uploads\/2017\/12\/1154-Large-150x150.jpg 150w\" sizes=\"(max-width: 300px) 100vw, 300px\" data-attachment-id=\"2173\" data-permalink=\"https:\/\/sindicatodosbancarios.org.br\/site2022\/albuns\/inauguracao-arbanc-e-festa-dos-bancarios-2017\/1154-large\/\" data-orig-file=\"https:\/\/sindicatodosbancarios.org.br\/site2022\/wp-content\/uploads\/2017\/12\/1154-Large.jpg\" data-orig-size=\"1631,1080\" data-comments-opened=\"1\" data-image-meta=\"{&quot;aperture&quot;:&quot;5.3&quot;,&quot;credit&quot;:&quot;&quot;,&quot;camera&quot;:&quot;NIKON D7000&quot;,&quot;caption&quot;:&quot;&quot;,&quot;created_timestamp&quot;:&quot;1512905771&quot;,&quot;copyright&quot;:&quot;&quot;,&quot;focal_length&quot;:&quot;85&quot;,&quot;iso&quot;:&quot;200&quot;,&quot;shutter_speed&quot;:&quot;0.004&quot;,&quot;title&quot;:&quot;&quot;,&quot;orientation&quot;:&quot;1&quot;}\" data-image-title=\"(1154) (Large)\" data-image-description=\"\" data-image-caption=\"\" data-medium-file=\"https:\/\/sindicatodosbancarios.org.br\/site2022\/wp-content\/uploads\/2017\/12\/1154-Large-300x300.jpg\" data-large-file=\"https:\/\/sindicatodosbancarios.org.br\/site2022\/wp-content\/uploads\/2017\/12\/1154-Large-1024x678.jpg\" \/><\/a>\n\t\t\t<\/div><\/figure><figure class='gallery-item'>\n\t\t\t<div class='gallery-icon landscape'>\n\t\t\t\t<a href='https:\/\/sindicatodosbancarios.org.br\/site2022\/albuns\/inauguracao-arbanc-e-festa-dos-bancarios-2017\/1150-large\/'><img width=\"300\" height=\"300\" src=\"https:\/\/sindicatodosbancarios.org.br\/site2022\/wp-content\/uploads\/2017\/12\/1150-Large-300x300.jpg\" class=\"attachment-medium size-medium\" alt=\"\" loading=\"lazy\" srcset=\"https:\/\/sindicatodosbancarios.org.br\/site2022\/wp-content\/uploads\/2017\/12\/1150-Large-300x300.jpg 300w, https:\/\/sindicatodosbancarios.org.br\/site2022\/wp-content\/uploads\/2017\/12\/1150-Large-150x150.jpg 150w\" sizes=\"(max-width: 300px) 100vw, 300px\" data-attachment-id=\"2170\" data-permalink=\"https:\/\/sindicatodosbancarios.org.br\/site2022\/albuns\/inauguracao-arbanc-e-festa-dos-bancarios-2017\/1150-large\/\" data-orig-file=\"https:\/\/sindicatodosbancarios.org.br\/site2022\/wp-content\/uploads\/2017\/12\/1150-Large.jpg\" data-orig-size=\"1631,1080\" data-comments-opened=\"1\" data-image-meta=\"{&quot;aperture&quot;:&quot;5.6&quot;,&quot;credit&quot;:&quot;&quot;,&quot;camera&quot;:&quot;NIKON D7000&quot;,&quot;caption&quot;:&quot;&quot;,&quot;created_timestamp&quot;:&quot;1512905736&quot;,&quot;copyright&quot;:&quot;&quot;,&quot;focal_length&quot;:&quot;112&quot;,&quot;iso&quot;:&quot;200&quot;,&quot;shutter_speed&quot;:&quot;0.00625&quot;,&quot;title&quot;:&quot;&quot;,&quot;orientation&quot;:&quot;1&quot;}\" data-image-title=\"(1150) (Large)\" data-image-description=\"\" data-image-caption=\"\" data-medium-file=\"https:\/\/sindicatodosbancarios.org.br\/site2022\/wp-content\/uploads\/2017\/12\/1150-Large-300x300.jpg\" data-large-file=\"https:\/\/sindicatodosbancarios.org.br\/site2022\/wp-content\/uploads\/2017\/12\/1150-Large-1024x678.jpg\" \/><\/a>\n\t\t\t<\/div><\/figure><figure class='gallery-item'>\n\t\t\t<div class='gallery-icon landscape'>\n\t\t\t\t<a href='https:\/\/sindicatodosbancarios.org.br\/site2022\/albuns\/inauguracao-arbanc-e-festa-dos-bancarios-2017\/1152-large\/'><img width=\"300\" height=\"300\" src=\"https:\/\/sindicatodosbancarios.org.br\/site2022\/wp-content\/uploads\/2017\/12\/1152-Large-300x300.jpg\" class=\"attachment-medium size-medium\" alt=\"\" loading=\"lazy\" srcset=\"https:\/\/sindicatodosbancarios.org.br\/site2022\/wp-content\/uploads\/2017\/12\/1152-Large-300x300.jpg 300w, https:\/\/sindicatodosbancarios.org.br\/site2022\/wp-content\/uploads\/2017\/12\/1152-Large-150x150.jpg 150w\" sizes=\"(max-width: 300px) 100vw, 300px\" data-attachment-id=\"2171\" data-permalink=\"https:\/\/sindicatodosbancarios.org.br\/site2022\/albuns\/inauguracao-arbanc-e-festa-dos-bancarios-2017\/1152-large\/\" data-orig-file=\"https:\/\/sindicatodosbancarios.org.br\/site2022\/wp-content\/uploads\/2017\/12\/1152-Large.jpg\" data-orig-size=\"1631,1080\" data-comments-opened=\"1\" data-image-meta=\"{&quot;aperture&quot;:&quot;4.2&quot;,&quot;credit&quot;:&quot;&quot;,&quot;camera&quot;:&quot;NIKON D7000&quot;,&quot;caption&quot;:&quot;&quot;,&quot;created_timestamp&quot;:&quot;1512905764&quot;,&quot;copyright&quot;:&quot;&quot;,&quot;focal_length&quot;:&quot;34&quot;,&quot;iso&quot;:&quot;110&quot;,&quot;shutter_speed&quot;:&quot;0.004&quot;,&quot;title&quot;:&quot;&quot;,&quot;orientation&quot;:&quot;1&quot;}\" data-image-title=\"(1152) (Large)\" data-image-description=\"\" data-image-caption=\"\" data-medium-file=\"https:\/\/sindicatodosbancarios.org.br\/site2022\/wp-content\/uploads\/2017\/12\/1152-Large-300x300.jpg\" data-large-file=\"https:\/\/sindicatodosbancarios.org.br\/site2022\/wp-content\/uploads\/2017\/12\/1152-Large-1024x678.jpg\" \/><\/a>\n\t\t\t<\/div><\/figure><figure class='gallery-item'>\n\t\t\t<div class='gallery-icon landscape'>\n\t\t\t\t<a href='https:\/\/sindicatodosbancarios.org.br\/site2022\/albuns\/inauguracao-arbanc-e-festa-dos-bancarios-2017\/1148-large\/'><img width=\"300\" height=\"300\" src=\"https:\/\/sindicatodosbancarios.org.br\/site2022\/wp-content\/uploads\/2017\/12\/1148-Large-300x300.jpg\" class=\"attachment-medium size-medium\" alt=\"\" loading=\"lazy\" srcset=\"https:\/\/sindicatodosbancarios.org.br\/site2022\/wp-content\/uploads\/2017\/12\/1148-Large-300x300.jpg 300w, https:\/\/sindicatodosbancarios.org.br\/site2022\/wp-content\/uploads\/2017\/12\/1148-Large-150x150.jpg 150w\" sizes=\"(max-width: 300px) 100vw, 300px\" data-attachment-id=\"2169\" data-permalink=\"https:\/\/sindicatodosbancarios.org.br\/site2022\/albuns\/inauguracao-arbanc-e-festa-dos-bancarios-2017\/1148-large\/\" data-orig-file=\"https:\/\/sindicatodosbancarios.org.br\/site2022\/wp-content\/uploads\/2017\/12\/1148-Large.jpg\" data-orig-size=\"1631,1080\" data-comments-opened=\"1\" data-image-meta=\"{&quot;aperture&quot;:&quot;7.1&quot;,&quot;credit&quot;:&quot;&quot;,&quot;camera&quot;:&quot;NIKON D7000&quot;,&quot;caption&quot;:&quot;&quot;,&quot;created_timestamp&quot;:&quot;1512905700&quot;,&quot;copyright&quot;:&quot;&quot;,&quot;focal_length&quot;:&quot;52&quot;,&quot;iso&quot;:&quot;200&quot;,&quot;shutter_speed&quot;:&quot;0.005&quot;,&quot;title&quot;:&quot;&quot;,&quot;orientation&quot;:&quot;1&quot;}\" data-image-title=\"(1148) (Large)\" data-image-description=\"\" data-image-caption=\"\" data-medium-file=\"https:\/\/sindicatodosbancarios.org.br\/site2022\/wp-content\/uploads\/2017\/12\/1148-Large-300x300.jpg\" data-large-file=\"https:\/\/sindicatodosbancarios.org.br\/site2022\/wp-content\/uploads\/2017\/12\/1148-Large-1024x678.jpg\" \/><\/a>\n\t\t\t<\/div><\/figure><figure class='gallery-item'>\n\t\t\t<div class='gallery-icon landscape'>\n\t\t\t\t<a href='https:\/\/sindicatodosbancarios.org.br\/site2022\/albuns\/inauguracao-arbanc-e-festa-dos-bancarios-2017\/1139-large\/'><img width=\"300\" height=\"300\" src=\"https:\/\/sindicatodosbancarios.org.br\/site2022\/wp-content\/uploads\/2017\/12\/1139-Large-300x300.jpg\" class=\"attachment-medium size-medium\" alt=\"\" loading=\"lazy\" srcset=\"https:\/\/sindicatodosbancarios.org.br\/site2022\/wp-content\/uploads\/2017\/12\/1139-Large-300x300.jpg 300w, https:\/\/sindicatodosbancarios.org.br\/site2022\/wp-content\/uploads\/2017\/12\/1139-Large-150x150.jpg 150w\" sizes=\"(max-width: 300px) 100vw, 300px\" data-attachment-id=\"2164\" data-permalink=\"https:\/\/sindicatodosbancarios.org.br\/site2022\/albuns\/inauguracao-arbanc-e-festa-dos-bancarios-2017\/1139-large\/\" data-orig-file=\"https:\/\/sindicatodosbancarios.org.br\/site2022\/wp-content\/uploads\/2017\/12\/1139-Large.jpg\" data-orig-size=\"1631,1080\" data-comments-opened=\"1\" data-image-meta=\"{&quot;aperture&quot;:&quot;5.3&quot;,&quot;credit&quot;:&quot;&quot;,&quot;camera&quot;:&quot;NIKON D7000&quot;,&quot;caption&quot;:&quot;&quot;,&quot;created_timestamp&quot;:&quot;1512905639&quot;,&quot;copyright&quot;:&quot;&quot;,&quot;focal_length&quot;:&quot;80&quot;,&quot;iso&quot;:&quot;200&quot;,&quot;shutter_speed&quot;:&quot;0.005&quot;,&quot;title&quot;:&quot;&quot;,&quot;orientation&quot;:&quot;1&quot;}\" data-image-title=\"(1139) (Large)\" data-image-description=\"\" data-image-caption=\"\" data-medium-file=\"https:\/\/sindicatodosbancarios.org.br\/site2022\/wp-content\/uploads\/2017\/12\/1139-Large-300x300.jpg\" data-large-file=\"https:\/\/sindicatodosbancarios.org.br\/site2022\/wp-content\/uploads\/2017\/12\/1139-Large-1024x678.jpg\" \/><\/a>\n\t\t\t<\/div><\/figure><figure class='gallery-item'>\n\t\t\t<div class='gallery-icon landscape'>\n\t\t\t\t<a href='https:\/\/sindicatodosbancarios.org.br\/site2022\/albuns\/inauguracao-arbanc-e-festa-dos-bancarios-2017\/1131-large\/'><img width=\"300\" height=\"300\" src=\"https:\/\/sindicatodosbancarios.org.br\/site2022\/wp-content\/uploads\/2017\/12\/1131-Large-300x300.jpg\" class=\"attachment-medium size-medium\" alt=\"\" loading=\"lazy\" srcset=\"https:\/\/sindicatodosbancarios.org.br\/site2022\/wp-content\/uploads\/2017\/12\/1131-Large-300x300.jpg 300w, https:\/\/sindicatodosbancarios.org.br\/site2022\/wp-content\/uploads\/2017\/12\/1131-Large-150x150.jpg 150w\" sizes=\"(max-width: 300px) 100vw, 300px\" data-attachment-id=\"2163\" data-permalink=\"https:\/\/sindicatodosbancarios.org.br\/site2022\/albuns\/inauguracao-arbanc-e-festa-dos-bancarios-2017\/1131-large\/\" data-orig-file=\"https:\/\/sindicatodosbancarios.org.br\/site2022\/wp-content\/uploads\/2017\/12\/1131-Large.jpg\" data-orig-size=\"1631,1080\" data-comments-opened=\"1\" data-image-meta=\"{&quot;aperture&quot;:&quot;5.6&quot;,&quot;credit&quot;:&quot;&quot;,&quot;camera&quot;:&quot;NIKON D7000&quot;,&quot;caption&quot;:&quot;&quot;,&quot;created_timestamp&quot;:&quot;1512905587&quot;,&quot;copyright&quot;:&quot;&quot;,&quot;focal_length&quot;:&quot;48&quot;,&quot;iso&quot;:&quot;100&quot;,&quot;shutter_speed&quot;:&quot;0.004&quot;,&quot;title&quot;:&quot;&quot;,&quot;orientation&quot;:&quot;1&quot;}\" data-image-title=\"(1131) (Large)\" data-image-description=\"\" data-image-caption=\"\" data-medium-file=\"https:\/\/sindicatodosbancarios.org.br\/site2022\/wp-content\/uploads\/2017\/12\/1131-Large-300x300.jpg\" data-large-file=\"https:\/\/sindicatodosbancarios.org.br\/site2022\/wp-content\/uploads\/2017\/12\/1131-Large-1024x678.jpg\" \/><\/a>\n\t\t\t<\/div><\/figure><figure class='gallery-item'>\n\t\t\t<div class='gallery-icon landscape'>\n\t\t\t\t<a href='https:\/\/sindicatodosbancarios.org.br\/site2022\/albuns\/inauguracao-arbanc-e-festa-dos-bancarios-2017\/1113-large-2\/'><img width=\"300\" height=\"300\" src=\"https:\/\/sindicatodosbancarios.org.br\/site2022\/wp-content\/uploads\/2017\/12\/1113-Large-1-300x300.jpg\" class=\"attachment-medium size-medium\" alt=\"\" loading=\"lazy\" srcset=\"https:\/\/sindicatodosbancarios.org.br\/site2022\/wp-content\/uploads\/2017\/12\/1113-Large-1-300x300.jpg 300w, https:\/\/sindicatodosbancarios.org.br\/site2022\/wp-content\/uploads\/2017\/12\/1113-Large-1-150x150.jpg 150w\" sizes=\"(max-width: 300px) 100vw, 300px\" data-attachment-id=\"2154\" data-permalink=\"https:\/\/sindicatodosbancarios.org.br\/site2022\/albuns\/inauguracao-arbanc-e-festa-dos-bancarios-2017\/1113-large-2\/\" data-orig-file=\"https:\/\/sindicatodosbancarios.org.br\/site2022\/wp-content\/uploads\/2017\/12\/1113-Large-1.jpg\" data-orig-size=\"1631,1080\" data-comments-opened=\"1\" data-image-meta=\"{&quot;aperture&quot;:&quot;5.6&quot;,&quot;credit&quot;:&quot;&quot;,&quot;camera&quot;:&quot;NIKON D7000&quot;,&quot;caption&quot;:&quot;&quot;,&quot;created_timestamp&quot;:&quot;1512905307&quot;,&quot;copyright&quot;:&quot;&quot;,&quot;focal_length&quot;:&quot;18&quot;,&quot;iso&quot;:&quot;100&quot;,&quot;shutter_speed&quot;:&quot;0.004&quot;,&quot;title&quot;:&quot;&quot;,&quot;orientation&quot;:&quot;1&quot;}\" data-image-title=\"(1113) (Large)\" data-image-description=\"\" data-image-caption=\"\" data-medium-file=\"https:\/\/sindicatodosbancarios.org.br\/site2022\/wp-content\/uploads\/2017\/12\/1113-Large-1-300x300.jpg\" data-large-file=\"https:\/\/sindicatodosbancarios.org.br\/site2022\/wp-content\/uploads\/2017\/12\/1113-Large-1-1024x678.jpg\" \/><\/a>\n\t\t\t<\/div><\/figure><figure class='gallery-item'>\n\t\t\t<div class='gallery-icon landscape'>\n\t\t\t\t<a href='https:\/\/sindicatodosbancarios.org.br\/site2022\/albuns\/inauguracao-arbanc-e-festa-dos-bancarios-2017\/1110-large-2\/'><img width=\"300\" height=\"300\" src=\"https:\/\/sindicatodosbancarios.org.br\/site2022\/wp-content\/uploads\/2017\/12\/1110-Large-1-300x300.jpg\" class=\"attachment-medium size-medium\" alt=\"\" loading=\"lazy\" srcset=\"https:\/\/sindicatodosbancarios.org.br\/site2022\/wp-content\/uploads\/2017\/12\/1110-Large-1-300x300.jpg 300w, https:\/\/sindicatodosbancarios.org.br\/site2022\/wp-content\/uploads\/2017\/12\/1110-Large-1-150x150.jpg 150w\" sizes=\"(max-width: 300px) 100vw, 300px\" data-attachment-id=\"2152\" data-permalink=\"https:\/\/sindicatodosbancarios.org.br\/site2022\/albuns\/inauguracao-arbanc-e-festa-dos-bancarios-2017\/1110-large-2\/\" data-orig-file=\"https:\/\/sindicatodosbancarios.org.br\/site2022\/wp-content\/uploads\/2017\/12\/1110-Large-1.jpg\" data-orig-size=\"1631,1080\" data-comments-opened=\"1\" data-image-meta=\"{&quot;aperture&quot;:&quot;5.6&quot;,&quot;credit&quot;:&quot;&quot;,&quot;camera&quot;:&quot;NIKON D7000&quot;,&quot;caption&quot;:&quot;&quot;,&quot;created_timestamp&quot;:&quot;1512905197&quot;,&quot;copyright&quot;:&quot;&quot;,&quot;focal_length&quot;:&quot;24&quot;,&quot;iso&quot;:&quot;320&quot;,&quot;shutter_speed&quot;:&quot;0.008&quot;,&quot;title&quot;:&quot;&quot;,&quot;orientation&quot;:&quot;1&quot;}\" data-image-title=\"(1110) (Large)\" data-image-description=\"\" data-image-caption=\"\" data-medium-file=\"https:\/\/sindicatodosbancarios.org.br\/site2022\/wp-content\/uploads\/2017\/12\/1110-Large-1-300x300.jpg\" data-large-file=\"https:\/\/sindicatodosbancarios.org.br\/site2022\/wp-content\/uploads\/2017\/12\/1110-Large-1-1024x678.jpg\" \/><\/a>\n\t\t\t<\/div><\/figure><figure class='gallery-item'>\n\t\t\t<div class='gallery-icon landscape'>\n\t\t\t\t<a href='https:\/\/sindicatodosbancarios.org.br\/site2022\/albuns\/inauguracao-arbanc-e-festa-dos-bancarios-2017\/1108-large-2\/'><img width=\"300\" height=\"300\" src=\"https:\/\/sindicatodosbancarios.org.br\/site2022\/wp-content\/uploads\/2017\/12\/1108-Large-1-300x300.jpg\" class=\"attachment-medium size-medium\" alt=\"\" loading=\"lazy\" srcset=\"https:\/\/sindicatodosbancarios.org.br\/site2022\/wp-content\/uploads\/2017\/12\/1108-Large-1-300x300.jpg 300w, https:\/\/sindicatodosbancarios.org.br\/site2022\/wp-content\/uploads\/2017\/12\/1108-Large-1-150x150.jpg 150w\" sizes=\"(max-width: 300px) 100vw, 300px\" data-attachment-id=\"2150\" data-permalink=\"https:\/\/sindicatodosbancarios.org.br\/site2022\/albuns\/inauguracao-arbanc-e-festa-dos-bancarios-2017\/1108-large-2\/\" data-orig-file=\"https:\/\/sindicatodosbancarios.org.br\/site2022\/wp-content\/uploads\/2017\/12\/1108-Large-1.jpg\" data-orig-size=\"1631,1080\" data-comments-opened=\"1\" data-image-meta=\"{&quot;aperture&quot;:&quot;4.5&quot;,&quot;credit&quot;:&quot;&quot;,&quot;camera&quot;:&quot;NIKON D7000&quot;,&quot;caption&quot;:&quot;&quot;,&quot;created_timestamp&quot;:&quot;1512904758&quot;,&quot;copyright&quot;:&quot;&quot;,&quot;focal_length&quot;:&quot;42&quot;,&quot;iso&quot;:&quot;320&quot;,&quot;shutter_speed&quot;:&quot;0.008&quot;,&quot;title&quot;:&quot;&quot;,&quot;orientation&quot;:&quot;1&quot;}\" data-image-title=\"(1108) (Large)\" data-image-description=\"\" data-image-caption=\"\" data-medium-file=\"https:\/\/sindicatodosbancarios.org.br\/site2022\/wp-content\/uploads\/2017\/12\/1108-Large-1-300x300.jpg\" data-large-file=\"https:\/\/sindicatodosbancarios.org.br\/site2022\/wp-content\/uploads\/2017\/12\/1108-Large-1-1024x678.jpg\" \/><\/a>\n\t\t\t<\/div><\/figure><figure class='gallery-item'>\n\t\t\t<div class='gallery-icon landscape'>\n\t\t\t\t<a href='https:\/\/sindicatodosbancarios.org.br\/site2022\/albuns\/inauguracao-arbanc-e-festa-dos-bancarios-2017\/1104-large-2\/'><img width=\"300\" height=\"300\" src=\"https:\/\/sindicatodosbancarios.org.br\/site2022\/wp-content\/uploads\/2017\/12\/1104-Large-1-300x300.jpg\" class=\"attachment-medium size-medium\" alt=\"\" loading=\"lazy\" srcset=\"https:\/\/sindicatodosbancarios.org.br\/site2022\/wp-content\/uploads\/2017\/12\/1104-Large-1-300x300.jpg 300w, https:\/\/sindicatodosbancarios.org.br\/site2022\/wp-content\/uploads\/2017\/12\/1104-Large-1-150x150.jpg 150w\" sizes=\"(max-width: 300px) 100vw, 300px\" data-attachment-id=\"2149\" data-permalink=\"https:\/\/sindicatodosbancarios.org.br\/site2022\/albuns\/inauguracao-arbanc-e-festa-dos-bancarios-2017\/1104-large-2\/\" data-orig-file=\"https:\/\/sindicatodosbancarios.org.br\/site2022\/wp-content\/uploads\/2017\/12\/1104-Large-1.jpg\" data-orig-size=\"1631,1080\" data-comments-opened=\"1\" data-image-meta=\"{&quot;aperture&quot;:&quot;4&quot;,&quot;credit&quot;:&quot;&quot;,&quot;camera&quot;:&quot;NIKON D7000&quot;,&quot;caption&quot;:&quot;&quot;,&quot;created_timestamp&quot;:&quot;1512904591&quot;,&quot;copyright&quot;:&quot;&quot;,&quot;focal_length&quot;:&quot;27&quot;,&quot;iso&quot;:&quot;400&quot;,&quot;shutter_speed&quot;:&quot;0.016666666666667&quot;,&quot;title&quot;:&quot;&quot;,&quot;orientation&quot;:&quot;1&quot;}\" data-image-title=\"(1104) (Large)\" data-image-description=\"\" data-image-caption=\"\" data-medium-file=\"https:\/\/sindicatodosbancarios.org.br\/site2022\/wp-content\/uploads\/2017\/12\/1104-Large-1-300x300.jpg\" data-large-file=\"https:\/\/sindicatodosbancarios.org.br\/site2022\/wp-content\/uploads\/2017\/12\/1104-Large-1-1024x678.jpg\" \/><\/a>\n\t\t\t<\/div><\/figure><figure class='gallery-item'>\n\t\t\t<div class='gallery-icon landscape'>\n\t\t\t\t<a href='https:\/\/sindicatodosbancarios.org.br\/site2022\/albuns\/inauguracao-arbanc-e-festa-dos-bancarios-2017\/1101-large-2\/'><img width=\"300\" height=\"300\" src=\"https:\/\/sindicatodosbancarios.org.br\/site2022\/wp-content\/uploads\/2017\/12\/1101-Large-1-300x300.jpg\" class=\"attachment-medium size-medium\" alt=\"\" loading=\"lazy\" srcset=\"https:\/\/sindicatodosbancarios.org.br\/site2022\/wp-content\/uploads\/2017\/12\/1101-Large-1-300x300.jpg 300w, https:\/\/sindicatodosbancarios.org.br\/site2022\/wp-content\/uploads\/2017\/12\/1101-Large-1-150x150.jpg 150w\" sizes=\"(max-width: 300px) 100vw, 300px\" data-attachment-id=\"2148\" data-permalink=\"https:\/\/sindicatodosbancarios.org.br\/site2022\/albuns\/inauguracao-arbanc-e-festa-dos-bancarios-2017\/1101-large-2\/\" data-orig-file=\"https:\/\/sindicatodosbancarios.org.br\/site2022\/wp-content\/uploads\/2017\/12\/1101-Large-1.jpg\" data-orig-size=\"1631,1080\" data-comments-opened=\"1\" data-image-meta=\"{&quot;aperture&quot;:&quot;5.6&quot;,&quot;credit&quot;:&quot;&quot;,&quot;camera&quot;:&quot;NIKON D7000&quot;,&quot;caption&quot;:&quot;&quot;,&quot;created_timestamp&quot;:&quot;1512904543&quot;,&quot;copyright&quot;:&quot;&quot;,&quot;focal_length&quot;:&quot;27&quot;,&quot;iso&quot;:&quot;200&quot;,&quot;shutter_speed&quot;:&quot;0.008&quot;,&quot;title&quot;:&quot;&quot;,&quot;orientation&quot;:&quot;1&quot;}\" data-image-title=\"(1101) (Large)\" data-image-description=\"\" data-image-caption=\"\" data-medium-file=\"https:\/\/sindicatodosbancarios.org.br\/site2022\/wp-content\/uploads\/2017\/12\/1101-Large-1-300x300.jpg\" data-large-file=\"https:\/\/sindicatodosbancarios.org.br\/site2022\/wp-content\/uploads\/2017\/12\/1101-Large-1-1024x678.jpg\" \/><\/a>\n\t\t\t<\/div><\/figure><figure class='gallery-item'>\n\t\t\t<div class='gallery-icon landscape'>\n\t\t\t\t<a href='https:\/\/sindicatodosbancarios.org.br\/site2022\/albuns\/inauguracao-arbanc-e-festa-dos-bancarios-2017\/1088-large-2\/'><img width=\"300\" height=\"300\" src=\"https:\/\/sindicatodosbancarios.org.br\/site2022\/wp-content\/uploads\/2017\/12\/1088-Large-1-300x300.jpg\" class=\"attachment-medium size-medium\" alt=\"\" loading=\"lazy\" srcset=\"https:\/\/sindicatodosbancarios.org.br\/site2022\/wp-content\/uploads\/2017\/12\/1088-Large-1-300x300.jpg 300w, https:\/\/sindicatodosbancarios.org.br\/site2022\/wp-content\/uploads\/2017\/12\/1088-Large-1-150x150.jpg 150w\" sizes=\"(max-width: 300px) 100vw, 300px\" data-attachment-id=\"2142\" data-permalink=\"https:\/\/sindicatodosbancarios.org.br\/site2022\/albuns\/inauguracao-arbanc-e-festa-dos-bancarios-2017\/1088-large-2\/\" data-orig-file=\"https:\/\/sindicatodosbancarios.org.br\/site2022\/wp-content\/uploads\/2017\/12\/1088-Large-1.jpg\" data-orig-size=\"1631,1080\" data-comments-opened=\"1\" data-image-meta=\"{&quot;aperture&quot;:&quot;4.5&quot;,&quot;credit&quot;:&quot;&quot;,&quot;camera&quot;:&quot;NIKON D7000&quot;,&quot;caption&quot;:&quot;&quot;,&quot;created_timestamp&quot;:&quot;1512904365&quot;,&quot;copyright&quot;:&quot;&quot;,&quot;focal_length&quot;:&quot;42&quot;,&quot;iso&quot;:&quot;500&quot;,&quot;shutter_speed&quot;:&quot;0.016666666666667&quot;,&quot;title&quot;:&quot;&quot;,&quot;orientation&quot;:&quot;1&quot;}\" data-image-title=\"(1088) (Large)\" data-image-description=\"\" data-image-caption=\"\" data-medium-file=\"https:\/\/sindicatodosbancarios.org.br\/site2022\/wp-content\/uploads\/2017\/12\/1088-Large-1-300x300.jpg\" data-large-file=\"https:\/\/sindicatodosbancarios.org.br\/site2022\/wp-content\/uploads\/2017\/12\/1088-Large-1-1024x678.jpg\" \/><\/a>\n\t\t\t<\/div><\/figure><figure class='gallery-item'>\n\t\t\t<div class='gallery-icon landscape'>\n\t\t\t\t<a href='https:\/\/sindicatodosbancarios.org.br\/site2022\/albuns\/inauguracao-arbanc-e-festa-dos-bancarios-2017\/1089-large-2\/'><img width=\"300\" height=\"300\" src=\"https:\/\/sindicatodosbancarios.org.br\/site2022\/wp-content\/uploads\/2017\/12\/1089-Large-1-300x300.jpg\" class=\"attachment-medium size-medium\" alt=\"\" loading=\"lazy\" srcset=\"https:\/\/sindicatodosbancarios.org.br\/site2022\/wp-content\/uploads\/2017\/12\/1089-Large-1-300x300.jpg 300w, https:\/\/sindicatodosbancarios.org.br\/site2022\/wp-content\/uploads\/2017\/12\/1089-Large-1-150x150.jpg 150w\" sizes=\"(max-width: 300px) 100vw, 300px\" data-attachment-id=\"2143\" data-permalink=\"https:\/\/sindicatodosbancarios.org.br\/site2022\/albuns\/inauguracao-arbanc-e-festa-dos-bancarios-2017\/1089-large-2\/\" data-orig-file=\"https:\/\/sindicatodosbancarios.org.br\/site2022\/wp-content\/uploads\/2017\/12\/1089-Large-1.jpg\" data-orig-size=\"1631,1080\" data-comments-opened=\"1\" data-image-meta=\"{&quot;aperture&quot;:&quot;4&quot;,&quot;credit&quot;:&quot;&quot;,&quot;camera&quot;:&quot;NIKON D7000&quot;,&quot;caption&quot;:&quot;&quot;,&quot;created_timestamp&quot;:&quot;1512904383&quot;,&quot;copyright&quot;:&quot;&quot;,&quot;focal_length&quot;:&quot;32&quot;,&quot;iso&quot;:&quot;320&quot;,&quot;shutter_speed&quot;:&quot;0.008&quot;,&quot;title&quot;:&quot;&quot;,&quot;orientation&quot;:&quot;1&quot;}\" data-image-title=\"(1089) (Large)\" data-image-description=\"\" data-image-caption=\"\" data-medium-file=\"https:\/\/sindicatodosbancarios.org.br\/site2022\/wp-content\/uploads\/2017\/12\/1089-Large-1-300x300.jpg\" data-large-file=\"https:\/\/sindicatodosbancarios.org.br\/site2022\/wp-content\/uploads\/2017\/12\/1089-Large-1-1024x678.jpg\" \/><\/a>\n\t\t\t<\/div><\/figure><figure class='gallery-item'>\n\t\t\t<div class='gallery-icon landscape'>\n\t\t\t\t<a href='https:\/\/sindicatodosbancarios.org.br\/site2022\/albuns\/inauguracao-arbanc-e-festa-dos-bancarios-2017\/1091-large-2\/'><img width=\"300\" height=\"300\" src=\"https:\/\/sindicatodosbancarios.org.br\/site2022\/wp-content\/uploads\/2017\/12\/1091-Large-1-300x300.jpg\" class=\"attachment-medium size-medium\" alt=\"\" loading=\"lazy\" srcset=\"https:\/\/sindicatodosbancarios.org.br\/site2022\/wp-content\/uploads\/2017\/12\/1091-Large-1-300x300.jpg 300w, https:\/\/sindicatodosbancarios.org.br\/site2022\/wp-content\/uploads\/2017\/12\/1091-Large-1-150x150.jpg 150w\" sizes=\"(max-width: 300px) 100vw, 300px\" data-attachment-id=\"2144\" data-permalink=\"https:\/\/sindicatodosbancarios.org.br\/site2022\/albuns\/inauguracao-arbanc-e-festa-dos-bancarios-2017\/1091-large-2\/\" data-orig-file=\"https:\/\/sindicatodosbancarios.org.br\/site2022\/wp-content\/uploads\/2017\/12\/1091-Large-1.jpg\" data-orig-size=\"1631,1080\" data-comments-opened=\"1\" data-image-meta=\"{&quot;aperture&quot;:&quot;3.8&quot;,&quot;credit&quot;:&quot;&quot;,&quot;camera&quot;:&quot;NIKON D7000&quot;,&quot;caption&quot;:&quot;&quot;,&quot;created_timestamp&quot;:&quot;1512904392&quot;,&quot;copyright&quot;:&quot;&quot;,&quot;focal_length&quot;:&quot;26&quot;,&quot;iso&quot;:&quot;200&quot;,&quot;shutter_speed&quot;:&quot;0.005&quot;,&quot;title&quot;:&quot;&quot;,&quot;orientation&quot;:&quot;1&quot;}\" data-image-title=\"(1091) (Large)\" data-image-description=\"\" data-image-caption=\"\" data-medium-file=\"https:\/\/sindicatodosbancarios.org.br\/site2022\/wp-content\/uploads\/2017\/12\/1091-Large-1-300x300.jpg\" data-large-file=\"https:\/\/sindicatodosbancarios.org.br\/site2022\/wp-content\/uploads\/2017\/12\/1091-Large-1-1024x678.jpg\" \/><\/a>\n\t\t\t<\/div><\/figure><figure class='gallery-item'>\n\t\t\t<div class='gallery-icon landscape'>\n\t\t\t\t<a href='https:\/\/sindicatodosbancarios.org.br\/site2022\/albuns\/inauguracao-arbanc-e-festa-dos-bancarios-2017\/1092-large-2\/'><img width=\"300\" height=\"300\" src=\"https:\/\/sindicatodosbancarios.org.br\/site2022\/wp-content\/uploads\/2017\/12\/1092-Large-1-300x300.jpg\" class=\"attachment-medium size-medium\" alt=\"\" loading=\"lazy\" srcset=\"https:\/\/sindicatodosbancarios.org.br\/site2022\/wp-content\/uploads\/2017\/12\/1092-Large-1-300x300.jpg 300w, https:\/\/sindicatodosbancarios.org.br\/site2022\/wp-content\/uploads\/2017\/12\/1092-Large-1-150x150.jpg 150w\" sizes=\"(max-width: 300px) 100vw, 300px\" data-attachment-id=\"2145\" data-permalink=\"https:\/\/sindicatodosbancarios.org.br\/site2022\/albuns\/inauguracao-arbanc-e-festa-dos-bancarios-2017\/1092-large-2\/\" data-orig-file=\"https:\/\/sindicatodosbancarios.org.br\/site2022\/wp-content\/uploads\/2017\/12\/1092-Large-1.jpg\" data-orig-size=\"1631,1080\" data-comments-opened=\"1\" data-image-meta=\"{&quot;aperture&quot;:&quot;4.2&quot;,&quot;credit&quot;:&quot;&quot;,&quot;camera&quot;:&quot;NIKON D7000&quot;,&quot;caption&quot;:&quot;&quot;,&quot;created_timestamp&quot;:&quot;1512904407&quot;,&quot;copyright&quot;:&quot;&quot;,&quot;focal_length&quot;:&quot;38&quot;,&quot;iso&quot;:&quot;360&quot;,&quot;shutter_speed&quot;:&quot;0.008&quot;,&quot;title&quot;:&quot;&quot;,&quot;orientation&quot;:&quot;1&quot;}\" data-image-title=\"(1092) (Large)\" data-image-description=\"\" data-image-caption=\"\" data-medium-file=\"https:\/\/sindicatodosbancarios.org.br\/site2022\/wp-content\/uploads\/2017\/12\/1092-Large-1-300x300.jpg\" data-large-file=\"https:\/\/sindicatodosbancarios.org.br\/site2022\/wp-content\/uploads\/2017\/12\/1092-Large-1-1024x678.jpg\" \/><\/a>\n\t\t\t<\/div><\/figure><figure class='gallery-item'>\n\t\t\t<div class='gallery-icon landscape'>\n\t\t\t\t<a href='https:\/\/sindicatodosbancarios.org.br\/site2022\/albuns\/inauguracao-arbanc-e-festa-dos-bancarios-2017\/1098-large-2\/'><img width=\"300\" height=\"300\" src=\"https:\/\/sindicatodosbancarios.org.br\/site2022\/wp-content\/uploads\/2017\/12\/1098-Large-1-300x300.jpg\" class=\"attachment-medium size-medium\" alt=\"\" loading=\"lazy\" srcset=\"https:\/\/sindicatodosbancarios.org.br\/site2022\/wp-content\/uploads\/2017\/12\/1098-Large-1-300x300.jpg 300w, https:\/\/sindicatodosbancarios.org.br\/site2022\/wp-content\/uploads\/2017\/12\/1098-Large-1-150x150.jpg 150w\" sizes=\"(max-width: 300px) 100vw, 300px\" data-attachment-id=\"2147\" data-permalink=\"https:\/\/sindicatodosbancarios.org.br\/site2022\/albuns\/inauguracao-arbanc-e-festa-dos-bancarios-2017\/1098-large-2\/\" data-orig-file=\"https:\/\/sindicatodosbancarios.org.br\/site2022\/wp-content\/uploads\/2017\/12\/1098-Large-1.jpg\" data-orig-size=\"1631,1080\" data-comments-opened=\"1\" data-image-meta=\"{&quot;aperture&quot;:&quot;4&quot;,&quot;credit&quot;:&quot;&quot;,&quot;camera&quot;:&quot;NIKON D7000&quot;,&quot;caption&quot;:&quot;&quot;,&quot;created_timestamp&quot;:&quot;1512904510&quot;,&quot;copyright&quot;:&quot;&quot;,&quot;focal_length&quot;:&quot;23&quot;,&quot;iso&quot;:&quot;200&quot;,&quot;shutter_speed&quot;:&quot;0.004&quot;,&quot;title&quot;:&quot;&quot;,&quot;orientation&quot;:&quot;1&quot;}\" data-image-title=\"(1098) (Large)\" data-image-description=\"\" data-image-caption=\"\" data-medium-file=\"https:\/\/sindicatodosbancarios.org.br\/site2022\/wp-content\/uploads\/2017\/12\/1098-Large-1-300x300.jpg\" data-large-file=\"https:\/\/sindicatodosbancarios.org.br\/site2022\/wp-content\/uploads\/2017\/12\/1098-Large-1-1024x678.jpg\" \/><\/a>\n\t\t\t<\/div><\/figure><figure class='gallery-item'>\n\t\t\t<div class='gallery-icon landscape'>\n\t\t\t\t<a href='https:\/\/sindicatodosbancarios.org.br\/site2022\/albuns\/inauguracao-arbanc-e-festa-dos-bancarios-2017\/1086-large-2\/'><img width=\"300\" height=\"300\" src=\"https:\/\/sindicatodosbancarios.org.br\/site2022\/wp-content\/uploads\/2017\/12\/1086-Large-1-300x300.jpg\" class=\"attachment-medium size-medium\" alt=\"\" loading=\"lazy\" srcset=\"https:\/\/sindicatodosbancarios.org.br\/site2022\/wp-content\/uploads\/2017\/12\/1086-Large-1-300x300.jpg 300w, https:\/\/sindicatodosbancarios.org.br\/site2022\/wp-content\/uploads\/2017\/12\/1086-Large-1-150x150.jpg 150w\" sizes=\"(max-width: 300px) 100vw, 300px\" data-attachment-id=\"2141\" data-permalink=\"https:\/\/sindicatodosbancarios.org.br\/site2022\/albuns\/inauguracao-arbanc-e-festa-dos-bancarios-2017\/1086-large-2\/\" data-orig-file=\"https:\/\/sindicatodosbancarios.org.br\/site2022\/wp-content\/uploads\/2017\/12\/1086-Large-1.jpg\" data-orig-size=\"1631,1080\" data-comments-opened=\"1\" data-image-meta=\"{&quot;aperture&quot;:&quot;4.5&quot;,&quot;credit&quot;:&quot;&quot;,&quot;camera&quot;:&quot;NIKON D7000&quot;,&quot;caption&quot;:&quot;&quot;,&quot;created_timestamp&quot;:&quot;1512904363&quot;,&quot;copyright&quot;:&quot;&quot;,&quot;focal_length&quot;:&quot;42&quot;,&quot;iso&quot;:&quot;400&quot;,&quot;shutter_speed&quot;:&quot;0.0125&quot;,&quot;title&quot;:&quot;&quot;,&quot;orientation&quot;:&quot;1&quot;}\" data-image-title=\"(1086) (Large)\" data-image-description=\"\" data-image-caption=\"\" data-medium-file=\"https:\/\/sindicatodosbancarios.org.br\/site2022\/wp-content\/uploads\/2017\/12\/1086-Large-1-300x300.jpg\" data-large-file=\"https:\/\/sindicatodosbancarios.org.br\/site2022\/wp-content\/uploads\/2017\/12\/1086-Large-1-1024x678.jpg\" \/><\/a>\n\t\t\t<\/div><\/figure><figure class='gallery-item'>\n\t\t\t<div class='gallery-icon landscape'>\n\t\t\t\t<a href='https:\/\/sindicatodosbancarios.org.br\/site2022\/albuns\/inauguracao-arbanc-e-festa-dos-bancarios-2017\/1085-large-2\/'><img width=\"300\" height=\"300\" src=\"https:\/\/sindicatodosbancarios.org.br\/site2022\/wp-content\/uploads\/2017\/12\/1085-Large-1-300x300.jpg\" class=\"attachment-medium size-medium\" alt=\"\" loading=\"lazy\" srcset=\"https:\/\/sindicatodosbancarios.org.br\/site2022\/wp-content\/uploads\/2017\/12\/1085-Large-1-300x300.jpg 300w, https:\/\/sindicatodosbancarios.org.br\/site2022\/wp-content\/uploads\/2017\/12\/1085-Large-1-150x150.jpg 150w\" sizes=\"(max-width: 300px) 100vw, 300px\" data-attachment-id=\"2140\" data-permalink=\"https:\/\/sindicatodosbancarios.org.br\/site2022\/albuns\/inauguracao-arbanc-e-festa-dos-bancarios-2017\/1085-large-2\/\" data-orig-file=\"https:\/\/sindicatodosbancarios.org.br\/site2022\/wp-content\/uploads\/2017\/12\/1085-Large-1.jpg\" data-orig-size=\"1631,1080\" data-comments-opened=\"1\" data-image-meta=\"{&quot;aperture&quot;:&quot;4.5&quot;,&quot;credit&quot;:&quot;&quot;,&quot;camera&quot;:&quot;NIKON D7000&quot;,&quot;caption&quot;:&quot;&quot;,&quot;created_timestamp&quot;:&quot;1512904355&quot;,&quot;copyright&quot;:&quot;&quot;,&quot;focal_length&quot;:&quot;45&quot;,&quot;iso&quot;:&quot;400&quot;,&quot;shutter_speed&quot;:&quot;0.01&quot;,&quot;title&quot;:&quot;&quot;,&quot;orientation&quot;:&quot;1&quot;}\" data-image-title=\"(1085) (Large)\" data-image-description=\"\" data-image-caption=\"\" data-medium-file=\"https:\/\/sindicatodosbancarios.org.br\/site2022\/wp-content\/uploads\/2017\/12\/1085-Large-1-300x300.jpg\" data-large-file=\"https:\/\/sindicatodosbancarios.org.br\/site2022\/wp-content\/uploads\/2017\/12\/1085-Large-1-1024x678.jpg\" \/><\/a>\n\t\t\t<\/div><\/figure><figure class='gallery-item'>\n\t\t\t<div class='gallery-icon landscape'>\n\t\t\t\t<a href='https:\/\/sindicatodosbancarios.org.br\/site2022\/albuns\/inauguracao-arbanc-e-festa-dos-bancarios-2017\/1084-large-2\/'><img width=\"300\" height=\"300\" src=\"https:\/\/sindicatodosbancarios.org.br\/site2022\/wp-content\/uploads\/2017\/12\/1084-Large-1-300x300.jpg\" class=\"attachment-medium size-medium\" alt=\"\" loading=\"lazy\" srcset=\"https:\/\/sindicatodosbancarios.org.br\/site2022\/wp-content\/uploads\/2017\/12\/1084-Large-1-300x300.jpg 300w, https:\/\/sindicatodosbancarios.org.br\/site2022\/wp-content\/uploads\/2017\/12\/1084-Large-1-150x150.jpg 150w\" sizes=\"(max-width: 300px) 100vw, 300px\" data-attachment-id=\"2139\" data-permalink=\"https:\/\/sindicatodosbancarios.org.br\/site2022\/albuns\/inauguracao-arbanc-e-festa-dos-bancarios-2017\/1084-large-2\/\" data-orig-file=\"https:\/\/sindicatodosbancarios.org.br\/site2022\/wp-content\/uploads\/2017\/12\/1084-Large-1.jpg\" data-orig-size=\"1631,1080\" data-comments-opened=\"1\" data-image-meta=\"{&quot;aperture&quot;:&quot;4.5&quot;,&quot;credit&quot;:&quot;&quot;,&quot;camera&quot;:&quot;NIKON D7000&quot;,&quot;caption&quot;:&quot;&quot;,&quot;created_timestamp&quot;:&quot;1512904344&quot;,&quot;copyright&quot;:&quot;&quot;,&quot;focal_length&quot;:&quot;48&quot;,&quot;iso&quot;:&quot;320&quot;,&quot;shutter_speed&quot;:&quot;0.008&quot;,&quot;title&quot;:&quot;&quot;,&quot;orientation&quot;:&quot;1&quot;}\" data-image-title=\"(1084) (Large)\" data-image-description=\"\" data-image-caption=\"\" data-medium-file=\"https:\/\/sindicatodosbancarios.org.br\/site2022\/wp-content\/uploads\/2017\/12\/1084-Large-1-300x300.jpg\" data-large-file=\"https:\/\/sindicatodosbancarios.org.br\/site2022\/wp-content\/uploads\/2017\/12\/1084-Large-1-1024x678.jpg\" \/><\/a>\n\t\t\t<\/div><\/figure><figure class='gallery-item'>\n\t\t\t<div class='gallery-icon landscape'>\n\t\t\t\t<a href='https:\/\/sindicatodosbancarios.org.br\/site2022\/albuns\/inauguracao-arbanc-e-festa-dos-bancarios-2017\/1076-large-2\/'><img width=\"300\" height=\"300\" src=\"https:\/\/sindicatodosbancarios.org.br\/site2022\/wp-content\/uploads\/2017\/12\/1076-Large-1-300x300.jpg\" class=\"attachment-medium size-medium\" alt=\"\" loading=\"lazy\" srcset=\"https:\/\/sindicatodosbancarios.org.br\/site2022\/wp-content\/uploads\/2017\/12\/1076-Large-1-300x300.jpg 300w, https:\/\/sindicatodosbancarios.org.br\/site2022\/wp-content\/uploads\/2017\/12\/1076-Large-1-150x150.jpg 150w\" sizes=\"(max-width: 300px) 100vw, 300px\" data-attachment-id=\"2134\" data-permalink=\"https:\/\/sindicatodosbancarios.org.br\/site2022\/albuns\/inauguracao-arbanc-e-festa-dos-bancarios-2017\/1076-large-2\/\" data-orig-file=\"https:\/\/sindicatodosbancarios.org.br\/site2022\/wp-content\/uploads\/2017\/12\/1076-Large-1.jpg\" data-orig-size=\"1631,1080\" data-comments-opened=\"1\" data-image-meta=\"{&quot;aperture&quot;:&quot;4&quot;,&quot;credit&quot;:&quot;&quot;,&quot;camera&quot;:&quot;NIKON D7000&quot;,&quot;caption&quot;:&quot;&quot;,&quot;created_timestamp&quot;:&quot;1512904216&quot;,&quot;copyright&quot;:&quot;&quot;,&quot;focal_length&quot;:&quot;27&quot;,&quot;iso&quot;:&quot;200&quot;,&quot;shutter_speed&quot;:&quot;0.008&quot;,&quot;title&quot;:&quot;&quot;,&quot;orientation&quot;:&quot;1&quot;}\" data-image-title=\"(1076) (Large)\" data-image-description=\"\" data-image-caption=\"\" data-medium-file=\"https:\/\/sindicatodosbancarios.org.br\/site2022\/wp-content\/uploads\/2017\/12\/1076-Large-1-300x300.jpg\" data-large-file=\"https:\/\/sindicatodosbancarios.org.br\/site2022\/wp-content\/uploads\/2017\/12\/1076-Large-1-1024x678.jpg\" \/><\/a>\n\t\t\t<\/div><\/figure><figure class='gallery-item'>\n\t\t\t<div class='gallery-icon landscape'>\n\t\t\t\t<a href='https:\/\/sindicatodosbancarios.org.br\/site2022\/albuns\/inauguracao-arbanc-e-festa-dos-bancarios-2017\/1080-large-2\/'><img width=\"300\" height=\"300\" src=\"https:\/\/sindicatodosbancarios.org.br\/site2022\/wp-content\/uploads\/2017\/12\/1080-Large-1-300x300.jpg\" class=\"attachment-medium size-medium\" alt=\"\" loading=\"lazy\" srcset=\"https:\/\/sindicatodosbancarios.org.br\/site2022\/wp-content\/uploads\/2017\/12\/1080-Large-1-300x300.jpg 300w, https:\/\/sindicatodosbancarios.org.br\/site2022\/wp-content\/uploads\/2017\/12\/1080-Large-1-150x150.jpg 150w\" sizes=\"(max-width: 300px) 100vw, 300px\" data-attachment-id=\"2137\" data-permalink=\"https:\/\/sindicatodosbancarios.org.br\/site2022\/albuns\/inauguracao-arbanc-e-festa-dos-bancarios-2017\/1080-large-2\/\" data-orig-file=\"https:\/\/sindicatodosbancarios.org.br\/site2022\/wp-content\/uploads\/2017\/12\/1080-Large-1.jpg\" data-orig-size=\"1631,1080\" data-comments-opened=\"1\" data-image-meta=\"{&quot;aperture&quot;:&quot;4&quot;,&quot;credit&quot;:&quot;&quot;,&quot;camera&quot;:&quot;NIKON D7000&quot;,&quot;caption&quot;:&quot;&quot;,&quot;created_timestamp&quot;:&quot;1512904316&quot;,&quot;copyright&quot;:&quot;&quot;,&quot;focal_length&quot;:&quot;30&quot;,&quot;iso&quot;:&quot;220&quot;,&quot;shutter_speed&quot;:&quot;0.008&quot;,&quot;title&quot;:&quot;&quot;,&quot;orientation&quot;:&quot;1&quot;}\" data-image-title=\"(1080) (Large)\" data-image-description=\"\" data-image-caption=\"\" data-medium-file=\"https:\/\/sindicatodosbancarios.org.br\/site2022\/wp-content\/uploads\/2017\/12\/1080-Large-1-300x300.jpg\" data-large-file=\"https:\/\/sindicatodosbancarios.org.br\/site2022\/wp-content\/uploads\/2017\/12\/1080-Large-1-1024x678.jpg\" \/><\/a>\n\t\t\t<\/div><\/figure><figure class='gallery-item'>\n\t\t\t<div class='gallery-icon landscape'>\n\t\t\t\t<a href='https:\/\/sindicatodosbancarios.org.br\/site2022\/albuns\/inauguracao-arbanc-e-festa-dos-bancarios-2017\/1082-large-2\/'><img width=\"300\" height=\"300\" src=\"https:\/\/sindicatodosbancarios.org.br\/site2022\/wp-content\/uploads\/2017\/12\/1082-Large-1-300x300.jpg\" class=\"attachment-medium size-medium\" alt=\"\" loading=\"lazy\" srcset=\"https:\/\/sindicatodosbancarios.org.br\/site2022\/wp-content\/uploads\/2017\/12\/1082-Large-1-300x300.jpg 300w, https:\/\/sindicatodosbancarios.org.br\/site2022\/wp-content\/uploads\/2017\/12\/1082-Large-1-150x150.jpg 150w\" sizes=\"(max-width: 300px) 100vw, 300px\" data-attachment-id=\"2138\" data-permalink=\"https:\/\/sindicatodosbancarios.org.br\/site2022\/albuns\/inauguracao-arbanc-e-festa-dos-bancarios-2017\/1082-large-2\/\" data-orig-file=\"https:\/\/sindicatodosbancarios.org.br\/site2022\/wp-content\/uploads\/2017\/12\/1082-Large-1.jpg\" data-orig-size=\"1631,1080\" data-comments-opened=\"1\" data-image-meta=\"{&quot;aperture&quot;:&quot;4&quot;,&quot;credit&quot;:&quot;&quot;,&quot;camera&quot;:&quot;NIKON D7000&quot;,&quot;caption&quot;:&quot;&quot;,&quot;created_timestamp&quot;:&quot;1512904327&quot;,&quot;copyright&quot;:&quot;&quot;,&quot;focal_length&quot;:&quot;30&quot;,&quot;iso&quot;:&quot;400&quot;,&quot;shutter_speed&quot;:&quot;0.01&quot;,&quot;title&quot;:&quot;&quot;,&quot;orientation&quot;:&quot;1&quot;}\" data-image-title=\"(1082) (Large)\" data-image-description=\"\" data-image-caption=\"\" data-medium-file=\"https:\/\/sindicatodosbancarios.org.br\/site2022\/wp-content\/uploads\/2017\/12\/1082-Large-1-300x300.jpg\" data-large-file=\"https:\/\/sindicatodosbancarios.org.br\/site2022\/wp-content\/uploads\/2017\/12\/1082-Large-1-1024x678.jpg\" \/><\/a>\n\t\t\t<\/div><\/figure><figure class='gallery-item'>\n\t\t\t<div class='gallery-icon landscape'>\n\t\t\t\t<a href='https:\/\/sindicatodosbancarios.org.br\/site2022\/albuns\/inauguracao-arbanc-e-festa-dos-bancarios-2017\/1056-large\/'><img width=\"300\" height=\"300\" src=\"https:\/\/sindicatodosbancarios.org.br\/site2022\/wp-content\/uploads\/2017\/12\/1056-Large-300x300.jpg\" class=\"attachment-medium size-medium\" alt=\"\" loading=\"lazy\" srcset=\"https:\/\/sindicatodosbancarios.org.br\/site2022\/wp-content\/uploads\/2017\/12\/1056-Large-300x300.jpg 300w, https:\/\/sindicatodosbancarios.org.br\/site2022\/wp-content\/uploads\/2017\/12\/1056-Large-150x150.jpg 150w\" sizes=\"(max-width: 300px) 100vw, 300px\" data-attachment-id=\"2125\" data-permalink=\"https:\/\/sindicatodosbancarios.org.br\/site2022\/albuns\/inauguracao-arbanc-e-festa-dos-bancarios-2017\/1056-large\/\" data-orig-file=\"https:\/\/sindicatodosbancarios.org.br\/site2022\/wp-content\/uploads\/2017\/12\/1056-Large.jpg\" data-orig-size=\"1631,1080\" data-comments-opened=\"1\" data-image-meta=\"{&quot;aperture&quot;:&quot;4&quot;,&quot;credit&quot;:&quot;&quot;,&quot;camera&quot;:&quot;NIKON D7000&quot;,&quot;caption&quot;:&quot;&quot;,&quot;created_timestamp&quot;:&quot;1512902381&quot;,&quot;copyright&quot;:&quot;&quot;,&quot;focal_length&quot;:&quot;24&quot;,&quot;iso&quot;:&quot;100&quot;,&quot;shutter_speed&quot;:&quot;0.004&quot;,&quot;title&quot;:&quot;&quot;,&quot;orientation&quot;:&quot;1&quot;}\" data-image-title=\"(1056) (Large)\" data-image-description=\"\" data-image-caption=\"\" data-medium-file=\"https:\/\/sindicatodosbancarios.org.br\/site2022\/wp-content\/uploads\/2017\/12\/1056-Large-300x300.jpg\" data-large-file=\"https:\/\/sindicatodosbancarios.org.br\/site2022\/wp-content\/uploads\/2017\/12\/1056-Large-1024x678.jpg\" \/><\/a>\n\t\t\t<\/div><\/figure><figure class='gallery-item'>\n\t\t\t<div class='gallery-icon landscape'>\n\t\t\t\t<a href='https:\/\/sindicatodosbancarios.org.br\/site2022\/albuns\/inauguracao-arbanc-e-festa-dos-bancarios-2017\/1066-large-2\/'><img width=\"300\" height=\"300\" src=\"https:\/\/sindicatodosbancarios.org.br\/site2022\/wp-content\/uploads\/2017\/12\/1066-Large-1-300x300.jpg\" class=\"attachment-medium size-medium\" alt=\"\" loading=\"lazy\" srcset=\"https:\/\/sindicatodosbancarios.org.br\/site2022\/wp-content\/uploads\/2017\/12\/1066-Large-1-300x300.jpg 300w, https:\/\/sindicatodosbancarios.org.br\/site2022\/wp-content\/uploads\/2017\/12\/1066-Large-1-150x150.jpg 150w\" sizes=\"(max-width: 300px) 100vw, 300px\" data-attachment-id=\"2131\" data-permalink=\"https:\/\/sindicatodosbancarios.org.br\/site2022\/albuns\/inauguracao-arbanc-e-festa-dos-bancarios-2017\/1066-large-2\/\" data-orig-file=\"https:\/\/sindicatodosbancarios.org.br\/site2022\/wp-content\/uploads\/2017\/12\/1066-Large-1.jpg\" data-orig-size=\"1631,1080\" data-comments-opened=\"1\" data-image-meta=\"{&quot;aperture&quot;:&quot;4.8&quot;,&quot;credit&quot;:&quot;&quot;,&quot;camera&quot;:&quot;NIKON D7000&quot;,&quot;caption&quot;:&quot;&quot;,&quot;created_timestamp&quot;:&quot;1512902584&quot;,&quot;copyright&quot;:&quot;&quot;,&quot;focal_length&quot;:&quot;50&quot;,&quot;iso&quot;:&quot;200&quot;,&quot;shutter_speed&quot;:&quot;0.005&quot;,&quot;title&quot;:&quot;&quot;,&quot;orientation&quot;:&quot;1&quot;}\" data-image-title=\"(1066) (Large)\" data-image-description=\"\" data-image-caption=\"\" data-medium-file=\"https:\/\/sindicatodosbancarios.org.br\/site2022\/wp-content\/uploads\/2017\/12\/1066-Large-1-300x300.jpg\" data-large-file=\"https:\/\/sindicatodosbancarios.org.br\/site2022\/wp-content\/uploads\/2017\/12\/1066-Large-1-1024x678.jpg\" \/><\/a>\n\t\t\t<\/div><\/figure><figure class='gallery-item'>\n\t\t\t<div class='gallery-icon landscape'>\n\t\t\t\t<a href='https:\/\/sindicatodosbancarios.org.br\/site2022\/albuns\/inauguracao-arbanc-e-festa-dos-bancarios-2017\/1059-large\/'><img width=\"300\" height=\"300\" src=\"https:\/\/sindicatodosbancarios.org.br\/site2022\/wp-content\/uploads\/2017\/12\/1059-Large-300x300.jpg\" class=\"attachment-medium size-medium\" alt=\"\" loading=\"lazy\" srcset=\"https:\/\/sindicatodosbancarios.org.br\/site2022\/wp-content\/uploads\/2017\/12\/1059-Large-300x300.jpg 300w, https:\/\/sindicatodosbancarios.org.br\/site2022\/wp-content\/uploads\/2017\/12\/1059-Large-150x150.jpg 150w\" sizes=\"(max-width: 300px) 100vw, 300px\" data-attachment-id=\"2126\" data-permalink=\"https:\/\/sindicatodosbancarios.org.br\/site2022\/albuns\/inauguracao-arbanc-e-festa-dos-bancarios-2017\/1059-large\/\" data-orig-file=\"https:\/\/sindicatodosbancarios.org.br\/site2022\/wp-content\/uploads\/2017\/12\/1059-Large.jpg\" data-orig-size=\"1631,1080\" data-comments-opened=\"1\" data-image-meta=\"{&quot;aperture&quot;:&quot;8&quot;,&quot;credit&quot;:&quot;&quot;,&quot;camera&quot;:&quot;NIKON D7000&quot;,&quot;caption&quot;:&quot;&quot;,&quot;created_timestamp&quot;:&quot;1512902484&quot;,&quot;copyright&quot;:&quot;&quot;,&quot;focal_length&quot;:&quot;95&quot;,&quot;iso&quot;:&quot;100&quot;,&quot;shutter_speed&quot;:&quot;0.004&quot;,&quot;title&quot;:&quot;&quot;,&quot;orientation&quot;:&quot;1&quot;}\" data-image-title=\"(1059) (Large)\" data-image-description=\"\" data-image-caption=\"\" data-medium-file=\"https:\/\/sindicatodosbancarios.org.br\/site2022\/wp-content\/uploads\/2017\/12\/1059-Large-300x300.jpg\" data-large-file=\"https:\/\/sindicatodosbancarios.org.br\/site2022\/wp-content\/uploads\/2017\/12\/1059-Large-1024x678.jpg\" \/><\/a>\n\t\t\t<\/div><\/figure><figure class='gallery-item'>\n\t\t\t<div class='gallery-icon landscape'>\n\t\t\t\t<a href='https:\/\/sindicatodosbancarios.org.br\/site2022\/albuns\/inauguracao-arbanc-e-festa-dos-bancarios-2017\/1061-large\/'><img width=\"300\" height=\"300\" src=\"https:\/\/sindicatodosbancarios.org.br\/site2022\/wp-content\/uploads\/2017\/12\/1061-Large-300x300.jpg\" class=\"attachment-medium size-medium\" alt=\"\" loading=\"lazy\" srcset=\"https:\/\/sindicatodosbancarios.org.br\/site2022\/wp-content\/uploads\/2017\/12\/1061-Large-300x300.jpg 300w, https:\/\/sindicatodosbancarios.org.br\/site2022\/wp-content\/uploads\/2017\/12\/1061-Large-150x150.jpg 150w\" sizes=\"(max-width: 300px) 100vw, 300px\" data-attachment-id=\"2127\" data-permalink=\"https:\/\/sindicatodosbancarios.org.br\/site2022\/albuns\/inauguracao-arbanc-e-festa-dos-bancarios-2017\/1061-large\/\" data-orig-file=\"https:\/\/sindicatodosbancarios.org.br\/site2022\/wp-content\/uploads\/2017\/12\/1061-Large.jpg\" data-orig-size=\"1631,1080\" data-comments-opened=\"1\" data-image-meta=\"{&quot;aperture&quot;:&quot;4&quot;,&quot;credit&quot;:&quot;&quot;,&quot;camera&quot;:&quot;NIKON D7000&quot;,&quot;caption&quot;:&quot;&quot;,&quot;created_timestamp&quot;:&quot;1512902535&quot;,&quot;copyright&quot;:&quot;&quot;,&quot;focal_length&quot;:&quot;30&quot;,&quot;iso&quot;:&quot;200&quot;,&quot;shutter_speed&quot;:&quot;0.008&quot;,&quot;title&quot;:&quot;&quot;,&quot;orientation&quot;:&quot;1&quot;}\" data-image-title=\"(1061) (Large)\" data-image-description=\"\" data-image-caption=\"\" data-medium-file=\"https:\/\/sindicatodosbancarios.org.br\/site2022\/wp-content\/uploads\/2017\/12\/1061-Large-300x300.jpg\" data-large-file=\"https:\/\/sindicatodosbancarios.org.br\/site2022\/wp-content\/uploads\/2017\/12\/1061-Large-1024x678.jpg\" \/><\/a>\n\t\t\t<\/div><\/figure><figure class='gallery-item'>\n\t\t\t<div class='gallery-icon portrait'>\n\t\t\t\t<a href='https:\/\/sindicatodosbancarios.org.br\/site2022\/albuns\/inauguracao-arbanc-e-festa-dos-bancarios-2017\/1063-large\/'><img width=\"300\" height=\"300\" src=\"https:\/\/sindicatodosbancarios.org.br\/site2022\/wp-content\/uploads\/2017\/12\/1063-Large-300x300.jpg\" class=\"attachment-medium size-medium\" alt=\"\" loading=\"lazy\" srcset=\"https:\/\/sindicatodosbancarios.org.br\/site2022\/wp-content\/uploads\/2017\/12\/1063-Large-300x300.jpg 300w, https:\/\/sindicatodosbancarios.org.br\/site2022\/wp-content\/uploads\/2017\/12\/1063-Large-150x150.jpg 150w\" sizes=\"(max-width: 300px) 100vw, 300px\" data-attachment-id=\"2129\" data-permalink=\"https:\/\/sindicatodosbancarios.org.br\/site2022\/albuns\/inauguracao-arbanc-e-festa-dos-bancarios-2017\/1063-large\/\" data-orig-file=\"https:\/\/sindicatodosbancarios.org.br\/site2022\/wp-content\/uploads\/2017\/12\/1063-Large.jpg\" data-orig-size=\"1080,1631\" data-comments-opened=\"1\" data-image-meta=\"{&quot;aperture&quot;:&quot;4.5&quot;,&quot;credit&quot;:&quot;&quot;,&quot;camera&quot;:&quot;NIKON D7000&quot;,&quot;caption&quot;:&quot;&quot;,&quot;created_timestamp&quot;:&quot;1512902544&quot;,&quot;copyright&quot;:&quot;&quot;,&quot;focal_length&quot;:&quot;40&quot;,&quot;iso&quot;:&quot;640&quot;,&quot;shutter_speed&quot;:&quot;0.016666666666667&quot;,&quot;title&quot;:&quot;&quot;,&quot;orientation&quot;:&quot;1&quot;}\" data-image-title=\"(1063) (Large)\" data-image-description=\"\" data-image-caption=\"\" data-medium-file=\"https:\/\/sindicatodosbancarios.org.br\/site2022\/wp-content\/uploads\/2017\/12\/1063-Large-300x300.jpg\" data-large-file=\"https:\/\/sindicatodosbancarios.org.br\/site2022\/wp-content\/uploads\/2017\/12\/1063-Large-678x1024.jpg\" \/><\/a>\n\t\t\t<\/div><\/figure><figure class='gallery-item'>\n\t\t\t<div class='gallery-icon landscape'>\n\t\t\t\t<a href='https:\/\/sindicatodosbancarios.org.br\/site2022\/albuns\/inauguracao-arbanc-e-festa-dos-bancarios-2017\/1053-large\/'><img width=\"300\" height=\"300\" src=\"https:\/\/sindicatodosbancarios.org.br\/site2022\/wp-content\/uploads\/2017\/12\/1053-Large-300x300.jpg\" class=\"attachment-medium size-medium\" alt=\"\" loading=\"lazy\" srcset=\"https:\/\/sindicatodosbancarios.org.br\/site2022\/wp-content\/uploads\/2017\/12\/1053-Large-300x300.jpg 300w, https:\/\/sindicatodosbancarios.org.br\/site2022\/wp-content\/uploads\/2017\/12\/1053-Large-150x150.jpg 150w\" sizes=\"(max-width: 300px) 100vw, 300px\" data-attachment-id=\"2124\" data-permalink=\"https:\/\/sindicatodosbancarios.org.br\/site2022\/albuns\/inauguracao-arbanc-e-festa-dos-bancarios-2017\/1053-large\/\" data-orig-file=\"https:\/\/sindicatodosbancarios.org.br\/site2022\/wp-content\/uploads\/2017\/12\/1053-Large.jpg\" data-orig-size=\"1631,1080\" data-comments-opened=\"1\" data-image-meta=\"{&quot;aperture&quot;:&quot;4&quot;,&quot;credit&quot;:&quot;&quot;,&quot;camera&quot;:&quot;NIKON D7000&quot;,&quot;caption&quot;:&quot;&quot;,&quot;created_timestamp&quot;:&quot;1512902285&quot;,&quot;copyright&quot;:&quot;&quot;,&quot;focal_length&quot;:&quot;18&quot;,&quot;iso&quot;:&quot;125&quot;,&quot;shutter_speed&quot;:&quot;0.004&quot;,&quot;title&quot;:&quot;&quot;,&quot;orientation&quot;:&quot;1&quot;}\" data-image-title=\"(1053) (Large)\" data-image-description=\"\" data-image-caption=\"\" data-medium-file=\"https:\/\/sindicatodosbancarios.org.br\/site2022\/wp-content\/uploads\/2017\/12\/1053-Large-300x300.jpg\" data-large-file=\"https:\/\/sindicatodosbancarios.org.br\/site2022\/wp-content\/uploads\/2017\/12\/1053-Large-1024x678.jpg\" \/><\/a>\n\t\t\t<\/div><\/figure><figure class='gallery-item'>\n\t\t\t<div class='gallery-icon landscape'>\n\t\t\t\t<a href='https:\/\/sindicatodosbancarios.org.br\/site2022\/albuns\/inauguracao-arbanc-e-festa-dos-bancarios-2017\/1049-large\/'><img width=\"300\" height=\"300\" src=\"https:\/\/sindicatodosbancarios.org.br\/site2022\/wp-content\/uploads\/2017\/12\/1049-Large-300x300.jpg\" class=\"attachment-medium size-medium\" alt=\"\" loading=\"lazy\" srcset=\"https:\/\/sindicatodosbancarios.org.br\/site2022\/wp-content\/uploads\/2017\/12\/1049-Large-300x300.jpg 300w, https:\/\/sindicatodosbancarios.org.br\/site2022\/wp-content\/uploads\/2017\/12\/1049-Large-150x150.jpg 150w\" sizes=\"(max-width: 300px) 100vw, 300px\" data-attachment-id=\"2121\" data-permalink=\"https:\/\/sindicatodosbancarios.org.br\/site2022\/albuns\/inauguracao-arbanc-e-festa-dos-bancarios-2017\/1049-large\/\" data-orig-file=\"https:\/\/sindicatodosbancarios.org.br\/site2022\/wp-content\/uploads\/2017\/12\/1049-Large.jpg\" data-orig-size=\"1631,1080\" data-comments-opened=\"1\" data-image-meta=\"{&quot;aperture&quot;:&quot;4&quot;,&quot;credit&quot;:&quot;&quot;,&quot;camera&quot;:&quot;NIKON D7000&quot;,&quot;caption&quot;:&quot;&quot;,&quot;created_timestamp&quot;:&quot;1512902172&quot;,&quot;copyright&quot;:&quot;&quot;,&quot;focal_length&quot;:&quot;27&quot;,&quot;iso&quot;:&quot;400&quot;,&quot;shutter_speed&quot;:&quot;0.01&quot;,&quot;title&quot;:&quot;&quot;,&quot;orientation&quot;:&quot;1&quot;}\" data-image-title=\"(1049) (Large)\" data-image-description=\"\" data-image-caption=\"\" data-medium-file=\"https:\/\/sindicatodosbancarios.org.br\/site2022\/wp-content\/uploads\/2017\/12\/1049-Large-300x300.jpg\" data-large-file=\"https:\/\/sindicatodosbancarios.org.br\/site2022\/wp-content\/uploads\/2017\/12\/1049-Large-1024x678.jpg\" \/><\/a>\n\t\t\t<\/div><\/figure><figure class='gallery-item'>\n\t\t\t<div class='gallery-icon landscape'>\n\t\t\t\t<a href='https:\/\/sindicatodosbancarios.org.br\/site2022\/albuns\/inauguracao-arbanc-e-festa-dos-bancarios-2017\/1048-large\/'><img width=\"300\" height=\"300\" src=\"https:\/\/sindicatodosbancarios.org.br\/site2022\/wp-content\/uploads\/2017\/12\/1048-Large-300x300.jpg\" class=\"attachment-medium size-medium\" alt=\"\" loading=\"lazy\" srcset=\"https:\/\/sindicatodosbancarios.org.br\/site2022\/wp-content\/uploads\/2017\/12\/1048-Large-300x300.jpg 300w, https:\/\/sindicatodosbancarios.org.br\/site2022\/wp-content\/uploads\/2017\/12\/1048-Large-150x150.jpg 150w\" sizes=\"(max-width: 300px) 100vw, 300px\" data-attachment-id=\"2120\" data-permalink=\"https:\/\/sindicatodosbancarios.org.br\/site2022\/albuns\/inauguracao-arbanc-e-festa-dos-bancarios-2017\/1048-large\/\" data-orig-file=\"https:\/\/sindicatodosbancarios.org.br\/site2022\/wp-content\/uploads\/2017\/12\/1048-Large.jpg\" data-orig-size=\"1631,1080\" data-comments-opened=\"1\" data-image-meta=\"{&quot;aperture&quot;:&quot;3.8&quot;,&quot;credit&quot;:&quot;&quot;,&quot;camera&quot;:&quot;NIKON D7000&quot;,&quot;caption&quot;:&quot;&quot;,&quot;created_timestamp&quot;:&quot;1512902152&quot;,&quot;copyright&quot;:&quot;&quot;,&quot;focal_length&quot;:&quot;24&quot;,&quot;iso&quot;:&quot;200&quot;,&quot;shutter_speed&quot;:&quot;0.00625&quot;,&quot;title&quot;:&quot;&quot;,&quot;orientation&quot;:&quot;1&quot;}\" data-image-title=\"(1048) (Large)\" data-image-description=\"\" data-image-caption=\"\" data-medium-file=\"https:\/\/sindicatodosbancarios.org.br\/site2022\/wp-content\/uploads\/2017\/12\/1048-Large-300x300.jpg\" data-large-file=\"https:\/\/sindicatodosbancarios.org.br\/site2022\/wp-content\/uploads\/2017\/12\/1048-Large-1024x678.jpg\" \/><\/a>\n\t\t\t<\/div><\/figure><figure class='gallery-item'>\n\t\t\t<div class='gallery-icon landscape'>\n\t\t\t\t<a href='https:\/\/sindicatodosbancarios.org.br\/site2022\/albuns\/inauguracao-arbanc-e-festa-dos-bancarios-2017\/1043-large-3\/'><img width=\"300\" height=\"300\" src=\"https:\/\/sindicatodosbancarios.org.br\/site2022\/wp-content\/uploads\/2017\/12\/1043-Large-2-300x300.jpg\" class=\"attachment-medium size-medium\" alt=\"\" loading=\"lazy\" srcset=\"https:\/\/sindicatodosbancarios.org.br\/site2022\/wp-content\/uploads\/2017\/12\/1043-Large-2-300x300.jpg 300w, https:\/\/sindicatodosbancarios.org.br\/site2022\/wp-content\/uploads\/2017\/12\/1043-Large-2-150x150.jpg 150w\" sizes=\"(max-width: 300px) 100vw, 300px\" data-attachment-id=\"2115\" data-permalink=\"https:\/\/sindicatodosbancarios.org.br\/site2022\/albuns\/inauguracao-arbanc-e-festa-dos-bancarios-2017\/1043-large-3\/\" data-orig-file=\"https:\/\/sindicatodosbancarios.org.br\/site2022\/wp-content\/uploads\/2017\/12\/1043-Large-2.jpg\" data-orig-size=\"1631,1080\" data-comments-opened=\"1\" data-image-meta=\"{&quot;aperture&quot;:&quot;5.6&quot;,&quot;credit&quot;:&quot;&quot;,&quot;camera&quot;:&quot;NIKON D7000&quot;,&quot;caption&quot;:&quot;&quot;,&quot;created_timestamp&quot;:&quot;1512902015&quot;,&quot;copyright&quot;:&quot;&quot;,&quot;focal_length&quot;:&quot;26&quot;,&quot;iso&quot;:&quot;100&quot;,&quot;shutter_speed&quot;:&quot;0.004&quot;,&quot;title&quot;:&quot;&quot;,&quot;orientation&quot;:&quot;1&quot;}\" data-image-title=\"(1043) (Large)\" data-image-description=\"\" data-image-caption=\"\" data-medium-file=\"https:\/\/sindicatodosbancarios.org.br\/site2022\/wp-content\/uploads\/2017\/12\/1043-Large-2-300x300.jpg\" data-large-file=\"https:\/\/sindicatodosbancarios.org.br\/site2022\/wp-content\/uploads\/2017\/12\/1043-Large-2-1024x678.jpg\" \/><\/a>\n\t\t\t<\/div><\/figure><figure class='gallery-item'>\n\t\t\t<div class='gallery-icon landscape'>\n\t\t\t\t<a href='https:\/\/sindicatodosbancarios.org.br\/site2022\/albuns\/inauguracao-arbanc-e-festa-dos-bancarios-2017\/1041-large-3\/'><img width=\"300\" height=\"300\" src=\"https:\/\/sindicatodosbancarios.org.br\/site2022\/wp-content\/uploads\/2017\/12\/1041-Large-2-300x300.jpg\" class=\"attachment-medium size-medium\" alt=\"\" loading=\"lazy\" srcset=\"https:\/\/sindicatodosbancarios.org.br\/site2022\/wp-content\/uploads\/2017\/12\/1041-Large-2-300x300.jpg 300w, https:\/\/sindicatodosbancarios.org.br\/site2022\/wp-content\/uploads\/2017\/12\/1041-Large-2-150x150.jpg 150w\" sizes=\"(max-width: 300px) 100vw, 300px\" data-attachment-id=\"2114\" data-permalink=\"https:\/\/sindicatodosbancarios.org.br\/site2022\/albuns\/inauguracao-arbanc-e-festa-dos-bancarios-2017\/1041-large-3\/\" data-orig-file=\"https:\/\/sindicatodosbancarios.org.br\/site2022\/wp-content\/uploads\/2017\/12\/1041-Large-2.jpg\" data-orig-size=\"1631,1080\" data-comments-opened=\"1\" data-image-meta=\"{&quot;aperture&quot;:&quot;4&quot;,&quot;credit&quot;:&quot;&quot;,&quot;camera&quot;:&quot;NIKON D7000&quot;,&quot;caption&quot;:&quot;&quot;,&quot;created_timestamp&quot;:&quot;1512901973&quot;,&quot;copyright&quot;:&quot;&quot;,&quot;focal_length&quot;:&quot;18&quot;,&quot;iso&quot;:&quot;100&quot;,&quot;shutter_speed&quot;:&quot;0.004&quot;,&quot;title&quot;:&quot;&quot;,&quot;orientation&quot;:&quot;1&quot;}\" data-image-title=\"(1041) (Large)\" data-image-description=\"\" data-image-caption=\"\" data-medium-file=\"https:\/\/sindicatodosbancarios.org.br\/site2022\/wp-content\/uploads\/2017\/12\/1041-Large-2-300x300.jpg\" data-large-file=\"https:\/\/sindicatodosbancarios.org.br\/site2022\/wp-content\/uploads\/2017\/12\/1041-Large-2-1024x678.jpg\" \/><\/a>\n\t\t\t<\/div><\/figure><figure class='gallery-item'>\n\t\t\t<div class='gallery-icon landscape'>\n\t\t\t\t<a href='https:\/\/sindicatodosbancarios.org.br\/site2022\/albuns\/inauguracao-arbanc-e-festa-dos-bancarios-2017\/1039-large-3\/'><img width=\"300\" height=\"300\" src=\"https:\/\/sindicatodosbancarios.org.br\/site2022\/wp-content\/uploads\/2017\/12\/1039-Large-2-300x300.jpg\" class=\"attachment-medium size-medium\" alt=\"\" loading=\"lazy\" srcset=\"https:\/\/sindicatodosbancarios.org.br\/site2022\/wp-content\/uploads\/2017\/12\/1039-Large-2-300x300.jpg 300w, https:\/\/sindicatodosbancarios.org.br\/site2022\/wp-content\/uploads\/2017\/12\/1039-Large-2-150x150.jpg 150w\" sizes=\"(max-width: 300px) 100vw, 300px\" data-attachment-id=\"2113\" data-permalink=\"https:\/\/sindicatodosbancarios.org.br\/site2022\/albuns\/inauguracao-arbanc-e-festa-dos-bancarios-2017\/1039-large-3\/\" data-orig-file=\"https:\/\/sindicatodosbancarios.org.br\/site2022\/wp-content\/uploads\/2017\/12\/1039-Large-2.jpg\" data-orig-size=\"1631,1080\" data-comments-opened=\"1\" data-image-meta=\"{&quot;aperture&quot;:&quot;4.5&quot;,&quot;credit&quot;:&quot;&quot;,&quot;camera&quot;:&quot;NIKON D7000&quot;,&quot;caption&quot;:&quot;&quot;,&quot;created_timestamp&quot;:&quot;1512901711&quot;,&quot;copyright&quot;:&quot;&quot;,&quot;focal_length&quot;:&quot;48&quot;,&quot;iso&quot;:&quot;100&quot;,&quot;shutter_speed&quot;:&quot;0.004&quot;,&quot;title&quot;:&quot;&quot;,&quot;orientation&quot;:&quot;1&quot;}\" data-image-title=\"(1039) (Large)\" data-image-description=\"\" data-image-caption=\"\" data-medium-file=\"https:\/\/sindicatodosbancarios.org.br\/site2022\/wp-content\/uploads\/2017\/12\/1039-Large-2-300x300.jpg\" data-large-file=\"https:\/\/sindicatodosbancarios.org.br\/site2022\/wp-content\/uploads\/2017\/12\/1039-Large-2-1024x678.jpg\" \/><\/a>\n\t\t\t<\/div><\/figure><figure class='gallery-item'>\n\t\t\t<div class='gallery-icon landscape'>\n\t\t\t\t<a href='https:\/\/sindicatodosbancarios.org.br\/site2022\/albuns\/inauguracao-arbanc-e-festa-dos-bancarios-2017\/1038-large-3\/'><img width=\"300\" height=\"300\" src=\"https:\/\/sindicatodosbancarios.org.br\/site2022\/wp-content\/uploads\/2017\/12\/1038-Large-2-300x300.jpg\" class=\"attachment-medium size-medium\" alt=\"\" loading=\"lazy\" srcset=\"https:\/\/sindicatodosbancarios.org.br\/site2022\/wp-content\/uploads\/2017\/12\/1038-Large-2-300x300.jpg 300w, https:\/\/sindicatodosbancarios.org.br\/site2022\/wp-content\/uploads\/2017\/12\/1038-Large-2-150x150.jpg 150w\" sizes=\"(max-width: 300px) 100vw, 300px\" data-attachment-id=\"2112\" data-permalink=\"https:\/\/sindicatodosbancarios.org.br\/site2022\/albuns\/inauguracao-arbanc-e-festa-dos-bancarios-2017\/1038-large-3\/\" data-orig-file=\"https:\/\/sindicatodosbancarios.org.br\/site2022\/wp-content\/uploads\/2017\/12\/1038-Large-2.jpg\" data-orig-size=\"1631,1080\" data-comments-opened=\"1\" data-image-meta=\"{&quot;aperture&quot;:&quot;4&quot;,&quot;credit&quot;:&quot;&quot;,&quot;camera&quot;:&quot;NIKON D7000&quot;,&quot;caption&quot;:&quot;&quot;,&quot;created_timestamp&quot;:&quot;1512901701&quot;,&quot;copyright&quot;:&quot;&quot;,&quot;focal_length&quot;:&quot;18&quot;,&quot;iso&quot;:&quot;160&quot;,&quot;shutter_speed&quot;:&quot;0.004&quot;,&quot;title&quot;:&quot;&quot;,&quot;orientation&quot;:&quot;1&quot;}\" data-image-title=\"(1038) (Large)\" data-image-description=\"\" data-image-caption=\"\" data-medium-file=\"https:\/\/sindicatodosbancarios.org.br\/site2022\/wp-content\/uploads\/2017\/12\/1038-Large-2-300x300.jpg\" data-large-file=\"https:\/\/sindicatodosbancarios.org.br\/site2022\/wp-content\/uploads\/2017\/12\/1038-Large-2-1024x678.jpg\" \/><\/a>\n\t\t\t<\/div><\/figure><figure class='gallery-item'>\n\t\t\t<div class='gallery-icon landscape'>\n\t\t\t\t<a href='https:\/\/sindicatodosbancarios.org.br\/site2022\/albuns\/inauguracao-arbanc-e-festa-dos-bancarios-2017\/1025-large-3\/'><img width=\"300\" height=\"300\" src=\"https:\/\/sindicatodosbancarios.org.br\/site2022\/wp-content\/uploads\/2017\/12\/1025-Large-2-300x300.jpg\" class=\"attachment-medium size-medium\" alt=\"\" loading=\"lazy\" srcset=\"https:\/\/sindicatodosbancarios.org.br\/site2022\/wp-content\/uploads\/2017\/12\/1025-Large-2-300x300.jpg 300w, https:\/\/sindicatodosbancarios.org.br\/site2022\/wp-content\/uploads\/2017\/12\/1025-Large-2-150x150.jpg 150w\" sizes=\"(max-width: 300px) 100vw, 300px\" data-attachment-id=\"2106\" data-permalink=\"https:\/\/sindicatodosbancarios.org.br\/site2022\/albuns\/inauguracao-arbanc-e-festa-dos-bancarios-2017\/1025-large-3\/\" data-orig-file=\"https:\/\/sindicatodosbancarios.org.br\/site2022\/wp-content\/uploads\/2017\/12\/1025-Large-2.jpg\" data-orig-size=\"1631,1080\" data-comments-opened=\"1\" data-image-meta=\"{&quot;aperture&quot;:&quot;4.2&quot;,&quot;credit&quot;:&quot;&quot;,&quot;camera&quot;:&quot;NIKON D7000&quot;,&quot;caption&quot;:&quot;&quot;,&quot;created_timestamp&quot;:&quot;1512901105&quot;,&quot;copyright&quot;:&quot;&quot;,&quot;focal_length&quot;:&quot;34&quot;,&quot;iso&quot;:&quot;200&quot;,&quot;shutter_speed&quot;:&quot;0.00625&quot;,&quot;title&quot;:&quot;&quot;,&quot;orientation&quot;:&quot;1&quot;}\" data-image-title=\"(1025) (Large)\" data-image-description=\"\" data-image-caption=\"\" data-medium-file=\"https:\/\/sindicatodosbancarios.org.br\/site2022\/wp-content\/uploads\/2017\/12\/1025-Large-2-300x300.jpg\" data-large-file=\"https:\/\/sindicatodosbancarios.org.br\/site2022\/wp-content\/uploads\/2017\/12\/1025-Large-2-1024x678.jpg\" \/><\/a>\n\t\t\t<\/div><\/figure><figure class='gallery-item'>\n\t\t\t<div class='gallery-icon landscape'>\n\t\t\t\t<a href='https:\/\/sindicatodosbancarios.org.br\/site2022\/albuns\/inauguracao-arbanc-e-festa-dos-bancarios-2017\/1031-large-3\/'><img width=\"300\" height=\"300\" src=\"https:\/\/sindicatodosbancarios.org.br\/site2022\/wp-content\/uploads\/2017\/12\/1031-Large-2-300x300.jpg\" class=\"attachment-medium size-medium\" alt=\"\" loading=\"lazy\" srcset=\"https:\/\/sindicatodosbancarios.org.br\/site2022\/wp-content\/uploads\/2017\/12\/1031-Large-2-300x300.jpg 300w, https:\/\/sindicatodosbancarios.org.br\/site2022\/wp-content\/uploads\/2017\/12\/1031-Large-2-150x150.jpg 150w\" sizes=\"(max-width: 300px) 100vw, 300px\" data-attachment-id=\"2108\" data-permalink=\"https:\/\/sindicatodosbancarios.org.br\/site2022\/albuns\/inauguracao-arbanc-e-festa-dos-bancarios-2017\/1031-large-3\/\" data-orig-file=\"https:\/\/sindicatodosbancarios.org.br\/site2022\/wp-content\/uploads\/2017\/12\/1031-Large-2.jpg\" data-orig-size=\"1631,1080\" data-comments-opened=\"1\" data-image-meta=\"{&quot;aperture&quot;:&quot;4&quot;,&quot;credit&quot;:&quot;&quot;,&quot;camera&quot;:&quot;NIKON D7000&quot;,&quot;caption&quot;:&quot;&quot;,&quot;created_timestamp&quot;:&quot;1512901285&quot;,&quot;copyright&quot;:&quot;&quot;,&quot;focal_length&quot;:&quot;18&quot;,&quot;iso&quot;:&quot;100&quot;,&quot;shutter_speed&quot;:&quot;0.004&quot;,&quot;title&quot;:&quot;&quot;,&quot;orientation&quot;:&quot;1&quot;}\" data-image-title=\"(1031) (Large)\" data-image-description=\"\" data-image-caption=\"\" data-medium-file=\"https:\/\/sindicatodosbancarios.org.br\/site2022\/wp-content\/uploads\/2017\/12\/1031-Large-2-300x300.jpg\" data-large-file=\"https:\/\/sindicatodosbancarios.org.br\/site2022\/wp-content\/uploads\/2017\/12\/1031-Large-2-1024x678.jpg\" \/><\/a>\n\t\t\t<\/div><\/figure><figure class='gallery-item'>\n\t\t\t<div class='gallery-icon landscape'>\n\t\t\t\t<a href='https:\/\/sindicatodosbancarios.org.br\/site2022\/albuns\/inauguracao-arbanc-e-festa-dos-bancarios-2017\/1032-large-3\/'><img width=\"300\" height=\"300\" src=\"https:\/\/sindicatodosbancarios.org.br\/site2022\/wp-content\/uploads\/2017\/12\/1032-Large-2-300x300.jpg\" class=\"attachment-medium size-medium\" alt=\"\" loading=\"lazy\" srcset=\"https:\/\/sindicatodosbancarios.org.br\/site2022\/wp-content\/uploads\/2017\/12\/1032-Large-2-300x300.jpg 300w, https:\/\/sindicatodosbancarios.org.br\/site2022\/wp-content\/uploads\/2017\/12\/1032-Large-2-150x150.jpg 150w\" sizes=\"(max-width: 300px) 100vw, 300px\" data-attachment-id=\"2109\" data-permalink=\"https:\/\/sindicatodosbancarios.org.br\/site2022\/albuns\/inauguracao-arbanc-e-festa-dos-bancarios-2017\/1032-large-3\/\" data-orig-file=\"https:\/\/sindicatodosbancarios.org.br\/site2022\/wp-content\/uploads\/2017\/12\/1032-Large-2.jpg\" data-orig-size=\"1631,1080\" data-comments-opened=\"1\" data-image-meta=\"{&quot;aperture&quot;:&quot;5.6&quot;,&quot;credit&quot;:&quot;&quot;,&quot;camera&quot;:&quot;NIKON D7000&quot;,&quot;caption&quot;:&quot;&quot;,&quot;created_timestamp&quot;:&quot;1512901300&quot;,&quot;copyright&quot;:&quot;&quot;,&quot;focal_length&quot;:&quot;50&quot;,&quot;iso&quot;:&quot;100&quot;,&quot;shutter_speed&quot;:&quot;0.004&quot;,&quot;title&quot;:&quot;&quot;,&quot;orientation&quot;:&quot;1&quot;}\" data-image-title=\"(1032) (Large)\" data-image-description=\"\" data-image-caption=\"\" data-medium-file=\"https:\/\/sindicatodosbancarios.org.br\/site2022\/wp-content\/uploads\/2017\/12\/1032-Large-2-300x300.jpg\" data-large-file=\"https:\/\/sindicatodosbancarios.org.br\/site2022\/wp-content\/uploads\/2017\/12\/1032-Large-2-1024x678.jpg\" \/><\/a>\n\t\t\t<\/div><\/figure><figure class='gallery-item'>\n\t\t\t<div class='gallery-icon landscape'>\n\t\t\t\t<a href='https:\/\/sindicatodosbancarios.org.br\/site2022\/albuns\/inauguracao-arbanc-e-festa-dos-bancarios-2017\/1033-large-3\/'><img width=\"300\" height=\"300\" src=\"https:\/\/sindicatodosbancarios.org.br\/site2022\/wp-content\/uploads\/2017\/12\/1033-Large-2-300x300.jpg\" class=\"attachment-medium size-medium\" alt=\"\" loading=\"lazy\" srcset=\"https:\/\/sindicatodosbancarios.org.br\/site2022\/wp-content\/uploads\/2017\/12\/1033-Large-2-300x300.jpg 300w, https:\/\/sindicatodosbancarios.org.br\/site2022\/wp-content\/uploads\/2017\/12\/1033-Large-2-150x150.jpg 150w\" sizes=\"(max-width: 300px) 100vw, 300px\" data-attachment-id=\"2110\" data-permalink=\"https:\/\/sindicatodosbancarios.org.br\/site2022\/albuns\/inauguracao-arbanc-e-festa-dos-bancarios-2017\/1033-large-3\/\" data-orig-file=\"https:\/\/sindicatodosbancarios.org.br\/site2022\/wp-content\/uploads\/2017\/12\/1033-Large-2.jpg\" data-orig-size=\"1631,1080\" data-comments-opened=\"1\" data-image-meta=\"{&quot;aperture&quot;:&quot;4.5&quot;,&quot;credit&quot;:&quot;&quot;,&quot;camera&quot;:&quot;NIKON D7000&quot;,&quot;caption&quot;:&quot;&quot;,&quot;created_timestamp&quot;:&quot;1512901609&quot;,&quot;copyright&quot;:&quot;&quot;,&quot;focal_length&quot;:&quot;18&quot;,&quot;iso&quot;:&quot;100&quot;,&quot;shutter_speed&quot;:&quot;0.004&quot;,&quot;title&quot;:&quot;&quot;,&quot;orientation&quot;:&quot;1&quot;}\" data-image-title=\"(1033) (Large)\" data-image-description=\"\" data-image-caption=\"\" data-medium-file=\"https:\/\/sindicatodosbancarios.org.br\/site2022\/wp-content\/uploads\/2017\/12\/1033-Large-2-300x300.jpg\" data-large-file=\"https:\/\/sindicatodosbancarios.org.br\/site2022\/wp-content\/uploads\/2017\/12\/1033-Large-2-1024x678.jpg\" \/><\/a>\n\t\t\t<\/div><\/figure><figure class='gallery-item'>\n\t\t\t<div class='gallery-icon landscape'>\n\t\t\t\t<a href='https:\/\/sindicatodosbancarios.org.br\/site2022\/albuns\/inauguracao-arbanc-e-festa-dos-bancarios-2017\/1034-large-3\/'><img width=\"300\" height=\"300\" src=\"https:\/\/sindicatodosbancarios.org.br\/site2022\/wp-content\/uploads\/2017\/12\/1034-Large-2-300x300.jpg\" class=\"attachment-medium size-medium\" alt=\"\" loading=\"lazy\" srcset=\"https:\/\/sindicatodosbancarios.org.br\/site2022\/wp-content\/uploads\/2017\/12\/1034-Large-2-300x300.jpg 300w, https:\/\/sindicatodosbancarios.org.br\/site2022\/wp-content\/uploads\/2017\/12\/1034-Large-2-150x150.jpg 150w\" sizes=\"(max-width: 300px) 100vw, 300px\" data-attachment-id=\"2111\" data-permalink=\"https:\/\/sindicatodosbancarios.org.br\/site2022\/albuns\/inauguracao-arbanc-e-festa-dos-bancarios-2017\/1034-large-3\/\" data-orig-file=\"https:\/\/sindicatodosbancarios.org.br\/site2022\/wp-content\/uploads\/2017\/12\/1034-Large-2.jpg\" data-orig-size=\"1631,1080\" data-comments-opened=\"1\" data-image-meta=\"{&quot;aperture&quot;:&quot;6.3&quot;,&quot;credit&quot;:&quot;&quot;,&quot;camera&quot;:&quot;NIKON D7000&quot;,&quot;caption&quot;:&quot;&quot;,&quot;created_timestamp&quot;:&quot;1512901638&quot;,&quot;copyright&quot;:&quot;&quot;,&quot;focal_length&quot;:&quot;56&quot;,&quot;iso&quot;:&quot;200&quot;,&quot;shutter_speed&quot;:&quot;0.00625&quot;,&quot;title&quot;:&quot;&quot;,&quot;orientation&quot;:&quot;1&quot;}\" data-image-title=\"(1034) (Large)\" data-image-description=\"\" data-image-caption=\"\" data-medium-file=\"https:\/\/sindicatodosbancarios.org.br\/site2022\/wp-content\/uploads\/2017\/12\/1034-Large-2-300x300.jpg\" data-large-file=\"https:\/\/sindicatodosbancarios.org.br\/site2022\/wp-content\/uploads\/2017\/12\/1034-Large-2-1024x678.jpg\" \/><\/a>\n\t\t\t<\/div><\/figure><figure class='gallery-item'>\n\t\t\t<div class='gallery-icon landscape'>\n\t\t\t\t<a href='https:\/\/sindicatodosbancarios.org.br\/site2022\/albuns\/inauguracao-arbanc-e-festa-dos-bancarios-2017\/1024-large-3\/'><img width=\"300\" height=\"300\" src=\"https:\/\/sindicatodosbancarios.org.br\/site2022\/wp-content\/uploads\/2017\/12\/1024-Large-2-300x300.jpg\" class=\"attachment-medium size-medium\" alt=\"\" loading=\"lazy\" srcset=\"https:\/\/sindicatodosbancarios.org.br\/site2022\/wp-content\/uploads\/2017\/12\/1024-Large-2-300x300.jpg 300w, https:\/\/sindicatodosbancarios.org.br\/site2022\/wp-content\/uploads\/2017\/12\/1024-Large-2-150x150.jpg 150w\" sizes=\"(max-width: 300px) 100vw, 300px\" data-attachment-id=\"2105\" data-permalink=\"https:\/\/sindicatodosbancarios.org.br\/site2022\/albuns\/inauguracao-arbanc-e-festa-dos-bancarios-2017\/1024-large-3\/\" data-orig-file=\"https:\/\/sindicatodosbancarios.org.br\/site2022\/wp-content\/uploads\/2017\/12\/1024-Large-2.jpg\" data-orig-size=\"1631,1080\" data-comments-opened=\"1\" data-image-meta=\"{&quot;aperture&quot;:&quot;16&quot;,&quot;credit&quot;:&quot;&quot;,&quot;camera&quot;:&quot;NIKON D7000&quot;,&quot;caption&quot;:&quot;&quot;,&quot;created_timestamp&quot;:&quot;1512900658&quot;,&quot;copyright&quot;:&quot;&quot;,&quot;focal_length&quot;:&quot;38&quot;,&quot;iso&quot;:&quot;800&quot;,&quot;shutter_speed&quot;:&quot;0.0125&quot;,&quot;title&quot;:&quot;&quot;,&quot;orientation&quot;:&quot;1&quot;}\" data-image-title=\"(1024) (Large)\" data-image-description=\"\" data-image-caption=\"\" data-medium-file=\"https:\/\/sindicatodosbancarios.org.br\/site2022\/wp-content\/uploads\/2017\/12\/1024-Large-2-300x300.jpg\" data-large-file=\"https:\/\/sindicatodosbancarios.org.br\/site2022\/wp-content\/uploads\/2017\/12\/1024-Large-2-1024x678.jpg\" \/><\/a>\n\t\t\t<\/div><\/figure><figure class='gallery-item'>\n\t\t\t<div class='gallery-icon landscape'>\n\t\t\t\t<a href='https:\/\/sindicatodosbancarios.org.br\/site2022\/albuns\/inauguracao-arbanc-e-festa-dos-bancarios-2017\/1023-large-2\/'><img width=\"300\" height=\"300\" src=\"https:\/\/sindicatodosbancarios.org.br\/site2022\/wp-content\/uploads\/2017\/12\/1023-Large-1-300x300.jpg\" class=\"attachment-medium size-medium\" alt=\"\" loading=\"lazy\" srcset=\"https:\/\/sindicatodosbancarios.org.br\/site2022\/wp-content\/uploads\/2017\/12\/1023-Large-1-300x300.jpg 300w, https:\/\/sindicatodosbancarios.org.br\/site2022\/wp-content\/uploads\/2017\/12\/1023-Large-1-150x150.jpg 150w\" sizes=\"(max-width: 300px) 100vw, 300px\" data-attachment-id=\"2104\" data-permalink=\"https:\/\/sindicatodosbancarios.org.br\/site2022\/albuns\/inauguracao-arbanc-e-festa-dos-bancarios-2017\/1023-large-2\/\" data-orig-file=\"https:\/\/sindicatodosbancarios.org.br\/site2022\/wp-content\/uploads\/2017\/12\/1023-Large-1.jpg\" data-orig-size=\"1631,1080\" data-comments-opened=\"1\" data-image-meta=\"{&quot;aperture&quot;:&quot;20&quot;,&quot;credit&quot;:&quot;&quot;,&quot;camera&quot;:&quot;NIKON D7000&quot;,&quot;caption&quot;:&quot;&quot;,&quot;created_timestamp&quot;:&quot;1512900649&quot;,&quot;copyright&quot;:&quot;&quot;,&quot;focal_length&quot;:&quot;18&quot;,&quot;iso&quot;:&quot;800&quot;,&quot;shutter_speed&quot;:&quot;0.0125&quot;,&quot;title&quot;:&quot;&quot;,&quot;orientation&quot;:&quot;1&quot;}\" data-image-title=\"(1023) (Large)\" data-image-description=\"\" data-image-caption=\"\" data-medium-file=\"https:\/\/sindicatodosbancarios.org.br\/site2022\/wp-content\/uploads\/2017\/12\/1023-Large-1-300x300.jpg\" data-large-file=\"https:\/\/sindicatodosbancarios.org.br\/site2022\/wp-content\/uploads\/2017\/12\/1023-Large-1-1024x678.jpg\" \/><\/a>\n\t\t\t<\/div><\/figure><figure class='gallery-item'>\n\t\t\t<div class='gallery-icon landscape'>\n\t\t\t\t<a href='https:\/\/sindicatodosbancarios.org.br\/site2022\/albuns\/inauguracao-arbanc-e-festa-dos-bancarios-2017\/1022-large-2\/'><img width=\"300\" height=\"300\" src=\"https:\/\/sindicatodosbancarios.org.br\/site2022\/wp-content\/uploads\/2017\/12\/1022-Large-1-300x300.jpg\" class=\"attachment-medium size-medium\" alt=\"\" loading=\"lazy\" srcset=\"https:\/\/sindicatodosbancarios.org.br\/site2022\/wp-content\/uploads\/2017\/12\/1022-Large-1-300x300.jpg 300w, https:\/\/sindicatodosbancarios.org.br\/site2022\/wp-content\/uploads\/2017\/12\/1022-Large-1-150x150.jpg 150w\" sizes=\"(max-width: 300px) 100vw, 300px\" data-attachment-id=\"2103\" data-permalink=\"https:\/\/sindicatodosbancarios.org.br\/site2022\/albuns\/inauguracao-arbanc-e-festa-dos-bancarios-2017\/1022-large-2\/\" data-orig-file=\"https:\/\/sindicatodosbancarios.org.br\/site2022\/wp-content\/uploads\/2017\/12\/1022-Large-1.jpg\" data-orig-size=\"1631,1080\" data-comments-opened=\"1\" data-image-meta=\"{&quot;aperture&quot;:&quot;5.6&quot;,&quot;credit&quot;:&quot;&quot;,&quot;camera&quot;:&quot;NIKON D7000&quot;,&quot;caption&quot;:&quot;&quot;,&quot;created_timestamp&quot;:&quot;1512900414&quot;,&quot;copyright&quot;:&quot;&quot;,&quot;focal_length&quot;:&quot;18&quot;,&quot;iso&quot;:&quot;200&quot;,&quot;shutter_speed&quot;:&quot;0.008&quot;,&quot;title&quot;:&quot;&quot;,&quot;orientation&quot;:&quot;1&quot;}\" data-image-title=\"(1022) (Large)\" data-image-description=\"\" data-image-caption=\"\" data-medium-file=\"https:\/\/sindicatodosbancarios.org.br\/site2022\/wp-content\/uploads\/2017\/12\/1022-Large-1-300x300.jpg\" data-large-file=\"https:\/\/sindicatodosbancarios.org.br\/site2022\/wp-content\/uploads\/2017\/12\/1022-Large-1-1024x678.jpg\" \/><\/a>\n\t\t\t<\/div><\/figure><figure class='gallery-item'>\n\t\t\t<div class='gallery-icon portrait'>\n\t\t\t\t<a href='https:\/\/sindicatodosbancarios.org.br\/site2022\/albuns\/inauguracao-arbanc-e-festa-dos-bancarios-2017\/1021-large-3\/'><img width=\"300\" height=\"300\" src=\"https:\/\/sindicatodosbancarios.org.br\/site2022\/wp-content\/uploads\/2017\/12\/1021-Large-2-300x300.jpg\" class=\"attachment-medium size-medium\" alt=\"\" loading=\"lazy\" srcset=\"https:\/\/sindicatodosbancarios.org.br\/site2022\/wp-content\/uploads\/2017\/12\/1021-Large-2-300x300.jpg 300w, https:\/\/sindicatodosbancarios.org.br\/site2022\/wp-content\/uploads\/2017\/12\/1021-Large-2-150x150.jpg 150w\" sizes=\"(max-width: 300px) 100vw, 300px\" data-attachment-id=\"2102\" data-permalink=\"https:\/\/sindicatodosbancarios.org.br\/site2022\/albuns\/inauguracao-arbanc-e-festa-dos-bancarios-2017\/1021-large-3\/\" data-orig-file=\"https:\/\/sindicatodosbancarios.org.br\/site2022\/wp-content\/uploads\/2017\/12\/1021-Large-2.jpg\" data-orig-size=\"1080,1631\" data-comments-opened=\"1\" data-image-meta=\"{&quot;aperture&quot;:&quot;6.3&quot;,&quot;credit&quot;:&quot;&quot;,&quot;camera&quot;:&quot;NIKON D7000&quot;,&quot;caption&quot;:&quot;&quot;,&quot;created_timestamp&quot;:&quot;1512900394&quot;,&quot;copyright&quot;:&quot;&quot;,&quot;focal_length&quot;:&quot;22&quot;,&quot;iso&quot;:&quot;200&quot;,&quot;shutter_speed&quot;:&quot;0.00625&quot;,&quot;title&quot;:&quot;&quot;,&quot;orientation&quot;:&quot;1&quot;}\" data-image-title=\"(1021) (Large)\" data-image-description=\"\" data-image-caption=\"\" data-medium-file=\"https:\/\/sindicatodosbancarios.org.br\/site2022\/wp-content\/uploads\/2017\/12\/1021-Large-2-300x300.jpg\" data-large-file=\"https:\/\/sindicatodosbancarios.org.br\/site2022\/wp-content\/uploads\/2017\/12\/1021-Large-2-678x1024.jpg\" \/><\/a>\n\t\t\t<\/div><\/figure><figure class='gallery-item'>\n\t\t\t<div class='gallery-icon landscape'>\n\t\t\t\t<a href='https:\/\/sindicatodosbancarios.org.br\/site2022\/albuns\/inauguracao-arbanc-e-festa-dos-bancarios-2017\/1020-large-3\/'><img width=\"300\" height=\"300\" src=\"https:\/\/sindicatodosbancarios.org.br\/site2022\/wp-content\/uploads\/2017\/12\/1020-Large-2-300x300.jpg\" class=\"attachment-medium size-medium\" alt=\"\" loading=\"lazy\" srcset=\"https:\/\/sindicatodosbancarios.org.br\/site2022\/wp-content\/uploads\/2017\/12\/1020-Large-2-300x300.jpg 300w, https:\/\/sindicatodosbancarios.org.br\/site2022\/wp-content\/uploads\/2017\/12\/1020-Large-2-150x150.jpg 150w\" sizes=\"(max-width: 300px) 100vw, 300px\" data-attachment-id=\"2101\" data-permalink=\"https:\/\/sindicatodosbancarios.org.br\/site2022\/albuns\/inauguracao-arbanc-e-festa-dos-bancarios-2017\/1020-large-3\/\" data-orig-file=\"https:\/\/sindicatodosbancarios.org.br\/site2022\/wp-content\/uploads\/2017\/12\/1020-Large-2.jpg\" data-orig-size=\"1631,1080\" data-comments-opened=\"1\" data-image-meta=\"{&quot;aperture&quot;:&quot;7.1&quot;,&quot;credit&quot;:&quot;&quot;,&quot;camera&quot;:&quot;NIKON D7000&quot;,&quot;caption&quot;:&quot;&quot;,&quot;created_timestamp&quot;:&quot;1512900360&quot;,&quot;copyright&quot;:&quot;&quot;,&quot;focal_length&quot;:&quot;18&quot;,&quot;iso&quot;:&quot;200&quot;,&quot;shutter_speed&quot;:&quot;0.005&quot;,&quot;title&quot;:&quot;&quot;,&quot;orientation&quot;:&quot;1&quot;}\" data-image-title=\"(1020) (Large)\" data-image-description=\"\" data-image-caption=\"\" data-medium-file=\"https:\/\/sindicatodosbancarios.org.br\/site2022\/wp-content\/uploads\/2017\/12\/1020-Large-2-300x300.jpg\" data-large-file=\"https:\/\/sindicatodosbancarios.org.br\/site2022\/wp-content\/uploads\/2017\/12\/1020-Large-2-1024x678.jpg\" \/><\/a>\n\t\t\t<\/div><\/figure><figure class='gallery-item'>\n\t\t\t<div class='gallery-icon landscape'>\n\t\t\t\t<a href='https:\/\/sindicatodosbancarios.org.br\/site2022\/albuns\/inauguracao-arbanc-e-festa-dos-bancarios-2017\/1014-large-2\/'><img width=\"300\" height=\"300\" src=\"https:\/\/sindicatodosbancarios.org.br\/site2022\/wp-content\/uploads\/2017\/12\/1014-Large-1-300x300.jpg\" class=\"attachment-medium size-medium\" alt=\"\" loading=\"lazy\" srcset=\"https:\/\/sindicatodosbancarios.org.br\/site2022\/wp-content\/uploads\/2017\/12\/1014-Large-1-300x300.jpg 300w, https:\/\/sindicatodosbancarios.org.br\/site2022\/wp-content\/uploads\/2017\/12\/1014-Large-1-150x150.jpg 150w\" sizes=\"(max-width: 300px) 100vw, 300px\" data-attachment-id=\"2096\" data-permalink=\"https:\/\/sindicatodosbancarios.org.br\/site2022\/albuns\/inauguracao-arbanc-e-festa-dos-bancarios-2017\/1014-large-2\/\" data-orig-file=\"https:\/\/sindicatodosbancarios.org.br\/site2022\/wp-content\/uploads\/2017\/12\/1014-Large-1.jpg\" data-orig-size=\"1631,1080\" data-comments-opened=\"1\" data-image-meta=\"{&quot;aperture&quot;:&quot;4.5&quot;,&quot;credit&quot;:&quot;&quot;,&quot;camera&quot;:&quot;NIKON D7000&quot;,&quot;caption&quot;:&quot;&quot;,&quot;created_timestamp&quot;:&quot;1512899622&quot;,&quot;copyright&quot;:&quot;&quot;,&quot;focal_length&quot;:&quot;18&quot;,&quot;iso&quot;:&quot;100&quot;,&quot;shutter_speed&quot;:&quot;0.004&quot;,&quot;title&quot;:&quot;&quot;,&quot;orientation&quot;:&quot;1&quot;}\" data-image-title=\"(1014) (Large)\" data-image-description=\"\" data-image-caption=\"\" data-medium-file=\"https:\/\/sindicatodosbancarios.org.br\/site2022\/wp-content\/uploads\/2017\/12\/1014-Large-1-300x300.jpg\" data-large-file=\"https:\/\/sindicatodosbancarios.org.br\/site2022\/wp-content\/uploads\/2017\/12\/1014-Large-1-1024x678.jpg\" \/><\/a>\n\t\t\t<\/div><\/figure><figure class='gallery-item'>\n\t\t\t<div class='gallery-icon landscape'>\n\t\t\t\t<a href='https:\/\/sindicatodosbancarios.org.br\/site2022\/albuns\/inauguracao-arbanc-e-festa-dos-bancarios-2017\/1012-large-2\/'><img width=\"300\" height=\"300\" src=\"https:\/\/sindicatodosbancarios.org.br\/site2022\/wp-content\/uploads\/2017\/12\/1012-Large-1-300x300.jpg\" class=\"attachment-medium size-medium\" alt=\"\" loading=\"lazy\" srcset=\"https:\/\/sindicatodosbancarios.org.br\/site2022\/wp-content\/uploads\/2017\/12\/1012-Large-1-300x300.jpg 300w, https:\/\/sindicatodosbancarios.org.br\/site2022\/wp-content\/uploads\/2017\/12\/1012-Large-1-150x150.jpg 150w\" sizes=\"(max-width: 300px) 100vw, 300px\" data-attachment-id=\"2095\" data-permalink=\"https:\/\/sindicatodosbancarios.org.br\/site2022\/albuns\/inauguracao-arbanc-e-festa-dos-bancarios-2017\/1012-large-2\/\" data-orig-file=\"https:\/\/sindicatodosbancarios.org.br\/site2022\/wp-content\/uploads\/2017\/12\/1012-Large-1.jpg\" data-orig-size=\"1631,1080\" data-comments-opened=\"1\" data-image-meta=\"{&quot;aperture&quot;:&quot;5.6&quot;,&quot;credit&quot;:&quot;&quot;,&quot;camera&quot;:&quot;NIKON D7000&quot;,&quot;caption&quot;:&quot;&quot;,&quot;created_timestamp&quot;:&quot;1512899608&quot;,&quot;copyright&quot;:&quot;&quot;,&quot;focal_length&quot;:&quot;27&quot;,&quot;iso&quot;:&quot;400&quot;,&quot;shutter_speed&quot;:&quot;0.008&quot;,&quot;title&quot;:&quot;&quot;,&quot;orientation&quot;:&quot;1&quot;}\" data-image-title=\"(1012) (Large)\" data-image-description=\"\" data-image-caption=\"\" data-medium-file=\"https:\/\/sindicatodosbancarios.org.br\/site2022\/wp-content\/uploads\/2017\/12\/1012-Large-1-300x300.jpg\" data-large-file=\"https:\/\/sindicatodosbancarios.org.br\/site2022\/wp-content\/uploads\/2017\/12\/1012-Large-1-1024x678.jpg\" \/><\/a>\n\t\t\t<\/div><\/figure><figure class='gallery-item'>\n\t\t\t<div class='gallery-icon landscape'>\n\t\t\t\t<a href='https:\/\/sindicatodosbancarios.org.br\/site2022\/albuns\/inauguracao-arbanc-e-festa-dos-bancarios-2017\/1011-large-2\/'><img width=\"300\" height=\"300\" src=\"https:\/\/sindicatodosbancarios.org.br\/site2022\/wp-content\/uploads\/2017\/12\/1011-Large-1-300x300.jpg\" class=\"attachment-medium size-medium\" alt=\"\" loading=\"lazy\" srcset=\"https:\/\/sindicatodosbancarios.org.br\/site2022\/wp-content\/uploads\/2017\/12\/1011-Large-1-300x300.jpg 300w, https:\/\/sindicatodosbancarios.org.br\/site2022\/wp-content\/uploads\/2017\/12\/1011-Large-1-150x150.jpg 150w\" sizes=\"(max-width: 300px) 100vw, 300px\" data-attachment-id=\"2094\" data-permalink=\"https:\/\/sindicatodosbancarios.org.br\/site2022\/albuns\/inauguracao-arbanc-e-festa-dos-bancarios-2017\/1011-large-2\/\" data-orig-file=\"https:\/\/sindicatodosbancarios.org.br\/site2022\/wp-content\/uploads\/2017\/12\/1011-Large-1.jpg\" data-orig-size=\"1631,1080\" data-comments-opened=\"1\" data-image-meta=\"{&quot;aperture&quot;:&quot;4&quot;,&quot;credit&quot;:&quot;&quot;,&quot;camera&quot;:&quot;NIKON D7000&quot;,&quot;caption&quot;:&quot;&quot;,&quot;created_timestamp&quot;:&quot;1512899571&quot;,&quot;copyright&quot;:&quot;&quot;,&quot;focal_length&quot;:&quot;18&quot;,&quot;iso&quot;:&quot;200&quot;,&quot;shutter_speed&quot;:&quot;0.004&quot;,&quot;title&quot;:&quot;&quot;,&quot;orientation&quot;:&quot;1&quot;}\" data-image-title=\"(1011) (Large)\" data-image-description=\"\" data-image-caption=\"\" data-medium-file=\"https:\/\/sindicatodosbancarios.org.br\/site2022\/wp-content\/uploads\/2017\/12\/1011-Large-1-300x300.jpg\" data-large-file=\"https:\/\/sindicatodosbancarios.org.br\/site2022\/wp-content\/uploads\/2017\/12\/1011-Large-1-1024x678.jpg\" \/><\/a>\n\t\t\t<\/div><\/figure><figure class='gallery-item'>\n\t\t\t<div class='gallery-icon landscape'>\n\t\t\t\t<a href='https:\/\/sindicatodosbancarios.org.br\/site2022\/albuns\/inauguracao-arbanc-e-festa-dos-bancarios-2017\/1019-large-3\/'><img width=\"300\" height=\"300\" src=\"https:\/\/sindicatodosbancarios.org.br\/site2022\/wp-content\/uploads\/2017\/12\/1019-Large-2-300x300.jpg\" class=\"attachment-medium size-medium\" alt=\"\" loading=\"lazy\" srcset=\"https:\/\/sindicatodosbancarios.org.br\/site2022\/wp-content\/uploads\/2017\/12\/1019-Large-2-300x300.jpg 300w, https:\/\/sindicatodosbancarios.org.br\/site2022\/wp-content\/uploads\/2017\/12\/1019-Large-2-150x150.jpg 150w\" sizes=\"(max-width: 300px) 100vw, 300px\" data-attachment-id=\"2100\" data-permalink=\"https:\/\/sindicatodosbancarios.org.br\/site2022\/albuns\/inauguracao-arbanc-e-festa-dos-bancarios-2017\/1019-large-3\/\" data-orig-file=\"https:\/\/sindicatodosbancarios.org.br\/site2022\/wp-content\/uploads\/2017\/12\/1019-Large-2.jpg\" data-orig-size=\"1631,1080\" data-comments-opened=\"1\" data-image-meta=\"{&quot;aperture&quot;:&quot;7.1&quot;,&quot;credit&quot;:&quot;&quot;,&quot;camera&quot;:&quot;NIKON D7000&quot;,&quot;caption&quot;:&quot;&quot;,&quot;created_timestamp&quot;:&quot;1512900349&quot;,&quot;copyright&quot;:&quot;&quot;,&quot;focal_length&quot;:&quot;18&quot;,&quot;iso&quot;:&quot;200&quot;,&quot;shutter_speed&quot;:&quot;0.005&quot;,&quot;title&quot;:&quot;&quot;,&quot;orientation&quot;:&quot;1&quot;}\" data-image-title=\"(1019) (Large)\" data-image-description=\"\" data-image-caption=\"\" data-medium-file=\"https:\/\/sindicatodosbancarios.org.br\/site2022\/wp-content\/uploads\/2017\/12\/1019-Large-2-300x300.jpg\" data-large-file=\"https:\/\/sindicatodosbancarios.org.br\/site2022\/wp-content\/uploads\/2017\/12\/1019-Large-2-1024x678.jpg\" \/><\/a>\n\t\t\t<\/div><\/figure><figure class='gallery-item'>\n\t\t\t<div class='gallery-icon landscape'>\n\t\t\t\t<a href='https:\/\/sindicatodosbancarios.org.br\/site2022\/albuns\/inauguracao-arbanc-e-festa-dos-bancarios-2017\/1015-large-2\/'><img width=\"300\" height=\"300\" src=\"https:\/\/sindicatodosbancarios.org.br\/site2022\/wp-content\/uploads\/2017\/12\/1015-Large-1-300x300.jpg\" class=\"attachment-medium size-medium\" alt=\"\" loading=\"lazy\" srcset=\"https:\/\/sindicatodosbancarios.org.br\/site2022\/wp-content\/uploads\/2017\/12\/1015-Large-1-300x300.jpg 300w, https:\/\/sindicatodosbancarios.org.br\/site2022\/wp-content\/uploads\/2017\/12\/1015-Large-1-150x150.jpg 150w\" sizes=\"(max-width: 300px) 100vw, 300px\" data-attachment-id=\"2097\" data-permalink=\"https:\/\/sindicatodosbancarios.org.br\/site2022\/albuns\/inauguracao-arbanc-e-festa-dos-bancarios-2017\/1015-large-2\/\" data-orig-file=\"https:\/\/sindicatodosbancarios.org.br\/site2022\/wp-content\/uploads\/2017\/12\/1015-Large-1.jpg\" data-orig-size=\"1631,1080\" data-comments-opened=\"1\" data-image-meta=\"{&quot;aperture&quot;:&quot;4.5&quot;,&quot;credit&quot;:&quot;&quot;,&quot;camera&quot;:&quot;NIKON D7000&quot;,&quot;caption&quot;:&quot;&quot;,&quot;created_timestamp&quot;:&quot;1512899643&quot;,&quot;copyright&quot;:&quot;&quot;,&quot;focal_length&quot;:&quot;40&quot;,&quot;iso&quot;:&quot;200&quot;,&quot;shutter_speed&quot;:&quot;0.005&quot;,&quot;title&quot;:&quot;&quot;,&quot;orientation&quot;:&quot;1&quot;}\" data-image-title=\"(1015) (Large)\" data-image-description=\"\" data-image-caption=\"\" data-medium-file=\"https:\/\/sindicatodosbancarios.org.br\/site2022\/wp-content\/uploads\/2017\/12\/1015-Large-1-300x300.jpg\" data-large-file=\"https:\/\/sindicatodosbancarios.org.br\/site2022\/wp-content\/uploads\/2017\/12\/1015-Large-1-1024x678.jpg\" \/><\/a>\n\t\t\t<\/div><\/figure><figure class='gallery-item'>\n\t\t\t<div class='gallery-icon landscape'>\n\t\t\t\t<a href='https:\/\/sindicatodosbancarios.org.br\/site2022\/albuns\/inauguracao-arbanc-e-festa-dos-bancarios-2017\/1016-large-2\/'><img width=\"300\" height=\"300\" src=\"https:\/\/sindicatodosbancarios.org.br\/site2022\/wp-content\/uploads\/2017\/12\/1016-Large-1-300x300.jpg\" class=\"attachment-medium size-medium\" alt=\"\" loading=\"lazy\" srcset=\"https:\/\/sindicatodosbancarios.org.br\/site2022\/wp-content\/uploads\/2017\/12\/1016-Large-1-300x300.jpg 300w, https:\/\/sindicatodosbancarios.org.br\/site2022\/wp-content\/uploads\/2017\/12\/1016-Large-1-150x150.jpg 150w\" sizes=\"(max-width: 300px) 100vw, 300px\" data-attachment-id=\"2098\" data-permalink=\"https:\/\/sindicatodosbancarios.org.br\/site2022\/albuns\/inauguracao-arbanc-e-festa-dos-bancarios-2017\/1016-large-2\/\" data-orig-file=\"https:\/\/sindicatodosbancarios.org.br\/site2022\/wp-content\/uploads\/2017\/12\/1016-Large-1.jpg\" data-orig-size=\"1631,1080\" data-comments-opened=\"1\" data-image-meta=\"{&quot;aperture&quot;:&quot;5.6&quot;,&quot;credit&quot;:&quot;&quot;,&quot;camera&quot;:&quot;NIKON D7000&quot;,&quot;caption&quot;:&quot;&quot;,&quot;created_timestamp&quot;:&quot;1512899675&quot;,&quot;copyright&quot;:&quot;&quot;,&quot;focal_length&quot;:&quot;30&quot;,&quot;iso&quot;:&quot;250&quot;,&quot;shutter_speed&quot;:&quot;0.008&quot;,&quot;title&quot;:&quot;&quot;,&quot;orientation&quot;:&quot;1&quot;}\" data-image-title=\"(1016) (Large)\" data-image-description=\"\" data-image-caption=\"\" data-medium-file=\"https:\/\/sindicatodosbancarios.org.br\/site2022\/wp-content\/uploads\/2017\/12\/1016-Large-1-300x300.jpg\" data-large-file=\"https:\/\/sindicatodosbancarios.org.br\/site2022\/wp-content\/uploads\/2017\/12\/1016-Large-1-1024x678.jpg\" \/><\/a>\n\t\t\t<\/div><\/figure><figure class='gallery-item'>\n\t\t\t<div class='gallery-icon landscape'>\n\t\t\t\t<a href='https:\/\/sindicatodosbancarios.org.br\/site2022\/albuns\/inauguracao-arbanc-e-festa-dos-bancarios-2017\/1005-large-2\/'><img width=\"300\" height=\"300\" src=\"https:\/\/sindicatodosbancarios.org.br\/site2022\/wp-content\/uploads\/2017\/12\/1005-Large-1-300x300.jpg\" class=\"attachment-medium size-medium\" alt=\"\" loading=\"lazy\" srcset=\"https:\/\/sindicatodosbancarios.org.br\/site2022\/wp-content\/uploads\/2017\/12\/1005-Large-1-300x300.jpg 300w, https:\/\/sindicatodosbancarios.org.br\/site2022\/wp-content\/uploads\/2017\/12\/1005-Large-1-150x150.jpg 150w\" sizes=\"(max-width: 300px) 100vw, 300px\" data-attachment-id=\"2092\" data-permalink=\"https:\/\/sindicatodosbancarios.org.br\/site2022\/albuns\/inauguracao-arbanc-e-festa-dos-bancarios-2017\/1005-large-2\/\" data-orig-file=\"https:\/\/sindicatodosbancarios.org.br\/site2022\/wp-content\/uploads\/2017\/12\/1005-Large-1.jpg\" data-orig-size=\"1631,1080\" data-comments-opened=\"1\" data-image-meta=\"{&quot;aperture&quot;:&quot;5&quot;,&quot;credit&quot;:&quot;&quot;,&quot;camera&quot;:&quot;NIKON D7000&quot;,&quot;caption&quot;:&quot;&quot;,&quot;created_timestamp&quot;:&quot;1512899344&quot;,&quot;copyright&quot;:&quot;&quot;,&quot;focal_length&quot;:&quot;24&quot;,&quot;iso&quot;:&quot;100&quot;,&quot;shutter_speed&quot;:&quot;0.004&quot;,&quot;title&quot;:&quot;&quot;,&quot;orientation&quot;:&quot;1&quot;}\" data-image-title=\"(1005) (Large)\" data-image-description=\"\" data-image-caption=\"\" data-medium-file=\"https:\/\/sindicatodosbancarios.org.br\/site2022\/wp-content\/uploads\/2017\/12\/1005-Large-1-300x300.jpg\" data-large-file=\"https:\/\/sindicatodosbancarios.org.br\/site2022\/wp-content\/uploads\/2017\/12\/1005-Large-1-1024x678.jpg\" \/><\/a>\n\t\t\t<\/div><\/figure><figure class='gallery-item'>\n\t\t\t<div class='gallery-icon landscape'>\n\t\t\t\t<a href='https:\/\/sindicatodosbancarios.org.br\/site2022\/albuns\/inauguracao-arbanc-e-festa-dos-bancarios-2017\/1003-large-2\/'><img width=\"300\" height=\"300\" src=\"https:\/\/sindicatodosbancarios.org.br\/site2022\/wp-content\/uploads\/2017\/12\/1003-Large-1-300x300.jpg\" class=\"attachment-medium size-medium\" alt=\"\" loading=\"lazy\" srcset=\"https:\/\/sindicatodosbancarios.org.br\/site2022\/wp-content\/uploads\/2017\/12\/1003-Large-1-300x300.jpg 300w, https:\/\/sindicatodosbancarios.org.br\/site2022\/wp-content\/uploads\/2017\/12\/1003-Large-1-150x150.jpg 150w\" sizes=\"(max-width: 300px) 100vw, 300px\" data-attachment-id=\"2090\" data-permalink=\"https:\/\/sindicatodosbancarios.org.br\/site2022\/albuns\/inauguracao-arbanc-e-festa-dos-bancarios-2017\/1003-large-2\/\" data-orig-file=\"https:\/\/sindicatodosbancarios.org.br\/site2022\/wp-content\/uploads\/2017\/12\/1003-Large-1.jpg\" data-orig-size=\"1631,1080\" data-comments-opened=\"1\" data-image-meta=\"{&quot;aperture&quot;:&quot;3.8&quot;,&quot;credit&quot;:&quot;&quot;,&quot;camera&quot;:&quot;NIKON D7000&quot;,&quot;caption&quot;:&quot;&quot;,&quot;created_timestamp&quot;:&quot;1512898735&quot;,&quot;copyright&quot;:&quot;&quot;,&quot;focal_length&quot;:&quot;26&quot;,&quot;iso&quot;:&quot;200&quot;,&quot;shutter_speed&quot;:&quot;0.00625&quot;,&quot;title&quot;:&quot;&quot;,&quot;orientation&quot;:&quot;1&quot;}\" data-image-title=\"(1003) (Large)\" data-image-description=\"\" data-image-caption=\"\" data-medium-file=\"https:\/\/sindicatodosbancarios.org.br\/site2022\/wp-content\/uploads\/2017\/12\/1003-Large-1-300x300.jpg\" data-large-file=\"https:\/\/sindicatodosbancarios.org.br\/site2022\/wp-content\/uploads\/2017\/12\/1003-Large-1-1024x678.jpg\" \/><\/a>\n\t\t\t<\/div><\/figure><figure class='gallery-item'>\n\t\t\t<div class='gallery-icon landscape'>\n\t\t\t\t<a href='https:\/\/sindicatodosbancarios.org.br\/site2022\/2017\/12\/14\/2041\/1431-large-2\/'><img width=\"300\" height=\"300\" src=\"https:\/\/sindicatodosbancarios.org.br\/site2022\/wp-content\/uploads\/2017\/12\/1431-Large-1-300x300.jpg\" class=\"attachment-medium size-medium\" alt=\"\" loading=\"lazy\" srcset=\"https:\/\/sindicatodosbancarios.org.br\/site2022\/wp-content\/uploads\/2017\/12\/1431-Large-1-300x300.jpg 300w, https:\/\/sindicatodosbancarios.org.br\/site2022\/wp-content\/uploads\/2017\/12\/1431-Large-1-150x150.jpg 150w\" sizes=\"(max-width: 300px) 100vw, 300px\" data-attachment-id=\"2067\" data-permalink=\"https:\/\/sindicatodosbancarios.org.br\/site2022\/2017\/12\/14\/2041\/1431-large-2\/\" data-orig-file=\"https:\/\/sindicatodosbancarios.org.br\/site2022\/wp-content\/uploads\/2017\/12\/1431-Large-1.jpg\" data-orig-size=\"1631,1080\" data-comments-opened=\"1\" data-image-meta=\"{&quot;aperture&quot;:&quot;4.8&quot;,&quot;credit&quot;:&quot;????????????????????????????????????&quot;,&quot;camera&quot;:&quot;NIKON D7000&quot;,&quot;caption&quot;:&quot;&quot;,&quot;created_timestamp&quot;:&quot;1512913226&quot;,&quot;copyright&quot;:&quot;&quot;,&quot;focal_length&quot;:&quot;56&quot;,&quot;iso&quot;:&quot;400&quot;,&quot;shutter_speed&quot;:&quot;0.01&quot;,&quot;title&quot;:&quot;&quot;,&quot;orientation&quot;:&quot;1&quot;}\" data-image-title=\"(1431) (Large)\" data-image-description=\"\" data-image-caption=\"\" data-medium-file=\"https:\/\/sindicatodosbancarios.org.br\/site2022\/wp-content\/uploads\/2017\/12\/1431-Large-1-300x300.jpg\" data-large-file=\"https:\/\/sindicatodosbancarios.org.br\/site2022\/wp-content\/uploads\/2017\/12\/1431-Large-1-1024x678.jpg\" \/><\/a>\n\t\t\t<\/div><\/figure><figure class='gallery-item'>\n\t\t\t<div class='gallery-icon landscape'>\n\t\t\t\t<a href='https:\/\/sindicatodosbancarios.org.br\/site2022\/2017\/12\/14\/2041\/1428-large-2\/'><img width=\"300\" height=\"300\" src=\"https:\/\/sindicatodosbancarios.org.br\/site2022\/wp-content\/uploads\/2017\/12\/1428-Large-1-300x300.jpg\" class=\"attachment-medium size-medium\" alt=\"\" loading=\"lazy\" srcset=\"https:\/\/sindicatodosbancarios.org.br\/site2022\/wp-content\/uploads\/2017\/12\/1428-Large-1-300x300.jpg 300w, https:\/\/sindicatodosbancarios.org.br\/site2022\/wp-content\/uploads\/2017\/12\/1428-Large-1-150x150.jpg 150w\" sizes=\"(max-width: 300px) 100vw, 300px\" data-attachment-id=\"2066\" data-permalink=\"https:\/\/sindicatodosbancarios.org.br\/site2022\/2017\/12\/14\/2041\/1428-large-2\/\" data-orig-file=\"https:\/\/sindicatodosbancarios.org.br\/site2022\/wp-content\/uploads\/2017\/12\/1428-Large-1.jpg\" data-orig-size=\"1631,1080\" data-comments-opened=\"1\" data-image-meta=\"{&quot;aperture&quot;:&quot;4.5&quot;,&quot;credit&quot;:&quot;????????????????????????????????????&quot;,&quot;camera&quot;:&quot;NIKON D7000&quot;,&quot;caption&quot;:&quot;&quot;,&quot;created_timestamp&quot;:&quot;1512913173&quot;,&quot;copyright&quot;:&quot;&quot;,&quot;focal_length&quot;:&quot;48&quot;,&quot;iso&quot;:&quot;320&quot;,&quot;shutter_speed&quot;:&quot;0.008&quot;,&quot;title&quot;:&quot;&quot;,&quot;orientation&quot;:&quot;1&quot;}\" data-image-title=\"(1428) (Large)\" data-image-description=\"\" data-image-caption=\"\" data-medium-file=\"https:\/\/sindicatodosbancarios.org.br\/site2022\/wp-content\/uploads\/2017\/12\/1428-Large-1-300x300.jpg\" data-large-file=\"https:\/\/sindicatodosbancarios.org.br\/site2022\/wp-content\/uploads\/2017\/12\/1428-Large-1-1024x678.jpg\" \/><\/a>\n\t\t\t<\/div><\/figure><figure class='gallery-item'>\n\t\t\t<div class='gallery-icon portrait'>\n\t\t\t\t<a href='https:\/\/sindicatodosbancarios.org.br\/site2022\/2017\/12\/14\/2041\/1421-large-2\/'><img width=\"300\" height=\"300\" src=\"https:\/\/sindicatodosbancarios.org.br\/site2022\/wp-content\/uploads\/2017\/12\/1421-Large-1-300x300.jpg\" class=\"attachment-medium size-medium\" alt=\"\" loading=\"lazy\" srcset=\"https:\/\/sindicatodosbancarios.org.br\/site2022\/wp-content\/uploads\/2017\/12\/1421-Large-1-300x300.jpg 300w, https:\/\/sindicatodosbancarios.org.br\/site2022\/wp-content\/uploads\/2017\/12\/1421-Large-1-150x150.jpg 150w\" sizes=\"(max-width: 300px) 100vw, 300px\" data-attachment-id=\"2065\" data-permalink=\"https:\/\/sindicatodosbancarios.org.br\/site2022\/2017\/12\/14\/2041\/1421-large-2\/\" data-orig-file=\"https:\/\/sindicatodosbancarios.org.br\/site2022\/wp-content\/uploads\/2017\/12\/1421-Large-1.jpg\" data-orig-size=\"1080,1489\" data-comments-opened=\"1\" data-image-meta=\"{&quot;aperture&quot;:&quot;5.6&quot;,&quot;credit&quot;:&quot;&quot;,&quot;camera&quot;:&quot;NIKON D7000&quot;,&quot;caption&quot;:&quot;&quot;,&quot;created_timestamp&quot;:&quot;1512913121&quot;,&quot;copyright&quot;:&quot;&quot;,&quot;focal_length&quot;:&quot;18&quot;,&quot;iso&quot;:&quot;280&quot;,&quot;shutter_speed&quot;:&quot;0.008&quot;,&quot;title&quot;:&quot;&quot;,&quot;orientation&quot;:&quot;0&quot;}\" data-image-title=\"(1421) (Large)\" data-image-description=\"\" data-image-caption=\"\" data-medium-file=\"https:\/\/sindicatodosbancarios.org.br\/site2022\/wp-content\/uploads\/2017\/12\/1421-Large-1-300x300.jpg\" data-large-file=\"https:\/\/sindicatodosbancarios.org.br\/site2022\/wp-content\/uploads\/2017\/12\/1421-Large-1-743x1024.jpg\" \/><\/a>\n\t\t\t<\/div><\/figure><figure class='gallery-item'>\n\t\t\t<div class='gallery-icon portrait'>\n\t\t\t\t<a href='https:\/\/sindicatodosbancarios.org.br\/site2022\/2017\/12\/14\/2041\/1418-large-2\/'><img width=\"300\" height=\"300\" src=\"https:\/\/sindicatodosbancarios.org.br\/site2022\/wp-content\/uploads\/2017\/12\/1418-Large-1-300x300.jpg\" class=\"attachment-medium size-medium\" alt=\"\" loading=\"lazy\" srcset=\"https:\/\/sindicatodosbancarios.org.br\/site2022\/wp-content\/uploads\/2017\/12\/1418-Large-1-300x300.jpg 300w, https:\/\/sindicatodosbancarios.org.br\/site2022\/wp-content\/uploads\/2017\/12\/1418-Large-1-150x150.jpg 150w\" sizes=\"(max-width: 300px) 100vw, 300px\" data-attachment-id=\"2064\" data-permalink=\"https:\/\/sindicatodosbancarios.org.br\/site2022\/2017\/12\/14\/2041\/1418-large-2\/\" data-orig-file=\"https:\/\/sindicatodosbancarios.org.br\/site2022\/wp-content\/uploads\/2017\/12\/1418-Large-1.jpg\" data-orig-size=\"801,955\" data-comments-opened=\"1\" data-image-meta=\"{&quot;aperture&quot;:&quot;4&quot;,&quot;credit&quot;:&quot;????????????????????????????????????&quot;,&quot;camera&quot;:&quot;NIKON D7000&quot;,&quot;caption&quot;:&quot;&quot;,&quot;created_timestamp&quot;:&quot;1512913062&quot;,&quot;copyright&quot;:&quot;&quot;,&quot;focal_length&quot;:&quot;24&quot;,&quot;iso&quot;:&quot;140&quot;,&quot;shutter_speed&quot;:&quot;0.004&quot;,&quot;title&quot;:&quot;&quot;,&quot;orientation&quot;:&quot;1&quot;}\" data-image-title=\"(1418) (Large)\" data-image-description=\"\" data-image-caption=\"\" data-medium-file=\"https:\/\/sindicatodosbancarios.org.br\/site2022\/wp-content\/uploads\/2017\/12\/1418-Large-1-300x300.jpg\" data-large-file=\"https:\/\/sindicatodosbancarios.org.br\/site2022\/wp-content\/uploads\/2017\/12\/1418-Large-1.jpg\" \/><\/a>\n\t\t\t<\/div><\/figure><figure class='gallery-item'>\n\t\t\t<div class='gallery-icon portrait'>\n\t\t\t\t<a href='https:\/\/sindicatodosbancarios.org.br\/site2022\/2017\/12\/14\/2041\/1413-large-2\/'><img width=\"300\" height=\"300\" src=\"https:\/\/sindicatodosbancarios.org.br\/site2022\/wp-content\/uploads\/2017\/12\/1413-Large-1-300x300.jpg\" class=\"attachment-medium size-medium\" alt=\"\" loading=\"lazy\" srcset=\"https:\/\/sindicatodosbancarios.org.br\/site2022\/wp-content\/uploads\/2017\/12\/1413-Large-1-300x300.jpg 300w, https:\/\/sindicatodosbancarios.org.br\/site2022\/wp-content\/uploads\/2017\/12\/1413-Large-1-150x150.jpg 150w\" sizes=\"(max-width: 300px) 100vw, 300px\" data-attachment-id=\"2063\" data-permalink=\"https:\/\/sindicatodosbancarios.org.br\/site2022\/2017\/12\/14\/2041\/1413-large-2\/\" data-orig-file=\"https:\/\/sindicatodosbancarios.org.br\/site2022\/wp-content\/uploads\/2017\/12\/1413-Large-1.jpg\" data-orig-size=\"644,934\" data-comments-opened=\"1\" data-image-meta=\"{&quot;aperture&quot;:&quot;5.6&quot;,&quot;credit&quot;:&quot;????????????????????????????????????&quot;,&quot;camera&quot;:&quot;NIKON D7000&quot;,&quot;caption&quot;:&quot;&quot;,&quot;created_timestamp&quot;:&quot;1512912973&quot;,&quot;copyright&quot;:&quot;&quot;,&quot;focal_length&quot;:&quot;18&quot;,&quot;iso&quot;:&quot;200&quot;,&quot;shutter_speed&quot;:&quot;0.008&quot;,&quot;title&quot;:&quot;&quot;,&quot;orientation&quot;:&quot;1&quot;}\" data-image-title=\"(1413) (Large)\" data-image-description=\"\" data-image-caption=\"\" data-medium-file=\"https:\/\/sindicatodosbancarios.org.br\/site2022\/wp-content\/uploads\/2017\/12\/1413-Large-1-300x300.jpg\" data-large-file=\"https:\/\/sindicatodosbancarios.org.br\/site2022\/wp-content\/uploads\/2017\/12\/1413-Large-1.jpg\" \/><\/a>\n\t\t\t<\/div><\/figure><figure class='gallery-item'>\n\t\t\t<div class='gallery-icon portrait'>\n\t\t\t\t<a href='https:\/\/sindicatodosbancarios.org.br\/site2022\/2017\/12\/14\/2041\/1407-large-2\/'><img width=\"300\" height=\"300\" src=\"https:\/\/sindicatodosbancarios.org.br\/site2022\/wp-content\/uploads\/2017\/12\/1407-Large-1-300x300.jpg\" class=\"attachment-medium size-medium\" alt=\"\" loading=\"lazy\" srcset=\"https:\/\/sindicatodosbancarios.org.br\/site2022\/wp-content\/uploads\/2017\/12\/1407-Large-1-300x300.jpg 300w, https:\/\/sindicatodosbancarios.org.br\/site2022\/wp-content\/uploads\/2017\/12\/1407-Large-1-150x150.jpg 150w\" sizes=\"(max-width: 300px) 100vw, 300px\" data-attachment-id=\"2062\" data-permalink=\"https:\/\/sindicatodosbancarios.org.br\/site2022\/2017\/12\/14\/2041\/1407-large-2\/\" data-orig-file=\"https:\/\/sindicatodosbancarios.org.br\/site2022\/wp-content\/uploads\/2017\/12\/1407-Large-1.jpg\" data-orig-size=\"860,936\" data-comments-opened=\"1\" data-image-meta=\"{&quot;aperture&quot;:&quot;4.5&quot;,&quot;credit&quot;:&quot;????????????????????????????????????&quot;,&quot;camera&quot;:&quot;NIKON D7000&quot;,&quot;caption&quot;:&quot;&quot;,&quot;created_timestamp&quot;:&quot;1512912923&quot;,&quot;copyright&quot;:&quot;&quot;,&quot;focal_length&quot;:&quot;18&quot;,&quot;iso&quot;:&quot;400&quot;,&quot;shutter_speed&quot;:&quot;0.01&quot;,&quot;title&quot;:&quot;&quot;,&quot;orientation&quot;:&quot;1&quot;}\" data-image-title=\"(1407) (Large)\" data-image-description=\"\" data-image-caption=\"\" data-medium-file=\"https:\/\/sindicatodosbancarios.org.br\/site2022\/wp-content\/uploads\/2017\/12\/1407-Large-1-300x300.jpg\" data-large-file=\"https:\/\/sindicatodosbancarios.org.br\/site2022\/wp-content\/uploads\/2017\/12\/1407-Large-1.jpg\" \/><\/a>\n\t\t\t<\/div><\/figure><figure class='gallery-item'>\n\t\t\t<div class='gallery-icon landscape'>\n\t\t\t\t<a href='https:\/\/sindicatodosbancarios.org.br\/site2022\/2017\/12\/14\/2041\/1402-large-2\/'><img width=\"300\" height=\"300\" src=\"https:\/\/sindicatodosbancarios.org.br\/site2022\/wp-content\/uploads\/2017\/12\/1402-Large-1-300x300.jpg\" class=\"attachment-medium size-medium\" alt=\"\" loading=\"lazy\" srcset=\"https:\/\/sindicatodosbancarios.org.br\/site2022\/wp-content\/uploads\/2017\/12\/1402-Large-1-300x300.jpg 300w, https:\/\/sindicatodosbancarios.org.br\/site2022\/wp-content\/uploads\/2017\/12\/1402-Large-1-150x150.jpg 150w\" sizes=\"(max-width: 300px) 100vw, 300px\" data-attachment-id=\"2060\" data-permalink=\"https:\/\/sindicatodosbancarios.org.br\/site2022\/2017\/12\/14\/2041\/1402-large-2\/\" data-orig-file=\"https:\/\/sindicatodosbancarios.org.br\/site2022\/wp-content\/uploads\/2017\/12\/1402-Large-1.jpg\" data-orig-size=\"1579,1062\" data-comments-opened=\"1\" data-image-meta=\"{&quot;aperture&quot;:&quot;3.8&quot;,&quot;credit&quot;:&quot;????????????????????????????????????&quot;,&quot;camera&quot;:&quot;NIKON D7000&quot;,&quot;caption&quot;:&quot;&quot;,&quot;created_timestamp&quot;:&quot;1512912700&quot;,&quot;copyright&quot;:&quot;&quot;,&quot;focal_length&quot;:&quot;23&quot;,&quot;iso&quot;:&quot;360&quot;,&quot;shutter_speed&quot;:&quot;0.008&quot;,&quot;title&quot;:&quot;&quot;,&quot;orientation&quot;:&quot;1&quot;}\" data-image-title=\"(1402) (Large)\" data-image-description=\"\" data-image-caption=\"\" data-medium-file=\"https:\/\/sindicatodosbancarios.org.br\/site2022\/wp-content\/uploads\/2017\/12\/1402-Large-1-300x300.jpg\" data-large-file=\"https:\/\/sindicatodosbancarios.org.br\/site2022\/wp-content\/uploads\/2017\/12\/1402-Large-1-1024x689.jpg\" \/><\/a>\n\t\t\t<\/div><\/figure><figure class='gallery-item'>\n\t\t\t<div class='gallery-icon landscape'>\n\t\t\t\t<a href='https:\/\/sindicatodosbancarios.org.br\/site2022\/2017\/12\/14\/2041\/1404-large-2\/'><img width=\"300\" height=\"300\" src=\"https:\/\/sindicatodosbancarios.org.br\/site2022\/wp-content\/uploads\/2017\/12\/1404-Large-1-300x300.jpg\" class=\"attachment-medium size-medium\" alt=\"\" loading=\"lazy\" srcset=\"https:\/\/sindicatodosbancarios.org.br\/site2022\/wp-content\/uploads\/2017\/12\/1404-Large-1-300x300.jpg 300w, https:\/\/sindicatodosbancarios.org.br\/site2022\/wp-content\/uploads\/2017\/12\/1404-Large-1-150x150.jpg 150w\" sizes=\"(max-width: 300px) 100vw, 300px\" data-attachment-id=\"2061\" data-permalink=\"https:\/\/sindicatodosbancarios.org.br\/site2022\/2017\/12\/14\/2041\/1404-large-2\/\" data-orig-file=\"https:\/\/sindicatodosbancarios.org.br\/site2022\/wp-content\/uploads\/2017\/12\/1404-Large-1.jpg\" data-orig-size=\"964,946\" data-comments-opened=\"1\" data-image-meta=\"{&quot;aperture&quot;:&quot;5&quot;,&quot;credit&quot;:&quot;????????????????????????????????????&quot;,&quot;camera&quot;:&quot;NIKON D7000&quot;,&quot;caption&quot;:&quot;&quot;,&quot;created_timestamp&quot;:&quot;1512912774&quot;,&quot;copyright&quot;:&quot;&quot;,&quot;focal_length&quot;:&quot;18&quot;,&quot;iso&quot;:&quot;400&quot;,&quot;shutter_speed&quot;:&quot;0.01&quot;,&quot;title&quot;:&quot;&quot;,&quot;orientation&quot;:&quot;1&quot;}\" data-image-title=\"(1404) (Large)\" data-image-description=\"\" data-image-caption=\"\" data-medium-file=\"https:\/\/sindicatodosbancarios.org.br\/site2022\/wp-content\/uploads\/2017\/12\/1404-Large-1-300x300.jpg\" data-large-file=\"https:\/\/sindicatodosbancarios.org.br\/site2022\/wp-content\/uploads\/2017\/12\/1404-Large-1.jpg\" \/><\/a>\n\t\t\t<\/div><\/figure><figure class='gallery-item'>\n\t\t\t<div class='gallery-icon landscape'>\n\t\t\t\t<a href='https:\/\/sindicatodosbancarios.org.br\/site2022\/2017\/12\/14\/2041\/1438-large\/'><img width=\"300\" height=\"300\" src=\"https:\/\/sindicatodosbancarios.org.br\/site2022\/wp-content\/uploads\/2017\/12\/1438-Large-300x300.jpg\" class=\"attachment-medium size-medium\" alt=\"\" loading=\"lazy\" srcset=\"https:\/\/sindicatodosbancarios.org.br\/site2022\/wp-content\/uploads\/2017\/12\/1438-Large-300x300.jpg 300w, https:\/\/sindicatodosbancarios.org.br\/site2022\/wp-content\/uploads\/2017\/12\/1438-Large-150x150.jpg 150w\" sizes=\"(max-width: 300px) 100vw, 300px\" data-attachment-id=\"2047\" data-permalink=\"https:\/\/sindicatodosbancarios.org.br\/site2022\/2017\/12\/14\/2041\/1438-large\/\" data-orig-file=\"https:\/\/sindicatodosbancarios.org.br\/site2022\/wp-content\/uploads\/2017\/12\/1438-Large.jpg\" data-orig-size=\"1631,1080\" data-comments-opened=\"1\" data-image-meta=\"{&quot;aperture&quot;:&quot;5.6&quot;,&quot;credit&quot;:&quot;&quot;,&quot;camera&quot;:&quot;NIKON D7000&quot;,&quot;caption&quot;:&quot;&quot;,&quot;created_timestamp&quot;:&quot;1512913302&quot;,&quot;copyright&quot;:&quot;&quot;,&quot;focal_length&quot;:&quot;30&quot;,&quot;iso&quot;:&quot;280&quot;,&quot;shutter_speed&quot;:&quot;0.008&quot;,&quot;title&quot;:&quot;&quot;,&quot;orientation&quot;:&quot;1&quot;}\" data-image-title=\"(1438) (Large)\" data-image-description=\"\" data-image-caption=\"\" data-medium-file=\"https:\/\/sindicatodosbancarios.org.br\/site2022\/wp-content\/uploads\/2017\/12\/1438-Large-300x300.jpg\" data-large-file=\"https:\/\/sindicatodosbancarios.org.br\/site2022\/wp-content\/uploads\/2017\/12\/1438-Large-1024x678.jpg\" \/><\/a>\n\t\t\t<\/div><\/figure><figure class='gallery-item'>\n\t\t\t<div class='gallery-icon landscape'>\n\t\t\t\t<a href='https:\/\/sindicatodosbancarios.org.br\/site2022\/albuns\/inauguracao-arbanc-e-festa-dos-bancarios-2017\/1112-large\/'><img width=\"300\" height=\"300\" src=\"https:\/\/sindicatodosbancarios.org.br\/site2022\/wp-content\/uploads\/2017\/12\/1112-Large-300x300.jpg\" class=\"attachment-medium size-medium\" alt=\"\" loading=\"lazy\" srcset=\"https:\/\/sindicatodosbancarios.org.br\/site2022\/wp-content\/uploads\/2017\/12\/1112-Large-300x300.jpg 300w, https:\/\/sindicatodosbancarios.org.br\/site2022\/wp-content\/uploads\/2017\/12\/1112-Large-150x150.jpg 150w\" sizes=\"(max-width: 300px) 100vw, 300px\" data-attachment-id=\"2044\" data-permalink=\"https:\/\/sindicatodosbancarios.org.br\/site2022\/albuns\/inauguracao-arbanc-e-festa-dos-bancarios-2017\/1112-large\/\" data-orig-file=\"https:\/\/sindicatodosbancarios.org.br\/site2022\/wp-content\/uploads\/2017\/12\/1112-Large.jpg\" data-orig-size=\"1631,1080\" data-comments-opened=\"1\" data-image-meta=\"{&quot;aperture&quot;:&quot;5.6&quot;,&quot;credit&quot;:&quot;&quot;,&quot;camera&quot;:&quot;NIKON D7000&quot;,&quot;caption&quot;:&quot;&quot;,&quot;created_timestamp&quot;:&quot;1512905296&quot;,&quot;copyright&quot;:&quot;&quot;,&quot;focal_length&quot;:&quot;18&quot;,&quot;iso&quot;:&quot;100&quot;,&quot;shutter_speed&quot;:&quot;0.004&quot;,&quot;title&quot;:&quot;&quot;,&quot;orientation&quot;:&quot;1&quot;}\" data-image-title=\"(1112) (Large)\" data-image-description=\"\" data-image-caption=\"\" data-medium-file=\"https:\/\/sindicatodosbancarios.org.br\/site2022\/wp-content\/uploads\/2017\/12\/1112-Large-300x300.jpg\" data-large-file=\"https:\/\/sindicatodosbancarios.org.br\/site2022\/wp-content\/uploads\/2017\/12\/1112-Large-1024x678.jpg\" \/><\/a>\n\t\t\t<\/div><\/figure>\n\t\t<\/div>\n\n","protected":false},"author":2,"featured_media":2307,"template":"","acf":[],"yoast_head":"<!-- This site is optimized with the Yoast SEO plugin v19.14 - https:\/\/yoast.com\/wordpress\/plugins\/seo\/ -->\n<title>INAUGURA\u00c7\u00c3O ARBANC E FESTA DOS BANC\u00c1RIOS 2017 - Sindicato dos Banc\u00e1rios de S\u00e3o Bento do Sul e Regi\u00e3o<\/title>\n<meta name=\"robots\" content=\"index, follow, max-snippet:-1, max-image-preview:large, max-video-preview:-1\" \/>\n<link rel=\"canonical\" href=\"https:\/\/sindicatodosbancarios.org.br\/site2022\/albuns\/inauguracao-arbanc-e-festa-dos-bancarios-2017\/\" \/>\n<meta property=\"og:locale\" content=\"pt_BR\" \/>\n<meta property=\"og:type\" content=\"article\" \/>\n<meta property=\"og:title\" content=\"INAUGURA\u00c7\u00c3O ARBANC E FESTA DOS BANC\u00c1RIOS 2017 - Sindicato dos Banc\u00e1rios de S\u00e3o Bento do Sul e Regi\u00e3o\" \/>\n<meta property=\"og:url\" content=\"https:\/\/sindicatodosbancarios.org.br\/site2022\/albuns\/inauguracao-arbanc-e-festa-dos-bancarios-2017\/\" \/>\n<meta property=\"og:site_name\" content=\"Sindicato dos Banc\u00e1rios de S\u00e3o Bento do Sul e Regi\u00e3o\" \/>\n<meta property=\"article:modified_time\" content=\"2017-12-21T18:07:24+00:00\" \/>\n<meta property=\"og:image\" content=\"https:\/\/sindicatodosbancarios.org.br\/site2022\/wp-content\/uploads\/2017\/12\/1389-Large.jpg\" \/>\n\t<meta property=\"og:image:width\" content=\"1631\" \/>\n\t<meta property=\"og:image:height\" content=\"1080\" \/>\n\t<meta property=\"og:image:type\" content=\"image\/jpeg\" \/>\n<meta name=\"twitter:card\" content=\"summary_large_image\" \/>\n<script type=\"application\/ld+json\" class=\"yoast-schema-graph\">{\"@context\":\"https:\/\/schema.org\",\"@graph\":[{\"@type\":\"WebPage\",\"@id\":\"https:\/\/sindicatodosbancarios.org.br\/site2022\/albuns\/inauguracao-arbanc-e-festa-dos-bancarios-2017\/\",\"url\":\"https:\/\/sindicatodosbancarios.org.br\/site2022\/albuns\/inauguracao-arbanc-e-festa-dos-bancarios-2017\/\",\"name\":\"INAUGURA\u00c7\u00c3O ARBANC E FESTA DOS BANC\u00c1RIOS 2017 - Sindicato dos Banc\u00e1rios de S\u00e3o Bento do Sul e Regi\u00e3o\",\"isPartOf\":{\"@id\":\"https:\/\/sindicatodosbancarios.org.br\/site2022\/#website\"},\"datePublished\":\"2017-12-14T19:02:52+00:00\",\"dateModified\":\"2017-12-21T18:07:24+00:00\",\"breadcrumb\":{\"@id\":\"https:\/\/sindicatodosbancarios.org.br\/site2022\/albuns\/inauguracao-arbanc-e-festa-dos-bancarios-2017\/#breadcrumb\"},\"inLanguage\":\"pt-BR\",\"potentialAction\":[{\"@type\":\"ReadAction\",\"target\":[\"https:\/\/sindicatodosbancarios.org.br\/site2022\/albuns\/inauguracao-arbanc-e-festa-dos-bancarios-2017\/\"]}]},{\"@type\":\"BreadcrumbList\",\"@id\":\"https:\/\/sindicatodosbancarios.org.br\/site2022\/albuns\/inauguracao-arbanc-e-festa-dos-bancarios-2017\/#breadcrumb\",\"itemListElement\":[{\"@type\":\"ListItem\",\"position\":1,\"name\":\"In\u00edcio\",\"item\":\"https:\/\/sindicatodosbancarios.org.br\/site2022\/\"},{\"@type\":\"ListItem\",\"position\":2,\"name\":\"\u00c1lbuns\",\"item\":\"https:\/\/sindicatodosbancarios.org.br\/site2022\/albuns\/\"},{\"@type\":\"ListItem\",\"position\":3,\"name\":\"INAUGURA\u00c7\u00c3O ARBANC E FESTA DOS BANC\u00c1RIOS 2017\"}]},{\"@type\":\"WebSite\",\"@id\":\"https:\/\/sindicatodosbancarios.org.br\/site2022\/#website\",\"url\":\"https:\/\/sindicatodosbancarios.org.br\/site2022\/\",\"name\":\"Sindicato dos Banc\u00e1rios de S\u00e3o Bento do Sul e Regi\u00e3o\",\"description\":\"Website institucional do Sindicato dos Banc\u00e1rios de S\u00e3o Bento do Sul e Regi\u00e3o\",\"publisher\":{\"@id\":\"https:\/\/sindicatodosbancarios.org.br\/site2022\/#organization\"},\"potentialAction\":[{\"@type\":\"SearchAction\",\"target\":{\"@type\":\"EntryPoint\",\"urlTemplate\":\"https:\/\/sindicatodosbancarios.org.br\/site2022\/?s={search_term_string}\"},\"query-input\":\"required name=search_term_string\"}],\"inLanguage\":\"pt-BR\"},{\"@type\":\"Organization\",\"@id\":\"https:\/\/sindicatodosbancarios.org.br\/site2022\/#organization\",\"name\":\"Sindicato dos Banc\u00e1rios de S\u00e3o Bento do Sul e Regi\u00e3o\",\"url\":\"https:\/\/sindicatodosbancarios.org.br\/site2022\/\",\"logo\":{\"@type\":\"ImageObject\",\"inLanguage\":\"pt-BR\",\"@id\":\"https:\/\/sindicatodosbancarios.org.br\/site2022\/#\/schema\/logo\/image\/\",\"url\":\"https:\/\/sindicatodosbancarios.org.br\/site2022\/wp-content\/uploads\/2017\/06\/cropped-logo-2.png\",\"contentUrl\":\"https:\/\/sindicatodosbancarios.org.br\/site2022\/wp-content\/uploads\/2017\/06\/cropped-logo-2.png\",\"width\":292,\"height\":292,\"caption\":\"Sindicato dos Banc\u00e1rios de S\u00e3o Bento do Sul e Regi\u00e3o\"},\"image\":{\"@id\":\"https:\/\/sindicatodosbancarios.org.br\/site2022\/#\/schema\/logo\/image\/\"}}]}<\/script>\n<!-- \/ Yoast SEO plugin. -->","yoast_head_json":{"title":"INAUGURA\u00c7\u00c3O ARBANC E FESTA DOS BANC\u00c1RIOS 2017 - Sindicato dos Banc\u00e1rios de S\u00e3o Bento do Sul e Regi\u00e3o","robots":{"index":"index","follow":"follow","max-snippet":"max-snippet:-1","max-image-preview":"max-image-preview:large","max-video-preview":"max-video-preview:-1"},"canonical":"https:\/\/sindicatodosbancarios.org.br\/site2022\/albuns\/inauguracao-arbanc-e-festa-dos-bancarios-2017\/","og_locale":"pt_BR","og_type":"article","og_title":"INAUGURA\u00c7\u00c3O ARBANC E FESTA DOS BANC\u00c1RIOS 2017 - Sindicato dos Banc\u00e1rios de S\u00e3o Bento do Sul e Regi\u00e3o","og_url":"https:\/\/sindicatodosbancarios.org.br\/site2022\/albuns\/inauguracao-arbanc-e-festa-dos-bancarios-2017\/","og_site_name":"Sindicato dos Banc\u00e1rios de S\u00e3o Bento do Sul e Regi\u00e3o","article_modified_time":"2017-12-21T18:07:24+00:00","og_image":[{"width":1631,"height":1080,"url":"https:\/\/sindicatodosbancarios.org.br\/site2022\/wp-content\/uploads\/2017\/12\/1389-Large.jpg","type":"image\/jpeg"}],"twitter_card":"summary_large_image","schema":{"@context":"https:\/\/schema.org","@graph":[{"@type":"WebPage","@id":"https:\/\/sindicatodosbancarios.org.br\/site2022\/albuns\/inauguracao-arbanc-e-festa-dos-bancarios-2017\/","url":"https:\/\/sindicatodosbancarios.org.br\/site2022\/albuns\/inauguracao-arbanc-e-festa-dos-bancarios-2017\/","name":"INAUGURA\u00c7\u00c3O ARBANC E FESTA DOS BANC\u00c1RIOS 2017 - Sindicato dos Banc\u00e1rios de S\u00e3o Bento do Sul e Regi\u00e3o","isPartOf":{"@id":"https:\/\/sindicatodosbancarios.org.br\/site2022\/#website"},"datePublished":"2017-12-14T19:02:52+00:00","dateModified":"2017-12-21T18:07:24+00:00","breadcrumb":{"@id":"https:\/\/sindicatodosbancarios.org.br\/site2022\/albuns\/inauguracao-arbanc-e-festa-dos-bancarios-2017\/#breadcrumb"},"inLanguage":"pt-BR","potentialAction":[{"@type":"ReadAction","target":["https:\/\/sindicatodosbancarios.org.br\/site2022\/albuns\/inauguracao-arbanc-e-festa-dos-bancarios-2017\/"]}]},{"@type":"BreadcrumbList","@id":"https:\/\/sindicatodosbancarios.org.br\/site2022\/albuns\/inauguracao-arbanc-e-festa-dos-bancarios-2017\/#breadcrumb","itemListElement":[{"@type":"ListItem","position":1,"name":"In\u00edcio","item":"https:\/\/sindicatodosbancarios.org.br\/site2022\/"},{"@type":"ListItem","position":2,"name":"\u00c1lbuns","item":"https:\/\/sindicatodosbancarios.org.br\/site2022\/albuns\/"},{"@type":"ListItem","position":3,"name":"INAUGURA\u00c7\u00c3O ARBANC E FESTA DOS BANC\u00c1RIOS 2017"}]},{"@type":"WebSite","@id":"https:\/\/sindicatodosbancarios.org.br\/site2022\/#website","url":"https:\/\/sindicatodosbancarios.org.br\/site2022\/","name":"Sindicato dos Banc\u00e1rios de S\u00e3o Bento do Sul e Regi\u00e3o","description":"Website institucional do Sindicato dos Banc\u00e1rios de S\u00e3o Bento do Sul e Regi\u00e3o","publisher":{"@id":"https:\/\/sindicatodosbancarios.org.br\/site2022\/#organization"},"potentialAction":[{"@type":"SearchAction","target":{"@type":"EntryPoint","urlTemplate":"https:\/\/sindicatodosbancarios.org.br\/site2022\/?s={search_term_string}"},"query-input":"required name=search_term_string"}],"inLanguage":"pt-BR"},{"@type":"Organization","@id":"https:\/\/sindicatodosbancarios.org.br\/site2022\/#organization","name":"Sindicato dos Banc\u00e1rios de S\u00e3o Bento do Sul e Regi\u00e3o","url":"https:\/\/sindicatodosbancarios.org.br\/site2022\/","logo":{"@type":"ImageObject","inLanguage":"pt-BR","@id":"https:\/\/sindicatodosbancarios.org.br\/site2022\/#\/schema\/logo\/image\/","url":"https:\/\/sindicatodosbancarios.org.br\/site2022\/wp-content\/uploads\/2017\/06\/cropped-logo-2.png","contentUrl":"https:\/\/sindicatodosbancarios.org.br\/site2022\/wp-content\/uploads\/2017\/06\/cropped-logo-2.png","width":292,"height":292,"caption":"Sindicato dos Banc\u00e1rios de S\u00e3o Bento do Sul e Regi\u00e3o"},"image":{"@id":"https:\/\/sindicatodosbancarios.org.br\/site2022\/#\/schema\/logo\/image\/"}}]}},"jetpack_sharing_enabled":true,"_links":{"self":[{"href":"https:\/\/sindicatodosbancarios.org.br\/site2022\/wp-json\/wp\/v2\/albuns\/2005"}],"collection":[{"href":"https:\/\/sindicatodosbancarios.org.br\/site2022\/wp-json\/wp\/v2\/albuns"}],"about":[{"href":"https:\/\/sindicatodosbancarios.org.br\/site2022\/wp-json\/wp\/v2\/types\/albuns"}],"author":[{"embeddable":true,"href":"https:\/\/sindicatodosbancarios.org.br\/site2022\/wp-json\/wp\/v2\/users\/2"}],"version-history":[{"count":6,"href":"https:\/\/sindicatodosbancarios.org.br\/site2022\/wp-json\/wp\/v2\/albuns\/2005\/revisions"}],"predecessor-version":[{"id":2337,"href":"https:\/\/sindicatodosbancarios.org.br\/site2022\/wp-json\/wp\/v2\/albuns\/2005\/revisions\/2337"}],"wp:featuredmedia":[{"embeddable":true,"href":"https:\/\/sindicatodosbancarios.org.br\/site2022\/wp-json\/wp\/v2\/media\/2307"}],"wp:attachment":[{"href":"https:\/\/sindicatodosbancarios.org.br\/site2022\/wp-json\/wp\/v2\/media?parent=2005"}],"curies":[{"name":"wp","href":"https:\/\/api.w.org\/{rel}","templated":true}]}}