{"id":961,"date":"2015-08-15T16:37:52","date_gmt":"2015-08-15T19:37:52","guid":{"rendered":"http:\/\/sindicatodosbancarios.org.br\/?post_type=albuns&#038;p=961"},"modified":"2017-12-07T20:14:31","modified_gmt":"2017-12-07T22:14:31","slug":"greve-dos-bancarios-2015","status":"publish","type":"albuns","link":"https:\/\/sindicatodosbancarios.org.br\/site2022\/albuns\/greve-dos-bancarios-2015\/","title":{"rendered":"Greve dos Banc\u00e1rios 2015"},"content":{"rendered":"<div data-carousel-extra='{\"blog_id\":1,\"permalink\":\"https:\\\/\\\/sindicatodosbancarios.org.br\\\/site2022\\\/albuns\\\/greve-dos-bancarios-2015\\\/\"}' id='gallery-1' class='gallery galleryid-961 gallery-columns-3 gallery-size-medium'><figure class='gallery-item'>\n\t\t\t<div class='gallery-icon landscape'>\n\t\t\t\t<a href='https:\/\/sindicatodosbancarios.org.br\/site2022\/albuns\/greve-dos-bancarios-2015\/img_1175\/'><img width=\"300\" height=\"300\" src=\"https:\/\/sindicatodosbancarios.org.br\/site2022\/wp-content\/uploads\/2017\/08\/IMG_1175-300x300.jpg\" class=\"attachment-medium size-medium\" alt=\"\" loading=\"lazy\" srcset=\"https:\/\/sindicatodosbancarios.org.br\/site2022\/wp-content\/uploads\/2017\/08\/IMG_1175-300x300.jpg 300w, https:\/\/sindicatodosbancarios.org.br\/site2022\/wp-content\/uploads\/2017\/08\/IMG_1175-150x150.jpg 150w\" sizes=\"(max-width: 300px) 100vw, 300px\" data-attachment-id=\"962\" data-permalink=\"https:\/\/sindicatodosbancarios.org.br\/site2022\/albuns\/greve-dos-bancarios-2015\/img_1175\/\" data-orig-file=\"https:\/\/sindicatodosbancarios.org.br\/site2022\/wp-content\/uploads\/2017\/08\/IMG_1175.jpg\" data-orig-size=\"3264,2448\" data-comments-opened=\"1\" data-image-meta=\"{&quot;aperture&quot;:&quot;2.4&quot;,&quot;credit&quot;:&quot;&quot;,&quot;camera&quot;:&quot;iPhone 4S&quot;,&quot;caption&quot;:&quot;&quot;,&quot;created_timestamp&quot;:&quot;1444203354&quot;,&quot;copyright&quot;:&quot;&quot;,&quot;focal_length&quot;:&quot;4.28&quot;,&quot;iso&quot;:&quot;50&quot;,&quot;shutter_speed&quot;:&quot;0.0069444444444444&quot;,&quot;title&quot;:&quot;&quot;,&quot;orientation&quot;:&quot;1&quot;}\" data-image-title=\"IMG_1175\" data-image-description=\"\" data-image-caption=\"\" data-medium-file=\"https:\/\/sindicatodosbancarios.org.br\/site2022\/wp-content\/uploads\/2017\/08\/IMG_1175-300x300.jpg\" data-large-file=\"https:\/\/sindicatodosbancarios.org.br\/site2022\/wp-content\/uploads\/2017\/08\/IMG_1175-1024x768.jpg\" \/><\/a>\n\t\t\t<\/div><\/figure><figure class='gallery-item'>\n\t\t\t<div class='gallery-icon landscape'>\n\t\t\t\t<a href='https:\/\/sindicatodosbancarios.org.br\/site2022\/albuns\/greve-dos-bancarios-2015\/img_1178\/'><img width=\"300\" height=\"300\" src=\"https:\/\/sindicatodosbancarios.org.br\/site2022\/wp-content\/uploads\/2017\/08\/IMG_1178-300x300.jpg\" class=\"attachment-medium size-medium\" alt=\"\" loading=\"lazy\" srcset=\"https:\/\/sindicatodosbancarios.org.br\/site2022\/wp-content\/uploads\/2017\/08\/IMG_1178-300x300.jpg 300w, https:\/\/sindicatodosbancarios.org.br\/site2022\/wp-content\/uploads\/2017\/08\/IMG_1178-150x150.jpg 150w\" sizes=\"(max-width: 300px) 100vw, 300px\" data-attachment-id=\"965\" data-permalink=\"https:\/\/sindicatodosbancarios.org.br\/site2022\/albuns\/greve-dos-bancarios-2015\/img_1178\/\" data-orig-file=\"https:\/\/sindicatodosbancarios.org.br\/site2022\/wp-content\/uploads\/2017\/08\/IMG_1178.jpg\" data-orig-size=\"3264,2448\" data-comments-opened=\"1\" data-image-meta=\"{&quot;aperture&quot;:&quot;2.4&quot;,&quot;credit&quot;:&quot;&quot;,&quot;camera&quot;:&quot;iPhone 4S&quot;,&quot;caption&quot;:&quot;&quot;,&quot;created_timestamp&quot;:&quot;1444204770&quot;,&quot;copyright&quot;:&quot;&quot;,&quot;focal_length&quot;:&quot;4.28&quot;,&quot;iso&quot;:&quot;50&quot;,&quot;shutter_speed&quot;:&quot;0.00034399724802202&quot;,&quot;title&quot;:&quot;&quot;,&quot;orientation&quot;:&quot;1&quot;}\" data-image-title=\"IMG_1178\" data-image-description=\"\" data-image-caption=\"\" data-medium-file=\"https:\/\/sindicatodosbancarios.org.br\/site2022\/wp-content\/uploads\/2017\/08\/IMG_1178-300x300.jpg\" data-large-file=\"https:\/\/sindicatodosbancarios.org.br\/site2022\/wp-content\/uploads\/2017\/08\/IMG_1178-1024x768.jpg\" \/><\/a>\n\t\t\t<\/div><\/figure><figure class='gallery-item'>\n\t\t\t<div class='gallery-icon landscape'>\n\t\t\t\t<a href='https:\/\/sindicatodosbancarios.org.br\/site2022\/albuns\/greve-dos-bancarios-2015\/img_1179\/'><img width=\"300\" height=\"300\" src=\"https:\/\/sindicatodosbancarios.org.br\/site2022\/wp-content\/uploads\/2017\/08\/IMG_1179-300x300.jpg\" class=\"attachment-medium size-medium\" alt=\"\" loading=\"lazy\" srcset=\"https:\/\/sindicatodosbancarios.org.br\/site2022\/wp-content\/uploads\/2017\/08\/IMG_1179-300x300.jpg 300w, https:\/\/sindicatodosbancarios.org.br\/site2022\/wp-content\/uploads\/2017\/08\/IMG_1179-150x150.jpg 150w\" sizes=\"(max-width: 300px) 100vw, 300px\" data-attachment-id=\"966\" data-permalink=\"https:\/\/sindicatodosbancarios.org.br\/site2022\/albuns\/greve-dos-bancarios-2015\/img_1179\/\" data-orig-file=\"https:\/\/sindicatodosbancarios.org.br\/site2022\/wp-content\/uploads\/2017\/08\/IMG_1179.jpg\" data-orig-size=\"3264,2448\" data-comments-opened=\"1\" data-image-meta=\"{&quot;aperture&quot;:&quot;2.4&quot;,&quot;credit&quot;:&quot;&quot;,&quot;camera&quot;:&quot;iPhone 4S&quot;,&quot;caption&quot;:&quot;&quot;,&quot;created_timestamp&quot;:&quot;1444204774&quot;,&quot;copyright&quot;:&quot;&quot;,&quot;focal_length&quot;:&quot;4.28&quot;,&quot;iso&quot;:&quot;50&quot;,&quot;shutter_speed&quot;:&quot;0.00023501762632197&quot;,&quot;title&quot;:&quot;&quot;,&quot;orientation&quot;:&quot;1&quot;}\" data-image-title=\"IMG_1179\" data-image-description=\"\" data-image-caption=\"\" data-medium-file=\"https:\/\/sindicatodosbancarios.org.br\/site2022\/wp-content\/uploads\/2017\/08\/IMG_1179-300x300.jpg\" data-large-file=\"https:\/\/sindicatodosbancarios.org.br\/site2022\/wp-content\/uploads\/2017\/08\/IMG_1179-1024x768.jpg\" \/><\/a>\n\t\t\t<\/div><\/figure><figure class='gallery-item'>\n\t\t\t<div class='gallery-icon landscape'>\n\t\t\t\t<a href='https:\/\/sindicatodosbancarios.org.br\/site2022\/albuns\/greve-dos-bancarios-2015\/img_1182\/'><img width=\"300\" height=\"300\" src=\"https:\/\/sindicatodosbancarios.org.br\/site2022\/wp-content\/uploads\/2017\/08\/IMG_1182-300x300.jpg\" class=\"attachment-medium size-medium\" alt=\"\" loading=\"lazy\" srcset=\"https:\/\/sindicatodosbancarios.org.br\/site2022\/wp-content\/uploads\/2017\/08\/IMG_1182-300x300.jpg 300w, https:\/\/sindicatodosbancarios.org.br\/site2022\/wp-content\/uploads\/2017\/08\/IMG_1182-150x150.jpg 150w\" sizes=\"(max-width: 300px) 100vw, 300px\" data-attachment-id=\"967\" data-permalink=\"https:\/\/sindicatodosbancarios.org.br\/site2022\/albuns\/greve-dos-bancarios-2015\/img_1182\/\" data-orig-file=\"https:\/\/sindicatodosbancarios.org.br\/site2022\/wp-content\/uploads\/2017\/08\/IMG_1182.jpg\" data-orig-size=\"3264,2448\" data-comments-opened=\"1\" data-image-meta=\"{&quot;aperture&quot;:&quot;2.4&quot;,&quot;credit&quot;:&quot;&quot;,&quot;camera&quot;:&quot;iPhone 4S&quot;,&quot;caption&quot;:&quot;&quot;,&quot;created_timestamp&quot;:&quot;1444206675&quot;,&quot;copyright&quot;:&quot;&quot;,&quot;focal_length&quot;:&quot;4.28&quot;,&quot;iso&quot;:&quot;50&quot;,&quot;shutter_speed&quot;:&quot;0.00076103500761035&quot;,&quot;title&quot;:&quot;&quot;,&quot;orientation&quot;:&quot;6&quot;}\" data-image-title=\"IMG_1182\" data-image-description=\"\" data-image-caption=\"\" data-medium-file=\"https:\/\/sindicatodosbancarios.org.br\/site2022\/wp-content\/uploads\/2017\/08\/IMG_1182-300x300.jpg\" data-large-file=\"https:\/\/sindicatodosbancarios.org.br\/site2022\/wp-content\/uploads\/2017\/08\/IMG_1182-1024x768.jpg\" \/><\/a>\n\t\t\t<\/div><\/figure><figure class='gallery-item'>\n\t\t\t<div class='gallery-icon landscape'>\n\t\t\t\t<a href='https:\/\/sindicatodosbancarios.org.br\/site2022\/albuns\/greve-dos-bancarios-2015\/img_1184\/'><img width=\"300\" height=\"300\" src=\"https:\/\/sindicatodosbancarios.org.br\/site2022\/wp-content\/uploads\/2017\/08\/IMG_1184-300x300.jpg\" class=\"attachment-medium size-medium\" alt=\"\" loading=\"lazy\" srcset=\"https:\/\/sindicatodosbancarios.org.br\/site2022\/wp-content\/uploads\/2017\/08\/IMG_1184-300x300.jpg 300w, https:\/\/sindicatodosbancarios.org.br\/site2022\/wp-content\/uploads\/2017\/08\/IMG_1184-150x150.jpg 150w\" sizes=\"(max-width: 300px) 100vw, 300px\" data-attachment-id=\"968\" data-permalink=\"https:\/\/sindicatodosbancarios.org.br\/site2022\/albuns\/greve-dos-bancarios-2015\/img_1184\/\" data-orig-file=\"https:\/\/sindicatodosbancarios.org.br\/site2022\/wp-content\/uploads\/2017\/08\/IMG_1184.jpg\" data-orig-size=\"3264,2448\" data-comments-opened=\"1\" data-image-meta=\"{&quot;aperture&quot;:&quot;2.4&quot;,&quot;credit&quot;:&quot;&quot;,&quot;camera&quot;:&quot;iPhone 4S&quot;,&quot;caption&quot;:&quot;&quot;,&quot;created_timestamp&quot;:&quot;1444208036&quot;,&quot;copyright&quot;:&quot;&quot;,&quot;focal_length&quot;:&quot;4.28&quot;,&quot;iso&quot;:&quot;50&quot;,&quot;shutter_speed&quot;:&quot;0.00066979236436705&quot;,&quot;title&quot;:&quot;&quot;,&quot;orientation&quot;:&quot;6&quot;}\" data-image-title=\"IMG_1184\" data-image-description=\"\" data-image-caption=\"\" data-medium-file=\"https:\/\/sindicatodosbancarios.org.br\/site2022\/wp-content\/uploads\/2017\/08\/IMG_1184-300x300.jpg\" data-large-file=\"https:\/\/sindicatodosbancarios.org.br\/site2022\/wp-content\/uploads\/2017\/08\/IMG_1184-1024x768.jpg\" \/><\/a>\n\t\t\t<\/div><\/figure><figure class='gallery-item'>\n\t\t\t<div class='gallery-icon landscape'>\n\t\t\t\t<a href='https:\/\/sindicatodosbancarios.org.br\/site2022\/albuns\/greve-dos-bancarios-2015\/img_1186\/'><img width=\"300\" height=\"300\" src=\"https:\/\/sindicatodosbancarios.org.br\/site2022\/wp-content\/uploads\/2017\/08\/IMG_1186-300x300.jpg\" class=\"attachment-medium size-medium\" alt=\"\" loading=\"lazy\" srcset=\"https:\/\/sindicatodosbancarios.org.br\/site2022\/wp-content\/uploads\/2017\/08\/IMG_1186-300x300.jpg 300w, https:\/\/sindicatodosbancarios.org.br\/site2022\/wp-content\/uploads\/2017\/08\/IMG_1186-150x150.jpg 150w\" sizes=\"(max-width: 300px) 100vw, 300px\" data-attachment-id=\"969\" data-permalink=\"https:\/\/sindicatodosbancarios.org.br\/site2022\/albuns\/greve-dos-bancarios-2015\/img_1186\/\" data-orig-file=\"https:\/\/sindicatodosbancarios.org.br\/site2022\/wp-content\/uploads\/2017\/08\/IMG_1186.jpg\" data-orig-size=\"3264,2448\" data-comments-opened=\"1\" data-image-meta=\"{&quot;aperture&quot;:&quot;2.4&quot;,&quot;credit&quot;:&quot;&quot;,&quot;camera&quot;:&quot;iPhone 4S&quot;,&quot;caption&quot;:&quot;&quot;,&quot;created_timestamp&quot;:&quot;1444213667&quot;,&quot;copyright&quot;:&quot;&quot;,&quot;focal_length&quot;:&quot;4.28&quot;,&quot;iso&quot;:&quot;50&quot;,&quot;shutter_speed&quot;:&quot;0.00039793076004775&quot;,&quot;title&quot;:&quot;&quot;,&quot;orientation&quot;:&quot;1&quot;}\" data-image-title=\"IMG_1186\" data-image-description=\"\" data-image-caption=\"\" data-medium-file=\"https:\/\/sindicatodosbancarios.org.br\/site2022\/wp-content\/uploads\/2017\/08\/IMG_1186-300x300.jpg\" data-large-file=\"https:\/\/sindicatodosbancarios.org.br\/site2022\/wp-content\/uploads\/2017\/08\/IMG_1186-1024x768.jpg\" \/><\/a>\n\t\t\t<\/div><\/figure><figure class='gallery-item'>\n\t\t\t<div class='gallery-icon landscape'>\n\t\t\t\t<a href='https:\/\/sindicatodosbancarios.org.br\/site2022\/albuns\/greve-dos-bancarios-2015\/img_1187\/'><img width=\"300\" height=\"300\" src=\"https:\/\/sindicatodosbancarios.org.br\/site2022\/wp-content\/uploads\/2017\/08\/IMG_1187-300x300.jpg\" class=\"attachment-medium size-medium\" alt=\"\" loading=\"lazy\" srcset=\"https:\/\/sindicatodosbancarios.org.br\/site2022\/wp-content\/uploads\/2017\/08\/IMG_1187-300x300.jpg 300w, https:\/\/sindicatodosbancarios.org.br\/site2022\/wp-content\/uploads\/2017\/08\/IMG_1187-150x150.jpg 150w\" sizes=\"(max-width: 300px) 100vw, 300px\" data-attachment-id=\"970\" data-permalink=\"https:\/\/sindicatodosbancarios.org.br\/site2022\/albuns\/greve-dos-bancarios-2015\/img_1187\/\" data-orig-file=\"https:\/\/sindicatodosbancarios.org.br\/site2022\/wp-content\/uploads\/2017\/08\/IMG_1187.jpg\" data-orig-size=\"3264,2448\" data-comments-opened=\"1\" data-image-meta=\"{&quot;aperture&quot;:&quot;2.4&quot;,&quot;credit&quot;:&quot;&quot;,&quot;camera&quot;:&quot;iPhone 4S&quot;,&quot;caption&quot;:&quot;&quot;,&quot;created_timestamp&quot;:&quot;1444213687&quot;,&quot;copyright&quot;:&quot;&quot;,&quot;focal_length&quot;:&quot;4.28&quot;,&quot;iso&quot;:&quot;50&quot;,&quot;shutter_speed&quot;:&quot;0.0033003300330033&quot;,&quot;title&quot;:&quot;&quot;,&quot;orientation&quot;:&quot;1&quot;}\" data-image-title=\"IMG_1187\" data-image-description=\"\" data-image-caption=\"\" data-medium-file=\"https:\/\/sindicatodosbancarios.org.br\/site2022\/wp-content\/uploads\/2017\/08\/IMG_1187-300x300.jpg\" data-large-file=\"https:\/\/sindicatodosbancarios.org.br\/site2022\/wp-content\/uploads\/2017\/08\/IMG_1187-1024x768.jpg\" \/><\/a>\n\t\t\t<\/div><\/figure><figure class='gallery-item'>\n\t\t\t<div class='gallery-icon landscape'>\n\t\t\t\t<a href='https:\/\/sindicatodosbancarios.org.br\/site2022\/albuns\/greve-dos-bancarios-2015\/img_1193\/'><img width=\"300\" height=\"300\" src=\"https:\/\/sindicatodosbancarios.org.br\/site2022\/wp-content\/uploads\/2017\/08\/IMG_1193-300x300.jpg\" class=\"attachment-medium size-medium\" alt=\"\" loading=\"lazy\" srcset=\"https:\/\/sindicatodosbancarios.org.br\/site2022\/wp-content\/uploads\/2017\/08\/IMG_1193-300x300.jpg 300w, https:\/\/sindicatodosbancarios.org.br\/site2022\/wp-content\/uploads\/2017\/08\/IMG_1193-150x150.jpg 150w\" sizes=\"(max-width: 300px) 100vw, 300px\" data-attachment-id=\"971\" data-permalink=\"https:\/\/sindicatodosbancarios.org.br\/site2022\/albuns\/greve-dos-bancarios-2015\/img_1193\/\" data-orig-file=\"https:\/\/sindicatodosbancarios.org.br\/site2022\/wp-content\/uploads\/2017\/08\/IMG_1193.jpg\" data-orig-size=\"1600,1200\" data-comments-opened=\"1\" data-image-meta=\"{&quot;aperture&quot;:&quot;0&quot;,&quot;credit&quot;:&quot;&quot;,&quot;camera&quot;:&quot;&quot;,&quot;caption&quot;:&quot;&quot;,&quot;created_timestamp&quot;:&quot;0&quot;,&quot;copyright&quot;:&quot;&quot;,&quot;focal_length&quot;:&quot;0&quot;,&quot;iso&quot;:&quot;0&quot;,&quot;shutter_speed&quot;:&quot;0&quot;,&quot;title&quot;:&quot;&quot;,&quot;orientation&quot;:&quot;1&quot;}\" data-image-title=\"IMG_1193\" data-image-description=\"\" data-image-caption=\"\" data-medium-file=\"https:\/\/sindicatodosbancarios.org.br\/site2022\/wp-content\/uploads\/2017\/08\/IMG_1193-300x300.jpg\" data-large-file=\"https:\/\/sindicatodosbancarios.org.br\/site2022\/wp-content\/uploads\/2017\/08\/IMG_1193-1024x768.jpg\" \/><\/a>\n\t\t\t<\/div><\/figure><figure class='gallery-item'>\n\t\t\t<div class='gallery-icon landscape'>\n\t\t\t\t<a href='https:\/\/sindicatodosbancarios.org.br\/site2022\/albuns\/greve-dos-bancarios-2015\/img_1194\/'><img width=\"300\" height=\"300\" src=\"https:\/\/sindicatodosbancarios.org.br\/site2022\/wp-content\/uploads\/2017\/08\/IMG_1194-300x300.jpg\" class=\"attachment-medium size-medium\" alt=\"\" loading=\"lazy\" srcset=\"https:\/\/sindicatodosbancarios.org.br\/site2022\/wp-content\/uploads\/2017\/08\/IMG_1194-300x300.jpg 300w, https:\/\/sindicatodosbancarios.org.br\/site2022\/wp-content\/uploads\/2017\/08\/IMG_1194-150x150.jpg 150w\" sizes=\"(max-width: 300px) 100vw, 300px\" data-attachment-id=\"972\" data-permalink=\"https:\/\/sindicatodosbancarios.org.br\/site2022\/albuns\/greve-dos-bancarios-2015\/img_1194\/\" data-orig-file=\"https:\/\/sindicatodosbancarios.org.br\/site2022\/wp-content\/uploads\/2017\/08\/IMG_1194.jpg\" data-orig-size=\"1600,1200\" data-comments-opened=\"1\" data-image-meta=\"{&quot;aperture&quot;:&quot;0&quot;,&quot;credit&quot;:&quot;&quot;,&quot;camera&quot;:&quot;&quot;,&quot;caption&quot;:&quot;&quot;,&quot;created_timestamp&quot;:&quot;0&quot;,&quot;copyright&quot;:&quot;&quot;,&quot;focal_length&quot;:&quot;0&quot;,&quot;iso&quot;:&quot;0&quot;,&quot;shutter_speed&quot;:&quot;0&quot;,&quot;title&quot;:&quot;&quot;,&quot;orientation&quot;:&quot;1&quot;}\" data-image-title=\"IMG_1194\" data-image-description=\"\" data-image-caption=\"\" data-medium-file=\"https:\/\/sindicatodosbancarios.org.br\/site2022\/wp-content\/uploads\/2017\/08\/IMG_1194-300x300.jpg\" data-large-file=\"https:\/\/sindicatodosbancarios.org.br\/site2022\/wp-content\/uploads\/2017\/08\/IMG_1194-1024x768.jpg\" \/><\/a>\n\t\t\t<\/div><\/figure><figure class='gallery-item'>\n\t\t\t<div class='gallery-icon landscape'>\n\t\t\t\t<a href='https:\/\/sindicatodosbancarios.org.br\/site2022\/albuns\/greve-dos-bancarios-2015\/img_1195\/'><img width=\"300\" height=\"300\" src=\"https:\/\/sindicatodosbancarios.org.br\/site2022\/wp-content\/uploads\/2017\/08\/IMG_1195-300x300.jpg\" class=\"attachment-medium size-medium\" alt=\"\" loading=\"lazy\" srcset=\"https:\/\/sindicatodosbancarios.org.br\/site2022\/wp-content\/uploads\/2017\/08\/IMG_1195-300x300.jpg 300w, https:\/\/sindicatodosbancarios.org.br\/site2022\/wp-content\/uploads\/2017\/08\/IMG_1195-150x150.jpg 150w\" sizes=\"(max-width: 300px) 100vw, 300px\" data-attachment-id=\"973\" data-permalink=\"https:\/\/sindicatodosbancarios.org.br\/site2022\/albuns\/greve-dos-bancarios-2015\/img_1195\/\" data-orig-file=\"https:\/\/sindicatodosbancarios.org.br\/site2022\/wp-content\/uploads\/2017\/08\/IMG_1195.jpg\" data-orig-size=\"1600,1200\" data-comments-opened=\"1\" data-image-meta=\"{&quot;aperture&quot;:&quot;0&quot;,&quot;credit&quot;:&quot;&quot;,&quot;camera&quot;:&quot;&quot;,&quot;caption&quot;:&quot;&quot;,&quot;created_timestamp&quot;:&quot;0&quot;,&quot;copyright&quot;:&quot;&quot;,&quot;focal_length&quot;:&quot;0&quot;,&quot;iso&quot;:&quot;0&quot;,&quot;shutter_speed&quot;:&quot;0&quot;,&quot;title&quot;:&quot;&quot;,&quot;orientation&quot;:&quot;1&quot;}\" data-image-title=\"IMG_1195\" data-image-description=\"\" data-image-caption=\"\" data-medium-file=\"https:\/\/sindicatodosbancarios.org.br\/site2022\/wp-content\/uploads\/2017\/08\/IMG_1195-300x300.jpg\" data-large-file=\"https:\/\/sindicatodosbancarios.org.br\/site2022\/wp-content\/uploads\/2017\/08\/IMG_1195-1024x768.jpg\" \/><\/a>\n\t\t\t<\/div><\/figure><figure class='gallery-item'>\n\t\t\t<div class='gallery-icon landscape'>\n\t\t\t\t<a href='https:\/\/sindicatodosbancarios.org.br\/site2022\/albuns\/greve-dos-bancarios-2015\/img_1196\/'><img width=\"300\" height=\"300\" src=\"https:\/\/sindicatodosbancarios.org.br\/site2022\/wp-content\/uploads\/2017\/08\/IMG_1196-300x300.jpg\" class=\"attachment-medium size-medium\" alt=\"\" loading=\"lazy\" srcset=\"https:\/\/sindicatodosbancarios.org.br\/site2022\/wp-content\/uploads\/2017\/08\/IMG_1196-300x300.jpg 300w, https:\/\/sindicatodosbancarios.org.br\/site2022\/wp-content\/uploads\/2017\/08\/IMG_1196-150x150.jpg 150w\" sizes=\"(max-width: 300px) 100vw, 300px\" data-attachment-id=\"974\" data-permalink=\"https:\/\/sindicatodosbancarios.org.br\/site2022\/albuns\/greve-dos-bancarios-2015\/img_1196\/\" data-orig-file=\"https:\/\/sindicatodosbancarios.org.br\/site2022\/wp-content\/uploads\/2017\/08\/IMG_1196.jpg\" data-orig-size=\"1600,1200\" data-comments-opened=\"1\" data-image-meta=\"{&quot;aperture&quot;:&quot;0&quot;,&quot;credit&quot;:&quot;&quot;,&quot;camera&quot;:&quot;&quot;,&quot;caption&quot;:&quot;&quot;,&quot;created_timestamp&quot;:&quot;0&quot;,&quot;copyright&quot;:&quot;&quot;,&quot;focal_length&quot;:&quot;0&quot;,&quot;iso&quot;:&quot;0&quot;,&quot;shutter_speed&quot;:&quot;0&quot;,&quot;title&quot;:&quot;&quot;,&quot;orientation&quot;:&quot;1&quot;}\" data-image-title=\"IMG_1196\" data-image-description=\"\" data-image-caption=\"\" data-medium-file=\"https:\/\/sindicatodosbancarios.org.br\/site2022\/wp-content\/uploads\/2017\/08\/IMG_1196-300x300.jpg\" data-large-file=\"https:\/\/sindicatodosbancarios.org.br\/site2022\/wp-content\/uploads\/2017\/08\/IMG_1196-1024x768.jpg\" \/><\/a>\n\t\t\t<\/div><\/figure><figure class='gallery-item'>\n\t\t\t<div class='gallery-icon landscape'>\n\t\t\t\t<a href='https:\/\/sindicatodosbancarios.org.br\/site2022\/albuns\/greve-dos-bancarios-2015\/img_1199\/'><img width=\"300\" height=\"300\" src=\"https:\/\/sindicatodosbancarios.org.br\/site2022\/wp-content\/uploads\/2017\/08\/IMG_1199-300x300.jpg\" class=\"attachment-medium size-medium\" alt=\"\" loading=\"lazy\" srcset=\"https:\/\/sindicatodosbancarios.org.br\/site2022\/wp-content\/uploads\/2017\/08\/IMG_1199-300x300.jpg 300w, https:\/\/sindicatodosbancarios.org.br\/site2022\/wp-content\/uploads\/2017\/08\/IMG_1199-150x150.jpg 150w\" sizes=\"(max-width: 300px) 100vw, 300px\" data-attachment-id=\"975\" data-permalink=\"https:\/\/sindicatodosbancarios.org.br\/site2022\/albuns\/greve-dos-bancarios-2015\/img_1199\/\" data-orig-file=\"https:\/\/sindicatodosbancarios.org.br\/site2022\/wp-content\/uploads\/2017\/08\/IMG_1199.jpg\" data-orig-size=\"1600,1200\" data-comments-opened=\"1\" data-image-meta=\"{&quot;aperture&quot;:&quot;0&quot;,&quot;credit&quot;:&quot;&quot;,&quot;camera&quot;:&quot;&quot;,&quot;caption&quot;:&quot;&quot;,&quot;created_timestamp&quot;:&quot;0&quot;,&quot;copyright&quot;:&quot;&quot;,&quot;focal_length&quot;:&quot;0&quot;,&quot;iso&quot;:&quot;0&quot;,&quot;shutter_speed&quot;:&quot;0&quot;,&quot;title&quot;:&quot;&quot;,&quot;orientation&quot;:&quot;1&quot;}\" data-image-title=\"IMG_1199\" data-image-description=\"\" data-image-caption=\"\" data-medium-file=\"https:\/\/sindicatodosbancarios.org.br\/site2022\/wp-content\/uploads\/2017\/08\/IMG_1199-300x300.jpg\" data-large-file=\"https:\/\/sindicatodosbancarios.org.br\/site2022\/wp-content\/uploads\/2017\/08\/IMG_1199-1024x768.jpg\" \/><\/a>\n\t\t\t<\/div><\/figure><figure class='gallery-item'>\n\t\t\t<div class='gallery-icon landscape'>\n\t\t\t\t<a href='https:\/\/sindicatodosbancarios.org.br\/site2022\/albuns\/greve-dos-bancarios-2015\/img_1201\/'><img width=\"300\" height=\"300\" src=\"https:\/\/sindicatodosbancarios.org.br\/site2022\/wp-content\/uploads\/2017\/08\/IMG_1201-300x300.jpg\" class=\"attachment-medium size-medium\" alt=\"\" loading=\"lazy\" srcset=\"https:\/\/sindicatodosbancarios.org.br\/site2022\/wp-content\/uploads\/2017\/08\/IMG_1201-300x300.jpg 300w, https:\/\/sindicatodosbancarios.org.br\/site2022\/wp-content\/uploads\/2017\/08\/IMG_1201-150x150.jpg 150w\" sizes=\"(max-width: 300px) 100vw, 300px\" data-attachment-id=\"976\" data-permalink=\"https:\/\/sindicatodosbancarios.org.br\/site2022\/albuns\/greve-dos-bancarios-2015\/img_1201\/\" data-orig-file=\"https:\/\/sindicatodosbancarios.org.br\/site2022\/wp-content\/uploads\/2017\/08\/IMG_1201.jpg\" data-orig-size=\"1600,1200\" data-comments-opened=\"1\" data-image-meta=\"{&quot;aperture&quot;:&quot;0&quot;,&quot;credit&quot;:&quot;&quot;,&quot;camera&quot;:&quot;&quot;,&quot;caption&quot;:&quot;&quot;,&quot;created_timestamp&quot;:&quot;0&quot;,&quot;copyright&quot;:&quot;&quot;,&quot;focal_length&quot;:&quot;0&quot;,&quot;iso&quot;:&quot;0&quot;,&quot;shutter_speed&quot;:&quot;0&quot;,&quot;title&quot;:&quot;&quot;,&quot;orientation&quot;:&quot;1&quot;}\" data-image-title=\"IMG_1201\" data-image-description=\"\" data-image-caption=\"\" data-medium-file=\"https:\/\/sindicatodosbancarios.org.br\/site2022\/wp-content\/uploads\/2017\/08\/IMG_1201-300x300.jpg\" data-large-file=\"https:\/\/sindicatodosbancarios.org.br\/site2022\/wp-content\/uploads\/2017\/08\/IMG_1201-1024x768.jpg\" \/><\/a>\n\t\t\t<\/div><\/figure><figure class='gallery-item'>\n\t\t\t<div class='gallery-icon landscape'>\n\t\t\t\t<a href='https:\/\/sindicatodosbancarios.org.br\/site2022\/albuns\/greve-dos-bancarios-2015\/img_1202\/'><img width=\"300\" height=\"300\" src=\"https:\/\/sindicatodosbancarios.org.br\/site2022\/wp-content\/uploads\/2017\/08\/IMG_1202-300x300.jpg\" class=\"attachment-medium size-medium\" alt=\"\" loading=\"lazy\" srcset=\"https:\/\/sindicatodosbancarios.org.br\/site2022\/wp-content\/uploads\/2017\/08\/IMG_1202-300x300.jpg 300w, https:\/\/sindicatodosbancarios.org.br\/site2022\/wp-content\/uploads\/2017\/08\/IMG_1202-150x150.jpg 150w\" sizes=\"(max-width: 300px) 100vw, 300px\" data-attachment-id=\"977\" data-permalink=\"https:\/\/sindicatodosbancarios.org.br\/site2022\/albuns\/greve-dos-bancarios-2015\/img_1202\/\" data-orig-file=\"https:\/\/sindicatodosbancarios.org.br\/site2022\/wp-content\/uploads\/2017\/08\/IMG_1202.jpg\" data-orig-size=\"1600,1200\" data-comments-opened=\"1\" data-image-meta=\"{&quot;aperture&quot;:&quot;0&quot;,&quot;credit&quot;:&quot;&quot;,&quot;camera&quot;:&quot;&quot;,&quot;caption&quot;:&quot;&quot;,&quot;created_timestamp&quot;:&quot;0&quot;,&quot;copyright&quot;:&quot;&quot;,&quot;focal_length&quot;:&quot;0&quot;,&quot;iso&quot;:&quot;0&quot;,&quot;shutter_speed&quot;:&quot;0&quot;,&quot;title&quot;:&quot;&quot;,&quot;orientation&quot;:&quot;1&quot;}\" data-image-title=\"IMG_1202\" data-image-description=\"\" data-image-caption=\"\" data-medium-file=\"https:\/\/sindicatodosbancarios.org.br\/site2022\/wp-content\/uploads\/2017\/08\/IMG_1202-300x300.jpg\" data-large-file=\"https:\/\/sindicatodosbancarios.org.br\/site2022\/wp-content\/uploads\/2017\/08\/IMG_1202-1024x768.jpg\" \/><\/a>\n\t\t\t<\/div><\/figure><figure class='gallery-item'>\n\t\t\t<div class='gallery-icon landscape'>\n\t\t\t\t<a href='https:\/\/sindicatodosbancarios.org.br\/site2022\/albuns\/greve-dos-bancarios-2015\/img_1203\/'><img width=\"300\" height=\"300\" src=\"https:\/\/sindicatodosbancarios.org.br\/site2022\/wp-content\/uploads\/2017\/08\/IMG_1203-300x300.jpg\" class=\"attachment-medium size-medium\" alt=\"\" loading=\"lazy\" srcset=\"https:\/\/sindicatodosbancarios.org.br\/site2022\/wp-content\/uploads\/2017\/08\/IMG_1203-300x300.jpg 300w, https:\/\/sindicatodosbancarios.org.br\/site2022\/wp-content\/uploads\/2017\/08\/IMG_1203-150x150.jpg 150w\" sizes=\"(max-width: 300px) 100vw, 300px\" data-attachment-id=\"978\" data-permalink=\"https:\/\/sindicatodosbancarios.org.br\/site2022\/albuns\/greve-dos-bancarios-2015\/img_1203\/\" data-orig-file=\"https:\/\/sindicatodosbancarios.org.br\/site2022\/wp-content\/uploads\/2017\/08\/IMG_1203.jpg\" data-orig-size=\"1600,1200\" data-comments-opened=\"1\" data-image-meta=\"{&quot;aperture&quot;:&quot;0&quot;,&quot;credit&quot;:&quot;&quot;,&quot;camera&quot;:&quot;&quot;,&quot;caption&quot;:&quot;&quot;,&quot;created_timestamp&quot;:&quot;0&quot;,&quot;copyright&quot;:&quot;&quot;,&quot;focal_length&quot;:&quot;0&quot;,&quot;iso&quot;:&quot;0&quot;,&quot;shutter_speed&quot;:&quot;0&quot;,&quot;title&quot;:&quot;&quot;,&quot;orientation&quot;:&quot;1&quot;}\" data-image-title=\"IMG_1203\" data-image-description=\"\" data-image-caption=\"\" data-medium-file=\"https:\/\/sindicatodosbancarios.org.br\/site2022\/wp-content\/uploads\/2017\/08\/IMG_1203-300x300.jpg\" data-large-file=\"https:\/\/sindicatodosbancarios.org.br\/site2022\/wp-content\/uploads\/2017\/08\/IMG_1203-1024x768.jpg\" \/><\/a>\n\t\t\t<\/div><\/figure><figure class='gallery-item'>\n\t\t\t<div class='gallery-icon portrait'>\n\t\t\t\t<a href='https:\/\/sindicatodosbancarios.org.br\/site2022\/albuns\/greve-dos-bancarios-2015\/img_1206\/'><img width=\"300\" height=\"300\" src=\"https:\/\/sindicatodosbancarios.org.br\/site2022\/wp-content\/uploads\/2017\/08\/IMG_1206-300x300.jpg\" class=\"attachment-medium size-medium\" alt=\"\" loading=\"lazy\" srcset=\"https:\/\/sindicatodosbancarios.org.br\/site2022\/wp-content\/uploads\/2017\/08\/IMG_1206-300x300.jpg 300w, https:\/\/sindicatodosbancarios.org.br\/site2022\/wp-content\/uploads\/2017\/08\/IMG_1206-150x150.jpg 150w\" sizes=\"(max-width: 300px) 100vw, 300px\" data-attachment-id=\"979\" data-permalink=\"https:\/\/sindicatodosbancarios.org.br\/site2022\/albuns\/greve-dos-bancarios-2015\/img_1206\/\" data-orig-file=\"https:\/\/sindicatodosbancarios.org.br\/site2022\/wp-content\/uploads\/2017\/08\/IMG_1206.jpg\" data-orig-size=\"900,1600\" data-comments-opened=\"1\" data-image-meta=\"{&quot;aperture&quot;:&quot;0&quot;,&quot;credit&quot;:&quot;&quot;,&quot;camera&quot;:&quot;&quot;,&quot;caption&quot;:&quot;&quot;,&quot;created_timestamp&quot;:&quot;0&quot;,&quot;copyright&quot;:&quot;&quot;,&quot;focal_length&quot;:&quot;0&quot;,&quot;iso&quot;:&quot;0&quot;,&quot;shutter_speed&quot;:&quot;0&quot;,&quot;title&quot;:&quot;&quot;,&quot;orientation&quot;:&quot;0&quot;}\" data-image-title=\"IMG_1206\" data-image-description=\"\" data-image-caption=\"\" data-medium-file=\"https:\/\/sindicatodosbancarios.org.br\/site2022\/wp-content\/uploads\/2017\/08\/IMG_1206-300x300.jpg\" data-large-file=\"https:\/\/sindicatodosbancarios.org.br\/site2022\/wp-content\/uploads\/2017\/08\/IMG_1206-576x1024.jpg\" \/><\/a>\n\t\t\t<\/div><\/figure><figure class='gallery-item'>\n\t\t\t<div class='gallery-icon portrait'>\n\t\t\t\t<a href='https:\/\/sindicatodosbancarios.org.br\/site2022\/albuns\/greve-dos-bancarios-2015\/img_1207\/'><img width=\"300\" height=\"300\" src=\"https:\/\/sindicatodosbancarios.org.br\/site2022\/wp-content\/uploads\/2017\/08\/IMG_1207-300x300.jpg\" class=\"attachment-medium size-medium\" alt=\"\" loading=\"lazy\" srcset=\"https:\/\/sindicatodosbancarios.org.br\/site2022\/wp-content\/uploads\/2017\/08\/IMG_1207-300x300.jpg 300w, https:\/\/sindicatodosbancarios.org.br\/site2022\/wp-content\/uploads\/2017\/08\/IMG_1207-150x150.jpg 150w\" sizes=\"(max-width: 300px) 100vw, 300px\" data-attachment-id=\"980\" data-permalink=\"https:\/\/sindicatodosbancarios.org.br\/site2022\/albuns\/greve-dos-bancarios-2015\/img_1207\/\" data-orig-file=\"https:\/\/sindicatodosbancarios.org.br\/site2022\/wp-content\/uploads\/2017\/08\/IMG_1207.jpg\" data-orig-size=\"900,1600\" data-comments-opened=\"1\" data-image-meta=\"{&quot;aperture&quot;:&quot;0&quot;,&quot;credit&quot;:&quot;&quot;,&quot;camera&quot;:&quot;&quot;,&quot;caption&quot;:&quot;&quot;,&quot;created_timestamp&quot;:&quot;0&quot;,&quot;copyright&quot;:&quot;&quot;,&quot;focal_length&quot;:&quot;0&quot;,&quot;iso&quot;:&quot;0&quot;,&quot;shutter_speed&quot;:&quot;0&quot;,&quot;title&quot;:&quot;&quot;,&quot;orientation&quot;:&quot;0&quot;}\" data-image-title=\"IMG_1207\" data-image-description=\"\" data-image-caption=\"\" data-medium-file=\"https:\/\/sindicatodosbancarios.org.br\/site2022\/wp-content\/uploads\/2017\/08\/IMG_1207-300x300.jpg\" data-large-file=\"https:\/\/sindicatodosbancarios.org.br\/site2022\/wp-content\/uploads\/2017\/08\/IMG_1207-576x1024.jpg\" \/><\/a>\n\t\t\t<\/div><\/figure><figure class='gallery-item'>\n\t\t\t<div class='gallery-icon landscape'>\n\t\t\t\t<a href='https:\/\/sindicatodosbancarios.org.br\/site2022\/albuns\/greve-dos-bancarios-2015\/img_1223\/'><img width=\"300\" height=\"300\" src=\"https:\/\/sindicatodosbancarios.org.br\/site2022\/wp-content\/uploads\/2017\/08\/IMG_1223-300x300.jpg\" class=\"attachment-medium size-medium\" alt=\"\" loading=\"lazy\" srcset=\"https:\/\/sindicatodosbancarios.org.br\/site2022\/wp-content\/uploads\/2017\/08\/IMG_1223-300x300.jpg 300w, https:\/\/sindicatodosbancarios.org.br\/site2022\/wp-content\/uploads\/2017\/08\/IMG_1223-150x150.jpg 150w\" sizes=\"(max-width: 300px) 100vw, 300px\" data-attachment-id=\"981\" data-permalink=\"https:\/\/sindicatodosbancarios.org.br\/site2022\/albuns\/greve-dos-bancarios-2015\/img_1223\/\" data-orig-file=\"https:\/\/sindicatodosbancarios.org.br\/site2022\/wp-content\/uploads\/2017\/08\/IMG_1223.jpg\" data-orig-size=\"1600,1200\" data-comments-opened=\"1\" data-image-meta=\"{&quot;aperture&quot;:&quot;0&quot;,&quot;credit&quot;:&quot;&quot;,&quot;camera&quot;:&quot;&quot;,&quot;caption&quot;:&quot;&quot;,&quot;created_timestamp&quot;:&quot;0&quot;,&quot;copyright&quot;:&quot;&quot;,&quot;focal_length&quot;:&quot;0&quot;,&quot;iso&quot;:&quot;0&quot;,&quot;shutter_speed&quot;:&quot;0&quot;,&quot;title&quot;:&quot;&quot;,&quot;orientation&quot;:&quot;1&quot;}\" data-image-title=\"IMG_1223\" data-image-description=\"\" data-image-caption=\"\" data-medium-file=\"https:\/\/sindicatodosbancarios.org.br\/site2022\/wp-content\/uploads\/2017\/08\/IMG_1223-300x300.jpg\" data-large-file=\"https:\/\/sindicatodosbancarios.org.br\/site2022\/wp-content\/uploads\/2017\/08\/IMG_1223-1024x768.jpg\" \/><\/a>\n\t\t\t<\/div><\/figure><figure class='gallery-item'>\n\t\t\t<div class='gallery-icon landscape'>\n\t\t\t\t<a href='https:\/\/sindicatodosbancarios.org.br\/site2022\/albuns\/greve-dos-bancarios-2015\/img_1225\/'><img width=\"300\" height=\"300\" src=\"https:\/\/sindicatodosbancarios.org.br\/site2022\/wp-content\/uploads\/2017\/08\/IMG_1225-300x300.jpg\" class=\"attachment-medium size-medium\" alt=\"\" loading=\"lazy\" srcset=\"https:\/\/sindicatodosbancarios.org.br\/site2022\/wp-content\/uploads\/2017\/08\/IMG_1225-300x300.jpg 300w, https:\/\/sindicatodosbancarios.org.br\/site2022\/wp-content\/uploads\/2017\/08\/IMG_1225-150x150.jpg 150w\" sizes=\"(max-width: 300px) 100vw, 300px\" data-attachment-id=\"982\" data-permalink=\"https:\/\/sindicatodosbancarios.org.br\/site2022\/albuns\/greve-dos-bancarios-2015\/img_1225\/\" data-orig-file=\"https:\/\/sindicatodosbancarios.org.br\/site2022\/wp-content\/uploads\/2017\/08\/IMG_1225.jpg\" data-orig-size=\"1600,1200\" data-comments-opened=\"1\" data-image-meta=\"{&quot;aperture&quot;:&quot;0&quot;,&quot;credit&quot;:&quot;&quot;,&quot;camera&quot;:&quot;&quot;,&quot;caption&quot;:&quot;&quot;,&quot;created_timestamp&quot;:&quot;0&quot;,&quot;copyright&quot;:&quot;&quot;,&quot;focal_length&quot;:&quot;0&quot;,&quot;iso&quot;:&quot;0&quot;,&quot;shutter_speed&quot;:&quot;0&quot;,&quot;title&quot;:&quot;&quot;,&quot;orientation&quot;:&quot;1&quot;}\" data-image-title=\"IMG_1225\" data-image-description=\"\" data-image-caption=\"\" data-medium-file=\"https:\/\/sindicatodosbancarios.org.br\/site2022\/wp-content\/uploads\/2017\/08\/IMG_1225-300x300.jpg\" data-large-file=\"https:\/\/sindicatodosbancarios.org.br\/site2022\/wp-content\/uploads\/2017\/08\/IMG_1225-1024x768.jpg\" \/><\/a>\n\t\t\t<\/div><\/figure><figure class='gallery-item'>\n\t\t\t<div class='gallery-icon portrait'>\n\t\t\t\t<a href='https:\/\/sindicatodosbancarios.org.br\/site2022\/albuns\/greve-dos-bancarios-2015\/img_1230\/'><img width=\"300\" height=\"300\" src=\"https:\/\/sindicatodosbancarios.org.br\/site2022\/wp-content\/uploads\/2017\/08\/IMG_1230-300x300.jpg\" class=\"attachment-medium size-medium\" alt=\"\" loading=\"lazy\" srcset=\"https:\/\/sindicatodosbancarios.org.br\/site2022\/wp-content\/uploads\/2017\/08\/IMG_1230-300x300.jpg 300w, https:\/\/sindicatodosbancarios.org.br\/site2022\/wp-content\/uploads\/2017\/08\/IMG_1230-150x150.jpg 150w\" sizes=\"(max-width: 300px) 100vw, 300px\" data-attachment-id=\"984\" data-permalink=\"https:\/\/sindicatodosbancarios.org.br\/site2022\/albuns\/greve-dos-bancarios-2015\/img_1230\/\" data-orig-file=\"https:\/\/sindicatodosbancarios.org.br\/site2022\/wp-content\/uploads\/2017\/08\/IMG_1230.jpg\" data-orig-size=\"728,1296\" data-comments-opened=\"1\" data-image-meta=\"{&quot;aperture&quot;:&quot;0&quot;,&quot;credit&quot;:&quot;&quot;,&quot;camera&quot;:&quot;&quot;,&quot;caption&quot;:&quot;&quot;,&quot;created_timestamp&quot;:&quot;0&quot;,&quot;copyright&quot;:&quot;&quot;,&quot;focal_length&quot;:&quot;0&quot;,&quot;iso&quot;:&quot;0&quot;,&quot;shutter_speed&quot;:&quot;0&quot;,&quot;title&quot;:&quot;&quot;,&quot;orientation&quot;:&quot;0&quot;}\" data-image-title=\"IMG_1230\" data-image-description=\"\" data-image-caption=\"\" data-medium-file=\"https:\/\/sindicatodosbancarios.org.br\/site2022\/wp-content\/uploads\/2017\/08\/IMG_1230-300x300.jpg\" data-large-file=\"https:\/\/sindicatodosbancarios.org.br\/site2022\/wp-content\/uploads\/2017\/08\/IMG_1230-575x1024.jpg\" \/><\/a>\n\t\t\t<\/div><\/figure><figure class='gallery-item'>\n\t\t\t<div class='gallery-icon landscape'>\n\t\t\t\t<a href='https:\/\/sindicatodosbancarios.org.br\/site2022\/albuns\/greve-dos-bancarios-2015\/img_1231\/'><img width=\"300\" height=\"300\" src=\"https:\/\/sindicatodosbancarios.org.br\/site2022\/wp-content\/uploads\/2017\/08\/IMG_1231-300x300.jpg\" class=\"attachment-medium size-medium\" alt=\"\" loading=\"lazy\" srcset=\"https:\/\/sindicatodosbancarios.org.br\/site2022\/wp-content\/uploads\/2017\/08\/IMG_1231-300x300.jpg 300w, https:\/\/sindicatodosbancarios.org.br\/site2022\/wp-content\/uploads\/2017\/08\/IMG_1231-150x150.jpg 150w\" sizes=\"(max-width: 300px) 100vw, 300px\" data-attachment-id=\"985\" data-permalink=\"https:\/\/sindicatodosbancarios.org.br\/site2022\/albuns\/greve-dos-bancarios-2015\/img_1231\/\" data-orig-file=\"https:\/\/sindicatodosbancarios.org.br\/site2022\/wp-content\/uploads\/2017\/08\/IMG_1231.jpg\" data-orig-size=\"852,640\" data-comments-opened=\"1\" data-image-meta=\"{&quot;aperture&quot;:&quot;0&quot;,&quot;credit&quot;:&quot;&quot;,&quot;camera&quot;:&quot;&quot;,&quot;caption&quot;:&quot;&quot;,&quot;created_timestamp&quot;:&quot;0&quot;,&quot;copyright&quot;:&quot;&quot;,&quot;focal_length&quot;:&quot;0&quot;,&quot;iso&quot;:&quot;0&quot;,&quot;shutter_speed&quot;:&quot;0&quot;,&quot;title&quot;:&quot;&quot;,&quot;orientation&quot;:&quot;1&quot;}\" data-image-title=\"IMG_1231\" data-image-description=\"\" data-image-caption=\"\" data-medium-file=\"https:\/\/sindicatodosbancarios.org.br\/site2022\/wp-content\/uploads\/2017\/08\/IMG_1231-300x300.jpg\" data-large-file=\"https:\/\/sindicatodosbancarios.org.br\/site2022\/wp-content\/uploads\/2017\/08\/IMG_1231.jpg\" \/><\/a>\n\t\t\t<\/div><\/figure><figure class='gallery-item'>\n\t\t\t<div class='gallery-icon landscape'>\n\t\t\t\t<a href='https:\/\/sindicatodosbancarios.org.br\/site2022\/albuns\/greve-dos-bancarios-2015\/img_1232\/'><img width=\"300\" height=\"300\" src=\"https:\/\/sindicatodosbancarios.org.br\/site2022\/wp-content\/uploads\/2017\/08\/IMG_1232-300x300.jpg\" class=\"attachment-medium size-medium\" alt=\"\" loading=\"lazy\" srcset=\"https:\/\/sindicatodosbancarios.org.br\/site2022\/wp-content\/uploads\/2017\/08\/IMG_1232-300x300.jpg 300w, https:\/\/sindicatodosbancarios.org.br\/site2022\/wp-content\/uploads\/2017\/08\/IMG_1232-150x150.jpg 150w\" sizes=\"(max-width: 300px) 100vw, 300px\" data-attachment-id=\"986\" data-permalink=\"https:\/\/sindicatodosbancarios.org.br\/site2022\/albuns\/greve-dos-bancarios-2015\/img_1232\/\" data-orig-file=\"https:\/\/sindicatodosbancarios.org.br\/site2022\/wp-content\/uploads\/2017\/08\/IMG_1232.jpg\" data-orig-size=\"1600,1200\" data-comments-opened=\"1\" data-image-meta=\"{&quot;aperture&quot;:&quot;0&quot;,&quot;credit&quot;:&quot;&quot;,&quot;camera&quot;:&quot;&quot;,&quot;caption&quot;:&quot;&quot;,&quot;created_timestamp&quot;:&quot;0&quot;,&quot;copyright&quot;:&quot;&quot;,&quot;focal_length&quot;:&quot;0&quot;,&quot;iso&quot;:&quot;0&quot;,&quot;shutter_speed&quot;:&quot;0&quot;,&quot;title&quot;:&quot;&quot;,&quot;orientation&quot;:&quot;1&quot;}\" data-image-title=\"IMG_1232\" data-image-description=\"\" data-image-caption=\"\" data-medium-file=\"https:\/\/sindicatodosbancarios.org.br\/site2022\/wp-content\/uploads\/2017\/08\/IMG_1232-300x300.jpg\" data-large-file=\"https:\/\/sindicatodosbancarios.org.br\/site2022\/wp-content\/uploads\/2017\/08\/IMG_1232-1024x768.jpg\" \/><\/a>\n\t\t\t<\/div><\/figure><figure class='gallery-item'>\n\t\t\t<div class='gallery-icon landscape'>\n\t\t\t\t<a href='https:\/\/sindicatodosbancarios.org.br\/site2022\/albuns\/greve-dos-bancarios-2015\/img_1243\/'><img width=\"300\" height=\"300\" src=\"https:\/\/sindicatodosbancarios.org.br\/site2022\/wp-content\/uploads\/2017\/08\/IMG_1243-300x300.jpg\" class=\"attachment-medium size-medium\" alt=\"\" loading=\"lazy\" srcset=\"https:\/\/sindicatodosbancarios.org.br\/site2022\/wp-content\/uploads\/2017\/08\/IMG_1243-300x300.jpg 300w, https:\/\/sindicatodosbancarios.org.br\/site2022\/wp-content\/uploads\/2017\/08\/IMG_1243-150x150.jpg 150w\" sizes=\"(max-width: 300px) 100vw, 300px\" data-attachment-id=\"987\" data-permalink=\"https:\/\/sindicatodosbancarios.org.br\/site2022\/albuns\/greve-dos-bancarios-2015\/img_1243\/\" data-orig-file=\"https:\/\/sindicatodosbancarios.org.br\/site2022\/wp-content\/uploads\/2017\/08\/IMG_1243.jpg\" data-orig-size=\"1600,1200\" data-comments-opened=\"1\" data-image-meta=\"{&quot;aperture&quot;:&quot;0&quot;,&quot;credit&quot;:&quot;&quot;,&quot;camera&quot;:&quot;&quot;,&quot;caption&quot;:&quot;&quot;,&quot;created_timestamp&quot;:&quot;0&quot;,&quot;copyright&quot;:&quot;&quot;,&quot;focal_length&quot;:&quot;0&quot;,&quot;iso&quot;:&quot;0&quot;,&quot;shutter_speed&quot;:&quot;0&quot;,&quot;title&quot;:&quot;&quot;,&quot;orientation&quot;:&quot;1&quot;}\" data-image-title=\"IMG_1243\" data-image-description=\"\" data-image-caption=\"\" data-medium-file=\"https:\/\/sindicatodosbancarios.org.br\/site2022\/wp-content\/uploads\/2017\/08\/IMG_1243-300x300.jpg\" data-large-file=\"https:\/\/sindicatodosbancarios.org.br\/site2022\/wp-content\/uploads\/2017\/08\/IMG_1243-1024x768.jpg\" \/><\/a>\n\t\t\t<\/div><\/figure><figure class='gallery-item'>\n\t\t\t<div class='gallery-icon landscape'>\n\t\t\t\t<a href='https:\/\/sindicatodosbancarios.org.br\/site2022\/albuns\/greve-dos-bancarios-2015\/img_1245\/'><img width=\"300\" height=\"300\" src=\"https:\/\/sindicatodosbancarios.org.br\/site2022\/wp-content\/uploads\/2017\/08\/IMG_1245-300x300.jpg\" class=\"attachment-medium size-medium\" alt=\"\" loading=\"lazy\" srcset=\"https:\/\/sindicatodosbancarios.org.br\/site2022\/wp-content\/uploads\/2017\/08\/IMG_1245-300x300.jpg 300w, https:\/\/sindicatodosbancarios.org.br\/site2022\/wp-content\/uploads\/2017\/08\/IMG_1245-150x150.jpg 150w\" sizes=\"(max-width: 300px) 100vw, 300px\" data-attachment-id=\"989\" data-permalink=\"https:\/\/sindicatodosbancarios.org.br\/site2022\/albuns\/greve-dos-bancarios-2015\/img_1245\/\" data-orig-file=\"https:\/\/sindicatodosbancarios.org.br\/site2022\/wp-content\/uploads\/2017\/08\/IMG_1245.jpg\" data-orig-size=\"1600,1200\" data-comments-opened=\"1\" data-image-meta=\"{&quot;aperture&quot;:&quot;0&quot;,&quot;credit&quot;:&quot;&quot;,&quot;camera&quot;:&quot;&quot;,&quot;caption&quot;:&quot;&quot;,&quot;created_timestamp&quot;:&quot;0&quot;,&quot;copyright&quot;:&quot;&quot;,&quot;focal_length&quot;:&quot;0&quot;,&quot;iso&quot;:&quot;0&quot;,&quot;shutter_speed&quot;:&quot;0&quot;,&quot;title&quot;:&quot;&quot;,&quot;orientation&quot;:&quot;1&quot;}\" data-image-title=\"IMG_1245\" data-image-description=\"\" data-image-caption=\"\" data-medium-file=\"https:\/\/sindicatodosbancarios.org.br\/site2022\/wp-content\/uploads\/2017\/08\/IMG_1245-300x300.jpg\" data-large-file=\"https:\/\/sindicatodosbancarios.org.br\/site2022\/wp-content\/uploads\/2017\/08\/IMG_1245-1024x768.jpg\" \/><\/a>\n\t\t\t<\/div><\/figure><figure class='gallery-item'>\n\t\t\t<div class='gallery-icon landscape'>\n\t\t\t\t<a href='https:\/\/sindicatodosbancarios.org.br\/site2022\/albuns\/greve-dos-bancarios-2015\/img_1268\/'><img width=\"300\" height=\"300\" src=\"https:\/\/sindicatodosbancarios.org.br\/site2022\/wp-content\/uploads\/2017\/08\/IMG_1268-300x300.jpg\" class=\"attachment-medium size-medium\" alt=\"\" loading=\"lazy\" srcset=\"https:\/\/sindicatodosbancarios.org.br\/site2022\/wp-content\/uploads\/2017\/08\/IMG_1268-300x300.jpg 300w, https:\/\/sindicatodosbancarios.org.br\/site2022\/wp-content\/uploads\/2017\/08\/IMG_1268-150x150.jpg 150w\" sizes=\"(max-width: 300px) 100vw, 300px\" data-attachment-id=\"990\" data-permalink=\"https:\/\/sindicatodosbancarios.org.br\/site2022\/albuns\/greve-dos-bancarios-2015\/img_1268\/\" data-orig-file=\"https:\/\/sindicatodosbancarios.org.br\/site2022\/wp-content\/uploads\/2017\/08\/IMG_1268.jpg\" data-orig-size=\"3264,2448\" data-comments-opened=\"1\" data-image-meta=\"{&quot;aperture&quot;:&quot;2.4&quot;,&quot;credit&quot;:&quot;&quot;,&quot;camera&quot;:&quot;iPhone 4S&quot;,&quot;caption&quot;:&quot;&quot;,&quot;created_timestamp&quot;:&quot;1445509919&quot;,&quot;copyright&quot;:&quot;&quot;,&quot;focal_length&quot;:&quot;4.28&quot;,&quot;iso&quot;:&quot;250&quot;,&quot;shutter_speed&quot;:&quot;0.05&quot;,&quot;title&quot;:&quot;&quot;,&quot;orientation&quot;:&quot;1&quot;}\" data-image-title=\"IMG_1268\" data-image-description=\"\" data-image-caption=\"\" data-medium-file=\"https:\/\/sindicatodosbancarios.org.br\/site2022\/wp-content\/uploads\/2017\/08\/IMG_1268-300x300.jpg\" data-large-file=\"https:\/\/sindicatodosbancarios.org.br\/site2022\/wp-content\/uploads\/2017\/08\/IMG_1268-1024x768.jpg\" \/><\/a>\n\t\t\t<\/div><\/figure><figure class='gallery-item'>\n\t\t\t<div class='gallery-icon landscape'>\n\t\t\t\t<a href='https:\/\/sindicatodosbancarios.org.br\/site2022\/albuns\/greve-dos-bancarios-2015\/img_1275\/'><img width=\"300\" height=\"300\" src=\"https:\/\/sindicatodosbancarios.org.br\/site2022\/wp-content\/uploads\/2017\/08\/IMG_1275-300x300.jpg\" class=\"attachment-medium size-medium\" alt=\"\" loading=\"lazy\" srcset=\"https:\/\/sindicatodosbancarios.org.br\/site2022\/wp-content\/uploads\/2017\/08\/IMG_1275-300x300.jpg 300w, https:\/\/sindicatodosbancarios.org.br\/site2022\/wp-content\/uploads\/2017\/08\/IMG_1275-150x150.jpg 150w\" sizes=\"(max-width: 300px) 100vw, 300px\" data-attachment-id=\"994\" data-permalink=\"https:\/\/sindicatodosbancarios.org.br\/site2022\/albuns\/greve-dos-bancarios-2015\/img_1275\/\" data-orig-file=\"https:\/\/sindicatodosbancarios.org.br\/site2022\/wp-content\/uploads\/2017\/08\/IMG_1275.jpg\" data-orig-size=\"1600,900\" data-comments-opened=\"1\" data-image-meta=\"{&quot;aperture&quot;:&quot;0&quot;,&quot;credit&quot;:&quot;&quot;,&quot;camera&quot;:&quot;&quot;,&quot;caption&quot;:&quot;&quot;,&quot;created_timestamp&quot;:&quot;0&quot;,&quot;copyright&quot;:&quot;&quot;,&quot;focal_length&quot;:&quot;0&quot;,&quot;iso&quot;:&quot;0&quot;,&quot;shutter_speed&quot;:&quot;0&quot;,&quot;title&quot;:&quot;&quot;,&quot;orientation&quot;:&quot;0&quot;}\" data-image-title=\"IMG_1275\" data-image-description=\"\" data-image-caption=\"\" data-medium-file=\"https:\/\/sindicatodosbancarios.org.br\/site2022\/wp-content\/uploads\/2017\/08\/IMG_1275-300x300.jpg\" data-large-file=\"https:\/\/sindicatodosbancarios.org.br\/site2022\/wp-content\/uploads\/2017\/08\/IMG_1275-1024x576.jpg\" \/><\/a>\n\t\t\t<\/div><\/figure><figure class='gallery-item'>\n\t\t\t<div class='gallery-icon landscape'>\n\t\t\t\t<a href='https:\/\/sindicatodosbancarios.org.br\/site2022\/albuns\/greve-dos-bancarios-2015\/img_1305\/'><img width=\"300\" height=\"300\" src=\"https:\/\/sindicatodosbancarios.org.br\/site2022\/wp-content\/uploads\/2017\/08\/IMG_1305-300x300.jpg\" class=\"attachment-medium size-medium\" alt=\"\" loading=\"lazy\" srcset=\"https:\/\/sindicatodosbancarios.org.br\/site2022\/wp-content\/uploads\/2017\/08\/IMG_1305-300x300.jpg 300w, https:\/\/sindicatodosbancarios.org.br\/site2022\/wp-content\/uploads\/2017\/08\/IMG_1305-150x150.jpg 150w\" sizes=\"(max-width: 300px) 100vw, 300px\" data-attachment-id=\"996\" data-permalink=\"https:\/\/sindicatodosbancarios.org.br\/site2022\/albuns\/greve-dos-bancarios-2015\/img_1305\/\" data-orig-file=\"https:\/\/sindicatodosbancarios.org.br\/site2022\/wp-content\/uploads\/2017\/08\/IMG_1305.jpg\" data-orig-size=\"1600,1200\" data-comments-opened=\"1\" data-image-meta=\"{&quot;aperture&quot;:&quot;0&quot;,&quot;credit&quot;:&quot;&quot;,&quot;camera&quot;:&quot;&quot;,&quot;caption&quot;:&quot;&quot;,&quot;created_timestamp&quot;:&quot;0&quot;,&quot;copyright&quot;:&quot;&quot;,&quot;focal_length&quot;:&quot;0&quot;,&quot;iso&quot;:&quot;0&quot;,&quot;shutter_speed&quot;:&quot;0&quot;,&quot;title&quot;:&quot;&quot;,&quot;orientation&quot;:&quot;1&quot;}\" data-image-title=\"IMG_1305\" data-image-description=\"\" data-image-caption=\"\" data-medium-file=\"https:\/\/sindicatodosbancarios.org.br\/site2022\/wp-content\/uploads\/2017\/08\/IMG_1305-300x300.jpg\" data-large-file=\"https:\/\/sindicatodosbancarios.org.br\/site2022\/wp-content\/uploads\/2017\/08\/IMG_1305-1024x768.jpg\" \/><\/a>\n\t\t\t<\/div><\/figure><figure class='gallery-item'>\n\t\t\t<div class='gallery-icon landscape'>\n\t\t\t\t<a href='https:\/\/sindicatodosbancarios.org.br\/site2022\/albuns\/greve-dos-bancarios-2015\/img_1308\/'><img width=\"300\" height=\"300\" src=\"https:\/\/sindicatodosbancarios.org.br\/site2022\/wp-content\/uploads\/2017\/08\/IMG_1308-300x300.jpg\" class=\"attachment-medium size-medium\" alt=\"\" loading=\"lazy\" srcset=\"https:\/\/sindicatodosbancarios.org.br\/site2022\/wp-content\/uploads\/2017\/08\/IMG_1308-300x300.jpg 300w, https:\/\/sindicatodosbancarios.org.br\/site2022\/wp-content\/uploads\/2017\/08\/IMG_1308-150x150.jpg 150w\" sizes=\"(max-width: 300px) 100vw, 300px\" data-attachment-id=\"997\" data-permalink=\"https:\/\/sindicatodosbancarios.org.br\/site2022\/albuns\/greve-dos-bancarios-2015\/img_1308\/\" data-orig-file=\"https:\/\/sindicatodosbancarios.org.br\/site2022\/wp-content\/uploads\/2017\/08\/IMG_1308.jpg\" data-orig-size=\"1600,1200\" data-comments-opened=\"1\" data-image-meta=\"{&quot;aperture&quot;:&quot;0&quot;,&quot;credit&quot;:&quot;&quot;,&quot;camera&quot;:&quot;&quot;,&quot;caption&quot;:&quot;&quot;,&quot;created_timestamp&quot;:&quot;0&quot;,&quot;copyright&quot;:&quot;&quot;,&quot;focal_length&quot;:&quot;0&quot;,&quot;iso&quot;:&quot;0&quot;,&quot;shutter_speed&quot;:&quot;0&quot;,&quot;title&quot;:&quot;&quot;,&quot;orientation&quot;:&quot;1&quot;}\" data-image-title=\"IMG_1308\" data-image-description=\"\" data-image-caption=\"\" data-medium-file=\"https:\/\/sindicatodosbancarios.org.br\/site2022\/wp-content\/uploads\/2017\/08\/IMG_1308-300x300.jpg\" data-large-file=\"https:\/\/sindicatodosbancarios.org.br\/site2022\/wp-content\/uploads\/2017\/08\/IMG_1308-1024x768.jpg\" \/><\/a>\n\t\t\t<\/div><\/figure><figure class='gallery-item'>\n\t\t\t<div class='gallery-icon landscape'>\n\t\t\t\t<a href='https:\/\/sindicatodosbancarios.org.br\/site2022\/albuns\/greve-dos-bancarios-2015\/img_1309\/'><img width=\"300\" height=\"300\" src=\"https:\/\/sindicatodosbancarios.org.br\/site2022\/wp-content\/uploads\/2017\/08\/IMG_1309-300x300.jpg\" class=\"attachment-medium size-medium\" alt=\"\" loading=\"lazy\" srcset=\"https:\/\/sindicatodosbancarios.org.br\/site2022\/wp-content\/uploads\/2017\/08\/IMG_1309-300x300.jpg 300w, https:\/\/sindicatodosbancarios.org.br\/site2022\/wp-content\/uploads\/2017\/08\/IMG_1309-150x150.jpg 150w\" sizes=\"(max-width: 300px) 100vw, 300px\" data-attachment-id=\"998\" data-permalink=\"https:\/\/sindicatodosbancarios.org.br\/site2022\/albuns\/greve-dos-bancarios-2015\/img_1309\/\" data-orig-file=\"https:\/\/sindicatodosbancarios.org.br\/site2022\/wp-content\/uploads\/2017\/08\/IMG_1309.jpg\" data-orig-size=\"1600,1200\" data-comments-opened=\"1\" data-image-meta=\"{&quot;aperture&quot;:&quot;0&quot;,&quot;credit&quot;:&quot;&quot;,&quot;camera&quot;:&quot;&quot;,&quot;caption&quot;:&quot;&quot;,&quot;created_timestamp&quot;:&quot;0&quot;,&quot;copyright&quot;:&quot;&quot;,&quot;focal_length&quot;:&quot;0&quot;,&quot;iso&quot;:&quot;0&quot;,&quot;shutter_speed&quot;:&quot;0&quot;,&quot;title&quot;:&quot;&quot;,&quot;orientation&quot;:&quot;1&quot;}\" data-image-title=\"IMG_1309\" data-image-description=\"\" data-image-caption=\"\" data-medium-file=\"https:\/\/sindicatodosbancarios.org.br\/site2022\/wp-content\/uploads\/2017\/08\/IMG_1309-300x300.jpg\" data-large-file=\"https:\/\/sindicatodosbancarios.org.br\/site2022\/wp-content\/uploads\/2017\/08\/IMG_1309-1024x768.jpg\" \/><\/a>\n\t\t\t<\/div><\/figure>\n\t\t<\/div>\n\n","protected":false},"author":2,"featured_media":980,"template":"","acf":[],"yoast_head":"<!-- This site is optimized with the Yoast SEO plugin v19.14 - https:\/\/yoast.com\/wordpress\/plugins\/seo\/ -->\n<title>Greve dos Banc\u00e1rios 2015 - Sindicato dos Banc\u00e1rios de S\u00e3o Bento do Sul e Regi\u00e3o<\/title>\n<meta name=\"robots\" content=\"index, follow, max-snippet:-1, max-image-preview:large, max-video-preview:-1\" \/>\n<link rel=\"canonical\" href=\"https:\/\/sindicatodosbancarios.org.br\/site2022\/albuns\/greve-dos-bancarios-2015\/\" \/>\n<meta property=\"og:locale\" content=\"pt_BR\" \/>\n<meta property=\"og:type\" content=\"article\" \/>\n<meta property=\"og:title\" content=\"Greve dos Banc\u00e1rios 2015 - Sindicato dos Banc\u00e1rios de S\u00e3o Bento do Sul e Regi\u00e3o\" \/>\n<meta property=\"og:url\" content=\"https:\/\/sindicatodosbancarios.org.br\/site2022\/albuns\/greve-dos-bancarios-2015\/\" \/>\n<meta property=\"og:site_name\" content=\"Sindicato dos Banc\u00e1rios de S\u00e3o Bento do Sul e Regi\u00e3o\" \/>\n<meta property=\"article:modified_time\" content=\"2017-12-07T22:14:31+00:00\" \/>\n<meta property=\"og:image\" content=\"https:\/\/sindicatodosbancarios.org.br\/site2022\/wp-content\/uploads\/2017\/08\/IMG_1207.jpg\" \/>\n\t<meta property=\"og:image:width\" content=\"900\" \/>\n\t<meta property=\"og:image:height\" content=\"1600\" \/>\n\t<meta property=\"og:image:type\" content=\"image\/jpeg\" \/>\n<meta name=\"twitter:card\" content=\"summary_large_image\" \/>\n<script type=\"application\/ld+json\" class=\"yoast-schema-graph\">{\"@context\":\"https:\/\/schema.org\",\"@graph\":[{\"@type\":\"WebPage\",\"@id\":\"https:\/\/sindicatodosbancarios.org.br\/site2022\/albuns\/greve-dos-bancarios-2015\/\",\"url\":\"https:\/\/sindicatodosbancarios.org.br\/site2022\/albuns\/greve-dos-bancarios-2015\/\",\"name\":\"Greve dos Banc\u00e1rios 2015 - Sindicato dos Banc\u00e1rios de S\u00e3o Bento do Sul e Regi\u00e3o\",\"isPartOf\":{\"@id\":\"https:\/\/sindicatodosbancarios.org.br\/site2022\/#website\"},\"datePublished\":\"2015-08-15T19:37:52+00:00\",\"dateModified\":\"2017-12-07T22:14:31+00:00\",\"breadcrumb\":{\"@id\":\"https:\/\/sindicatodosbancarios.org.br\/site2022\/albuns\/greve-dos-bancarios-2015\/#breadcrumb\"},\"inLanguage\":\"pt-BR\",\"potentialAction\":[{\"@type\":\"ReadAction\",\"target\":[\"https:\/\/sindicatodosbancarios.org.br\/site2022\/albuns\/greve-dos-bancarios-2015\/\"]}]},{\"@type\":\"BreadcrumbList\",\"@id\":\"https:\/\/sindicatodosbancarios.org.br\/site2022\/albuns\/greve-dos-bancarios-2015\/#breadcrumb\",\"itemListElement\":[{\"@type\":\"ListItem\",\"position\":1,\"name\":\"In\u00edcio\",\"item\":\"https:\/\/sindicatodosbancarios.org.br\/site2022\/\"},{\"@type\":\"ListItem\",\"position\":2,\"name\":\"\u00c1lbuns\",\"item\":\"https:\/\/sindicatodosbancarios.org.br\/site2022\/albuns\/\"},{\"@type\":\"ListItem\",\"position\":3,\"name\":\"Greve dos Banc\u00e1rios 2015\"}]},{\"@type\":\"WebSite\",\"@id\":\"https:\/\/sindicatodosbancarios.org.br\/site2022\/#website\",\"url\":\"https:\/\/sindicatodosbancarios.org.br\/site2022\/\",\"name\":\"Sindicato dos Banc\u00e1rios de S\u00e3o Bento do Sul e Regi\u00e3o\",\"description\":\"Website institucional do Sindicato dos Banc\u00e1rios de S\u00e3o Bento do Sul e Regi\u00e3o\",\"publisher\":{\"@id\":\"https:\/\/sindicatodosbancarios.org.br\/site2022\/#organization\"},\"potentialAction\":[{\"@type\":\"SearchAction\",\"target\":{\"@type\":\"EntryPoint\",\"urlTemplate\":\"https:\/\/sindicatodosbancarios.org.br\/site2022\/?s={search_term_string}\"},\"query-input\":\"required name=search_term_string\"}],\"inLanguage\":\"pt-BR\"},{\"@type\":\"Organization\",\"@id\":\"https:\/\/sindicatodosbancarios.org.br\/site2022\/#organization\",\"name\":\"Sindicato dos Banc\u00e1rios de S\u00e3o Bento do Sul e Regi\u00e3o\",\"url\":\"https:\/\/sindicatodosbancarios.org.br\/site2022\/\",\"logo\":{\"@type\":\"ImageObject\",\"inLanguage\":\"pt-BR\",\"@id\":\"https:\/\/sindicatodosbancarios.org.br\/site2022\/#\/schema\/logo\/image\/\",\"url\":\"https:\/\/sindicatodosbancarios.org.br\/site2022\/wp-content\/uploads\/2017\/06\/cropped-logo-2.png\",\"contentUrl\":\"https:\/\/sindicatodosbancarios.org.br\/site2022\/wp-content\/uploads\/2017\/06\/cropped-logo-2.png\",\"width\":292,\"height\":292,\"caption\":\"Sindicato dos Banc\u00e1rios de S\u00e3o Bento do Sul e Regi\u00e3o\"},\"image\":{\"@id\":\"https:\/\/sindicatodosbancarios.org.br\/site2022\/#\/schema\/logo\/image\/\"}}]}<\/script>\n<!-- \/ Yoast SEO plugin. -->","yoast_head_json":{"title":"Greve dos Banc\u00e1rios 2015 - Sindicato dos Banc\u00e1rios de S\u00e3o Bento do Sul e Regi\u00e3o","robots":{"index":"index","follow":"follow","max-snippet":"max-snippet:-1","max-image-preview":"max-image-preview:large","max-video-preview":"max-video-preview:-1"},"canonical":"https:\/\/sindicatodosbancarios.org.br\/site2022\/albuns\/greve-dos-bancarios-2015\/","og_locale":"pt_BR","og_type":"article","og_title":"Greve dos Banc\u00e1rios 2015 - Sindicato dos Banc\u00e1rios de S\u00e3o Bento do Sul e Regi\u00e3o","og_url":"https:\/\/sindicatodosbancarios.org.br\/site2022\/albuns\/greve-dos-bancarios-2015\/","og_site_name":"Sindicato dos Banc\u00e1rios de S\u00e3o Bento do Sul e Regi\u00e3o","article_modified_time":"2017-12-07T22:14:31+00:00","og_image":[{"width":900,"height":1600,"url":"https:\/\/sindicatodosbancarios.org.br\/site2022\/wp-content\/uploads\/2017\/08\/IMG_1207.jpg","type":"image\/jpeg"}],"twitter_card":"summary_large_image","schema":{"@context":"https:\/\/schema.org","@graph":[{"@type":"WebPage","@id":"https:\/\/sindicatodosbancarios.org.br\/site2022\/albuns\/greve-dos-bancarios-2015\/","url":"https:\/\/sindicatodosbancarios.org.br\/site2022\/albuns\/greve-dos-bancarios-2015\/","name":"Greve dos Banc\u00e1rios 2015 - Sindicato dos Banc\u00e1rios de S\u00e3o Bento do Sul e Regi\u00e3o","isPartOf":{"@id":"https:\/\/sindicatodosbancarios.org.br\/site2022\/#website"},"datePublished":"2015-08-15T19:37:52+00:00","dateModified":"2017-12-07T22:14:31+00:00","breadcrumb":{"@id":"https:\/\/sindicatodosbancarios.org.br\/site2022\/albuns\/greve-dos-bancarios-2015\/#breadcrumb"},"inLanguage":"pt-BR","potentialAction":[{"@type":"ReadAction","target":["https:\/\/sindicatodosbancarios.org.br\/site2022\/albuns\/greve-dos-bancarios-2015\/"]}]},{"@type":"BreadcrumbList","@id":"https:\/\/sindicatodosbancarios.org.br\/site2022\/albuns\/greve-dos-bancarios-2015\/#breadcrumb","itemListElement":[{"@type":"ListItem","position":1,"name":"In\u00edcio","item":"https:\/\/sindicatodosbancarios.org.br\/site2022\/"},{"@type":"ListItem","position":2,"name":"\u00c1lbuns","item":"https:\/\/sindicatodosbancarios.org.br\/site2022\/albuns\/"},{"@type":"ListItem","position":3,"name":"Greve dos Banc\u00e1rios 2015"}]},{"@type":"WebSite","@id":"https:\/\/sindicatodosbancarios.org.br\/site2022\/#website","url":"https:\/\/sindicatodosbancarios.org.br\/site2022\/","name":"Sindicato dos Banc\u00e1rios de S\u00e3o Bento do Sul e Regi\u00e3o","description":"Website institucional do Sindicato dos Banc\u00e1rios de S\u00e3o Bento do Sul e Regi\u00e3o","publisher":{"@id":"https:\/\/sindicatodosbancarios.org.br\/site2022\/#organization"},"potentialAction":[{"@type":"SearchAction","target":{"@type":"EntryPoint","urlTemplate":"https:\/\/sindicatodosbancarios.org.br\/site2022\/?s={search_term_string}"},"query-input":"required name=search_term_string"}],"inLanguage":"pt-BR"},{"@type":"Organization","@id":"https:\/\/sindicatodosbancarios.org.br\/site2022\/#organization","name":"Sindicato dos Banc\u00e1rios de S\u00e3o Bento do Sul e Regi\u00e3o","url":"https:\/\/sindicatodosbancarios.org.br\/site2022\/","logo":{"@type":"ImageObject","inLanguage":"pt-BR","@id":"https:\/\/sindicatodosbancarios.org.br\/site2022\/#\/schema\/logo\/image\/","url":"https:\/\/sindicatodosbancarios.org.br\/site2022\/wp-content\/uploads\/2017\/06\/cropped-logo-2.png","contentUrl":"https:\/\/sindicatodosbancarios.org.br\/site2022\/wp-content\/uploads\/2017\/06\/cropped-logo-2.png","width":292,"height":292,"caption":"Sindicato dos Banc\u00e1rios de S\u00e3o Bento do Sul e Regi\u00e3o"},"image":{"@id":"https:\/\/sindicatodosbancarios.org.br\/site2022\/#\/schema\/logo\/image\/"}}]}},"jetpack_sharing_enabled":true,"_links":{"self":[{"href":"https:\/\/sindicatodosbancarios.org.br\/site2022\/wp-json\/wp\/v2\/albuns\/961"}],"collection":[{"href":"https:\/\/sindicatodosbancarios.org.br\/site2022\/wp-json\/wp\/v2\/albuns"}],"about":[{"href":"https:\/\/sindicatodosbancarios.org.br\/site2022\/wp-json\/wp\/v2\/types\/albuns"}],"author":[{"embeddable":true,"href":"https:\/\/sindicatodosbancarios.org.br\/site2022\/wp-json\/wp\/v2\/users\/2"}],"version-history":[{"count":1,"href":"https:\/\/sindicatodosbancarios.org.br\/site2022\/wp-json\/wp\/v2\/albuns\/961\/revisions"}],"predecessor-version":[{"id":999,"href":"https:\/\/sindicatodosbancarios.org.br\/site2022\/wp-json\/wp\/v2\/albuns\/961\/revisions\/999"}],"wp:featuredmedia":[{"embeddable":true,"href":"https:\/\/sindicatodosbancarios.org.br\/site2022\/wp-json\/wp\/v2\/media\/980"}],"wp:attachment":[{"href":"https:\/\/sindicatodosbancarios.org.br\/site2022\/wp-json\/wp\/v2\/media?parent=961"}],"curies":[{"name":"wp","href":"https:\/\/api.w.org\/{rel}","templated":true}]}}